{"id":7984,"date":"2020-11-25T14:09:26","date_gmt":"2020-11-25T14:09:26","guid":{"rendered":"https:\/\/paris.pan.pl\/?page_id=7984"},"modified":"2021-11-19T13:56:40","modified_gmt":"2021-11-19T13:56:40","slug":"event","status":"publish","type":"page","link":"https:\/\/paris.pan.pl\/en\/event\/","title":{"rendered":"Events"},"content":{"rendered":"<p>[et_pb_section fb_built=&#8221;1&#8243; fullwidth=&#8221;on&#8221; _builder_version=&#8221;3.22&#8243; use_background_color_gradient=&#8221;on&#8221; background_color_gradient_start=&#8221;#00a0e3&#8243; background_color_gradient_end=&#8221;#0061ea&#8221; background_color_gradient_start_position=&#8221;32%&#8221; background_color_gradient_end_position=&#8221;84%&#8221; custom_padding=&#8221;0|0|0|0|false|false&#8221; top_divider_style=&#8221;asymmetric&#8221; top_divider_color=&#8221;#fcfcfc&#8221; top_divider_height=&#8221;24px&#8221; top_divider_flip=&#8221;horizontal&#8221; top_divider_height_tablet=&#8221;15px&#8221; top_divider_height_phone=&#8221;13px&#8221; top_divider_height_last_edited=&#8221;on|tablet&#8221; bottom_divider_color=&#8221;#fcfcfc&#8221; bottom_divider_height=&#8221;42px&#8221; bottom_divider_height_tablet=&#8221;17px&#8221; bottom_divider_height_phone=&#8221;13px&#8221; bottom_divider_height_last_edited=&#8221;on|tablet&#8221; global_colors_info=&#8221;{}&#8221;][et_pb_fullwidth_slider show_arrows=&#8221;off&#8221; show_pagination=&#8221;off&#8221; _builder_version=&#8221;3.17.6&#8243; header_font=&#8221;Chivo|700|||||||&#8221; header_text_color=&#8221;rgba(0,0,0,0)&#8221; body_font=&#8221;Chivo||||||||&#8221; body_text_color=&#8221;#ffffff&#8221; use_background_color_gradient=&#8221;on&#8221; background_color_gradient_start=&#8221;#00a0e3&#8243; background_color_gradient_end=&#8221;#0061ea&#8221; background_color_gradient_start_position=&#8221;32%&#8221; background_image=&#8221;https:\/\/paris.pan.pl\/wp-content\/uploads\/2018\/12\/main_slider01-compressor.jpg&#8221; background_position=&#8221;top_left&#8221; custom_button=&#8221;on&#8221; button_text_size=&#8221;16px&#8221; button_text_color=&#8221;#ffffff&#8221; button_bg_color_gradient_start=&#8221;#0c71c3&#8243; button_bg_color_gradient_end=&#8221;#2271a3&#8243; button_bg_color_gradient_type=&#8221;radial&#8221; button_border_width=&#8221;0px&#8221; button_border_color=&#8221;#00a0e3&#8243; button_border_radius=&#8221;0px&#8221; button_letter_spacing=&#8221;1px&#8221; button_font=&#8221;Lato|||on|||||&#8221; button_icon=&#8221;%%1%%&#8221; button_on_hover=&#8221;off&#8221; button_alignment=&#8221;left&#8221; text_orientation=&#8221;left&#8221; module_alignment=&#8221;left&#8221; custom_margin=&#8221;|0px||0px&#8221; custom_padding=&#8221;|0px||0px|true&#8221; animation_style=&#8221;fade&#8221; animation_direction=&#8221;top&#8221; animation_delay=&#8221;400ms&#8221; auto=&#8221;on&#8221; auto_speed=&#8221;5000&#8243; auto_ignore_hover=&#8221;on&#8221; hover_transition_duration=&#8221;700ms&#8221; header_font_size_tablet=&#8221;40px&#8221; header_font_size_phone=&#8221;30px&#8221; header_font_size_last_edited=&#8221;on|desktop&#8221; body_font_size_tablet=&#8221;20px&#8221; body_font_size_phone=&#8221;18px&#8221; body_font_size_last_edited=&#8221;on|phone&#8221; custom_css_slide_title=&#8221;border-left: #ffffff||  6px solid; ||padding-left: 20px;||transition: border 600ms ease 0ms,border 300ms ease 0ms;||font-weight:700 !important;||&#8221; custom_css_slide_button=&#8221;padding-left: 28px !important;&#8221; global_colors_info=&#8221;{}&#8221; custom_css_slide_title__hover_enabled=&#8221;on&#8221; custom_css_slide_title__hover=&#8221;border-left:  #ffffff 20px solid; ||padding-left: 20px;||transition: border 600ms ease 0ms,border 300ms ease 0ms;&#8221; custom_css_after__hover=&#8221;    content: %22%22;||    background-image: linear-gradient(180deg,rgb(0,161,227) 14%,rgb(0,97,234) 66%);||    opacity: 0.89;||    top: 0;||    left: 0;||    bottom: 0;||    z-index: 1 !important;||    right: 0;||    position: absolute;||transition: border 600ms ease 0ms,border 300ms ease 0ms;&#8221;][et_pb_slide heading=&#8221;Events&#8221; button_link=&#8221;#start&#8221; use_bg_overlay=&#8221;on&#8221; bg_overlay_color=&#8221;rgba(0,161,227,0.88)&#8221; use_text_overlay=&#8221;off&#8221; _builder_version=&#8221;3.17.6&#8243; header_font=&#8221;|700|||||||&#8221; header_text_color=&#8221;rgba(252,252,252,0.97)&#8221; body_font=&#8221;Chivo|700||on|||||&#8221; body_text_color=&#8221;rgba(252,252,252,0.97)&#8221; body_font_size=&#8221;24px&#8221; body_letter_spacing=&#8221;1px&#8221; background_color=&#8221;rgba(0,160,227,0)&#8221; custom_button=&#8221;on&#8221; button_font=&#8221;||||||||&#8221; button_use_icon=&#8221;on&#8221; button_on_hover=&#8221;off&#8221; background_layout=&#8221;light&#8221; custom_padding=&#8221;54px||30px||false&#8221; custom_padding_tablet=&#8221;|0px||0px&#8221; custom_padding_phone=&#8221;27vh|0px|44vh|0px&#8221; custom_padding_last_edited=&#8221;off|desktop&#8221; body_font_size_tablet=&#8221;24px&#8221; body_font_size_phone=&#8221;16px&#8221; body_font_size_last_edited=&#8221;on|desktop&#8221; body_letter_spacing_tablet=&#8221;1px&#8221; body_letter_spacing_phone=&#8221;1px&#8221; global_colors_info=&#8221;{}&#8221; allow_player_pause__hover=&#8221;off&#8221; allow_player_pause__hover_enabled=&#8221;off&#8221; background_color__hover=&#8221;#00a0e3&#8243; background_color__hover_enabled=&#8221;#00a0e3&#8243; use_background_color_gradient__hover=&#8221;off&#8221; use_background_color_gradient__hover_enabled=&#8221;off&#8221; background_color_gradient_start__hover=&#8221;#2b87da&#8221; background_color_gradient_start__hover_enabled=&#8221;#2b87da&#8221; background_color_gradient_end__hover=&#8221;#29c4a9&#8243; background_color_gradient_end__hover_enabled=&#8221;#29c4a9&#8243; background_color_gradient_type__hover=&#8221;linear&#8221; background_color_gradient_type__hover_enabled=&#8221;linear&#8221; background_color_gradient_direction__hover=&#8221;180deg&#8221; background_color_gradient_direction__hover_enabled=&#8221;180deg&#8221; background_color_gradient_direction_radial__hover=&#8221;center&#8221; background_color_gradient_direction_radial__hover_enabled=&#8221;center&#8221; background_color_gradient_start_position__hover=&#8221;0%&#8221; background_color_gradient_start_position__hover_enabled=&#8221;0%&#8221; background_color_gradient_end_position__hover=&#8221;100%&#8221; background_color_gradient_end_position__hover_enabled=&#8221;100%&#8221; background_color_gradient_overlays_image__hover=&#8221;off&#8221; background_color_gradient_overlays_image__hover_enabled=&#8221;off&#8221; parallax__hover=&#8221;off&#8221; parallax__hover_enabled=&#8221;off&#8221; parallax_method__hover=&#8221;on&#8221; parallax_method__hover_enabled=&#8221;on&#8221; background_size__hover=&#8221;cover&#8221; background_size__hover_enabled=&#8221;cover&#8221; background_position__hover=&#8221;center&#8221; background_position__hover_enabled=&#8221;center&#8221; background_repeat__hover=&#8221;no-repeat&#8221; background_repeat__hover_enabled=&#8221;no-repeat&#8221; background_blend__hover=&#8221;normal&#8221; background_blend__hover_enabled=&#8221;normal&#8221; background_video_pause_outside_viewport__hover=&#8221;on&#8221; background_video_pause_outside_viewport__hover_enabled=&#8221;on&#8221; alignment__hover=&#8221;center&#8221; alignment__hover_enabled=&#8221;center&#8221; header_text_shadow_style__hover=&#8221;none&#8221; header_text_shadow_style__hover_enabled=&#8221;none&#8221; header_text_shadow_color__hover=&#8221;rgba(0,0,0,0.4)&#8221; header_text_shadow_color__hover_enabled=&#8221;rgba(0,0,0,0.4)&#8221; body_text_shadow_style__hover=&#8221;none&#8221; body_text_shadow_style__hover_enabled=&#8221;none&#8221; body_text_shadow_color__hover=&#8221;rgba(0,0,0,0.4)&#8221; body_text_shadow_color__hover_enabled=&#8221;rgba(0,0,0,0.4)&#8221; custom_button__hover=&#8221;off&#8221; custom_button__hover_enabled=&#8221;off&#8221; button_text_color__hover=&#8221;#00a0e3&#8243; button_text_color__hover_enabled=&#8221;on&#8221; button_bg_color__hover=&#8221;rgba(255,255,255,0)&#8221; button_bg_color__hover_enabled=&#8221;on&#8221; button_bg_use_color_gradient__hover=&#8221;off&#8221; button_bg_use_color_gradient__hover_enabled=&#8221;off&#8221; button_bg_color_gradient_start__hover=&#8221;#2b87da&#8221; button_bg_color_gradient_start__hover_enabled=&#8221;#2b87da&#8221; button_bg_color_gradient_end__hover=&#8221;#29c4a9&#8243; button_bg_color_gradient_end__hover_enabled=&#8221;#29c4a9&#8243; button_bg_color_gradient_type__hover=&#8221;linear&#8221; button_bg_color_gradient_type__hover_enabled=&#8221;linear&#8221; button_bg_color_gradient_direction__hover=&#8221;180deg&#8221; button_bg_color_gradient_direction__hover_enabled=&#8221;180deg&#8221; button_bg_color_gradient_direction_radial__hover=&#8221;center&#8221; button_bg_color_gradient_direction_radial__hover_enabled=&#8221;center&#8221; button_bg_color_gradient_start_position__hover=&#8221;0%&#8221; button_bg_color_gradient_start_position__hover_enabled=&#8221;0%&#8221; button_bg_color_gradient_end_position__hover=&#8221;100%&#8221; button_bg_color_gradient_end_position__hover_enabled=&#8221;100%&#8221; button_bg_color_gradient_overlays_image__hover=&#8221;off&#8221; button_bg_color_gradient_overlays_image__hover_enabled=&#8221;off&#8221; button_bg_parallax__hover=&#8221;off&#8221; button_bg_parallax__hover_enabled=&#8221;off&#8221; button_bg_parallax_method__hover=&#8221;on&#8221; button_bg_parallax_method__hover_enabled=&#8221;on&#8221; button_bg_size__hover=&#8221;cover&#8221; button_bg_size__hover_enabled=&#8221;cover&#8221; button_bg_position__hover=&#8221;center&#8221; button_bg_position__hover_enabled=&#8221;center&#8221; button_bg_repeat__hover=&#8221;no-repeat&#8221; button_bg_repeat__hover_enabled=&#8221;no-repeat&#8221; button_bg_blend__hover=&#8221;normal&#8221; button_bg_blend__hover_enabled=&#8221;normal&#8221; button_bg_allow_player_pause__hover=&#8221;off&#8221; button_bg_allow_player_pause__hover_enabled=&#8221;off&#8221; button_bg_video_pause_outside_viewport__hover=&#8221;on&#8221; button_bg_video_pause_outside_viewport__hover_enabled=&#8221;on&#8221; button_border_width__hover=&#8221;2px&#8221; button_text_shadow_style__hover=&#8221;none&#8221; button_text_shadow_style__hover_enabled=&#8221;none&#8221; button_text_shadow_color__hover=&#8221;rgba(0,0,0,0.4)&#8221; button_text_shadow_color__hover_enabled=&#8221;rgba(0,0,0,0.4)&#8221; box_shadow_style_button__hover=&#8221;none&#8221; box_shadow_style_button__hover_enabled=&#8221;none&#8221; box_shadow_color_button__hover=&#8221;rgba(0,0,0,0.3)&#8221; box_shadow_color_button__hover_enabled=&#8221;rgba(0,0,0,0.3)&#8221; background_layout__hover=&#8221;dark&#8221; background_layout__hover_enabled=&#8221;dark&#8221; filter_hue_rotate__hover=&#8221;0deg&#8221; filter_hue_rotate__hover_enabled=&#8221;0deg&#8221; filter_saturate__hover=&#8221;100%&#8221; filter_saturate__hover_enabled=&#8221;100%&#8221; filter_brightness__hover=&#8221;100%&#8221; filter_brightness__hover_enabled=&#8221;100%&#8221; filter_contrast__hover=&#8221;100%&#8221; filter_contrast__hover_enabled=&#8221;100%&#8221; filter_invert__hover=&#8221;0%&#8221; filter_invert__hover_enabled=&#8221;0%&#8221; filter_sepia__hover=&#8221;0%&#8221; filter_sepia__hover_enabled=&#8221;0%&#8221; filter_opacity__hover=&#8221;100%&#8221; filter_opacity__hover_enabled=&#8221;100%&#8221; filter_blur__hover=&#8221;0px&#8221; filter_blur__hover_enabled=&#8221;0px&#8221; mix_blend_mode__hover=&#8221;normal&#8221; mix_blend_mode__hover_enabled=&#8221;normal&#8221; child_filter_hue_rotate__hover=&#8221;0deg&#8221; child_filter_hue_rotate__hover_enabled=&#8221;0deg&#8221; child_filter_saturate__hover=&#8221;100%&#8221; child_filter_saturate__hover_enabled=&#8221;100%&#8221; child_filter_brightness__hover=&#8221;100%&#8221; child_filter_brightness__hover_enabled=&#8221;100%&#8221; child_filter_contrast__hover=&#8221;100%&#8221; child_filter_contrast__hover_enabled=&#8221;100%&#8221; child_filter_invert__hover=&#8221;0%&#8221; child_filter_invert__hover_enabled=&#8221;0%&#8221; child_filter_sepia__hover=&#8221;0%&#8221; child_filter_sepia__hover_enabled=&#8221;0%&#8221; child_filter_opacity__hover=&#8221;100%&#8221; child_filter_opacity__hover_enabled=&#8221;100%&#8221; child_filter_blur__hover=&#8221;0px&#8221; child_filter_blur__hover_enabled=&#8221;0px&#8221; child_mix_blend_mode__hover=&#8221;normal&#8221; child_mix_blend_mode__hover_enabled=&#8221;normal&#8221; text_shadow_style__hover=&#8221;none&#8221; text_shadow_style__hover_enabled=&#8221;none&#8221; text_shadow_color__hover=&#8221;rgba(0,0,0,0.4)&#8221; text_shadow_color__hover_enabled=&#8221;rgba(0,0,0,0.4)&#8221; hover_transition_duration__hover=&#8221;300ms&#8221; hover_transition_duration__hover_enabled=&#8221;300ms&#8221; hover_transition_delay__hover=&#8221;0ms&#8221; hover_transition_delay__hover_enabled=&#8221;0ms&#8221; hover_transition_speed_curve__hover=&#8221;ease&#8221; hover_transition_speed_curve__hover_enabled=&#8221;ease&#8221; sticky_transition=&#8221;on&#8221;][\/et_pb_slide][\/et_pb_fullwidth_slider][\/et_pb_section][et_pb_section fb_built=&#8221;1&#8243; module_id=&#8221;list&#8221; _builder_version=&#8221;3.22&#8243; background_color=&#8221;#f2f2f2&#8243; background_color_gradient_direction=&#8221;186deg&#8221; custom_margin=&#8221;-1px||&#8221; custom_padding=&#8221;40px|0px|6px|0px|false|false&#8221; bottom_divider_color=&#8221;#f2f2f2&#8243; bottom_divider_height=&#8221;33px&#8221; bottom_divider_flip=&#8221;vertical|horizontal&#8221; bottom_divider_arrangement=&#8221;above_content&#8221; global_colors_info=&#8221;{}&#8221;][et_pb_row use_custom_gutter=&#8221;on&#8221; gutter_width=&#8221;2&#8243; module_id=&#8221;mission&#8221; _builder_version=&#8221;4.7.7&#8243; width=&#8221;70%&#8221; max_width=&#8221;70%&#8221; custom_padding=&#8221;|0px|0px|0px&#8221; animation_style=&#8221;fade&#8221; use_custom_width=&#8221;on&#8221; width_unit=&#8221;off&#8221; custom_width_percent=&#8221;70%&#8221; custom_width_percent__hover=&#8221;80%&#8221; global_colors_info=&#8221;{}&#8221; border_width_all__hover=&#8221;5px&#8221; width__hover=&#8221;80%&#8221; max_width__hover=&#8221;80%&#8221; width_tablet=&#8221;70%&#8221; width_phone=&#8221;90%&#8221; width_last_edited=&#8221;on|phone&#8221; max_width_tablet=&#8221;70%&#8221; max_width_phone=&#8221;90%&#8221; max_width_last_edited=&#8221;on|tablet&#8221;][et_pb_column type=&#8221;4_4&#8243; _builder_version=&#8221;3.0.47&#8243; custom_padding=&#8221;|||&#8221; global_colors_info=&#8221;{}&#8221; custom_padding__hover=&#8221;|||&#8221; custom_css_main_element__hover=&#8221;background:  rgb(243,241,241);|| &#8220;][et_pb_button button_url=&#8221;#calendar&#8221; button_text=&#8221;Show Calendar&#8221; button_alignment=&#8221;left&#8221; _builder_version=&#8221;3.17.6&#8243; custom_button=&#8221;on&#8221; button_text_size=&#8221;16px&#8221; button_text_color=&#8221;#00a0e3&#8243; button_bg_color_gradient_start=&#8221;#0c71c3&#8243; button_bg_color_gradient_end=&#8221;#2271a3&#8243; button_bg_color_gradient_type=&#8221;radial&#8221; button_border_width=&#8221;0px&#8221; button_border_color=&#8221;#00a0e3&#8243; button_border_radius=&#8221;0px&#8221; button_letter_spacing=&#8221;1px&#8221; button_font=&#8221;Lato|||on|||||&#8221; button_icon=&#8221;%%1%%&#8221; button_on_hover=&#8221;off&#8221; custom_padding=&#8221;0px||&#8221; custom_padding_phone=&#8221;|||28px&#8221; custom_padding_last_edited=&#8221;off|desktop&#8221; animation_style=&#8221;fade&#8221; animation_delay=&#8221;550ms&#8221; hover_transition_duration=&#8221;650ms&#8221; global_colors_info=&#8221;{}&#8221; button_bg_color__hover_enabled=&#8221;on&#8221; button_bg_color__hover=&#8221;rgba(0,0,0,0)&#8221; button_text_color__hover_enabled=&#8221;on&#8221; button_text_color__hover=&#8221;#000000&#8243;][\/et_pb_button][et_pb_text _builder_version=&#8221;4.7.7&#8243; locked=&#8221;off&#8221; global_colors_info=&#8221;{}&#8221; header_font_size__hover=&#8221;30px&#8221; header_font_size__hover_enabled=&#8221;30px&#8221; animation_style__hover=&#8221;none&#8221; animation_style__hover_enabled=&#8221;none&#8221; animation_direction__hover=&#8221;center&#8221; animation_direction__hover_enabled=&#8221;center&#8221; animation_delay__hover=&#8221;0ms&#8221; animation_delay__hover_enabled=&#8221;0ms&#8221; animation_intensity_flip__hover=&#8221;50%&#8221; animation_intensity_flip__hover_enabled=&#8221;50%&#8221; hover_transition_duration__hover=&#8221;300ms&#8221; hover_transition_duration__hover_enabled=&#8221;300ms&#8221; use_background_color_gradient__hover=&#8221;off&#8221; use_background_color_gradient__hover_enabled=&#8221;off&#8221; background_color_gradient_start__hover=&#8221;#2b87da&#8221; background_color_gradient_start__hover_enabled=&#8221;#2b87da&#8221; background_color_gradient_end__hover=&#8221;#29c4a9&#8243; background_color_gradient_end__hover_enabled=&#8221;#29c4a9&#8243; background_color_gradient_type__hover=&#8221;linear&#8221; background_color_gradient_type__hover_enabled=&#8221;linear&#8221; background_color_gradient_direction__hover=&#8221;180deg&#8221; background_color_gradient_direction__hover_enabled=&#8221;180deg&#8221; background_color_gradient_direction_radial__hover=&#8221;center&#8221; background_color_gradient_direction_radial__hover_enabled=&#8221;center&#8221; background_color_gradient_start_position__hover=&#8221;0%&#8221; background_color_gradient_start_position__hover_enabled=&#8221;0%&#8221; background_color_gradient_end_position__hover=&#8221;100%&#8221; background_color_gradient_end_position__hover_enabled=&#8221;100%&#8221; background_color_gradient_overlays_image__hover=&#8221;off&#8221; background_color_gradient_overlays_image__hover_enabled=&#8221;off&#8221; parallax__hover=&#8221;off&#8221; parallax__hover_enabled=&#8221;off&#8221; parallax_method__hover=&#8221;on&#8221; parallax_method__hover_enabled=&#8221;on&#8221; background_size__hover=&#8221;cover&#8221; background_size__hover_enabled=&#8221;cover&#8221; background_position__hover=&#8221;center&#8221; background_position__hover_enabled=&#8221;center&#8221; background_repeat__hover=&#8221;no-repeat&#8221; background_repeat__hover_enabled=&#8221;no-repeat&#8221; background_blend__hover=&#8221;normal&#8221; background_blend__hover_enabled=&#8221;normal&#8221; allow_player_pause__hover=&#8221;off&#8221; allow_player_pause__hover_enabled=&#8221;off&#8221; background_video_pause_outside_viewport__hover=&#8221;on&#8221; background_video_pause_outside_viewport__hover_enabled=&#8221;on&#8221; text_font_size__hover=&#8221;16px&#8221; text_font_size__hover_enabled=&#8221;16px&#8221; text_letter_spacing__hover=&#8221;0px&#8221; text_letter_spacing__hover_enabled=&#8221;0px&#8221; text_line_height__hover=&#8221;1.7em&#8221; text_line_height__hover_enabled=&#8221;1.7em&#8221; text_text_shadow_style__hover=&#8221;none&#8221; text_text_shadow_style__hover_enabled=&#8221;none&#8221; text_text_shadow_color__hover=&#8221;rgba(0,0,0,0.4)&#8221; text_text_shadow_color__hover_enabled=&#8221;rgba(0,0,0,0.4)&#8221; link_font_size__hover=&#8221;16px&#8221; link_font_size__hover_enabled=&#8221;16px&#8221; link_letter_spacing__hover=&#8221;0px&#8221; link_letter_spacing__hover_enabled=&#8221;0px&#8221; link_line_height__hover=&#8221;1em&#8221; link_line_height__hover_enabled=&#8221;1em&#8221; link_text_shadow_style__hover=&#8221;none&#8221; link_text_shadow_style__hover_enabled=&#8221;none&#8221; link_text_shadow_color__hover=&#8221;rgba(0,0,0,0.4)&#8221; link_text_shadow_color__hover_enabled=&#8221;rgba(0,0,0,0.4)&#8221; ul_font_size__hover=&#8221;14px&#8221; ul_font_size__hover_enabled=&#8221;14px&#8221; ul_letter_spacing__hover=&#8221;0px&#8221; ul_letter_spacing__hover_enabled=&#8221;0px&#8221; ul_line_height__hover=&#8221;1em&#8221; ul_line_height__hover_enabled=&#8221;1em&#8221; ul_text_shadow_style__hover=&#8221;none&#8221; ul_text_shadow_style__hover_enabled=&#8221;none&#8221; ul_text_shadow_color__hover=&#8221;rgba(0,0,0,0.4)&#8221; ul_text_shadow_color__hover_enabled=&#8221;rgba(0,0,0,0.4)&#8221; ol_font_size__hover=&#8221;14px&#8221; ol_font_size__hover_enabled=&#8221;14px&#8221; ol_letter_spacing__hover=&#8221;0px&#8221; ol_letter_spacing__hover_enabled=&#8221;0px&#8221; ol_line_height__hover=&#8221;1em&#8221; ol_line_height__hover_enabled=&#8221;1em&#8221; ol_text_shadow_style__hover=&#8221;none&#8221; ol_text_shadow_style__hover_enabled=&#8221;none&#8221; ol_text_shadow_color__hover=&#8221;rgba(0,0,0,0.4)&#8221; ol_text_shadow_color__hover_enabled=&#8221;rgba(0,0,0,0.4)&#8221; quote_font_size__hover=&#8221;14px&#8221; quote_font_size__hover_enabled=&#8221;14px&#8221; quote_letter_spacing__hover=&#8221;0px&#8221; quote_letter_spacing__hover_enabled=&#8221;0px&#8221; quote_line_height__hover=&#8221;1em&#8221; quote_line_height__hover_enabled=&#8221;1em&#8221; quote_text_shadow_style__hover=&#8221;none&#8221; quote_text_shadow_style__hover_enabled=&#8221;none&#8221; quote_text_shadow_color__hover=&#8221;rgba(0,0,0,0.4)&#8221; quote_text_shadow_color__hover_enabled=&#8221;rgba(0,0,0,0.4)&#8221; header_letter_spacing__hover=&#8221;0px&#8221; header_letter_spacing__hover_enabled=&#8221;0px&#8221; header_text_shadow_style__hover=&#8221;none&#8221; header_text_shadow_style__hover_enabled=&#8221;none&#8221; header_text_shadow_color__hover=&#8221;rgba(0,0,0,0.4)&#8221; header_text_shadow_color__hover_enabled=&#8221;rgba(0,0,0,0.4)&#8221; header_2_font_size__hover=&#8221;26px&#8221; header_2_font_size__hover_enabled=&#8221;26px&#8221; header_2_letter_spacing__hover=&#8221;0px&#8221; header_2_letter_spacing__hover_enabled=&#8221;0px&#8221; header_2_line_height__hover=&#8221;1em&#8221; header_2_line_height__hover_enabled=&#8221;1em&#8221; header_2_text_shadow_style__hover=&#8221;none&#8221; header_2_text_shadow_style__hover_enabled=&#8221;none&#8221; header_2_text_shadow_color__hover=&#8221;rgba(0,0,0,0.4)&#8221; header_2_text_shadow_color__hover_enabled=&#8221;rgba(0,0,0,0.4)&#8221; header_3_font_size__hover=&#8221;22px&#8221; header_3_font_size__hover_enabled=&#8221;22px&#8221; header_3_letter_spacing__hover=&#8221;0px&#8221; header_3_letter_spacing__hover_enabled=&#8221;0px&#8221; header_3_line_height__hover=&#8221;1em&#8221; header_3_line_height__hover_enabled=&#8221;1em&#8221; header_3_text_shadow_style__hover=&#8221;none&#8221; header_3_text_shadow_style__hover_enabled=&#8221;none&#8221; header_3_text_shadow_color__hover=&#8221;rgba(0,0,0,0.4)&#8221; header_3_text_shadow_color__hover_enabled=&#8221;rgba(0,0,0,0.4)&#8221; header_4_font_size__hover=&#8221;18px&#8221; header_4_font_size__hover_enabled=&#8221;18px&#8221; header_4_letter_spacing__hover=&#8221;0px&#8221; header_4_letter_spacing__hover_enabled=&#8221;0px&#8221; header_4_line_height__hover=&#8221;1em&#8221; header_4_line_height__hover_enabled=&#8221;1em&#8221; header_4_text_shadow_style__hover=&#8221;none&#8221; header_4_text_shadow_style__hover_enabled=&#8221;none&#8221; header_4_text_shadow_color__hover=&#8221;rgba(0,0,0,0.4)&#8221; header_4_text_shadow_color__hover_enabled=&#8221;rgba(0,0,0,0.4)&#8221; header_5_font_size__hover=&#8221;16px&#8221; header_5_font_size__hover_enabled=&#8221;16px&#8221; header_5_letter_spacing__hover=&#8221;0px&#8221; header_5_letter_spacing__hover_enabled=&#8221;0px&#8221; header_5_line_height__hover=&#8221;1em&#8221; header_5_line_height__hover_enabled=&#8221;1em&#8221; header_5_text_shadow_style__hover=&#8221;none&#8221; header_5_text_shadow_style__hover_enabled=&#8221;none&#8221; header_5_text_shadow_color__hover=&#8221;rgba(0,0,0,0.4)&#8221; header_5_text_shadow_color__hover_enabled=&#8221;rgba(0,0,0,0.4)&#8221; header_6_font_size__hover=&#8221;14px&#8221; header_6_font_size__hover_enabled=&#8221;14px&#8221; header_6_letter_spacing__hover=&#8221;0px&#8221; header_6_letter_spacing__hover_enabled=&#8221;0px&#8221; header_6_line_height__hover=&#8221;1em&#8221; header_6_line_height__hover_enabled=&#8221;1em&#8221; header_6_text_shadow_style__hover=&#8221;none&#8221; header_6_text_shadow_style__hover_enabled=&#8221;none&#8221; header_6_text_shadow_color__hover=&#8221;rgba(0,0,0,0.4)&#8221; header_6_text_shadow_color__hover_enabled=&#8221;rgba(0,0,0,0.4)&#8221; border_radii__hover=&#8221;on||||&#8221; border_radii__hover_enabled=&#8221;on||||&#8221; box_shadow_style__hover=&#8221;none&#8221; box_shadow_style__hover_enabled=&#8221;none&#8221; box_shadow_color__hover=&#8221;rgba(0,0,0,0.3)&#8221; box_shadow_color__hover_enabled=&#8221;rgba(0,0,0,0.3)&#8221; text_orientation__hover=&#8221;left&#8221; text_orientation__hover_enabled=&#8221;left&#8221; background_layout__hover=&#8221;light&#8221; background_layout__hover_enabled=&#8221;light&#8221; max_width__hover=&#8221;100%&#8221; max_width__hover_enabled=&#8221;100%&#8221; filter_hue_rotate__hover=&#8221;0deg&#8221; filter_hue_rotate__hover_enabled=&#8221;0deg&#8221; filter_saturate__hover=&#8221;100%&#8221; filter_saturate__hover_enabled=&#8221;100%&#8221; filter_brightness__hover=&#8221;100%&#8221; filter_brightness__hover_enabled=&#8221;100%&#8221; filter_contrast__hover=&#8221;100%&#8221; filter_contrast__hover_enabled=&#8221;100%&#8221; filter_invert__hover=&#8221;0%&#8221; filter_invert__hover_enabled=&#8221;0%&#8221; filter_sepia__hover=&#8221;0%&#8221; filter_sepia__hover_enabled=&#8221;0%&#8221; filter_opacity__hover=&#8221;100%&#8221; filter_opacity__hover_enabled=&#8221;100%&#8221; filter_blur__hover=&#8221;0px&#8221; filter_blur__hover_enabled=&#8221;0px&#8221; mix_blend_mode__hover=&#8221;normal&#8221; mix_blend_mode__hover_enabled=&#8221;normal&#8221; animation_repeat__hover=&#8221;once&#8221; animation_repeat__hover_enabled=&#8221;once&#8221; animation_duration__hover=&#8221;1000ms&#8221; animation_duration__hover_enabled=&#8221;1000ms&#8221; animation_intensity_slide__hover=&#8221;50%&#8221; animation_intensity_slide__hover_enabled=&#8221;50%&#8221; animation_intensity_zoom__hover=&#8221;50%&#8221; animation_intensity_zoom__hover_enabled=&#8221;50%&#8221; animation_intensity_fold__hover=&#8221;50%&#8221; animation_intensity_fold__hover_enabled=&#8221;50%&#8221; animation_intensity_roll__hover=&#8221;50%&#8221; animation_intensity_roll__hover_enabled=&#8221;50%&#8221; animation_starting_opacity__hover=&#8221;0%&#8221; animation_starting_opacity__hover_enabled=&#8221;0%&#8221; animation_speed_curve__hover=&#8221;ease-in-out&#8221; animation_speed_curve__hover_enabled=&#8221;ease-in-out&#8221; hover_transition_delay__hover=&#8221;0ms&#8221; hover_transition_delay__hover_enabled=&#8221;0ms&#8221; hover_transition_speed_curve__hover=&#8221;ease&#8221; hover_transition_speed_curve__hover_enabled=&#8221;ease&#8221;]<\/p>\n<p>\n<div class=\"mec-wrap mec-skin-masonry-container colorskin-custom  \" id=\"mec_skin_1800\" data-filterby=\"\" data-sortascending=\"1\">\r\n    \r\n        <div class=\"mec-events-masonry-wrap\" id=\"mec_skin_events_1800\">\r\n        <div class=\"mec-wrap colorskin-custom\">\r\n    <div class=\"mec-event-masonry\">\r\n                <script type=\"application\/ld+json\">\r\n        {\r\n            \"@context\": \"http:\/\/schema.org\",\r\n            \"@type\": \"Event\",\r\n            \"eventStatus\": \"https:\/\/schema.org\/EventScheduled\",\r\n            \"startDate\": \"2026-04-10\",\r\n            \"endDate\": \"2026-05-29\",\r\n            \"eventAttendanceMode\": \"https:\/\/schema.org\/OfflineEventAttendanceMode\",\r\n            \"location\":\r\n            {\r\n                \"@type\": \"Place\",\r\n                                \"name\": \"\",\r\n                \"image\": \"\",\r\n                \"address\": \"\"\r\n                            },\r\n            \"organizer\":\r\n            {\r\n                \"@type\": \"Person\",\r\n                \"name\": \"\",\r\n                \"url\": \"\"\r\n            },\r\n            \"offers\":\r\n            {\r\n                \"url\": \"https:\/\/paris.pan.pl\/en\/events\/maria-sklodowska-curie-en-italie-trois-voyages-une-passion\/\",\r\n                \"price\": \"\",\r\n                \"priceCurrency\": \"\u20ac\",\r\n                \"availability\": \"https:\/\/schema.org\/InStock\",\r\n                \"validFrom\": \"2026-04-10T00:00\"\r\n            },\r\n            \"performer\": \"\",\r\n            \"description\": \"The &lt;strong&gt;exhibition dedicated to Marie Sk\u0142odowska-Curie&lt;\/strong&gt; presents lesser\u2011known episodes from the life of one of the most outstanding scientists in history, &lt;strong&gt;focusing on her three journeys to Italy: in 1911, 1918, and 1931&lt;\/strong&gt;.    The exhibition \u2013 which includes, among other elements, information about Marie Sk\u0142odowska-CuriE\u2019s first foreign lecture in Genoa, her scientific mission in 1918, as well as her participation in the Roman congress on nuclear physics at the dawn of the atomic era \u2013 consists of panels depicting the scientist\u2019s biography, her groundbreaking discoveries, and &lt;strong&gt;a map of her scientific travels around the world&lt;\/strong&gt;. Its narrative presents Marie Sk\u0142odowska-Curie as &lt;strong&gt;a researcher, traveler, and active member of the international academic community&lt;\/strong&gt;. It highlights the values she considered essential for the advancement of science: research mobility and cross-border collaboration.    The exhibition also recalls Marie Sk\u0142odowska-Curie\u2019s impact on the development of physics, chemistry, and medicine, as well as her significant role in breaking barriers faced by women in science. It is an invitation to rediscover the scientist anew.    During the opening event, &lt;strong&gt;the film&lt;\/strong&gt; &lt;strong&gt;&lt;em&gt;Marie Sk\u0142odowska-Curie in Italy in search of radium &lt;\/em&gt;&lt;\/strong&gt;will be screened. It was produced by the Polish Academy of Sciences Scientific Centre in Rome, the Institute of Organic Chemistry of the Polish Academy of Sciences, Department of Chemistry and Industrial Chemistry of the University of Pisa, and Museum of Maria Sk\u0142odowska-Curie in Warsaw.    The project is &lt;strong&gt;a continuation of the exhibition prepared in 2025 by the Polish Academy of Sciences Scientific Centre in Rome&lt;\/strong&gt;. Thanks to extensive archival research, it was possible to reconstruct the details of her journeys and uncover previously unpublished materials.    The exhibition will be presented at the Polish Academy of Sciences Scientific Centre in Paris (74 rue Lauriston, 75116 Paris) from 10 April to 29 May 2026. All visitors are welcome between 9:45-13:00 and 14:00-16:30. Admission is free.    The event will be held &lt;strong&gt;in English&lt;\/strong&gt;.    &lt;strong&gt;By registering for the event, you accept the &lt;a href=&quot;https:\/\/paris.pan.pl\/wp-content\/uploads\/2025\/08\/Klauzule-EN.pdf&quot;&gt;rules for the processing of personal data&lt;\/a&gt;&lt;\/strong&gt;&lt;strong&gt;.&lt;\/strong&gt;    &lt;a href=&quot;https:\/\/paris.pan.pl\/wp-content\/uploads\/2026\/03\/AGENDA-na-strone-EN-1.png&quot;&gt;&lt;img class=&quot;aligncenter size-full wp-image-19966&quot; src=&quot;https:\/\/paris.pan.pl\/wp-content\/uploads\/2026\/03\/AGENDA-na-strone-EN-1.png&quot; alt=&quot;&quot; width=&quot;1414&quot; height=&quot;2000&quot; \/&gt;&lt;\/a&gt;    &nbsp;\",\r\n            \"image\": \"https:\/\/paris.pan.pl\/wp-content\/uploads\/2026\/03\/MSC-Italia-1.png\",\r\n            \"name\": \"Maria Sk\u0142odowska-Curie en Italie. Trois voyages, une passion [VERNISSAGE]\",\r\n            \"url\": \"https:\/\/paris.pan.pl\/en\/events\/maria-sklodowska-curie-en-italie-trois-voyages-une-passion\/\"\r\n        }\r\n        <\/script>\r\n                    <div data-sort-masonry=\"2026-04-10\" class=\"mec-masonry-item-wrap \">\r\n                <div class=\"mec-masonry\">\r\n\r\n                    <article class=\"mec-event-article mec-clear   \">\r\n                                                    <div class=\"mec-masonry-img\"><a   data-event-id=\"19903\" href=\"https:\/\/paris.pan.pl\/en\/events\/maria-sklodowska-curie-en-italie-trois-voyages-une-passion\/\" target=\"_self\" rel=\"noopener\"><img loading=\"lazy\" decoding=\"async\" width=\"1080\" height=\"625\" src=\"https:\/\/paris.pan.pl\/wp-content\/uploads\/2026\/03\/MSC-Italia-1.png\" class=\"attachment-full size-full wp-post-image\" alt=\"\" srcset=\"https:\/\/paris.pan.pl\/wp-content\/uploads\/2026\/03\/MSC-Italia-1.png 1080w, https:\/\/paris.pan.pl\/wp-content\/uploads\/2026\/03\/MSC-Italia-1-300x174.png 300w, https:\/\/paris.pan.pl\/wp-content\/uploads\/2026\/03\/MSC-Italia-1-1024x593.png 1024w, https:\/\/paris.pan.pl\/wp-content\/uploads\/2026\/03\/MSC-Italia-1-768x444.png 768w, https:\/\/paris.pan.pl\/wp-content\/uploads\/2026\/03\/MSC-Italia-1-529x306.png 529w\" sizes=\"auto, (max-width: 1080px) 100vw, 1080px\" \/><\/a><\/div>\r\n                        \r\n                        \r\n                        <div class=\"mec-masonry-content mec-event-grid-modern\">\r\n                            <div class=\"event-grid-modern-head clearfix\">\r\n\r\n                                <div class=\"mec-masonry-col12\">\r\n                                                                            <div class=\"mec-event-date mec-color\"><span class=\"mec-start-date-label\" itemprop=\"startDate\">10<\/span><span class=\"mec-end-date-label\" itemprop=\"endDate\"> - 29<\/span><\/div>\r\n                                        <div class=\"mec-event-month\"><span class=\"mec-start-date-label\" itemprop=\"startDate\">April<\/span><span class=\"mec-end-date-label\" itemprop=\"endDate\"> - May<\/span><\/div>\r\n                                                                        <div class=\"mec-event-detail\">18:30 - 15:00<\/div>\r\n                                                                    <\/div>\r\n\r\n                                                                \r\n                            <\/div>\r\n                                                                                    <div class=\"mec-event-content\">\r\n                                                                <h4 class=\"mec-event-title\"><a class=\"mec-color-hover\"  data-event-id=\"19903\" href=\"https:\/\/paris.pan.pl\/en\/events\/maria-sklodowska-curie-en-italie-trois-voyages-une-passion\/\" target=\"_self\" rel=\"noopener\">Maria Sk\u0142odowska-Curie en Italie. Trois voyages, une passion [VERNISSAGE]<\/a>  <span class=\"event-color\" style=\"background: #\"><\/span><\/h4>\r\n                                <span class=\"mec-labels-normal\"><span data-style=\"Normal\" class=\"mec-label-normal mec-ongoing-normal-label\">Ongoing<\/span><\/span>                                                                                                <div class=\"mec-event-description mec-events-content\">\r\n                                    <p>The exhibition dedicated to Marie Sk\u0142odowska-Curie presents lesser\u2011known episodes ...<\/p>\r\n                                <\/div>\r\n                            <\/div>\r\n                            <div class=\"mec-event-footer\">\r\n                                <a class=\"mec-booking-button\"  data-event-id=\"19903\" href=\"https:\/\/paris.pan.pl\/en\/events\/maria-sklodowska-curie-en-italie-trois-voyages-une-passion\/\" target=\"_self\" rel=\"noopener\">View Detail<\/a>                                                                                            <\/div>\r\n                        <\/div>\r\n                    <\/article>\r\n\r\n                <\/div>\r\n            <\/div>\r\n                        <script type=\"application\/ld+json\">\r\n        {\r\n            \"@context\": \"http:\/\/schema.org\",\r\n            \"@type\": \"Event\",\r\n            \"eventStatus\": \"https:\/\/schema.org\/EventScheduled\",\r\n            \"startDate\": \"2026-05-18\",\r\n            \"endDate\": \"2026-05-19\",\r\n            \"eventAttendanceMode\": \"https:\/\/schema.org\/OfflineEventAttendanceMode\",\r\n            \"location\":\r\n            {\r\n                \"@type\": \"Place\",\r\n                                \"name\": \"Acad\u00e9mie polonaise des sciences centre scientifique \u00e0 Paris\",\r\n                \"image\": \"\",\r\n                \"address\": \"Acad\u00e9mie polonaise des sciences centre scientifique \u00e0 Paris, 74 Rue Lauriston, 75116 Paris, France\"\r\n                            },\r\n            \"organizer\":\r\n            {\r\n                \"@type\": \"Person\",\r\n                \"name\": \"\",\r\n                \"url\": \"\"\r\n            },\r\n            \"offers\":\r\n            {\r\n                \"url\": \"https:\/\/paris.pan.pl\/en\/events\/cooperation-elargie-dans-le-contexte-du-traite-de-nancy-diplomatie-scientifique-securite-migrations\/\",\r\n                \"price\": \"\",\r\n                \"priceCurrency\": \"\u20ac\",\r\n                \"availability\": \"https:\/\/schema.org\/InStock\",\r\n                \"validFrom\": \"2026-05-18T00:00\"\r\n            },\r\n            \"performer\": \"\",\r\n            \"description\": \"To mark the first anniversary of the signing of the Treaty of Nancy, the conference &quot;Coop\u00e9ration \u00e9largie dans le contexte du Trait\u00e9 de Nancy : diplomatie scientifique, s\u00e9curit\u00e9, migrations&quot; will demonstrate how the new Franco-Polish cooperation framework enables joint research projects, strengthened university network collaboration and soft power initiatives. The conference will highlight the importance of politically sensitive areas such as migration, security, and cyber resilience. The Treaty of Nancy strengthens the bilateral partnership&#039;s ambitions in strategic areas and opens up new prospects for cooperation.    The Franco-Polish PHC Polonium project, &#039;AMIPOL: Analysis of the Politicisation and Media Coverage of Migration&#039;, will also be presented at this conference. This project aims to analyse the mechanisms of the politicisation of migration, the role of the media in amplifying existing controversies and divisions, and the factors that mitigate them. It will also examine the links between migration narratives and security categories, such as securitisation, hybrid threats and the manipulation of information.    The Treaty of Nancy establishes a solid foundation for deepening strategic dialogue and developing joint scientific and expert initiatives through Franco-Polish cooperation. The Treaty also reinforces the importance of the partnership between Poland and France as a key pillar of European solidarity, security, and resilience in the face of contemporary challenges.    &lt;strong&gt;Organisers: &lt;\/strong&gt;  Polish Academy of Sciences Scientific Centre in Paris, Warsaw School of Economics, Faculty of Political Science and International Studies, University of Warsaw    &lt;strong&gt;Honorary patronage:&lt;\/strong&gt;  Polish Embassy in Paris, Ministry of Science and Higher Education (Poland), Rector of the Warsaw School of Economics, Polish Political Science Association (Polskie Towarzystwo Nauk Politycznych), Polish Society for European Studies (Polskie Towarzystwo Studi\u00f3w Europejskich), Polish National Agency for Academic Exchange    The conference will be held &lt;strong&gt;in French&lt;\/strong&gt;.    The programme will be published shortly.\",\r\n            \"image\": \"https:\/\/paris.pan.pl\/wp-content\/uploads\/2026\/04\/Cooperation-elargie-dans-le-contexte-du-Traite-de-Nancy.-Diplomatie-scientifique-securite-migrations-3-1.png\",\r\n            \"name\": \"Coop\u00e9ration \u00e9largie dans le contexte du Trait\u00e9 de Nancy :  diplomatie scientifique, s\u00e9curit\u00e9, migrations\",\r\n            \"url\": \"https:\/\/paris.pan.pl\/en\/events\/cooperation-elargie-dans-le-contexte-du-traite-de-nancy-diplomatie-scientifique-securite-migrations\/\"\r\n        }\r\n        <\/script>\r\n                    <div data-sort-masonry=\"2026-05-18\" class=\"mec-masonry-item-wrap \">\r\n                <div class=\"mec-masonry\">\r\n\r\n                    <article class=\"mec-event-article mec-clear   \">\r\n                                                    <div class=\"mec-masonry-img\"><a   data-event-id=\"20033\" href=\"https:\/\/paris.pan.pl\/en\/events\/cooperation-elargie-dans-le-contexte-du-traite-de-nancy-diplomatie-scientifique-securite-migrations\/\" target=\"_self\" rel=\"noopener\"><img loading=\"lazy\" decoding=\"async\" width=\"1080\" height=\"625\" src=\"https:\/\/paris.pan.pl\/wp-content\/uploads\/2026\/04\/Cooperation-elargie-dans-le-contexte-du-Traite-de-Nancy.-Diplomatie-scientifique-securite-migrations-3-1.png\" class=\"attachment-full size-full wp-post-image\" alt=\"\" srcset=\"https:\/\/paris.pan.pl\/wp-content\/uploads\/2026\/04\/Cooperation-elargie-dans-le-contexte-du-Traite-de-Nancy.-Diplomatie-scientifique-securite-migrations-3-1.png 1080w, https:\/\/paris.pan.pl\/wp-content\/uploads\/2026\/04\/Cooperation-elargie-dans-le-contexte-du-Traite-de-Nancy.-Diplomatie-scientifique-securite-migrations-3-1-300x174.png 300w, https:\/\/paris.pan.pl\/wp-content\/uploads\/2026\/04\/Cooperation-elargie-dans-le-contexte-du-Traite-de-Nancy.-Diplomatie-scientifique-securite-migrations-3-1-1024x593.png 1024w, https:\/\/paris.pan.pl\/wp-content\/uploads\/2026\/04\/Cooperation-elargie-dans-le-contexte-du-Traite-de-Nancy.-Diplomatie-scientifique-securite-migrations-3-1-768x444.png 768w, https:\/\/paris.pan.pl\/wp-content\/uploads\/2026\/04\/Cooperation-elargie-dans-le-contexte-du-Traite-de-Nancy.-Diplomatie-scientifique-securite-migrations-3-1-529x306.png 529w\" sizes=\"auto, (max-width: 1080px) 100vw, 1080px\" \/><\/a><\/div>\r\n                        \r\n                        \r\n                        <div class=\"mec-masonry-content mec-event-grid-modern\">\r\n                            <div class=\"event-grid-modern-head clearfix\">\r\n\r\n                                <div class=\"mec-masonry-col6\">\r\n                                                                            <div class=\"mec-event-date mec-color\"><span class=\"mec-start-date-label\" itemprop=\"startDate\">18 - 19<\/span><\/div>\r\n                                        <div class=\"mec-event-month\"><span class=\"mec-start-date-label\" itemprop=\"startDate\">May<\/span><\/div>\r\n                                                                        <div class=\"mec-event-detail\">14:00 - 19:00<\/div>\r\n                                                                    <\/div>\r\n\r\n                                                                <div class=\"mec-masonry-col6\">\r\n                                    <div class=\"mec-event-location\">\r\n                                        <i class=\"mec-sl-location-pin mec-color\"><\/i>\r\n                                        <div class=\"mec-event-location-det\">\r\n                                            <h6 class=\"mec-location\">Acad\u00e9mie polonaise des sciences centre scientifique \u00e0 Paris<\/h6>\r\n                                            <address class=\"mec-events-address\"><span class=\"mec-address\">Acad\u00e9mie polonaise des sciences centre scientifique \u00e0 Paris, 74 Rue Lauriston, 75116 Paris, France<\/span><\/address>\r\n                                        <\/div>\r\n                                    <\/div>\r\n                                <\/div>\r\n                                                                \r\n                            <\/div>\r\n                                                                                    <div class=\"mec-event-content\">\r\n                                                                <h4 class=\"mec-event-title\"><a class=\"mec-color-hover\"  data-event-id=\"20033\" href=\"https:\/\/paris.pan.pl\/en\/events\/cooperation-elargie-dans-le-contexte-du-traite-de-nancy-diplomatie-scientifique-securite-migrations\/\" target=\"_self\" rel=\"noopener\">Coop\u00e9ration \u00e9largie dans le contexte du Trait\u00e9 de Nancy :  diplomatie scientifique, s\u00e9curit\u00e9, migrations<\/a>  <span class=\"event-color\" style=\"background: #\"><\/span><\/h4>\r\n                                                                                                                                <div class=\"mec-event-description mec-events-content\">\r\n                                    <p>To mark the first anniversary of the signing of ...<\/p>\r\n                                <\/div>\r\n                            <\/div>\r\n                            <div class=\"mec-event-footer\">\r\n                                <a class=\"mec-booking-button\"  data-event-id=\"20033\" href=\"https:\/\/paris.pan.pl\/en\/events\/cooperation-elargie-dans-le-contexte-du-traite-de-nancy-diplomatie-scientifique-securite-migrations\/\" target=\"_self\" rel=\"noopener\">View Detail<\/a>                                                                                            <\/div>\r\n                        <\/div>\r\n                    <\/article>\r\n\r\n                <\/div>\r\n            <\/div>\r\n                        <script type=\"application\/ld+json\">\r\n        {\r\n            \"@context\": \"http:\/\/schema.org\",\r\n            \"@type\": \"Event\",\r\n            \"eventStatus\": \"https:\/\/schema.org\/EventScheduled\",\r\n            \"startDate\": \"2026-07-01\",\r\n            \"endDate\": \"2026-07-04\",\r\n            \"eventAttendanceMode\": \"https:\/\/schema.org\/OfflineEventAttendanceMode\",\r\n            \"location\":\r\n            {\r\n                \"@type\": \"Place\",\r\n                                \"name\": \"\",\r\n                \"image\": \"\",\r\n                \"address\": \"\"\r\n                            },\r\n            \"organizer\":\r\n            {\r\n                \"@type\": \"Person\",\r\n                \"name\": \"\",\r\n                \"url\": \"\"\r\n            },\r\n            \"offers\":\r\n            {\r\n                \"url\": \"https:\/\/paris.pan.pl\/en\/events\/iii-francusko-polski-kongres-chemiczny\/\",\r\n                \"price\": \"\",\r\n                \"priceCurrency\": \"\u20ac\",\r\n                \"availability\": \"https:\/\/schema.org\/InStock\",\r\n                \"validFrom\": \"2026-07-01T00:00\"\r\n            },\r\n            \"performer\": \"\",\r\n            \"description\": \"&lt;p style=&quot;text-align: justify;&quot;&gt;The Organizing Committee cordially invites you to participate in the 3rd French-Polish Chemistry Congress, which will take place in Paris on July 1\u20134, 2026.&lt;\/p&gt;    &lt;div&gt;    The aim of the Congress is to promote the scientific achievements of Polish and French research teams in the field of chemistry, with particular emphasis on supramolecular chemistry - a discipline that integrates many areas of modern research. Supramolecular chemistry finds wide application in the creation of innovative materials that form the basis for the development of nanochemistry, as well as in the design of novel catalysts and molecular switches essential for information storage and processing. Equally important are studies on the interactions of small ligands with biomolecules, which play a key role in the development of new therapies, including anticancer drugs and methods of gene therapy.    The program includes lectures by outstanding French and Polish chemists (including Nobel Prize laureate Prof. Jean\u2011Marie Lehn and Prof. Krzysztof Matyjaszewski), as well as presentations by young scientists.    More information is available on the official website of the 3rd French-Polish Chemistry Congress: &lt;strong&gt;https:\/\/frpochco.web.amu.edu.pl\/&lt;\/strong&gt;    &lt;\/div&gt;\",\r\n            \"image\": \"https:\/\/paris.pan.pl\/wp-content\/uploads\/2026\/01\/grafika-na-strone.png\",\r\n            \"name\": \"III French-Polish Chemistry Congress\",\r\n            \"url\": \"https:\/\/paris.pan.pl\/en\/events\/iii-francusko-polski-kongres-chemiczny\/\"\r\n        }\r\n        <\/script>\r\n                    <div data-sort-masonry=\"2026-07-01\" class=\"mec-masonry-item-wrap \">\r\n                <div class=\"mec-masonry\">\r\n\r\n                    <article class=\"mec-event-article mec-clear   \">\r\n                                                    <div class=\"mec-masonry-img\"><a   data-event-id=\"19830\" href=\"https:\/\/paris.pan.pl\/en\/events\/iii-francusko-polski-kongres-chemiczny\/\" target=\"_self\" rel=\"noopener\"><img loading=\"lazy\" decoding=\"async\" width=\"1080\" height=\"625\" src=\"https:\/\/paris.pan.pl\/wp-content\/uploads\/2026\/01\/grafika-na-strone.png\" class=\"attachment-full size-full wp-post-image\" alt=\"\" srcset=\"https:\/\/paris.pan.pl\/wp-content\/uploads\/2026\/01\/grafika-na-strone.png 1080w, https:\/\/paris.pan.pl\/wp-content\/uploads\/2026\/01\/grafika-na-strone-300x174.png 300w, https:\/\/paris.pan.pl\/wp-content\/uploads\/2026\/01\/grafika-na-strone-1024x593.png 1024w, https:\/\/paris.pan.pl\/wp-content\/uploads\/2026\/01\/grafika-na-strone-768x444.png 768w, https:\/\/paris.pan.pl\/wp-content\/uploads\/2026\/01\/grafika-na-strone-529x306.png 529w\" sizes=\"auto, (max-width: 1080px) 100vw, 1080px\" \/><\/a><\/div>\r\n                        \r\n                        \r\n                        <div class=\"mec-masonry-content mec-event-grid-modern\">\r\n                            <div class=\"event-grid-modern-head clearfix\">\r\n\r\n                                <div class=\"mec-masonry-col12\">\r\n                                                                            <div class=\"mec-event-date mec-color\"><span class=\"mec-start-date-label\" itemprop=\"startDate\">1 - 4<\/span><\/div>\r\n                                        <div class=\"mec-event-month\"><span class=\"mec-start-date-label\" itemprop=\"startDate\">July<\/span><\/div>\r\n                                                                        <div class=\"mec-event-detail\">All Day<\/div>\r\n                                                                    <\/div>\r\n\r\n                                                                \r\n                            <\/div>\r\n                                                                                    <div class=\"mec-event-content\">\r\n                                                                <h4 class=\"mec-event-title\"><a class=\"mec-color-hover\"  data-event-id=\"19830\" href=\"https:\/\/paris.pan.pl\/en\/events\/iii-francusko-polski-kongres-chemiczny\/\" target=\"_self\" rel=\"noopener\">III French-Polish Chemistry Congress<\/a>  <span class=\"event-color\" style=\"background: #\"><\/span><\/h4>\r\n                                                                                                                                <div class=\"mec-event-description mec-events-content\">\r\n                                    <p>The Organizing Committee cordially invites you to participate in ...<\/p>\r\n                                <\/div>\r\n                            <\/div>\r\n                            <div class=\"mec-event-footer\">\r\n                                <a class=\"mec-booking-button\"  data-event-id=\"19830\" href=\"https:\/\/paris.pan.pl\/en\/events\/iii-francusko-polski-kongres-chemiczny\/\" target=\"_self\" rel=\"noopener\">View Detail<\/a>                                                                                            <\/div>\r\n                        <\/div>\r\n                    <\/article>\r\n\r\n                <\/div>\r\n            <\/div>\r\n                        <script type=\"application\/ld+json\">\r\n        {\r\n            \"@context\": \"http:\/\/schema.org\",\r\n            \"@type\": \"Event\",\r\n            \"eventStatus\": \"https:\/\/schema.org\/EventScheduled\",\r\n            \"startDate\": \"2026-07-09\",\r\n            \"endDate\": \"2026-07-10\",\r\n            \"eventAttendanceMode\": \"https:\/\/schema.org\/OfflineEventAttendanceMode\",\r\n            \"location\":\r\n            {\r\n                \"@type\": \"Place\",\r\n                                \"name\": \"\",\r\n                \"image\": \"\",\r\n                \"address\": \"\"\r\n                            },\r\n            \"organizer\":\r\n            {\r\n                \"@type\": \"Person\",\r\n                \"name\": \"\",\r\n                \"url\": \"\"\r\n            },\r\n            \"offers\":\r\n            {\r\n                \"url\": \"https:\/\/paris.pan.pl\/en\/events\/we-wspolpracy-o-wspolpracy-badania-jezykoznawcze-w-zespolach-polsko-francuskich\/\",\r\n                \"price\": \"\",\r\n                \"priceCurrency\": \"\u20ac\",\r\n                \"availability\": \"https:\/\/schema.org\/InStock\",\r\n                \"validFrom\": \"2026-07-09T00:00\"\r\n            },\r\n            \"performer\": \"\",\r\n            \"description\": \"&lt;p style=&quot;text-align: justify;&quot;&gt;Contemporary scientific research increasingly relies on international collaboration. This is not merely a passing trend but a response to the complex, transnational challenges facing research today. International cooperation enhances the quality of research, promotes the circulation of methods, and enables the development of projects of a scale and impact difficult to achieve at the national level. Linguistics is no exception. As a discipline focused on the study of language, it naturally benefits from cross-border collaboration: research on a given language often transcends national boundaries and is enriched by contributions from foreign research centres.&lt;\/p&gt;  &lt;p style=&quot;text-align: justify;&quot;&gt;Dynamic and multifaceted, French-Polish cooperation is expressed in several subfields of linguistics, including contrastive studies, lexicography and lexicology, the didactics of French as a foreign language, language acquisition, and bilingualism. This collaboration concerns not only collective publications and projects funded through national and international grants, but also teaching, notably through Erasmus+ mobility programmes and joint doctoral training under cotutelle arrangements.&lt;\/p&gt;  &lt;p style=&quot;text-align: justify;&quot;&gt;The proposed conference will constitute the first event entirely devoted to French-Polish scientific cooperation in linguistics. It will provide an opportunity to present a wide range of collaborative projects, showcase results from mixed research teams, exchange views on current issues and trends, strengthen existing ties, and foster the emergence of new forms of collaboration.&lt;\/p&gt;  &lt;p style=&quot;text-align: justify;&quot;&gt;Submissions for papers are now being accepted. Deadline: 10 May 2026.  For more details, visit the conference website: &lt;a href=&quot;https:\/\/collab2026.us.edu.pl\/&quot;&gt;https:\/\/collab2026.us.edu.pl\/&lt;\/a&gt;&lt;\/p&gt;  &lt;p style=&quot;text-align: justify;&quot;&gt;&lt;a href=&quot;https:\/\/paris.pan.pl\/wp-content\/uploads\/2026\/02\/plakat03-724x1024.png&quot;&gt;&lt;img class=&quot;aligncenter wp-image-19843 &quot; src=&quot;https:\/\/paris.pan.pl\/wp-content\/uploads\/2026\/02\/plakat03-724x1024.png&quot; alt=&quot;&quot; width=&quot;427&quot; height=&quot;604&quot; \/&gt;&lt;\/a&gt;&lt;\/p&gt;\",\r\n            \"image\": \"https:\/\/paris.pan.pl\/wp-content\/uploads\/2026\/02\/grafika-na-strone.png\",\r\n            \"name\": \"In Collaboration on Cooperation: Research in Linguistics within French-Polish Teams\",\r\n            \"url\": \"https:\/\/paris.pan.pl\/en\/events\/we-wspolpracy-o-wspolpracy-badania-jezykoznawcze-w-zespolach-polsko-francuskich\/\"\r\n        }\r\n        <\/script>\r\n                    <div data-sort-masonry=\"2026-07-09\" class=\"mec-masonry-item-wrap \">\r\n                <div class=\"mec-masonry\">\r\n\r\n                    <article class=\"mec-event-article mec-clear   \">\r\n                                                    <div class=\"mec-masonry-img\"><a   data-event-id=\"19846\" href=\"https:\/\/paris.pan.pl\/en\/events\/we-wspolpracy-o-wspolpracy-badania-jezykoznawcze-w-zespolach-polsko-francuskich\/\" target=\"_self\" rel=\"noopener\"><img loading=\"lazy\" decoding=\"async\" width=\"1080\" height=\"625\" src=\"https:\/\/paris.pan.pl\/wp-content\/uploads\/2026\/02\/grafika-na-strone.png\" class=\"attachment-full size-full wp-post-image\" alt=\"\" srcset=\"https:\/\/paris.pan.pl\/wp-content\/uploads\/2026\/02\/grafika-na-strone.png 1080w, https:\/\/paris.pan.pl\/wp-content\/uploads\/2026\/02\/grafika-na-strone-300x174.png 300w, https:\/\/paris.pan.pl\/wp-content\/uploads\/2026\/02\/grafika-na-strone-1024x593.png 1024w, https:\/\/paris.pan.pl\/wp-content\/uploads\/2026\/02\/grafika-na-strone-768x444.png 768w, https:\/\/paris.pan.pl\/wp-content\/uploads\/2026\/02\/grafika-na-strone-529x306.png 529w\" sizes=\"auto, (max-width: 1080px) 100vw, 1080px\" \/><\/a><\/div>\r\n                        \r\n                        \r\n                        <div class=\"mec-masonry-content mec-event-grid-modern\">\r\n                            <div class=\"event-grid-modern-head clearfix\">\r\n\r\n                                <div class=\"mec-masonry-col12\">\r\n                                                                            <div class=\"mec-event-date mec-color\"><span class=\"mec-start-date-label\" itemprop=\"startDate\">9 - 10<\/span><\/div>\r\n                                        <div class=\"mec-event-month\"><span class=\"mec-start-date-label\" itemprop=\"startDate\">July<\/span><\/div>\r\n                                                                        <div class=\"mec-event-detail\">09:00 - 18:00<\/div>\r\n                                                                    <\/div>\r\n\r\n                                                                \r\n                            <\/div>\r\n                                                                                    <div class=\"mec-event-content\">\r\n                                                                <h4 class=\"mec-event-title\"><a class=\"mec-color-hover\"  data-event-id=\"19846\" href=\"https:\/\/paris.pan.pl\/en\/events\/we-wspolpracy-o-wspolpracy-badania-jezykoznawcze-w-zespolach-polsko-francuskich\/\" target=\"_self\" rel=\"noopener\">In Collaboration on Cooperation: Research in Linguistics within French-Polish Teams<\/a>  <span class=\"event-color\" style=\"background: #\"><\/span><\/h4>\r\n                                                                                                                                <div class=\"mec-event-description mec-events-content\">\r\n                                    <p>Contemporary scientific research increasingly relies on international collaboration. This ...<\/p>\r\n                                <\/div>\r\n                            <\/div>\r\n                            <div class=\"mec-event-footer\">\r\n                                <a class=\"mec-booking-button\"  data-event-id=\"19846\" href=\"https:\/\/paris.pan.pl\/en\/events\/we-wspolpracy-o-wspolpracy-badania-jezykoznawcze-w-zespolach-polsko-francuskich\/\" target=\"_self\" rel=\"noopener\">View Detail<\/a>                                                                                            <\/div>\r\n                        <\/div>\r\n                    <\/article>\r\n\r\n                <\/div>\r\n            <\/div>\r\n                \t<\/div>\r\n<\/div>    <\/div>\r\n    <div class=\"mec-skin-masonry-no-events-container mec-util-hidden\" id=\"mec_skin_no_events_1800\">\r\n        No event found!    <\/div>\r\n        \r\n    <\/div>\r\n<br \/>\n[\/et_pb_text][\/et_pb_column][\/et_pb_row][et_pb_row use_custom_gutter=&#8221;on&#8221; make_equal=&#8221;on&#8221; padding_top_bottom_link_1=&#8221;true&#8221; padding_left_right_link_1=&#8221;true&#8221; disabled_on=&#8221;on|on|on&#8221; module_id=&#8221;dates&#8221; _builder_version=&#8221;3.25&#8243; width=&#8221;70%&#8221; max_width=&#8221;70%&#8221; custom_padding=&#8221;0px|0px|6px|0px|false|false&#8221; animation_style=&#8221;fade&#8221; use_custom_width=&#8221;on&#8221; width_unit=&#8221;off&#8221; custom_width_percent=&#8221;70%&#8221; custom_width_percent__hover=&#8221;80%&#8221; disabled=&#8221;on&#8221; global_colors_info=&#8221;{}&#8221; border_width_all__hover=&#8221;5px&#8221; width__hover=&#8221;80%&#8221; max_width__hover=&#8221;80%&#8221;][et_pb_column type=&#8221;4_4&#8243; _builder_version=&#8221;3.0.47&#8243; custom_padding=&#8221;|||&#8221; global_colors_info=&#8221;{}&#8221; custom_padding__hover=&#8221;|||&#8221; custom_css_main_element__hover=&#8221;background:  rgb(243,241,241);|| &#8220;][et_pb_toggle title=&#8221;Show past events \u2192&#8221; open_toggle_background_color=&#8221;rgba(0,0,0,0)&#8221; closed_toggle_background_color=&#8221;rgba(0,0,0,0)&#8221; icon_color=&#8221;rgba(0,0,0,0)&#8221; _builder_version=&#8221;3.17.6&#8243; title_text_color=&#8221;#0c71c3&#8243; title_font=&#8221;Chivo|700|||||||&#8221; title_text_align=&#8221;center&#8221; title_font_size=&#8221;20px&#8221; text_orientation=&#8221;center&#8221; custom_margin=&#8221;|||0px&#8221; custom_padding=&#8221;0px|0px|0px|0px&#8221; custom_css_toggle_title=&#8221;||font-weight:700 !important;&#8221; border_width_all=&#8221;0px&#8221; global_colors_info=&#8221;{}&#8221; use_background_color_gradient__hover=&#8221;off&#8221; use_background_color_gradient__hover_enabled=&#8221;off&#8221; background_color_gradient_start__hover=&#8221;#2b87da&#8221; background_color_gradient_start__hover_enabled=&#8221;#2b87da&#8221; background_color_gradient_end__hover=&#8221;#29c4a9&#8243; background_color_gradient_end__hover_enabled=&#8221;#29c4a9&#8243; background_color_gradient_type__hover=&#8221;linear&#8221; background_color_gradient_type__hover_enabled=&#8221;linear&#8221; background_color_gradient_direction__hover=&#8221;180deg&#8221; background_color_gradient_direction__hover_enabled=&#8221;180deg&#8221; background_color_gradient_direction_radial__hover=&#8221;center&#8221; background_color_gradient_direction_radial__hover_enabled=&#8221;center&#8221; background_color_gradient_start_position__hover=&#8221;0%&#8221; background_color_gradient_start_position__hover_enabled=&#8221;0%&#8221; background_color_gradient_end_position__hover=&#8221;100%&#8221; background_color_gradient_end_position__hover_enabled=&#8221;100%&#8221; background_color_gradient_overlays_image__hover=&#8221;off&#8221; background_color_gradient_overlays_image__hover_enabled=&#8221;off&#8221; parallax__hover=&#8221;off&#8221; parallax__hover_enabled=&#8221;off&#8221; parallax_method__hover=&#8221;on&#8221; parallax_method__hover_enabled=&#8221;on&#8221; background_size__hover=&#8221;cover&#8221; background_size__hover_enabled=&#8221;cover&#8221; background_position__hover=&#8221;center&#8221; background_position__hover_enabled=&#8221;center&#8221; background_repeat__hover=&#8221;no-repeat&#8221; background_repeat__hover_enabled=&#8221;no-repeat&#8221; background_blend__hover=&#8221;normal&#8221; background_blend__hover_enabled=&#8221;normal&#8221; allow_player_pause__hover=&#8221;off&#8221; allow_player_pause__hover_enabled=&#8221;off&#8221; background_video_pause_outside_viewport__hover=&#8221;on&#8221; background_video_pause_outside_viewport__hover_enabled=&#8221;on&#8221; title_level__hover=&#8221;h5&#8243; title_level__hover_enabled=&#8221;h5&#8243; title_letter_spacing__hover=&#8221;0px&#8221; title_letter_spacing__hover_enabled=&#8221;0px&#8221; title_text_shadow_style__hover=&#8221;none&#8221; title_text_shadow_style__hover_enabled=&#8221;none&#8221; title_text_shadow_color__hover=&#8221;rgba(0,0,0,0.4)&#8221; title_text_shadow_color__hover_enabled=&#8221;rgba(0,0,0,0.4)&#8221; body_letter_spacing__hover=&#8221;0px&#8221; body_letter_spacing__hover_enabled=&#8221;0px&#8221; body_text_shadow_style__hover=&#8221;none&#8221; body_text_shadow_style__hover_enabled=&#8221;none&#8221; body_text_shadow_color__hover=&#8221;rgba(0,0,0,0.4)&#8221; body_text_shadow_color__hover_enabled=&#8221;rgba(0,0,0,0.4)&#8221; border_radii__hover=&#8221;on||||&#8221; border_radii__hover_enabled=&#8221;on||||&#8221; box_shadow_style__hover=&#8221;none&#8221; box_shadow_style__hover_enabled=&#8221;none&#8221; box_shadow_color__hover=&#8221;rgba(0,0,0,0.3)&#8221; box_shadow_color__hover_enabled=&#8221;rgba(0,0,0,0.3)&#8221; max_width__hover=&#8221;100%&#8221; max_width__hover_enabled=&#8221;100%&#8221; filter_hue_rotate__hover=&#8221;0deg&#8221; filter_hue_rotate__hover_enabled=&#8221;0deg&#8221; filter_saturate__hover=&#8221;100%&#8221; filter_saturate__hover_enabled=&#8221;100%&#8221; filter_brightness__hover=&#8221;100%&#8221; filter_brightness__hover_enabled=&#8221;100%&#8221; filter_contrast__hover=&#8221;100%&#8221; filter_contrast__hover_enabled=&#8221;100%&#8221; filter_invert__hover=&#8221;0%&#8221; filter_invert__hover_enabled=&#8221;0%&#8221; filter_sepia__hover=&#8221;0%&#8221; filter_sepia__hover_enabled=&#8221;0%&#8221; filter_opacity__hover=&#8221;100%&#8221; filter_opacity__hover_enabled=&#8221;100%&#8221; filter_blur__hover=&#8221;0px&#8221; filter_blur__hover_enabled=&#8221;0px&#8221; mix_blend_mode__hover=&#8221;normal&#8221; mix_blend_mode__hover_enabled=&#8221;normal&#8221; animation_style__hover=&#8221;none&#8221; animation_style__hover_enabled=&#8221;none&#8221; animation_repeat__hover=&#8221;once&#8221; animation_repeat__hover_enabled=&#8221;once&#8221; animation_direction__hover=&#8221;center&#8221; animation_direction__hover_enabled=&#8221;center&#8221; animation_duration__hover=&#8221;1000ms&#8221; animation_duration__hover_enabled=&#8221;1000ms&#8221; animation_delay__hover=&#8221;0ms&#8221; animation_delay__hover_enabled=&#8221;0ms&#8221; animation_intensity_slide__hover=&#8221;50%&#8221; animation_intensity_slide__hover_enabled=&#8221;50%&#8221; animation_intensity_zoom__hover=&#8221;50%&#8221; animation_intensity_zoom__hover_enabled=&#8221;50%&#8221; animation_intensity_flip__hover=&#8221;50%&#8221; animation_intensity_flip__hover_enabled=&#8221;50%&#8221; animation_intensity_fold__hover=&#8221;50%&#8221; animation_intensity_fold__hover_enabled=&#8221;50%&#8221; animation_intensity_roll__hover=&#8221;50%&#8221; animation_intensity_roll__hover_enabled=&#8221;50%&#8221; animation_starting_opacity__hover=&#8221;0%&#8221; animation_starting_opacity__hover_enabled=&#8221;0%&#8221; animation_speed_curve__hover=&#8221;ease-in-out&#8221; animation_speed_curve__hover_enabled=&#8221;ease-in-out&#8221; text_shadow_style__hover=&#8221;none&#8221; text_shadow_style__hover_enabled=&#8221;none&#8221; text_shadow_color__hover=&#8221;rgba(0,0,0,0.4)&#8221; text_shadow_color__hover_enabled=&#8221;rgba(0,0,0,0.4)&#8221; hover_transition_duration__hover=&#8221;300ms&#8221; hover_transition_duration__hover_enabled=&#8221;300ms&#8221; hover_transition_delay__hover=&#8221;0ms&#8221; hover_transition_delay__hover_enabled=&#8221;0ms&#8221; hover_transition_speed_curve__hover=&#8221;ease&#8221; hover_transition_speed_curve__hover_enabled=&#8221;ease&#8221;]<\/p>\n<p>\n<div class=\"mec-wrap mec-skin-grid-container  \" id=\"mec_skin_1796\">\r\n    \r\n        \r\n            <div class=\"mec-skin-grid-events-container\" id=\"mec_skin_events_1796\">\r\n        <div class=\"mec-wrap colorskin-custom\">\r\n    <div class=\"mec-event-grid-minimal\" data-widget-autoplay=\"1\" data-widget-loop=\"1\" data-widget-autoplay-time=\"3000\">\r\n        <div class=\"row\"><div class=\"col-md-4 col-sm-4\">        <script type=\"application\/ld+json\">\r\n        {\r\n            \"@context\": \"http:\/\/schema.org\",\r\n            \"@type\": \"Event\",\r\n            \"eventStatus\": \"https:\/\/schema.org\/EventScheduled\",\r\n            \"startDate\": \"2026-04-29\",\r\n            \"endDate\": \"2026-04-29\",\r\n            \"eventAttendanceMode\": \"https:\/\/schema.org\/OfflineEventAttendanceMode\",\r\n            \"location\":\r\n            {\r\n                \"@type\": \"Place\",\r\n                                \"name\": \"\",\r\n                \"image\": \"\",\r\n                \"address\": \"\"\r\n                            },\r\n            \"organizer\":\r\n            {\r\n                \"@type\": \"Person\",\r\n                \"name\": \"\",\r\n                \"url\": \"\"\r\n            },\r\n            \"offers\":\r\n            {\r\n                \"url\": \"https:\/\/paris.pan.pl\/en\/events\/le-phenomene-childfree-soiree-debat-franco-polonaise\/\",\r\n                \"price\": \"\",\r\n                \"priceCurrency\": \"\u20ac\",\r\n                \"availability\": \"https:\/\/schema.org\/InStock\",\r\n                \"validFrom\": \"2026-04-29T00:00\"\r\n            },\r\n            \"performer\": \"\",\r\n            \"description\": \"&lt;p style=&quot;text-align: justify;&quot;&gt;Childlessness by choice is a phenomenon that has been observed for many decades and has gained particular momentum in recent years. According to a 2022 IFOP survey, one in three French women of childbearing age say they do not wish to have children. A trend that was once marginal and viewed as an unconventional lifestyle choice has now become a widespread and socially accepted option. Similar trends are evident not only in Western countries but also in many developing nations.&lt;\/p&gt;  &lt;p style=&quot;text-align: justify;&quot;&gt;Advances in contraception have meant that the decision to become a parent is no longer a matter of necessity, but has become a conscious choice. This naturally leads to questions about the meaning and justification of having children in the modern world. Does the current reality \u2013 marked by uncertainty, a crisis of trust and a sense of lack of prospects \u2013 encourage people to forego motherhood and fatherhood? Are rising living standards and economic development at odds with the desire to have children? To what extent has our understanding of time and the meaning of life changed, now that an individual\u2019s life story may end with themselves? What role do new ideologies, cultural shifts and reinterpretations of religion play in defining contemporary existence?&lt;\/p&gt;  &lt;p style=&quot;text-align: justify;&quot;&gt;These were the very issues addressed during the conference organised under the auspices of the Institut de France in October 2024. The event, which brought together demographers, ethicists, philosophers, anthropologists and doctors, attracted widespread interest. Its outcome is the book \u201cSans enfants par choix, le ph\u00e9nom\u00e8ne child free\u201d, edited by Chantal Delsol, Gemma Durant and Joanna Nowicki, published in 2025 by Les \u00c9ditions du Cerf.&lt;\/p&gt;  &lt;p style=&quot;text-align: justify;&quot;&gt;Continuing this interdisciplinary reflection, the Polish Academy of Sciences Research Station in Paris and the LT2D Laboratory at CY Cergy Paris Universit\u00e9 are organising a debate on the phenomenon of child-free living by choice, this time from a Polish-French perspective. The event will bring together experts from both countries, which \u2013 despite shared demographic challenges \u2013 have different social, cultural and economic contexts.&lt;\/p&gt;  &lt;p style=&quot;text-align: justify;&quot;&gt;The debate will provide an opportunity to compare French and Polish research and interpretations, as well as to consider the extent to which differing models of the family, social policy and cultural narratives influence decisions regarding having children. The meeting aims not only to bring the two perspectives closer together, but also to deepen European reflection on one of the key demographic challenges of the 21st century.&lt;\/p&gt;  Participants discussion:  &lt;ul&gt;    &lt;li&gt;Prof. Chantal Delsol (Institut de France) \u2013 philosopher, historian of political ideas, writer&lt;\/li&gt;    &lt;li&gt;Prof. Joanna Nowicki (CY Cergy Paris Universit\u00e9) \u2013 cultural anthropology, intercultural communication&lt;\/li&gt;    &lt;li&gt;Gemma Durand (Doctor of Medical Sciences) \u2013 gynaecologist, writer&lt;\/li&gt;    &lt;li&gt;Prof. G\u00e9rard-Fran\u00e7ois Dumont (Sorbonne Universit\u00e9) \u2013 geographer, economist and demographer&lt;\/li&gt;    &lt;li&gt;Prof. Claude Habib (Universit\u00e9 Sorbonne Nouvelle - Paris 3) \u2013 French literature&lt;\/li&gt;    &lt;li&gt;Prof. Iwona Sadowska-Krawczenko (Nicolaus Copernicus University in Toru\u0144) \u2013 paediatrician, neonatologist;&lt;\/li&gt;    &lt;li&gt;Dr Maja \u0141o\u015b (Nicolaus Copernicus University in Toru\u0144) \u2013 psychologist, educator, Doctor of Social Sciences, sociotherapist&lt;\/li&gt;  &lt;\/ul&gt;  Event in French and English.    &lt;strong&gt;Registration by email: &lt;a href=&quot;mailto:secretariat@paris.pan.pl&quot;&gt;secretariat@paris.pan.pl&lt;\/a&gt;&lt;\/strong&gt;    By registering for the event, you accept the terms and &lt;a href=&quot;https:\/\/paris.pan.pl\/wp-content\/uploads\/2025\/08\/Klauzule-EN.pdf&quot;&gt;&lt;strong&gt;conditions regarding the protection of personal data&lt;\/strong&gt;&lt;\/a&gt;.\",\r\n            \"image\": \"https:\/\/paris.pan.pl\/wp-content\/uploads\/2026\/03\/Grafika-promujaca.png\",\r\n            \"name\": \"Childlessness by choice &#8211; French-Polish debate\",\r\n            \"url\": \"https:\/\/paris.pan.pl\/en\/events\/le-phenomene-childfree-soiree-debat-franco-polonaise\/\"\r\n        }\r\n        <\/script>\r\n        <article class=\"mec-past-event mec-event-article mec-clear  \" itemscope>                    <div class=\"mec-event-date mec-bg-color-hover mec-border-color-hover mec-color\"><span>29<\/span>Apr<\/div>\r\n            <div class=\"event-detail-wrap\">\r\n                <h4 class=\"mec-event-title\"><a class=\"mec-color-hover\"  data-event-id=\"19940\" href=\"https:\/\/paris.pan.pl\/en\/events\/le-phenomene-childfree-soiree-debat-franco-polonaise\/\" target=\"_self\" rel=\"noopener\">Childlessness by choice &#8211; French-Polish debate<\/a><span class=\"event-color\" style=\"background: #\"><\/span><\/h4>\r\n                                                <div class=\"mec-event-detail\">\r\n                    <div class=\"mec-event-loc-place\"><\/div>\r\n                                                                            <\/div>\r\n            <\/div>\r\n        <\/article><\/div>                <div class=\"col-md-4 col-sm-4\">        <script type=\"application\/ld+json\">\r\n        {\r\n            \"@context\": \"http:\/\/schema.org\",\r\n            \"@type\": \"Event\",\r\n            \"eventStatus\": \"https:\/\/schema.org\/EventScheduled\",\r\n            \"startDate\": \"2026-04-25\",\r\n            \"endDate\": \"2026-04-25\",\r\n            \"eventAttendanceMode\": \"https:\/\/schema.org\/OfflineEventAttendanceMode\",\r\n            \"location\":\r\n            {\r\n                \"@type\": \"Place\",\r\n                                \"name\": \"\",\r\n                \"image\": \"\",\r\n                \"address\": \"\"\r\n                            },\r\n            \"organizer\":\r\n            {\r\n                \"@type\": \"Person\",\r\n                \"name\": \"\",\r\n                \"url\": \"\"\r\n            },\r\n            \"offers\":\r\n            {\r\n                \"url\": \"https:\/\/paris.pan.pl\/en\/events\/walk-in-the-footsteps-of-maria-sklodowska-curie\/\",\r\n                \"price\": \"\",\r\n                \"priceCurrency\": \"\u20ac\",\r\n                \"availability\": \"https:\/\/schema.org\/InStock\",\r\n                \"validFrom\": \"2026-04-25T00:00\"\r\n            },\r\n            \"performer\": \"\",\r\n            \"description\": \"In partnership with the Polish Institute in Paris, the POLONIKA National Institute of Polish Cultural Heritage Abroad is organising a guided walk in the footsteps of Maria Sk\u0142odowska-Curie. The walk will take place on Saturday 25 April at 10:00 am.    Led by Ms Defontaines, the walk will explore places linked to the life and work of one of the most famous female scientists in history. Participants will learn fascinating facts about her life, as well as the historical context of the places visited. This is a unique opportunity to visit the locations where the researcher lived, studied, and conducted her revolutionary research, offering a deeper insight into her extraordinary scientific and personal journey.    The walk follows the event held &lt;span style=&quot;text-decoration: underline;&quot;&gt;&lt;a href=&quot;https:\/\/paris.pan.pl\/en\/events\/maria-sklodowska-curie-%c2%b7-albert-einstein-lettres-1911-1932\/&quot;&gt;the previous day&lt;\/a&gt;&lt;\/span&gt; at the Polish Academy of Sciences&#039; Research Station in Paris. This event was organised in collaboration with the Maria Sk\u0142odowska-Curie Museum in Warsaw and the Foundation for the Development of Education for Industry. It was dedicated to the launch of the French edition of the book Maria Sk\u0142odowska-Curie \u00b7 Albert Einstein. Letters 1911\u20131932&#039;. This book presents the complete correspondence between these two exceptional scientists for the first time, revealing their scientific collaboration, unique intellectual relationship, and friendship.    Prior booking is required to participate in the walk. Registration is now closed as the maximum number of participants has been reached.\",\r\n            \"image\": \"https:\/\/paris.pan.pl\/wp-content\/uploads\/2026\/03\/POLONIKA_SPACER-CURIE_WWW-FR.png\",\r\n            \"name\": \"Walk in the footsteps of Maria Sk\u0142odowska-Curie\",\r\n            \"url\": \"https:\/\/paris.pan.pl\/en\/events\/walk-in-the-footsteps-of-maria-sklodowska-curie\/\"\r\n        }\r\n        <\/script>\r\n        <article class=\"mec-past-event mec-event-article mec-clear  \" itemscope>                    <div class=\"mec-event-date mec-bg-color-hover mec-border-color-hover mec-color\"><span>25<\/span>Apr<\/div>\r\n            <div class=\"event-detail-wrap\">\r\n                <h4 class=\"mec-event-title\"><a class=\"mec-color-hover\"  data-event-id=\"20044\" href=\"https:\/\/paris.pan.pl\/en\/events\/walk-in-the-footsteps-of-maria-sklodowska-curie\/\" target=\"_self\" rel=\"noopener\">Walk in the footsteps of Maria Sk\u0142odowska-Curie<\/a><span class=\"event-color\" style=\"background: #\"><\/span><\/h4>\r\n                                                <div class=\"mec-event-detail\">\r\n                    <div class=\"mec-event-loc-place\"><\/div>\r\n                                                                            <\/div>\r\n            <\/div>\r\n        <\/article><\/div>                <div class=\"col-md-4 col-sm-4\">        <script type=\"application\/ld+json\">\r\n        {\r\n            \"@context\": \"http:\/\/schema.org\",\r\n            \"@type\": \"Event\",\r\n            \"eventStatus\": \"https:\/\/schema.org\/EventScheduled\",\r\n            \"startDate\": \"2026-04-24\",\r\n            \"endDate\": \"2026-04-24\",\r\n            \"eventAttendanceMode\": \"https:\/\/schema.org\/OfflineEventAttendanceMode\",\r\n            \"location\":\r\n            {\r\n                \"@type\": \"Place\",\r\n                                \"name\": \"\",\r\n                \"image\": \"\",\r\n                \"address\": \"\"\r\n                            },\r\n            \"organizer\":\r\n            {\r\n                \"@type\": \"Person\",\r\n                \"name\": \"\",\r\n                \"url\": \"\"\r\n            },\r\n            \"offers\":\r\n            {\r\n                \"url\": \"https:\/\/paris.pan.pl\/en\/events\/maria-sklodowska-curie-%c2%b7-albert-einstein-lettres-1911-1932\/\",\r\n                \"price\": \"\",\r\n                \"priceCurrency\": \"\u20ac\",\r\n                \"availability\": \"https:\/\/schema.org\/InStock\",\r\n                \"validFrom\": \"2026-04-24T00:00\"\r\n            },\r\n            \"performer\": \"\",\r\n            \"description\": \"On Friday, 24 April 2026, at 6:30 p.m., the Polish Academy of Sciences Scientific Centre in Paris will host the presentation of the French edition of &lt;em&gt;Maria Sk\u0142odowska\u2011Curie \u00b7 Albert Einstein. Letters \/1911\u20131932\/&lt;\/em&gt;, published by the Foundation for the Development of Education for Industry in cooperation with the Maria Sk\u0142odowska\u2011Curie Museum in Warsaw.    The publication, initiated by Dr Ewa \u0141abno\u2011Fal\u0119cka, presents for the first time a complete critical edition of the correspondence exchanged between the two eminent scholars between 1911 and 1932. Conducted in French by Sk\u0142odowska\u2011Curie and in German by Einstein, the correspondence encompasses scientific matters, their shared engagement in the work of the International Committee on Intellectual Cooperation of the League of Nations, and offers an extraordinary testimony to a personal and intellectual friendship that endured for two decades.    The Polish edition of the volume was released in January 2025. The French edition has been supported by the Capital City of Warsaw, &lt;a href=&quot;https:\/\/polonika.pl\/en\/institute&quot;&gt;POLONIKA National Institute of Polish Cultural Heritage Abroad&lt;\/a&gt;, and French business circles in Poland. The book includes facsimiles of the original manuscripts, translations, archival photographs, and scholarly commentary prepared in cooperation with the Einstein Archives at the Hebrew University of Jerusalem. Contributions to the volume were written by Prof. Hanoch Gutfreund (Hebrew University of Jerusalem), Prof. Jan Piskurewicz (Institute for the History of Science, Polish Academy of Sciences), and Prof. Tomasz Pospieszny (Adam Mickiewicz University in Pozna\u0144).  &lt;h4 class=&quot;x_MsoNormal&quot; style=&quot;text-align: left;&quot;&gt;&lt;strong&gt;Event agenda:&lt;\/strong&gt;&lt;\/h4&gt;  &lt;p class=&quot;x_MsoNormal&quot; style=&quot;text-align: left;&quot;&gt;&lt;strong&gt;18:30 &lt;\/strong&gt;Opening remarks: prof. Aldona Katarzyna Jankowska&lt;b&gt;, &lt;\/b&gt;Director, Polish Academy of Sciences Scientific Centre in Paris  &lt;b&gt;&lt;\/b&gt;&lt;strong&gt;18:35&lt;i&gt; &lt;\/i&gt;&lt;\/strong&gt;Aldona Machnowska-G\u00f3ra, Deputy Mayor of Warsaw  &lt;i&gt;&lt;\/i&gt;&lt;strong&gt;18:45 &lt;\/strong&gt;A word from the publishers  - dr Ewa \u0141abno-Fal\u0119cka, President of the Foundation for the Development of Education for Industry  - Barbara Go\u0142\u0119biowska, Director of the Maria Sk\u0142odowska-Curie Museum in Warsaw  &lt;strong&gt;18:55 &lt;\/strong&gt;Anna Czejarek, Deputy Director of the POLONIKA National Institute of Polish Cultural Heritage Abroad  &lt;span lang=&quot;EN-US&quot;&gt;&lt;strong&gt;19:00 Inaugural lecture:&lt;\/strong&gt; Prof. Hanoch Gutfreund, Hebrew University of Jerusalem  &lt;\/span&gt;&lt;strong&gt;19:30 Panel discussion:  &lt;\/strong&gt;- dr Aleksandra Baron-Wieche\u0107, Guangdong Technion - Israel Institute of Technology  - Prof. Hanoch Gutfreund, Hebrew University of Jerusalem  - Prof. Tomasz Pospieszny, Adam Mickiewicz University, Pozna\u0144  - Aleksandra Koby\u0142ecka (Universit\u00e9 Paris Cit\u00e9)  &lt;span style=&quot;text-decoration: underline;&quot;&gt;Moderator&lt;\/span&gt;: Dr Anna Nawrocka (Polonium Foundation) &lt;b&gt; &lt;\/b&gt;&lt;\/p&gt;  Venue: 74 rue Lauriston, 75116 Paris  Time: 6:30 p.m.  Languages: French, Polish    &lt;strong&gt;Closed event.&lt;\/strong&gt; Attendance by invitation only\",\r\n            \"image\": \"https:\/\/paris.pan.pl\/wp-content\/uploads\/2026\/03\/2026-GRAFIKI-NA-STRONE-2.png\",\r\n            \"name\": \"Maria Sk\u0142odowska-Curie \u00b7 Albert Einstein. Lettres \/1911\u20131932\/\",\r\n            \"url\": \"https:\/\/paris.pan.pl\/en\/events\/maria-sklodowska-curie-%c2%b7-albert-einstein-lettres-1911-1932\/\"\r\n        }\r\n        <\/script>\r\n        <article class=\"mec-past-event mec-event-article mec-clear  \" itemscope>                    <div class=\"mec-event-date mec-bg-color-hover mec-border-color-hover mec-color\"><span>24<\/span>Apr<\/div>\r\n            <div class=\"event-detail-wrap\">\r\n                <h4 class=\"mec-event-title\"><a class=\"mec-color-hover\"  data-event-id=\"19872\" href=\"https:\/\/paris.pan.pl\/en\/events\/maria-sklodowska-curie-%c2%b7-albert-einstein-lettres-1911-1932\/\" target=\"_self\" rel=\"noopener\">Maria Sk\u0142odowska-Curie \u00b7 Albert Einstein. Lettres \/1911\u20131932\/<\/a><span class=\"event-color\" style=\"background: #\"><\/span><\/h4>\r\n                                                <div class=\"mec-event-detail\">\r\n                    <div class=\"mec-event-loc-place\"><\/div>\r\n                                                                            <\/div>\r\n            <\/div>\r\n        <\/article><\/div><\/div>                <div class=\"row\"><div class=\"col-md-4 col-sm-4\">        <script type=\"application\/ld+json\">\r\n        {\r\n            \"@context\": \"http:\/\/schema.org\",\r\n            \"@type\": \"Event\",\r\n            \"eventStatus\": \"https:\/\/schema.org\/EventScheduled\",\r\n            \"startDate\": \"2026-04-22\",\r\n            \"endDate\": \"2026-04-22\",\r\n            \"eventAttendanceMode\": \"https:\/\/schema.org\/OfflineEventAttendanceMode\",\r\n            \"location\":\r\n            {\r\n                \"@type\": \"Place\",\r\n                                \"name\": \"Acad\u00e9mie polonaise des sciences centre scientifique \u00e0 Paris\",\r\n                \"image\": \"\",\r\n                \"address\": \"Acad\u00e9mie polonaise des sciences centre scientifique \u00e0 Paris, 74 Rue Lauriston, 75116 Paris, France\"\r\n                            },\r\n            \"organizer\":\r\n            {\r\n                \"@type\": \"Person\",\r\n                \"name\": \"\",\r\n                \"url\": \"\"\r\n            },\r\n            \"offers\":\r\n            {\r\n                \"url\": \"https:\/\/paris.pan.pl\/en\/events\/cafe-scientifique-france-poland-a-friendship-that-is-more-necessary-than-ever-for-the-future-of-europe\/\",\r\n                \"price\": \"\",\r\n                \"priceCurrency\": \"\u20ac\",\r\n                \"availability\": \"https:\/\/schema.org\/InStock\",\r\n                \"validFrom\": \"2026-04-22T00:00\"\r\n            },\r\n            \"performer\": \"\",\r\n            \"description\": \"To celebrate Polish-French Friendship Day on 20 April, Polish Academy of Sciences Scientific Centre in Paris is hosting a meeting with Mr Antoine Godbert on 22 April. The event, &lt;em&gt;France\u2013Poland: a friendship that is more necessary than ever for the future of Europe&lt;\/em&gt;, will explore the importance of Polish-French relationship for the future of Europe. Polish-French Friendship Day commemorates the anniversary of the interment of Marie Sk\u0142odowska-Curie&#039;s ashes in the Panth\u00e9on in Paris and was established by the Treaty of Nancy.    Franco-Polish friendship has often experienced intense moments over the centuries, but today it is important to view it more rationally in the light of a shared European destiny.    Antoine Godbert, an affiliate professor of geopolitics at ESCP Business School and delegate for international affairs for the \u00cele-de-France academic region, grew up in a dual French and Polish cultural environment.    A former diplomatic adviser, he has participated in numerous European negotiations, particularly in the fields of defence and education.    He will present the current transition of France-Poland friendship. Because one year after the signing of the Treaty of Nancy and as the 35th anniversary of the Weimar Triangle approaches, it seems increasingly clear that at a time when France and Poland must together confront the new Russian imperialism and accept a new, more distant relationship with the United States, their traditional friendship must now be understood as a major axis of the development of European power.    Former student of the \u00c9cole Normale Sup\u00e9rieure in Fontenay-Saint-Cloud and the National School of Administration, Mr. Godbert holds a Master&#039;s degree in Epistemology from the University of Paris VII and an aggregation in Geography. He began his career as a researcher and teacher in geopolitics at ESCP before joining the General Secretariat for National Defence, where he served as a mission manager within an inter-ministerial crisis monitoring unit. Later, he moved to the General Directorate of Administration and Public Service, working as the Director of the &quot;Senior Management and Careers&quot; mission.    His journey as a high-ranking official led him to coordinate governance areas and the Eastern Paris region at the Capital Region Mission alongside the Secretary of State for the Capital Region Development. He later served as a diplomatic advisor to the Minister of National Education.    His outstanding merit and qualities led to successive appointments as the Director of the national Erasmus+ Agency, Director-General of the Royal Abbey of Fontevraud, and finally, as a project director with the Defender of Rights.    Antoine Godbert has been appointed as the Regional Delegate for European and International Relations and Cooperation (DRAREIC) of the \u00cele-de-France academic region and Delegate for European and International Relations and Cooperation (DAREIC) for the Paris Academy starting from September 1, 2022.    The event will be held &lt;strong&gt;in English&lt;\/strong&gt;. Those interested in attending the event are asked to email secretariat@paris.pan.pl.    We look forward to seeing you there!\",\r\n            \"image\": \"https:\/\/paris.pan.pl\/wp-content\/uploads\/2026\/04\/Cafe-scientifique-3.png\",\r\n            \"name\": \"Caf\u00e9 scientifique \u2013 France-Poland: a friendship that is more necessary than ever for the future of Europe\",\r\n            \"url\": \"https:\/\/paris.pan.pl\/en\/events\/cafe-scientifique-france-poland-a-friendship-that-is-more-necessary-than-ever-for-the-future-of-europe\/\"\r\n        }\r\n        <\/script>\r\n        <article class=\"mec-past-event mec-event-article mec-clear  \" itemscope>                    <div class=\"mec-event-date mec-bg-color-hover mec-border-color-hover mec-color\"><span>22<\/span>Apr<\/div>\r\n            <div class=\"event-detail-wrap\">\r\n                <h4 class=\"mec-event-title\"><a class=\"mec-color-hover\"  data-event-id=\"20013\" href=\"https:\/\/paris.pan.pl\/en\/events\/cafe-scientifique-france-poland-a-friendship-that-is-more-necessary-than-ever-for-the-future-of-europe\/\" target=\"_self\" rel=\"noopener\">Caf\u00e9 scientifique \u2013 France-Poland: a friendship that is more necessary than ever for the future of Europe<\/a><span class=\"event-color\" style=\"background: #\"><\/span><\/h4>\r\n                                                <div class=\"mec-event-detail\">\r\n                    <div class=\"mec-event-loc-place\">Acad\u00e9mie polonaise des sciences centre scientifique \u00e0 Paris<\/div>\r\n                                                                            <\/div>\r\n            <\/div>\r\n        <\/article><\/div>                <div class=\"col-md-4 col-sm-4\">        <script type=\"application\/ld+json\">\r\n        {\r\n            \"@context\": \"http:\/\/schema.org\",\r\n            \"@type\": \"Event\",\r\n            \"eventStatus\": \"https:\/\/schema.org\/EventScheduled\",\r\n            \"startDate\": \"2026-04-17\",\r\n            \"endDate\": \"2026-04-18\",\r\n            \"eventAttendanceMode\": \"https:\/\/schema.org\/OfflineEventAttendanceMode\",\r\n            \"location\":\r\n            {\r\n                \"@type\": \"Place\",\r\n                                \"name\": \"Acad\u00e9mie polonaise des sciences centre scientifique \u00e0 Paris\",\r\n                \"image\": \"\",\r\n                \"address\": \"Acad\u00e9mie polonaise des sciences centre scientifique \u00e0 Paris, 74 Rue Lauriston, 75116 Paris, France\"\r\n                            },\r\n            \"organizer\":\r\n            {\r\n                \"@type\": \"Person\",\r\n                \"name\": \"\",\r\n                \"url\": \"\"\r\n            },\r\n            \"offers\":\r\n            {\r\n                \"url\": \"https:\/\/paris.pan.pl\/en\/events\/paris-polish-forum-x-2026\/\",\r\n                \"price\": \"\",\r\n                \"priceCurrency\": \"\u20ac\",\r\n                \"availability\": \"https:\/\/schema.org\/InStock\",\r\n                \"validFrom\": \"2026-04-17T00:00\"\r\n            },\r\n            \"performer\": \"\",\r\n            \"description\": \"Paris Polish Forum (PPF) is a two-day conference organized by ASPOL (the Association of Polish Students in France), bringing together Polish and international students, young professionals, and individuals engaged in fostering Polish\u2013French relations.    The jubilee 10th edition of the event will take place on 17-18 April 2026 in Paris and is expected to welcome over 250 participants. Participation is free of charge, and the entire event is conducted in English, enabling attendance by an international audience.    This year&#039;s edition is held under the theme &quot;Reinventing Europe: A New Generational Treaty&quot; and refers to the Polish-French treaty signed in Nancy, which aims to strengthen cooperation between the two countries, among others, in the areas of defense, the economy, and innovation. Paris Polish Forum provides a space to discuss these issues from the perspective of the younger generation.    The program will include panel discussions and workshops entitled:  - &lt;em&gt;Green Intelligence: Can AI Save the Climate?&lt;\/em&gt;  - &lt;em&gt;A United Europe of Innovation&lt;\/em&gt;,  - &lt;em&gt;War of Words: Disinformation, Propaganda, and Security&lt;\/em&gt;.    The Forum, organized entirely by students, serves as a unique platform for dialogue between academia, the public sector, and the private sector.    [button link=&quot;https:\/\/paris.pan.pl\/wp-content\/uploads\/2026\/04\/Agenda-PPF-2026.pdf&quot; newwindow=&quot;yes&quot;]PROGRAMME[\/button]    &lt;strong&gt;No places available - registration is now closed.&lt;\/strong&gt;\",\r\n            \"image\": \"https:\/\/paris.pan.pl\/wp-content\/uploads\/2026\/03\/1280-x-720.png\",\r\n            \"name\": \"Paris Polish Forum X 2026\",\r\n            \"url\": \"https:\/\/paris.pan.pl\/en\/events\/paris-polish-forum-x-2026\/\"\r\n        }\r\n        <\/script>\r\n        <article class=\"mec-past-event mec-event-article mec-clear  \" itemscope>                    <div class=\"mec-event-date mec-bg-color-hover mec-border-color-hover mec-color\"><span>17<\/span>Apr<\/div>\r\n            <div class=\"event-detail-wrap\">\r\n                <h4 class=\"mec-event-title\"><a class=\"mec-color-hover\"  data-event-id=\"19999\" href=\"https:\/\/paris.pan.pl\/en\/events\/paris-polish-forum-x-2026\/\" target=\"_self\" rel=\"noopener\">Paris Polish Forum X 2026<\/a><span class=\"event-color\" style=\"background: #\"><\/span><\/h4>\r\n                                                <div class=\"mec-event-detail\">\r\n                    <div class=\"mec-event-loc-place\">Acad\u00e9mie polonaise des sciences centre scientifique \u00e0 Paris<\/div>\r\n                                                                            <\/div>\r\n            <\/div>\r\n        <\/article><\/div>                <div class=\"col-md-4 col-sm-4\">        <script type=\"application\/ld+json\">\r\n        {\r\n            \"@context\": \"http:\/\/schema.org\",\r\n            \"@type\": \"Event\",\r\n            \"eventStatus\": \"https:\/\/schema.org\/EventScheduled\",\r\n            \"startDate\": \"2026-04-14\",\r\n            \"endDate\": \"2026-04-15\",\r\n            \"eventAttendanceMode\": \"https:\/\/schema.org\/OfflineEventAttendanceMode\",\r\n            \"location\":\r\n            {\r\n                \"@type\": \"Place\",\r\n                                \"name\": \"Institut national des langues et civilisations orientales (Inalco)\",\r\n                \"image\": \"\",\r\n                \"address\": \"Maison de la Recherche, 2 Rue de Lille, 75007 Paris\"\r\n                            },\r\n            \"organizer\":\r\n            {\r\n                \"@type\": \"Person\",\r\n                \"name\": \"\",\r\n                \"url\": \"\"\r\n            },\r\n            \"offers\":\r\n            {\r\n                \"url\": \"https:\/\/paris.pan.pl\/en\/events\/interest-groups-in-post-socialist-central-europe-a-cross-analysis-of-historical-political-economic-and-cultural-transformations\/\",\r\n                \"price\": \"\",\r\n                \"priceCurrency\": \"\u20ac\",\r\n                \"availability\": \"https:\/\/schema.org\/InStock\",\r\n                \"validFrom\": \"2026-04-14T00:00\"\r\n            },\r\n            \"performer\": \"\",\r\n            \"description\": \"The Centre de Recherche Europes-Eurasie-CREE (Inalco), with the support of the Inalco Doctoral School and in partnership with the Polish Academy of Sciences \u2013 Scientific Centre in Paris, and the Free University of Brussels, invites you to study days entitled : &quot;Interest Groups in Post-Socialist Central Europe: A Cross-Analysis of Historical, Political, Economic and Cultural Transformations&quot;.    &lt;strong&gt;Summary of the scientific event&lt;\/strong&gt;    The study day on April 14 and 15, 2026 at INALCO focuses on the transformations of interest groups and lobbying practices in post-socialist Central Europe, considering historical, political, economic, and cultural shifts. It highlights recent developments, such as Ukraine\u2019s 2024 lobbying law aimed at fostering transparent engagement between private and public actors. The event brings together early-career social science researchers examining actors, networks, practices, and regulatory attempts in the region. It also debates the relevance of the term \u201clobbying\u201d and its analytical value for understanding private influence in politics. Since the end of socialism, new non-state actors (businesses, associations, unions, religious groups) have transformed interactions between the private sector and political power. Contributions are expected to explore historical and institutional dynamics shaping influence relations, the ambiguous role of interest groups in democratic processes, and the transnational dimensions of lobbying in Central Europe. Discussions will address how these groups affect public decision-making, their effects on democratic institutions, and issues of transparency, conflicts of interest, and clientelism. Finally, the study day will examine the impact of European integration on influence practices in the region and the challenges of legally regulating lobbying across various Central and Eastern European countries.    &lt;strong&gt;Program of the scientific event&lt;\/strong&gt;  &lt;p class=&quot;text-align-center&quot; style=&quot;text-align: center;&quot;&gt;&lt;strong&gt;Tuesday, April 14, 2026  &lt;\/strong&gt;&lt;strong&gt;Inalco - Maison de la Recherche  &lt;\/strong&gt;&lt;strong&gt;Auditorium Dum\u00e9zil  &lt;\/strong&gt;&lt;strong&gt;2, rue de Lille - Paris 7&lt;sup&gt;e&lt;\/sup&gt;&lt;\/strong&gt;&lt;\/p&gt;  &lt;p class=&quot;text-align-center&quot;&gt;&lt;strong&gt;- 9:20 - 9:40 :&lt;\/strong&gt; Welcome coffee  &lt;strong&gt;- 9:40 - 9:50 :&lt;\/strong&gt; Welcome address from partner institutions  &lt;strong&gt;- 9:50 - 10:00 : Introduction to the Study Days: Sarah Bomba, Jelena Jokic and Lucie Raskin&lt;\/strong&gt;  &lt;strong&gt;- 10:00 - 11:00 : Panel 1 \u2013 Axis 1 : Understanding the Structural and Contextual Factors of Influence Activities Since the 1980s \u2013 Part 1&lt;\/strong&gt;&lt;\/p&gt;  Chair: &lt;strong&gt;Anne Madelain&lt;\/strong&gt;    &lt;strong&gt;- 10:00 - 10:20 :  Vit \u0160IMRAL :&lt;\/strong&gt;&lt;em&gt; Imperial legacies and interest group formation in Central and Western Europe. &lt;\/em&gt;  &lt;strong&gt;- 10:20 - 10:40 :  Szczepan Pawel CZARNECKI :&lt;\/strong&gt;&lt;em&gt; Who protest and why? Organisational and contextual drivers of interest group mobilization in Central Europe. &lt;\/em&gt;  &lt;strong&gt;- 10:40 - 10:55 :&lt;\/strong&gt; Questions and discussion with the audience    &lt;strong&gt;- 10:55 - 11:10 :&lt;\/strong&gt; Coffee break    &lt;strong&gt;- 11:10 - 12:05 : Coffee breakPanel 2 \u2013 Axis 1 \u2013 Part 2&lt;\/strong&gt;    Chair : &lt;strong&gt;Fabio Giomi&lt;\/strong&gt;  &lt;strong&gt;- 11:10 - 11:30 : Lucie RASKIN : &lt;\/strong&gt;&lt;em&gt;Researching interest groups as a historian: the case of Yugoslavian organisations in the 1980s &lt;\/em&gt;  &lt;strong&gt;- 11:30 - 11:50 : Michael DOBBINS :&lt;\/strong&gt; &lt;em&gt;Impressing De Tocqueville: Analysing interest group mobilization in Ukraine&lt;\/em&gt;  &lt;strong&gt;- 11:50 - 12:05 : &lt;\/strong&gt;Questions and discussion with the audience    &lt;strong&gt;- 12:10 - 13:45 :&lt;\/strong&gt; Lunch    &lt;strong&gt;- 13:45 -  14:40 : Panel 3 \u2013 Axis 2 : The Impact of Interest Groups on the Economic Sphere: Networks at the Core of Institutional and Sectoral Transformations in Central Europe&lt;\/strong&gt;    Chair: &lt;strong&gt;Jean-Michel De Waele&lt;\/strong&gt;  &lt;strong&gt;- 13:45 - 14:05 : Magdalena BERNACIAK&lt;\/strong&gt; &amp; &lt;strong&gt;Aurora TRIF : &lt;\/strong&gt;&lt;em&gt;From social partners to lobby groups? Trade unions and employer association in Central-Eastern Europe. &lt;\/em&gt;  &lt;strong&gt;- 14:05 - 14:25 :  Rafa\u0142 RIEDEL :&lt;\/strong&gt; &lt;em&gt;Conflict of interest regarding the Europeanization of legal framework for sustainable corporate governance. &lt;\/em&gt;  &lt;strong&gt;-&lt;\/strong&gt; &lt;strong&gt;14:25 - 14:40 :&lt;\/strong&gt; Questions and discussion with the audience    &lt;strong&gt;- 14:40 - 14:55 : &lt;\/strong&gt;Coffee break    &lt;strong&gt;- 14:55 - 15:50 : Panel 4 \u2013 Axis 2 \u2013 Part 2&lt;\/strong&gt;    Chair: &lt;strong&gt;Nad\u00e8ge Ragaru&lt;\/strong&gt;  &lt;strong&gt;- 14:55 - 15:15 : Jelena JOKIC :&lt;\/strong&gt; &lt;em&gt;Innovation ecosystems as Vehicles of Economic Diplomacy: The Case of French Tech Belgrade in Franco-Serbian Relations&lt;\/em&gt;  &lt;strong&gt;- 15:15 - 15:35 : Nathan HOURCADE :&lt;\/strong&gt;&lt;em&gt; Influence in Ukrainian energy sector: lobbying or oligarchy? (2010-2025)&lt;\/em&gt;  &lt;strong&gt;- 15:35 - 15:50 :&lt;\/strong&gt; Questions and discussion with the audience    &lt;strong&gt;- 15:50 - 16:00 :&lt;\/strong&gt; Wrap-up of the first day  &lt;p class=&quot;text-align-center&quot; style=&quot;text-align: center;&quot;&gt;&lt;strong&gt;Wednesday, April 15, 2026  &lt;\/strong&gt;&lt;strong&gt;Inalco - Maison de la Recherche  &lt;\/strong&gt;&lt;strong&gt;Salle de Sacy (2nd floor)  &lt;\/strong&gt;&lt;strong&gt;2, rue de Lille - Paris 7&lt;sup&gt;e&lt;\/sup&gt;&lt;\/strong&gt;&lt;\/p&gt;  &lt;strong&gt;- 9:00 - 9:20 :&lt;\/strong&gt; Welcome coffee  &lt;strong&gt;- 9:20 - 10:25 : Panel 5 \u2013 Axis 3 : Interest Groups and Democracy: An Ambivalent Relationship? \u2013 Part 1&lt;\/strong&gt;    Chair:&lt;strong&gt; Jana Vargov\u010d\u00edkov\u00e1&lt;\/strong&gt;  &lt;strong&gt;- 9:20 - 9:50 : Aneta CEKIKJ&lt;\/strong&gt; &amp; &lt;strong&gt;Mika IVANOVSKA HADJIEVSKA :&lt;\/strong&gt; &lt;em&gt;Lobbying strategies in new democracies. Insights from a survey of interest groups in North Macedonia. &lt;\/em&gt;  &lt;strong&gt;- 9:50 - 10:10 :  Aneta PINKOV\u00c1 :&lt;\/strong&gt; &lt;em&gt;Regulation, transparency, and influence: Interest groups in Czech electoral politics. &lt;\/em&gt;  &lt;strong&gt;- 10:10 - 10:25 :&lt;\/strong&gt; Questions and discussion with the audience    &lt;strong&gt;- 10:25 - 10:40 :&lt;\/strong&gt; Coffee break    &lt;strong&gt;- 10:40 - 12:00 : Panel 6 \u2013 Axis 3 \u2013 Part 2&lt;\/strong&gt;    Chair: &lt;strong&gt;Katerina Kesa&lt;\/strong&gt;  &lt;strong&gt;- 10:40 - 11:00 :  Urszula KURCZEWSKA&lt;\/strong&gt;, &lt;strong&gt;Agnieszka VETULANI-C\u0118GIEL :&lt;\/strong&gt;&lt;em&gt; Lobbying in time of political polarization and democratic backsliding. The case of Poland. &lt;\/em&gt;  &lt;strong&gt;- 11:00 - 11:20 : Sarah BOMBA :&lt;\/strong&gt; &lt;em&gt;Direct and indirect lobbying - comparative analysis of the activity of the public affairs cabinets in Poland &lt;\/em&gt;  &lt;strong&gt;- 11:20 - 11:40 : Cristian P\u00ceRVULESCU :&lt;\/strong&gt;&lt;em&gt; Interest Groups and Populism in Central Europe: A Neo-Institutional Reading Based on the Romanian Case.&lt;\/em&gt;  &lt;strong&gt;- 11:40 - 12:00 :&lt;\/strong&gt;Questions and discussion with the audience    &lt;strong&gt;- 12:00 - 12:15 : &lt;\/strong&gt;Concluding remarks    &lt;strong&gt;Organisers and partners&lt;\/strong&gt;  &lt;ul&gt;    &lt;li&gt;Inalco \/ CREE (Centre de recherche Europes-Eurasie) \/ Ecole Doctorale de l&#039;Inalco&lt;\/li&gt;    &lt;li&gt;Polska Akademia Nauk Stacja Naukowa w Pary\u017cu&lt;\/li&gt;    &lt;li&gt;Universit\u00e9 Libre de Bruxelles&lt;\/li&gt;  &lt;\/ul&gt;  &lt;strong&gt;Scientific Committee&lt;\/strong&gt;  &lt;ul&gt;    &lt;li&gt;Jean-Louis Briquet (CNRS, CESSP)&lt;\/li&gt;    &lt;li&gt;Anne Madelain (Inalco, CREE)&lt;\/li&gt;    &lt;li&gt;Nad\u00e8ge Ragaru (Sciences Po, CERI)&lt;\/li&gt;    &lt;li&gt;Jana Vargov\u010d\u00edkov\u00e1 (Inalco, CREE)&lt;\/li&gt;    &lt;li&gt;Jean-Michel De Waele (Universit\u00e9 Libre de Bruxelles, Cevipol)&lt;\/li&gt;  &lt;\/ul&gt;  &lt;strong&gt;Organising committee&lt;\/strong&gt;  &lt;ul&gt;    &lt;li&gt;Sarah Bomba (CREE, Inalco)&lt;\/li&gt;    &lt;li&gt;Jelena Jokic (CREE, Inalco)&lt;\/li&gt;    &lt;li&gt;Lucie Raskin (CREE, Inalco)&lt;\/li&gt;  &lt;\/ul&gt;\",\r\n            \"image\": \"https:\/\/paris.pan.pl\/wp-content\/uploads\/2026\/04\/1-1.png\",\r\n            \"name\": \"Interest Groups in Post-Socialist Central Europe: A Cross-Analysis of Historical, Political, Economic and Cultural Transformations\",\r\n            \"url\": \"https:\/\/paris.pan.pl\/en\/events\/interest-groups-in-post-socialist-central-europe-a-cross-analysis-of-historical-political-economic-and-cultural-transformations\/\"\r\n        }\r\n        <\/script>\r\n        <article class=\"mec-past-event mec-event-article mec-clear  \" itemscope>                    <div class=\"mec-event-date mec-bg-color-hover mec-border-color-hover mec-color\"><span>14<\/span>Apr<\/div>\r\n            <div class=\"event-detail-wrap\">\r\n                <h4 class=\"mec-event-title\"><a class=\"mec-color-hover\"  data-event-id=\"20026\" href=\"https:\/\/paris.pan.pl\/en\/events\/interest-groups-in-post-socialist-central-europe-a-cross-analysis-of-historical-political-economic-and-cultural-transformations\/\" target=\"_self\" rel=\"noopener\">Interest Groups in Post-Socialist Central Europe: A Cross-Analysis of Historical, Political, Economic and Cultural Transformations<\/a><span class=\"event-color\" style=\"background: #\"><\/span><\/h4>\r\n                                                <div class=\"mec-event-detail\">\r\n                    <div class=\"mec-event-loc-place\">Institut national des langues et civilisations orientales (Inalco)<\/div>\r\n                                                                            <\/div>\r\n            <\/div>\r\n        <\/article><\/div><\/div>                <div class=\"row\"><div class=\"col-md-4 col-sm-4\">        <script type=\"application\/ld+json\">\r\n        {\r\n            \"@context\": \"http:\/\/schema.org\",\r\n            \"@type\": \"Event\",\r\n            \"eventStatus\": \"https:\/\/schema.org\/EventScheduled\",\r\n            \"startDate\": \"2026-03-31\",\r\n            \"endDate\": \"2026-04-01\",\r\n            \"eventAttendanceMode\": \"https:\/\/schema.org\/OfflineEventAttendanceMode\",\r\n            \"location\":\r\n            {\r\n                \"@type\": \"Place\",\r\n                                \"name\": \"\",\r\n                \"image\": \"\",\r\n                \"address\": \"\"\r\n                            },\r\n            \"organizer\":\r\n            {\r\n                \"@type\": \"Person\",\r\n                \"name\": \"\",\r\n                \"url\": \"\"\r\n            },\r\n            \"offers\":\r\n            {\r\n                \"url\": \"https:\/\/paris.pan.pl\/en\/events\/spotkanie-projektowe-wplyw-elektronow-nadtermicznych-na-wlasciwosci-jonizacyjne-transportowe-i-radiacyjne-plazmy-fuzyjnej-z-domieszkami-jonow-o-duzej-liczbie-atomowej\/\",\r\n                \"price\": \"\",\r\n                \"priceCurrency\": \"\u20ac\",\r\n                \"availability\": \"https:\/\/schema.org\/InStock\",\r\n                \"validFrom\": \"2026-03-31T00:00\"\r\n            },\r\n            \"performer\": \"\",\r\n            \"description\": \"&lt;p style=&quot;text-align: center;&quot;&gt;&lt;strong&gt;OPUS (NCN) \u2013 WORKING MEETING&lt;\/strong&gt;&lt;\/p&gt;  &lt;p style=&quot;text-align: center;&quot;&gt;&lt;strong&gt;March 31&lt;sup&gt;th&lt;\/sup&gt; \u2013 April 01&lt;sup&gt;th&lt;\/sup&gt; 2026&lt;\/strong&gt;&lt;\/p&gt;  &lt;p style=&quot;text-align: center;&quot;&gt;&lt;strong&gt;PAS Scientific Centre in Paris&lt;\/strong&gt;&lt;\/p&gt;  &nbsp;  &lt;p style=&quot;text-align: justify;&quot;&gt;Tokamaks represent currently one of the most promising options to achieve controlled nuclear fusion as a safe and abundant energy source. Unfortunately, the issue of plasma contamination by high-Z impurities like tungsten (W), due to wall erosion of the tokamak, is becoming a major source of concern for the stable and efficient operation of these fusion devices. Indeed, W impurities radiate significant energy from the plasma by X-ray radiation, which is detrimental for the fusion performance. A potential solution to mitigate W impurity accumulation in the plasma core is to apply central electron heating. However, in the presence of dominant electron heating, the electron velocity distribution function stops following a Maxwellian distribution and a significant suprathermal tail arises. Therefore, the main goal of this project is to investigate how a fast electron population can affect ionization, transport, and radiation properties of fusion plasma with high-Z impurities. This project will be part of the existing international collaboration with CEA IRFM, where the WEST tokamak is operated. The involved Polish and IRFM research teams will bring their complementary expertise in terms of theory, numerical modelling, analysis of simulation outputs, and experimental diagnostic data.&lt;\/p&gt;  &lt;p style=&quot;text-align: justify;&quot;&gt;The aim of the event is to organize a working meeting of partners from France and Poland to discuss the current state of knowledge on this topic and the work plan for delivering the project&#039;s objectives and outcomes. Several presentations by experts participating in the project are planned, followed by discussions and brainstorming sessions.&lt;\/p&gt;  Institutions involved in the project:  &lt;ul&gt;    &lt;li&gt;Institute of Nuclear Physics Polish Academy of Sciences (IFJ PAN), Krakow, Poland&lt;\/li&gt;    &lt;li&gt;Institute for Magnetic Fusion Research (IRFM), French Alternatives Energies and Atomic Energy Commission (CEA), Cadarache, France&lt;\/li&gt;    &lt;li&gt;Institute of Plasma Physics and Laser Microfusion (IPPLM), Warsaw, Poland&lt;\/li&gt;    &lt;li&gt;National Centre For Nuclear Research (NCBJ), Otwock, Poland&lt;\/li&gt;    &lt;li&gt;Nicolaus Copernicus University in Toru\u0144 (NCU), Toru\u0144, Poland&lt;\/li&gt;  &lt;\/ul&gt;  &nbsp;    &lt;img class=&quot;aligncenter size-large wp-image-19918&quot; src=&quot;https:\/\/paris.pan.pl\/wp-content\/uploads\/2026\/03\/logos-1-1024x341.png&quot; alt=&quot;&quot; width=&quot;1024&quot; height=&quot;341&quot; \/&gt;\",\r\n            \"image\": \"https:\/\/paris.pan.pl\/wp-content\/uploads\/2026\/03\/OPUS_grafika.png\",\r\n            \"name\": \"Working meeting &#8211; Influence of suprathermal electrons on ionization, transport and radiation properties of fusion plasma with high-Z impurities\",\r\n            \"url\": \"https:\/\/paris.pan.pl\/en\/events\/spotkanie-projektowe-wplyw-elektronow-nadtermicznych-na-wlasciwosci-jonizacyjne-transportowe-i-radiacyjne-plazmy-fuzyjnej-z-domieszkami-jonow-o-duzej-liczbie-atomowej\/\"\r\n        }\r\n        <\/script>\r\n        <article class=\"mec-past-event mec-event-article mec-clear  \" itemscope>                    <div class=\"mec-event-date mec-bg-color-hover mec-border-color-hover mec-color\"><span>31<\/span>Mar<\/div>\r\n            <div class=\"event-detail-wrap\">\r\n                <h4 class=\"mec-event-title\"><a class=\"mec-color-hover\"  data-event-id=\"19921\" href=\"https:\/\/paris.pan.pl\/en\/events\/spotkanie-projektowe-wplyw-elektronow-nadtermicznych-na-wlasciwosci-jonizacyjne-transportowe-i-radiacyjne-plazmy-fuzyjnej-z-domieszkami-jonow-o-duzej-liczbie-atomowej\/\" target=\"_self\" rel=\"noopener\">Working meeting &#8211; Influence of suprathermal electrons on ionization, transport and radiation properties of fusion plasma with high-Z impurities<\/a><span class=\"event-color\" style=\"background: #\"><\/span><\/h4>\r\n                                                <div class=\"mec-event-detail\">\r\n                    <div class=\"mec-event-loc-place\"><\/div>\r\n                                                                            <\/div>\r\n            <\/div>\r\n        <\/article><\/div>        <div class=\"col-md-4 col-sm-4\">        <script type=\"application\/ld+json\">\r\n        {\r\n            \"@context\": \"http:\/\/schema.org\",\r\n            \"@type\": \"Event\",\r\n            \"eventStatus\": \"https:\/\/schema.org\/EventScheduled\",\r\n            \"startDate\": \"2026-03-31\",\r\n            \"endDate\": \"2026-04-01\",\r\n            \"eventAttendanceMode\": \"https:\/\/schema.org\/OfflineEventAttendanceMode\",\r\n            \"location\":\r\n            {\r\n                \"@type\": \"Place\",\r\n                                \"name\": \"\",\r\n                \"image\": \"\",\r\n                \"address\": \"\"\r\n                            },\r\n            \"organizer\":\r\n            {\r\n                \"@type\": \"Person\",\r\n                \"name\": \"\",\r\n                \"url\": \"\"\r\n            },\r\n            \"offers\":\r\n            {\r\n                \"url\": \"https:\/\/paris.pan.pl\/en\/events\/spotkanie-projektowe-uczenie-maszynowe-w-analizie-danych-i-projektowaniu-systemow-detekcji-dla-przeszlych-fuzyjnych-reaktorow-termojadrowych\/\",\r\n                \"price\": \"\",\r\n                \"priceCurrency\": \"\u20ac\",\r\n                \"availability\": \"https:\/\/schema.org\/InStock\",\r\n                \"validFrom\": \"2026-03-31T00:00\"\r\n            },\r\n            \"performer\": \"\",\r\n            \"description\": \"&lt;p style=&quot;text-align: center;&quot;&gt;&lt;strong&gt;POLONIUM (NAWA) \u2013 WORKING MEETING&lt;\/strong&gt;&lt;\/p&gt;  &lt;p style=&quot;text-align: center;&quot;&gt;&lt;strong&gt;March 31&lt;sup&gt;st&lt;\/sup&gt; \u2013 April 01&lt;sup&gt;st&lt;\/sup&gt; 2026&lt;\/strong&gt;&lt;\/p&gt;  &lt;p style=&quot;text-align: center;&quot;&gt;&lt;strong&gt;PAS Scientific Centre in Paris&lt;\/strong&gt;&lt;\/p&gt;  &lt;p style=&quot;text-align: justify;&quot;&gt;This project, in collaboration between IFJ PAN and CEA IRFM, aims at using machine learning (ML) methods, in particular evolutionary algorithms (genetic algorithms (GA) or similar), artificial neural networks (NN) and Bayesian networks to support research in the field of plasma physics and thermonuclear fusion.&lt;\/p&gt;  &lt;p style=&quot;text-align: justify;&quot;&gt;The research focuses on the following scientific problems:&lt;\/p&gt;  &lt;p style=&quot;text-align: justify;&quot;&gt;(1) Design and optimization of plasma diagnostic systems for tokamak devices, e.g. neutron spectrometer or soft X-ray imaging systems;&lt;\/p&gt;  &lt;p style=&quot;text-align: justify;&quot;&gt;(2) Development of fast tomographic reconstruction and spectrum deconvolution methods from a limited set of line-integrated measurements;&lt;\/p&gt;  &lt;p style=&quot;text-align: justify;&quot;&gt;(3) Development of methods for analyzing data from plasma diagnostics in order to classify and predict plasma events such as impurity accumulation or magnetohydrodynamic instabilities during tokamak plasma discharges.&lt;\/p&gt;  &lt;p style=&quot;text-align: justify;&quot;&gt;This dedicated in-person meeting at the PAN Paris stations was a unique opportunity to discuss the recent obtain results and plan the rest of the project activities between French and Polish partners&lt;\/p&gt;  &nbsp;    Institutions involved in the project:  &lt;ul&gt;    &lt;li&gt;Institute of Nuclear Physics Polish Academy of Sciences (IFJ PAN), Krakow, Poland&lt;\/li&gt;    &lt;li&gt;Institute for Magnetic Fusion Research (IRFM), French Alternatives Energies and Atomic Energy Commission (CEA), Cadarache, France&lt;\/li&gt;  &lt;\/ul&gt;  &lt;img class=&quot;aligncenter wp-image-19926 size-large&quot; src=&quot;https:\/\/paris.pan.pl\/wp-content\/uploads\/2026\/03\/logos_polonium-1024x341.png&quot; alt=&quot;&quot; width=&quot;1024&quot; height=&quot;341&quot; \/&gt;\",\r\n            \"image\": \"https:\/\/paris.pan.pl\/wp-content\/uploads\/2026\/03\/POLONIUM_grafika.png\",\r\n            \"name\": \"Working meeting &#8211; Machine Learning to develop diagnostic and data analysis methods for future thermonuclear reactors\",\r\n            \"url\": \"https:\/\/paris.pan.pl\/en\/events\/spotkanie-projektowe-uczenie-maszynowe-w-analizie-danych-i-projektowaniu-systemow-detekcji-dla-przeszlych-fuzyjnych-reaktorow-termojadrowych\/\"\r\n        }\r\n        <\/script>\r\n        <article class=\"mec-past-event mec-event-article mec-clear  \" itemscope>                    <div class=\"mec-event-date mec-bg-color-hover mec-border-color-hover mec-color\"><span>31<\/span>Mar<\/div>\r\n            <div class=\"event-detail-wrap\">\r\n                <h4 class=\"mec-event-title\"><a class=\"mec-color-hover\"  data-event-id=\"19929\" href=\"https:\/\/paris.pan.pl\/en\/events\/spotkanie-projektowe-uczenie-maszynowe-w-analizie-danych-i-projektowaniu-systemow-detekcji-dla-przeszlych-fuzyjnych-reaktorow-termojadrowych\/\" target=\"_self\" rel=\"noopener\">Working meeting &#8211; Machine Learning to develop diagnostic and data analysis methods for future thermonuclear reactors<\/a><span class=\"event-color\" style=\"background: #\"><\/span><\/h4>\r\n                                                <div class=\"mec-event-detail\">\r\n                    <div class=\"mec-event-loc-place\"><\/div>\r\n                                                                            <\/div>\r\n            <\/div>\r\n        <\/article><\/div>                <div class=\"col-md-4 col-sm-4\">        <script type=\"application\/ld+json\">\r\n        {\r\n            \"@context\": \"http:\/\/schema.org\",\r\n            \"@type\": \"Event\",\r\n            \"eventStatus\": \"https:\/\/schema.org\/EventScheduled\",\r\n            \"startDate\": \"2025-12-10\",\r\n            \"endDate\": \"2025-12-10\",\r\n            \"eventAttendanceMode\": \"https:\/\/schema.org\/OfflineEventAttendanceMode\",\r\n            \"location\":\r\n            {\r\n                \"@type\": \"Place\",\r\n                                \"name\": \"\",\r\n                \"image\": \"\",\r\n                \"address\": \"\"\r\n                            },\r\n            \"organizer\":\r\n            {\r\n                \"@type\": \"Person\",\r\n                \"name\": \"\",\r\n                \"url\": \"\"\r\n            },\r\n            \"offers\":\r\n            {\r\n                \"url\": \"https:\/\/paris.pan.pl\/en\/events\/france-as-our-route-of-emigration-a-musical-encounter-with-jan-mlynarski\/\",\r\n                \"price\": \"\",\r\n                \"priceCurrency\": \"\u20ac\",\r\n                \"availability\": \"https:\/\/schema.org\/InStock\",\r\n                \"validFrom\": \"2025-12-10T00:00\"\r\n            },\r\n            \"performer\": \"\",\r\n            \"description\": \"We are delighted to invite you to &lt;strong&gt;an event organized as part of \u201cFrance as our route of emigration\u201d&lt;\/strong&gt; series, which will take place 10 December (Wednesday) at 7:00 pm at the Polish Academy of Sciences Scientific Centre in Paris.    This series is &lt;strong&gt;a journey into the history, culture and music &lt;\/strong&gt;that have shaped Polish identity in Europe. The 10 December meeting will focus on the fascinating&lt;strong&gt; phenomenon of pre-war popular music and the early jazz era of the Polish interwar period&lt;\/strong&gt;. This period was not isolated, but pulsed with influences from Jewish, Ukrainian, Belarusian and Lithuanian traditions.    &lt;img class=&quot;wp-image-19672 alignright&quot; src=&quot;https:\/\/paris.pan.pl\/wp-content\/uploads\/2025\/11\/2025-Prelegenciwydarzenia-1-300x300.png&quot; alt=&quot;&quot; width=&quot;205&quot; height=&quot;205&quot; \/&gt;    &lt;strong&gt;Jan Emil M\u0142ynarski&lt;\/strong&gt; will be our guide on this journey - an artist whose creativity and passion breathe new life into the memory of the culture that existed before 1949. He is a vocalist, drummer, producer, radio host, expert on Warsaw\u2019s heritage and leader of projects such as the M\u0142ynarski-Masecki Jazz Band and the Warszawskie Combo Taneczne. His stories about Polish tango, old orchestras, and composers - from Henryk Wars to Stanis\u0142aw Grzesiuk - will be interwoven with live music to create a unique atmosphere.    The meeting will provide a platform for &lt;strong&gt;discussion about music and its history&lt;\/strong&gt;, reflecting on how interwar Polish culture resonated with Europe and how its sounds carried traces of emigration, multiculturalism and longing for freedom.    The event will be held &lt;strong&gt;in Polish&lt;\/strong&gt;.    Join us and immerse yourself in the world of old melodies, history and stories!    &lt;strong&gt;Seats are limited. To register, please send an email to &lt;a href=&quot;mailto:bureauaddp@gmail.com&quot;&gt;bureauaddp@gmail.com&lt;\/a&gt;&lt;\/strong&gt;    Organised by the Association for the Defence of Democracy in Poland. Polish Academy of Sciences Scientific Centre in Paris is a partner of the event.    The event is co-financed under the patronage of the Senate of the Republic of Poland for the Polish community abroad in 2025.\",\r\n            \"image\": \"https:\/\/paris.pan.pl\/wp-content\/uploads\/2025\/11\/2025-grafiki-promocyjne.png\",\r\n            \"name\": \"France as our route of emigration: a musical encounter with Jan M\u0142ynarski\",\r\n            \"url\": \"https:\/\/paris.pan.pl\/en\/events\/france-as-our-route-of-emigration-a-musical-encounter-with-jan-mlynarski\/\"\r\n        }\r\n        <\/script>\r\n        <article class=\"mec-past-event mec-event-article mec-clear  \" itemscope>                    <div class=\"mec-event-date mec-bg-color-hover mec-border-color-hover mec-color\"><span>10<\/span>Dec<\/div>\r\n            <div class=\"event-detail-wrap\">\r\n                <h4 class=\"mec-event-title\"><a class=\"mec-color-hover\"  data-event-id=\"19699\" href=\"https:\/\/paris.pan.pl\/en\/events\/france-as-our-route-of-emigration-a-musical-encounter-with-jan-mlynarski\/\" target=\"_self\" rel=\"noopener\">France as our route of emigration: a musical encounter with Jan M\u0142ynarski<\/a><span class=\"event-color\" style=\"background: #\"><\/span><\/h4>\r\n                                                <div class=\"mec-event-detail\">\r\n                    <div class=\"mec-event-loc-place\"><\/div>\r\n                                                                            <\/div>\r\n            <\/div>\r\n        <\/article><\/div><\/div>                <div class=\"row\"><div class=\"col-md-4 col-sm-4\">        <script type=\"application\/ld+json\">\r\n        {\r\n            \"@context\": \"http:\/\/schema.org\",\r\n            \"@type\": \"Event\",\r\n            \"eventStatus\": \"https:\/\/schema.org\/EventScheduled\",\r\n            \"startDate\": \"2025-12-09\",\r\n            \"endDate\": \"2025-12-09\",\r\n            \"eventAttendanceMode\": \"https:\/\/schema.org\/OfflineEventAttendanceMode\",\r\n            \"location\":\r\n            {\r\n                \"@type\": \"Place\",\r\n                                \"name\": \"\",\r\n                \"image\": \"\",\r\n                \"address\": \"\"\r\n                            },\r\n            \"organizer\":\r\n            {\r\n                \"@type\": \"Person\",\r\n                \"name\": \"\",\r\n                \"url\": \"\"\r\n            },\r\n            \"offers\":\r\n            {\r\n                \"url\": \"https:\/\/paris.pan.pl\/en\/events\/spotkanie-z-cyklu-cafe-scientifique-3\/\",\r\n                \"price\": \"\",\r\n                \"priceCurrency\": \"\u20ac\",\r\n                \"availability\": \"https:\/\/schema.org\/InStock\",\r\n                \"validFrom\": \"2025-12-09T00:00\"\r\n            },\r\n            \"performer\": \"\",\r\n            \"description\": \"On &lt;strong&gt;December 9&lt;\/strong&gt;, the last Caf\u00e9 Scientifique meeting of the year was held at the Polish Academy of Sciences Scientific Center in Paris. This time, people staying at our Center for research stays had the opportunity to listen to two speakers:  \u2013 Mr. &lt;strong&gt;Marcin Piotr Pruszczyk&lt;\/strong&gt;, a doctoral student at the Scuola Internazionale Superiore di Studi Avanzati (SISSA) in Trieste, Italy, and a graduate of the master&#039;s program in theoretical physics at the Faculty of Physics of the University of Warsaw;  \u2013 and Ms. &lt;strong&gt;Joanna Jasi\u0144ska&lt;\/strong&gt;, a doctoral student at the Hugo Ko\u0142\u0142\u0105taj University of Agriculture in Krakow.    Mr. Marcin Pruszczyk, who works in &lt;strong&gt;classical statistical physics&lt;\/strong&gt;, gave a presentation entitled &lt;strong&gt;&lt;em&gt;Statistical Physics: Correlations and Memory&lt;\/em&gt;&lt;\/strong&gt;, in which he discussed his research on rare event theory. Mr. Pruszczyk is currently conducting research at the Laboratoire de Physique Th\u00e9orique et Mod\u00e8les Statistiques (LPTMS), in a research group at CNRS and Paris-Saclay University, where he works under the supervision of Prof. Satya Majumdar on the use of rare event theory to describe the effect of stochastic resetting on the dynamics of Brownian gas and quantum harmonic oscillators.    Joanna Jasi\u0144ska gave a presentation entitled &lt;strong&gt;&lt;em&gt;Biodegradable materials \u2013 applications in the packaging industry&lt;\/em&gt;&lt;\/strong&gt;, during which she talked about her research related to the &lt;strong&gt;analysis of biomaterials&lt;\/strong&gt; for the production of films that could replace plastic packaging in the future. The speaker also presented other applications of this type of material, e.g., in agriculture and medicine. Joanna is completing a research and teaching internship at the Laboratoire de Sciences et Ing\u00e9nierie de la Mati\u00e8re Molle (ESPCI\/CNRS\/SU) in the field of polymers and inorganic materials.    As usual, after the presentations, it was time for a discussion with the participants. In addition to questions about the presentations and research of our speakers, we also talked about the approach to conducting research in different countries (Poland, France, and Italy) and the possibilities of applying the presented results in other fields of science.    We would like to thank Mr. Marcin Pruszczyk and Ms. Joanna Jasi\u0144ska for their extremely interesting presentations, and the participants for their attendance, curiosity, and participation in the discussion.    At the same time, we wish everyone success in their future scientific work.    See you at the next Caf\u00e9 Scientifique in 2026!    [gallery columns=&quot;4&quot; size=&quot;medium&quot; link=&quot;file&quot; ids=&quot;19760,19754,19751,19757&quot;]\",\r\n            \"image\": \"https:\/\/paris.pan.pl\/wp-content\/uploads\/2025\/12\/Cafe-Scientifique-4-1-scaled.jpg\",\r\n            \"name\": \"Caf\u00e9 Scientifique meeting\",\r\n            \"url\": \"https:\/\/paris.pan.pl\/en\/events\/spotkanie-z-cyklu-cafe-scientifique-3\/\"\r\n        }\r\n        <\/script>\r\n        <article class=\"mec-past-event mec-event-article mec-clear  \" itemscope>                    <div class=\"mec-event-date mec-bg-color-hover mec-border-color-hover mec-color\"><span>09<\/span>Dec<\/div>\r\n            <div class=\"event-detail-wrap\">\r\n                <h4 class=\"mec-event-title\"><a class=\"mec-color-hover\"  data-event-id=\"19764\" href=\"https:\/\/paris.pan.pl\/en\/events\/spotkanie-z-cyklu-cafe-scientifique-3\/\" target=\"_self\" rel=\"noopener\">Caf\u00e9 Scientifique meeting<\/a><span class=\"event-color\" style=\"background: #\"><\/span><\/h4>\r\n                                                <div class=\"mec-event-detail\">\r\n                    <div class=\"mec-event-loc-place\"><\/div>\r\n                                                                            <\/div>\r\n            <\/div>\r\n        <\/article><\/div>                <div class=\"col-md-4 col-sm-4\">        <script type=\"application\/ld+json\">\r\n        {\r\n            \"@context\": \"http:\/\/schema.org\",\r\n            \"@type\": \"Event\",\r\n            \"eventStatus\": \"https:\/\/schema.org\/EventScheduled\",\r\n            \"startDate\": \"2025-12-01\",\r\n            \"endDate\": \"2025-12-01\",\r\n            \"eventAttendanceMode\": \"https:\/\/schema.org\/OfflineEventAttendanceMode\",\r\n            \"location\":\r\n            {\r\n                \"@type\": \"Place\",\r\n                                \"name\": \"\",\r\n                \"image\": \"\",\r\n                \"address\": \"\"\r\n                            },\r\n            \"organizer\":\r\n            {\r\n                \"@type\": \"Person\",\r\n                \"name\": \"\",\r\n                \"url\": \"\"\r\n            },\r\n            \"offers\":\r\n            {\r\n                \"url\": \"https:\/\/paris.pan.pl\/en\/events\/cafe-scientifique-optymalizacja-opieki-senioralnej\/\",\r\n                \"price\": \"\",\r\n                \"priceCurrency\": \"\u20ac\",\r\n                \"availability\": \"https:\/\/schema.org\/InStock\",\r\n                \"validFrom\": \"2025-12-01T00:00\"\r\n            },\r\n            \"performer\": \"\",\r\n            \"description\": \"&lt;div class=&quot;x_elementToProof&quot; style=&quot;text-align: justify;&quot; data-olk-copy-source=&quot;MessageBody&quot;&gt;  &lt;p data-start=&quot;148&quot; data-end=&quot;563&quot;&gt;The &lt;strong data-start=&quot;152&quot; data-end=&quot;211&quot;&gt;Polish Academy of Sciences Scientific Center in Paris&lt;\/strong&gt;, in cooperation with the Association of Physicians of Polish Origin in France (AMOPF), invites you to a meeting devoted to issues related to the optimization of senior care. The meeting aims to explore needs and opportunities for establishing a Polish\u2013French project consortium in order to apply for a grant to conduct research in this field.&lt;\/p&gt;  &lt;p data-start=&quot;565&quot; data-end=&quot;655&quot;&gt;The program includes two lectures serving as an introduction to the subsequent discussion:&lt;\/p&gt;    &lt;ul&gt;    &lt;li data-start=&quot;657&quot; data-end=&quot;992&quot;&gt;&lt;strong data-start=&quot;657&quot; data-end=&quot;694&quot;&gt;Prof. Agnieszka Neumann-Podczaska&lt;\/strong&gt;, Karol Marcinkowski University of Medical Sciences in Pozna\u0144 \u2013 &lt;em data-start=&quot;758&quot; data-end=&quot;799&quot;&gt;Challenges in geriatric pharmacotherapy&lt;\/em&gt;&lt;br data-start=&quot;799&quot; data-end=&quot;802&quot; \/&gt;In her presentation, the speaker will focus primarily on the use of neuroleptics in older adults, discussing current recommendations, risks, and principles of responsible and safe treatment.&lt;\/li&gt;    &lt;li data-start=&quot;994&quot; data-end=&quot;1267&quot;&gt;&lt;strong data-start=&quot;994&quot; data-end=&quot;1019&quot;&gt;Dr Krzysztof Klimczak&lt;\/strong&gt;, President of the Association of Physicians of Polish Origin in France \u2013 &lt;em data-start=&quot;1093&quot; data-end=&quot;1143&quot;&gt;Applications of cardiac echography in geriatrics&lt;\/em&gt;&lt;br data-start=&quot;1143&quot; data-end=&quot;1146&quot; \/&gt;The lecture will present practical possibilities for the use of echocardiography in the daily care of geriatric patients.&lt;\/li&gt;    &lt;li data-start=&quot;1269&quot; data-end=&quot;1579&quot;&gt;&lt;strong data-start=&quot;1269&quot; data-end=&quot;1298&quot;&gt;Dr Honorata Dudek-Frysiak&lt;\/strong&gt;, French Government Scholarship holder (France Excellence) at Sciences Po \u2013 &lt;em data-start=&quot;1374&quot; data-end=&quot;1477&quot;&gt;Analysis of the social, economic, and technological aspects of population ageing in Poland and France&lt;\/em&gt;&lt;br data-start=&quot;1477&quot; data-end=&quot;1480&quot; \/&gt;The speaker will present a non-medical perspective and discuss issues related to population ageing.&lt;\/li&gt;  &lt;\/ul&gt;  &lt;p data-start=&quot;1581&quot; data-end=&quot;1632&quot;&gt;The lectures and discussion will be held in Polish.&lt;\/p&gt;  &lt;p data-start=&quot;1634&quot; data-end=&quot;1757&quot;&gt;The meeting is addressed to individuals interested in a modern, responsible, and interdisciplinary approach to senior care.&lt;\/p&gt;  &lt;p data-start=&quot;1759&quot; data-end=&quot;1782&quot;&gt;You are warmly invited!&lt;\/p&gt;    &lt;\/div&gt;\",\r\n            \"image\": \"https:\/\/paris.pan.pl\/wp-content\/uploads\/2025\/11\/Cafe-Scientifique-opieka-senioralna.png\",\r\n            \"name\": \"Caf\u00e9 Scientifique &#8211; optimisation of senior care\",\r\n            \"url\": \"https:\/\/paris.pan.pl\/en\/events\/cafe-scientifique-optymalizacja-opieki-senioralnej\/\"\r\n        }\r\n        <\/script>\r\n        <article class=\"mec-past-event mec-event-article mec-clear  \" itemscope>                    <div class=\"mec-event-date mec-bg-color-hover mec-border-color-hover mec-color\"><span>01<\/span>Dec<\/div>\r\n            <div class=\"event-detail-wrap\">\r\n                <h4 class=\"mec-event-title\"><a class=\"mec-color-hover\"  data-event-id=\"19816\" href=\"https:\/\/paris.pan.pl\/en\/events\/cafe-scientifique-optymalizacja-opieki-senioralnej\/\" target=\"_self\" rel=\"noopener\">Caf\u00e9 Scientifique &#8211; optimisation of senior care<\/a><span class=\"event-color\" style=\"background: #\"><\/span><\/h4>\r\n                                                <div class=\"mec-event-detail\">\r\n                    <div class=\"mec-event-loc-place\"><\/div>\r\n                                                                            <\/div>\r\n            <\/div>\r\n        <\/article><\/div>                <div class=\"col-md-4 col-sm-4\">        <script type=\"application\/ld+json\">\r\n        {\r\n            \"@context\": \"http:\/\/schema.org\",\r\n            \"@type\": \"Event\",\r\n            \"eventStatus\": \"https:\/\/schema.org\/EventScheduled\",\r\n            \"startDate\": \"2025-11-27\",\r\n            \"endDate\": \"2025-12-29\",\r\n            \"eventAttendanceMode\": \"https:\/\/schema.org\/OfflineEventAttendanceMode\",\r\n            \"location\":\r\n            {\r\n                \"@type\": \"Place\",\r\n                                \"name\": \"\",\r\n                \"image\": \"\",\r\n                \"address\": \"\"\r\n                            },\r\n            \"organizer\":\r\n            {\r\n                \"@type\": \"Person\",\r\n                \"name\": \"\",\r\n                \"url\": \"\"\r\n            },\r\n            \"offers\":\r\n            {\r\n                \"url\": \"https:\/\/paris.pan.pl\/en\/events\/explorateurs-polonais-du-nouveau-monde-et-des-iles-du-pacifique-predecesseurs-et-successeurs-de-sir-pawel-edmund-strzelecki-exhibition\/\",\r\n                \"price\": \"\",\r\n                \"priceCurrency\": \"\u20ac\",\r\n                \"availability\": \"https:\/\/schema.org\/InStock\",\r\n                \"validFrom\": \"2025-11-27T00:00\"\r\n            },\r\n            \"performer\": \"\",\r\n            \"description\": \"The exhibition &lt;em&gt;Explorateurs polonais du Nouveau Monde et des \u00celes du Pacifique: Pr\u00e9d\u00e9cesseurs et Successeurs de Sir Pawe\u0142 Edmund Strzelecki&lt;\/em&gt; focuses on a unique and frequently overlooked chapter in Polish history, which is &lt;strong&gt;the involvement of Polish scientists, travellers, and explorers beyond the borders of Europe&lt;\/strong&gt;. Stimulated by their curiosity about the world, these individuals ventured to the newly discovered Pacific islands. They arrived in the region as members of geographical expeditions or as migrants, forced to leave Poland as a result of the partitions or political repression. However, what they all had in common was &lt;strong&gt;a desire to discover, understand and describe the world\u2019s remote corners&lt;\/strong&gt;.    The exhibition explores the various profiles of these figures. It demonstrates how they perceived and analysed other cultures. Unlike the colonisers, many Polish scientists and travellers viewed the inhabitants of Oceania with openness and empathy, treating them as equals. They regarded them as individuals deserving of respect and careful observation, rather than as objects to be conquered. This makes their contribution to the study of local culture all the more valuable. The exhibition also illustrates how the Poles documented the daily lives, customs, languages and views of the peoples of the Pacific at a pivotal moment in history, on the threshold of rapid change resulting from contact with Western countries. It also reflects on Polish identity and Poland\u2019s place in the global legacy of geographical discovery. Despite not existing as a state in the nineteenth century, Poland&#039;s citizens, scattered around the world, actively participated in the era&#039;s intellectual and scientific processes.    During the exhibition, the &lt;strong&gt;film &lt;em&gt;Polish Explorers of the New World and the Islands of the Pacific&lt;\/em&gt;&lt;\/strong&gt;, commissioned by the Polish Ministry of Foreign Affairs in 2023, will also be screened.    [gallery columns=&quot;1&quot; link=&quot;none&quot; size=&quot;large&quot; ids=&quot;19593&quot;]    &nbsp;    The exhibition is organised and created by the Polish Branch of The Explorers Club. The Polish Academy of Sciences Scientific Center in Paris is a partner of the event.    Task financed by the Ministry of Foreign Affairs of the Republic of Poland as part of the &lt;em&gt;Public Diplomacy 2023&lt;\/em&gt; grant.    Due to the limited number of places,&lt;strong&gt; those interested in attending the event are invited to register by sending an email to &lt;a href=&quot;secretariat@paris.pan.pl&quot;&gt;secretariat@paris.pan.pl&lt;\/a&gt; or by filling out the form: &lt;a href=&quot;https:\/\/forms.office.com\/e\/AqTrvgrtb7&quot;&gt;https:\/\/forms.office.com\/e\/AqTrvgrtb7&lt;\/a&gt;&lt;\/strong&gt;    The event will be held &lt;strong&gt;in French&lt;\/strong&gt;.    &lt;strong&gt;By registering for the event, you accept the &lt;a href=&quot;https:\/\/paris.pan.pl\/wp-content\/uploads\/2025\/08\/Klauzule-EN.pdf&quot;&gt;rules for the processing of personal data&lt;\/a&gt;.&lt;\/strong&gt;\",\r\n            \"image\": \"https:\/\/paris.pan.pl\/wp-content\/uploads\/2025\/10\/wystawa-2.png\",\r\n            \"name\": \"Explorateurs polonais du Nouveau Monde et des \u00eeles du Pacifique : pr\u00e9d\u00e9cesseurs et successeurs de Sir Pawe\u0142 Edmund Strzelecki [EXHIBITION]\",\r\n            \"url\": \"https:\/\/paris.pan.pl\/en\/events\/explorateurs-polonais-du-nouveau-monde-et-des-iles-du-pacifique-predecesseurs-et-successeurs-de-sir-pawel-edmund-strzelecki-exhibition\/\"\r\n        }\r\n        <\/script>\r\n        <article class=\"mec-past-event mec-event-article mec-clear  \" itemscope>                    <div class=\"mec-event-date mec-bg-color-hover mec-border-color-hover mec-color\"><span>27<\/span>Nov<\/div>\r\n            <div class=\"event-detail-wrap\">\r\n                <h4 class=\"mec-event-title\"><a class=\"mec-color-hover\"  data-event-id=\"19416\" href=\"https:\/\/paris.pan.pl\/en\/events\/explorateurs-polonais-du-nouveau-monde-et-des-iles-du-pacifique-predecesseurs-et-successeurs-de-sir-pawel-edmund-strzelecki-exhibition\/\" target=\"_self\" rel=\"noopener\">Explorateurs polonais du Nouveau Monde et des \u00eeles du Pacifique : pr\u00e9d\u00e9cesseurs et successeurs de Sir Pawe\u0142 Edmund Strzelecki [EXHIBITION]<\/a><span class=\"event-color\" style=\"background: #\"><\/span><\/h4>\r\n                                                <div class=\"mec-event-detail\">\r\n                    <div class=\"mec-event-loc-place\"><\/div>\r\n                                                                            <\/div>\r\n            <\/div>\r\n        <\/article><\/div><\/div>                        \t<\/div>\r\n<\/div>\r\n\r\n    <\/div>\r\n    <div class=\"mec-skin-grid-no-events-container mec-util-hidden\" id=\"mec_skin_no_events_1796\">\r\n        No event found!    <\/div>\r\n        \r\n        <div class=\"mec-load-more-wrap\"><div class=\"mec-load-more-button \">Load More<\/div><\/div>\r\n        \r\n<\/div><br \/>\n[\/et_pb_toggle][\/et_pb_column][\/et_pb_row][\/et_pb_section][et_pb_section fb_built=&#8221;1&#8243; prev_background_color=&#8221;#f2f2f2&#8243; module_id=&#8221;calendar&#8221; _builder_version=&#8221;3.22&#8243; background_color=&#8221;#fcfcfc&#8221; background_color_gradient_direction=&#8221;90deg&#8221; background_blend=&#8221;soft-light&#8221; custom_margin=&#8221;-1px||&#8221; custom_padding=&#8221;30px|0px|7px|0px|false|false&#8221; top_divider_style=&#8221;asymmetric&#8221; top_divider_height=&#8221;47px&#8221; top_divider_height_tablet=&#8221;19px&#8221; top_divider_height_phone=&#8221;15px&#8221; top_divider_height_last_edited=&#8221;on|tablet&#8221; bottom_divider_color=&#8221;#fcfcfc&#8221; bottom_divider_height=&#8221;40px&#8221; bottom_divider_flip=&#8221;vertical|horizontal&#8221; bottom_divider_arrangement=&#8221;above_content&#8221; bottom_divider_height_tablet=&#8221;22px&#8221; bottom_divider_height_phone=&#8221;17px&#8221; bottom_divider_height_last_edited=&#8221;on|tablet&#8221; animation_style=&#8221;fade&#8221; border_color_right=&#8221;#00A0E3&#8243; global_colors_info=&#8221;{}&#8221;][et_pb_row column_structure=&#8221;3_4,1_4&#8243; use_custom_gutter=&#8221;on&#8221; gutter_width=&#8221;2&#8243; module_id=&#8221;people&#8221; _builder_version=&#8221;3.25&#8243; width=&#8221;70%&#8221; max_width=&#8221;70%&#8221; custom_padding=&#8221;|0px|11px|0px&#8221; animation_style=&#8221;fade&#8221; use_custom_width=&#8221;on&#8221; width_unit=&#8221;off&#8221; custom_width_percent=&#8221;70%&#8221; custom_width_percent__hover=&#8221;80%&#8221; locked=&#8221;off&#8221; global_colors_info=&#8221;{}&#8221; border_width_all__hover=&#8221;5px&#8221; width__hover=&#8221;80%&#8221; max_width__hover=&#8221;80%&#8221; width_tablet=&#8221;70%&#8221; width_phone=&#8221;90%&#8221; width_last_edited=&#8221;on|phone&#8221; max_width_tablet=&#8221;70%&#8221; max_width_phone=&#8221;90%&#8221; max_width_last_edited=&#8221;on|tablet&#8221;][et_pb_column type=&#8221;3_4&#8243; _builder_version=&#8221;3.0.47&#8243; custom_padding=&#8221;|||&#8221; global_colors_info=&#8221;{}&#8221; custom_padding__hover=&#8221;|||&#8221; custom_css_main_element__hover=&#8221;background:  rgb(243,241,241);|| &#8220;][et_pb_text _builder_version=&#8221;3.27.4&#8243; header_font=&#8221;Chivo|700|||||||&#8221; header_font_size=&#8221;46px&#8221; module_alignment=&#8221;left&#8221; custom_margin=&#8221;||&#8221; custom_padding=&#8221;|||20px&#8221; animation_style=&#8221;flip&#8221; animation_direction=&#8221;right&#8221; animation_delay=&#8221;300ms&#8221; animation_intensity_flip=&#8221;26%&#8221; hover_transition_duration=&#8221;600ms&#8221; header_font_size_tablet=&#8221;40px&#8221; header_font_size_phone=&#8221;30px&#8221; header_font_size_last_edited=&#8221;on|desktop&#8221; border_color_all=&#8221;#00A0E3&#8243; border_color_top=&#8221;#00a0e3&#8243; border_color_right=&#8221;#00a0e3&#8243; border_color_bottom=&#8221;#00a0e3&#8243; border_width_left=&#8221;6px&#8221; border_color_left=&#8221;#00a0e3&#8243; locked=&#8221;off&#8221; global_colors_info=&#8221;{}&#8221; border_width_left__hover_enabled=&#8221;on&#8221; border_width_left__hover=&#8221;20px&#8221;]<\/p>\n<h1>Calendar<\/h1>\n<p>[\/et_pb_text][et_pb_button button_url=&#8221;#list&#8221; button_text=&#8221;Show list&#8221; button_alignment=&#8221;left&#8221; _builder_version=&#8221;3.17.6&#8243; custom_button=&#8221;on&#8221; button_text_size=&#8221;16px&#8221; button_text_color=&#8221;#00a0e3&#8243; button_bg_color_gradient_start=&#8221;#0c71c3&#8243; button_bg_color_gradient_end=&#8221;#2271a3&#8243; button_bg_color_gradient_type=&#8221;radial&#8221; button_border_width=&#8221;0px&#8221; button_border_color=&#8221;#00a0e3&#8243; button_border_radius=&#8221;0px&#8221; button_letter_spacing=&#8221;1px&#8221; button_font=&#8221;Lato|||on|||||&#8221; button_icon=&#8221;%%0%%&#8221; button_on_hover=&#8221;off&#8221; custom_padding=&#8221;0px||&#8221; custom_padding_phone=&#8221;|||28px&#8221; custom_padding_last_edited=&#8221;off|desktop&#8221; animation_style=&#8221;fade&#8221; animation_delay=&#8221;550ms&#8221; hover_transition_duration=&#8221;650ms&#8221; locked=&#8221;off&#8221; global_colors_info=&#8221;{}&#8221; button_bg_color__hover_enabled=&#8221;on&#8221; button_bg_color__hover=&#8221;rgba(0,0,0,0)&#8221; button_text_color__hover_enabled=&#8221;on&#8221; button_text_color__hover=&#8221;#000000&#8243;][\/et_pb_button][\/et_pb_column][et_pb_column type=&#8221;1_4&#8243; _builder_version=&#8221;3.0.47&#8243; custom_padding=&#8221;|||&#8221; global_colors_info=&#8221;{}&#8221; custom_padding__hover=&#8221;|||&#8221;][\/et_pb_column][\/et_pb_row][et_pb_row use_custom_gutter=&#8221;on&#8221; gutter_width=&#8221;2&#8243; _builder_version=&#8221;3.25&#8243; width=&#8221;70%&#8221; max_width=&#8221;70%&#8221; custom_padding=&#8221;0|0px|0|0px|true|false&#8221; animation_style=&#8221;fade&#8221; use_custom_width=&#8221;on&#8221; width_unit=&#8221;off&#8221; custom_width_percent=&#8221;70%&#8221; custom_width_percent__hover=&#8221;80%&#8221; locked=&#8221;off&#8221; global_colors_info=&#8221;{}&#8221; border_width_all__hover=&#8221;5px&#8221; width__hover=&#8221;80%&#8221; max_width__hover=&#8221;80%&#8221; width_tablet=&#8221;70%&#8221; width_phone=&#8221;90%&#8221; width_last_edited=&#8221;on|phone&#8221; max_width_tablet=&#8221;70%&#8221; max_width_phone=&#8221;90%&#8221; max_width_last_edited=&#8221;on|tablet&#8221;][et_pb_column type=&#8221;4_4&#8243; _builder_version=&#8221;3.0.47&#8243; custom_padding=&#8221;|||&#8221; global_colors_info=&#8221;{}&#8221; custom_padding__hover=&#8221;|||&#8221; custom_css_main_element__hover=&#8221;background:  rgb(243,241,241);|| &#8220;][et_pb_text _builder_version=&#8221;3.27.4&#8243; locked=&#8221;off&#8221; global_colors_info=&#8221;{}&#8221; text_font_size__hover=&#8221;16px&#8221; text_font_size__hover_enabled=&#8221;16px&#8221; header_font_size__hover=&#8221;30px&#8221; header_font_size__hover_enabled=&#8221;30px&#8221; max_width__hover=&#8221;100%&#8221; max_width__hover_enabled=&#8221;100%&#8221; animation_style__hover=&#8221;none&#8221; animation_style__hover_enabled=&#8221;none&#8221; animation_direction__hover=&#8221;center&#8221; animation_direction__hover_enabled=&#8221;center&#8221; animation_delay__hover=&#8221;0ms&#8221; animation_delay__hover_enabled=&#8221;0ms&#8221; animation_intensity_flip__hover=&#8221;50%&#8221; animation_intensity_flip__hover_enabled=&#8221;50%&#8221; use_background_color_gradient__hover=&#8221;off&#8221; use_background_color_gradient__hover_enabled=&#8221;off&#8221; background_color_gradient_start__hover=&#8221;#2b87da&#8221; background_color_gradient_start__hover_enabled=&#8221;#2b87da&#8221; background_color_gradient_end__hover=&#8221;#29c4a9&#8243; background_color_gradient_end__hover_enabled=&#8221;#29c4a9&#8243; background_color_gradient_type__hover=&#8221;linear&#8221; background_color_gradient_type__hover_enabled=&#8221;linear&#8221; background_color_gradient_direction__hover=&#8221;180deg&#8221; background_color_gradient_direction__hover_enabled=&#8221;180deg&#8221; background_color_gradient_direction_radial__hover=&#8221;center&#8221; background_color_gradient_direction_radial__hover_enabled=&#8221;center&#8221; background_color_gradient_start_position__hover=&#8221;0%&#8221; background_color_gradient_start_position__hover_enabled=&#8221;0%&#8221; background_color_gradient_end_position__hover=&#8221;100%&#8221; background_color_gradient_end_position__hover_enabled=&#8221;100%&#8221; background_color_gradient_overlays_image__hover=&#8221;off&#8221; background_color_gradient_overlays_image__hover_enabled=&#8221;off&#8221; parallax__hover=&#8221;off&#8221; parallax__hover_enabled=&#8221;off&#8221; parallax_method__hover=&#8221;on&#8221; parallax_method__hover_enabled=&#8221;on&#8221; background_size__hover=&#8221;cover&#8221; background_size__hover_enabled=&#8221;cover&#8221; background_position__hover=&#8221;center&#8221; background_position__hover_enabled=&#8221;center&#8221; background_repeat__hover=&#8221;no-repeat&#8221; background_repeat__hover_enabled=&#8221;no-repeat&#8221; background_blend__hover=&#8221;normal&#8221; background_blend__hover_enabled=&#8221;normal&#8221; allow_player_pause__hover=&#8221;off&#8221; allow_player_pause__hover_enabled=&#8221;off&#8221; background_video_pause_outside_viewport__hover=&#8221;on&#8221; background_video_pause_outside_viewport__hover_enabled=&#8221;on&#8221; text_letter_spacing__hover=&#8221;0px&#8221; text_letter_spacing__hover_enabled=&#8221;0px&#8221; text_line_height__hover=&#8221;1.7em&#8221; text_line_height__hover_enabled=&#8221;1.7em&#8221; text_text_shadow_style__hover=&#8221;none&#8221; text_text_shadow_style__hover_enabled=&#8221;none&#8221; text_text_shadow_color__hover=&#8221;rgba(0,0,0,0.4)&#8221; text_text_shadow_color__hover_enabled=&#8221;rgba(0,0,0,0.4)&#8221; link_font_size__hover=&#8221;16px&#8221; link_font_size__hover_enabled=&#8221;16px&#8221; link_letter_spacing__hover=&#8221;0px&#8221; link_letter_spacing__hover_enabled=&#8221;0px&#8221; link_line_height__hover=&#8221;1em&#8221; link_line_height__hover_enabled=&#8221;1em&#8221; link_text_shadow_style__hover=&#8221;none&#8221; link_text_shadow_style__hover_enabled=&#8221;none&#8221; link_text_shadow_color__hover=&#8221;rgba(0,0,0,0.4)&#8221; link_text_shadow_color__hover_enabled=&#8221;rgba(0,0,0,0.4)&#8221; ul_font_size__hover=&#8221;14px&#8221; ul_font_size__hover_enabled=&#8221;14px&#8221; ul_letter_spacing__hover=&#8221;0px&#8221; ul_letter_spacing__hover_enabled=&#8221;0px&#8221; ul_line_height__hover=&#8221;1em&#8221; ul_line_height__hover_enabled=&#8221;1em&#8221; ul_text_shadow_style__hover=&#8221;none&#8221; ul_text_shadow_style__hover_enabled=&#8221;none&#8221; ul_text_shadow_color__hover=&#8221;rgba(0,0,0,0.4)&#8221; ul_text_shadow_color__hover_enabled=&#8221;rgba(0,0,0,0.4)&#8221; ol_font_size__hover=&#8221;14px&#8221; ol_font_size__hover_enabled=&#8221;14px&#8221; ol_letter_spacing__hover=&#8221;0px&#8221; ol_letter_spacing__hover_enabled=&#8221;0px&#8221; ol_line_height__hover=&#8221;1em&#8221; ol_line_height__hover_enabled=&#8221;1em&#8221; ol_text_shadow_style__hover=&#8221;none&#8221; ol_text_shadow_style__hover_enabled=&#8221;none&#8221; ol_text_shadow_color__hover=&#8221;rgba(0,0,0,0.4)&#8221; ol_text_shadow_color__hover_enabled=&#8221;rgba(0,0,0,0.4)&#8221; quote_font_size__hover=&#8221;14px&#8221; quote_font_size__hover_enabled=&#8221;14px&#8221; quote_letter_spacing__hover=&#8221;0px&#8221; quote_letter_spacing__hover_enabled=&#8221;0px&#8221; quote_line_height__hover=&#8221;1em&#8221; quote_line_height__hover_enabled=&#8221;1em&#8221; quote_text_shadow_style__hover=&#8221;none&#8221; quote_text_shadow_style__hover_enabled=&#8221;none&#8221; quote_text_shadow_color__hover=&#8221;rgba(0,0,0,0.4)&#8221; quote_text_shadow_color__hover_enabled=&#8221;rgba(0,0,0,0.4)&#8221; header_letter_spacing__hover=&#8221;0px&#8221; header_letter_spacing__hover_enabled=&#8221;0px&#8221; header_text_shadow_style__hover=&#8221;none&#8221; header_text_shadow_style__hover_enabled=&#8221;none&#8221; header_text_shadow_color__hover=&#8221;rgba(0,0,0,0.4)&#8221; header_text_shadow_color__hover_enabled=&#8221;rgba(0,0,0,0.4)&#8221; header_2_font_size__hover=&#8221;26px&#8221; header_2_font_size__hover_enabled=&#8221;26px&#8221; header_2_letter_spacing__hover=&#8221;0px&#8221; header_2_letter_spacing__hover_enabled=&#8221;0px&#8221; header_2_line_height__hover=&#8221;1em&#8221; header_2_line_height__hover_enabled=&#8221;1em&#8221; header_2_text_shadow_style__hover=&#8221;none&#8221; header_2_text_shadow_style__hover_enabled=&#8221;none&#8221; header_2_text_shadow_color__hover=&#8221;rgba(0,0,0,0.4)&#8221; header_2_text_shadow_color__hover_enabled=&#8221;rgba(0,0,0,0.4)&#8221; header_3_font_size__hover=&#8221;22px&#8221; header_3_font_size__hover_enabled=&#8221;22px&#8221; header_3_letter_spacing__hover=&#8221;0px&#8221; header_3_letter_spacing__hover_enabled=&#8221;0px&#8221; header_3_line_height__hover=&#8221;1em&#8221; header_3_line_height__hover_enabled=&#8221;1em&#8221; header_3_text_shadow_style__hover=&#8221;none&#8221; header_3_text_shadow_style__hover_enabled=&#8221;none&#8221; header_3_text_shadow_color__hover=&#8221;rgba(0,0,0,0.4)&#8221; header_3_text_shadow_color__hover_enabled=&#8221;rgba(0,0,0,0.4)&#8221; header_4_font_size__hover=&#8221;18px&#8221; header_4_font_size__hover_enabled=&#8221;18px&#8221; header_4_letter_spacing__hover=&#8221;0px&#8221; header_4_letter_spacing__hover_enabled=&#8221;0px&#8221; header_4_line_height__hover=&#8221;1em&#8221; header_4_line_height__hover_enabled=&#8221;1em&#8221; header_4_text_shadow_style__hover=&#8221;none&#8221; header_4_text_shadow_style__hover_enabled=&#8221;none&#8221; header_4_text_shadow_color__hover=&#8221;rgba(0,0,0,0.4)&#8221; header_4_text_shadow_color__hover_enabled=&#8221;rgba(0,0,0,0.4)&#8221; header_5_font_size__hover=&#8221;16px&#8221; header_5_font_size__hover_enabled=&#8221;16px&#8221; header_5_letter_spacing__hover=&#8221;0px&#8221; header_5_letter_spacing__hover_enabled=&#8221;0px&#8221; header_5_line_height__hover=&#8221;1em&#8221; header_5_line_height__hover_enabled=&#8221;1em&#8221; header_5_text_shadow_style__hover=&#8221;none&#8221; header_5_text_shadow_style__hover_enabled=&#8221;none&#8221; header_5_text_shadow_color__hover=&#8221;rgba(0,0,0,0.4)&#8221; header_5_text_shadow_color__hover_enabled=&#8221;rgba(0,0,0,0.4)&#8221; header_6_font_size__hover=&#8221;14px&#8221; header_6_font_size__hover_enabled=&#8221;14px&#8221; header_6_letter_spacing__hover=&#8221;0px&#8221; header_6_letter_spacing__hover_enabled=&#8221;0px&#8221; header_6_line_height__hover=&#8221;1em&#8221; header_6_line_height__hover_enabled=&#8221;1em&#8221; header_6_text_shadow_style__hover=&#8221;none&#8221; header_6_text_shadow_style__hover_enabled=&#8221;none&#8221; header_6_text_shadow_color__hover=&#8221;rgba(0,0,0,0.4)&#8221; header_6_text_shadow_color__hover_enabled=&#8221;rgba(0,0,0,0.4)&#8221; border_radii__hover=&#8221;on||||&#8221; border_radii__hover_enabled=&#8221;on||||&#8221; box_shadow_style__hover=&#8221;none&#8221; box_shadow_style__hover_enabled=&#8221;none&#8221; box_shadow_color__hover=&#8221;rgba(0,0,0,0.3)&#8221; box_shadow_color__hover_enabled=&#8221;rgba(0,0,0,0.3)&#8221; text_orientation__hover=&#8221;left&#8221; text_orientation__hover_enabled=&#8221;left&#8221; background_layout__hover=&#8221;light&#8221; background_layout__hover_enabled=&#8221;light&#8221; filter_hue_rotate__hover=&#8221;0deg&#8221; filter_hue_rotate__hover_enabled=&#8221;0deg&#8221; filter_saturate__hover=&#8221;100%&#8221; filter_saturate__hover_enabled=&#8221;100%&#8221; filter_brightness__hover=&#8221;100%&#8221; filter_brightness__hover_enabled=&#8221;100%&#8221; filter_contrast__hover=&#8221;100%&#8221; filter_contrast__hover_enabled=&#8221;100%&#8221; filter_invert__hover=&#8221;0%&#8221; filter_invert__hover_enabled=&#8221;0%&#8221; filter_sepia__hover=&#8221;0%&#8221; filter_sepia__hover_enabled=&#8221;0%&#8221; filter_opacity__hover=&#8221;100%&#8221; filter_opacity__hover_enabled=&#8221;100%&#8221; filter_blur__hover=&#8221;0px&#8221; filter_blur__hover_enabled=&#8221;0px&#8221; mix_blend_mode__hover=&#8221;normal&#8221; mix_blend_mode__hover_enabled=&#8221;normal&#8221; animation_repeat__hover=&#8221;once&#8221; animation_repeat__hover_enabled=&#8221;once&#8221; animation_duration__hover=&#8221;1000ms&#8221; animation_duration__hover_enabled=&#8221;1000ms&#8221; animation_intensity_slide__hover=&#8221;50%&#8221; animation_intensity_slide__hover_enabled=&#8221;50%&#8221; animation_intensity_zoom__hover=&#8221;50%&#8221; animation_intensity_zoom__hover_enabled=&#8221;50%&#8221; animation_intensity_fold__hover=&#8221;50%&#8221; animation_intensity_fold__hover_enabled=&#8221;50%&#8221; animation_intensity_roll__hover=&#8221;50%&#8221; animation_intensity_roll__hover_enabled=&#8221;50%&#8221; animation_starting_opacity__hover=&#8221;0%&#8221; animation_starting_opacity__hover_enabled=&#8221;0%&#8221; animation_speed_curve__hover=&#8221;ease-in-out&#8221; animation_speed_curve__hover_enabled=&#8221;ease-in-out&#8221; hover_transition_duration__hover=&#8221;300ms&#8221; hover_transition_duration__hover_enabled=&#8221;300ms&#8221; hover_transition_delay__hover=&#8221;0ms&#8221; hover_transition_delay__hover_enabled=&#8221;0ms&#8221; hover_transition_speed_curve__hover=&#8221;ease&#8221; hover_transition_speed_curve__hover_enabled=&#8221;ease&#8221;]<\/p>\n<p>\n<div id=\"mec_skin_1790\" class=\"mec-wrap colorskin-custom   mec-full-calendar-wrap\">\r\n\r\n    <div class=\"mec-search-form mec-totalcal-box\">\r\n            <\/div>\r\n\r\n    <div id=\"mec_full_calendar_container_1790\" class=\"mec-full-calendar-skin-container\">\r\n        <div id=\"mec_skin_1790\" class=\"mec-wrap  \">\r\n    \r\n        \r\n    <div class=\"mec-wrap mec-yearly-view-wrap\">\r\n\r\n                <div class=\"mec-yearly-title-sec\">\r\n            <div class=\"mec-year-navigator\" id=\"mec_year_navigator_1790_2026\">\r\n                <div class=\"mec-previous-year mec-load-year mec-color-hover\" data-mec-year=\"2025\"><a href=\"#\" class=\"mec-load-month-link\"><i class=\"mec-sl-angle-left\"><\/i> 2025<\/a><\/div><h2>2026<\/h2><div class=\"mec-next-year mec-load-year mec-color-hover\" data-mec-year=\"2027\"><a href=\"#\" class=\"mec-load-month-link\">2027 <i class=\"mec-sl-angle-right\"><\/i><\/a><\/div>            <\/div>\r\n        <\/div>\r\n        \r\n        <div id=\"mec_skin_events_1790\">\r\n            <div class=\"mec-year-container\" id=\"mec_yearly_view_year_1790_2026\" data-year-id=\"2026\">\r\n                <div class=\"mec-yearly-calendar-sec\">\r\n    <div class=\"mec-calendar mec-yearly-calendar\">\r\n\r\n    <div class=\"mec-calendar-table-title\">\r\n        January    <\/div>\r\n    <div class=\"mec-calendar-table\">\r\n        <div class=\"mec-calendar-table-head\"><dl><dt>MO<\/dt><dt>TU<\/dt><dt>WE<\/dt><dt>TH<\/dt><dt>FR<\/dt><dt>SA<\/dt><dt>SU<\/dt><\/dl><\/div>\r\n        <div class=\"mec-calendar-table-body\">\r\n            <dl>\r\n                <dt class=\"mec-table-nullday\">29<\/dt><dt class=\"mec-table-nullday\">30<\/dt><dt class=\"mec-table-nullday\">31<\/dt><dt>1<\/dt><dt>2<\/dt><dt>3<\/dt><dt>4<\/dt><\/dl><dl><dt>5<\/dt><dt>6<\/dt><dt>7<\/dt><dt>8<\/dt><dt>9<\/dt><dt>10<\/dt><dt>11<\/dt><\/dl><dl><dt>12<\/dt><dt>13<\/dt><dt>14<\/dt><dt>15<\/dt><dt>16<\/dt><dt>17<\/dt><dt>18<\/dt><\/dl><dl><dt>19<\/dt><dt>20<\/dt><dt>21<\/dt><dt>22<\/dt><dt>23<\/dt><dt>24<\/dt><dt>25<\/dt><\/dl><dl><dt>26<\/dt><dt>27<\/dt><dt>28<\/dt><dt>29<\/dt><dt>30<\/dt><dt>31<\/dt><dt class=\"mec-table-nullday\">1<\/dt><\/dl><dl><dt class=\"mec-table-nullday\">2<\/dt><dt class=\"mec-table-nullday\">3<\/dt><dt class=\"mec-table-nullday\">4<\/dt><dt class=\"mec-table-nullday\">5<\/dt><dt class=\"mec-table-nullday\">6<\/dt><dt class=\"mec-table-nullday\">7<\/dt><dt class=\"mec-table-nullday\">8<\/dt>            <\/dl>\r\n        <\/div>\r\n    <\/div>\r\n<\/div><div class=\"mec-calendar mec-yearly-calendar\">\r\n\r\n    <div class=\"mec-calendar-table-title\">\r\n        February    <\/div>\r\n    <div class=\"mec-calendar-table\">\r\n        <div class=\"mec-calendar-table-head\"><dl><dt>MO<\/dt><dt>TU<\/dt><dt>WE<\/dt><dt>TH<\/dt><dt>FR<\/dt><dt>SA<\/dt><dt>SU<\/dt><\/dl><\/div>\r\n        <div class=\"mec-calendar-table-body\">\r\n            <dl>\r\n                <dt class=\"mec-table-nullday\">26<\/dt><dt class=\"mec-table-nullday\">27<\/dt><dt class=\"mec-table-nullday\">28<\/dt><dt class=\"mec-table-nullday\">29<\/dt><dt class=\"mec-table-nullday\">30<\/dt><dt class=\"mec-table-nullday\">31<\/dt><dt>1<\/dt><\/dl><dl><dt>2<\/dt><dt>3<\/dt><dt>4<\/dt><dt>5<\/dt><dt>6<\/dt><dt>7<\/dt><dt>8<\/dt><\/dl><dl><dt>9<\/dt><dt>10<\/dt><dt>11<\/dt><dt>12<\/dt><dt>13<\/dt><dt>14<\/dt><dt>15<\/dt><\/dl><dl><dt>16<\/dt><dt>17<\/dt><dt>18<\/dt><dt>19<\/dt><dt>20<\/dt><dt>21<\/dt><dt>22<\/dt><\/dl><dl><dt>23<\/dt><dt>24<\/dt><dt>25<\/dt><dt>26<\/dt><dt>27<\/dt><dt>28<\/dt><dt class=\"mec-table-nullday\">1<\/dt><\/dl><dl><dt class=\"mec-table-nullday\">2<\/dt><dt class=\"mec-table-nullday\">3<\/dt><dt class=\"mec-table-nullday\">4<\/dt><dt class=\"mec-table-nullday\">5<\/dt><dt class=\"mec-table-nullday\">6<\/dt><dt class=\"mec-table-nullday\">7<\/dt><dt class=\"mec-table-nullday\">8<\/dt>            <\/dl>\r\n        <\/div>\r\n    <\/div>\r\n<\/div><div class=\"mec-calendar mec-yearly-calendar\">\r\n\r\n    <div class=\"mec-calendar-table-title\">\r\n        March    <\/div>\r\n    <div class=\"mec-calendar-table\">\r\n        <div class=\"mec-calendar-table-head\"><dl><dt>MO<\/dt><dt>TU<\/dt><dt>WE<\/dt><dt>TH<\/dt><dt>FR<\/dt><dt>SA<\/dt><dt>SU<\/dt><\/dl><\/div>\r\n        <div class=\"mec-calendar-table-body\">\r\n            <dl>\r\n                <dt class=\"mec-table-nullday\">26<\/dt><dt class=\"mec-table-nullday\">27<\/dt><dt class=\"mec-table-nullday\">28<\/dt><dt class=\"mec-table-nullday\">29<\/dt><dt class=\"mec-table-nullday\">30<\/dt><dt class=\"mec-table-nullday\">31<\/dt><dt>1<\/dt><\/dl><dl><dt>2<\/dt><dt>3<\/dt><dt>4<\/dt><dt>5<\/dt><dt>6<\/dt><dt>7<\/dt><dt>8<\/dt><\/dl><dl><dt>9<\/dt><dt>10<\/dt><dt>11<\/dt><dt>12<\/dt><dt>13<\/dt><dt>14<\/dt><dt>15<\/dt><\/dl><dl><dt>16<\/dt><dt>17<\/dt><dt>18<\/dt><dt>19<\/dt><dt>20<\/dt><dt>21<\/dt><dt>22<\/dt><\/dl><dl><dt>23<\/dt><dt>24<\/dt><dt>25<\/dt><dt>26<\/dt><dt>27<\/dt><dt>28<\/dt><dt>29<\/dt><\/dl><dl><dt>30<\/dt><dt class=\"mec-has-event\"><a href=\"#mec_yearly_view1790_20260331\" class=\"mec-has-event-a\">31<\/a><\/dt><dt class=\"mec-table-nullday\">1<\/dt><dt class=\"mec-table-nullday\">2<\/dt><dt class=\"mec-table-nullday\">3<\/dt><dt class=\"mec-table-nullday\">4<\/dt><dt class=\"mec-table-nullday\">5<\/dt>            <\/dl>\r\n        <\/div>\r\n    <\/div>\r\n<\/div><div class=\"mec-calendar mec-yearly-calendar\">\r\n\r\n    <div class=\"mec-calendar-table-title\">\r\n        April    <\/div>\r\n    <div class=\"mec-calendar-table\">\r\n        <div class=\"mec-calendar-table-head\"><dl><dt>MO<\/dt><dt>TU<\/dt><dt>WE<\/dt><dt>TH<\/dt><dt>FR<\/dt><dt>SA<\/dt><dt>SU<\/dt><\/dl><\/div>\r\n        <div class=\"mec-calendar-table-body\">\r\n            <dl>\r\n                <dt class=\"mec-table-nullday\">30<\/dt><dt class=\"mec-table-nullday\">31<\/dt><dt>1<\/dt><dt>2<\/dt><dt>3<\/dt><dt>4<\/dt><dt>5<\/dt><\/dl><dl><dt>6<\/dt><dt>7<\/dt><dt>8<\/dt><dt>9<\/dt><dt class=\"mec-has-event\"><a href=\"#mec_yearly_view1790_20260410\" class=\"mec-has-event-a\">10<\/a><\/dt><dt>11<\/dt><dt>12<\/dt><\/dl><dl><dt>13<\/dt><dt class=\"mec-has-event\"><a href=\"#mec_yearly_view1790_20260414\" class=\"mec-has-event-a\">14<\/a><\/dt><dt>15<\/dt><dt>16<\/dt><dt class=\"mec-has-event\"><a href=\"#mec_yearly_view1790_20260417\" class=\"mec-has-event-a\">17<\/a><\/dt><dt>18<\/dt><dt>19<\/dt><\/dl><dl><dt>20<\/dt><dt>21<\/dt><dt class=\"mec-has-event\"><a href=\"#mec_yearly_view1790_20260422\" class=\"mec-has-event-a\">22<\/a><\/dt><dt>23<\/dt><dt class=\"mec-has-event\"><a href=\"#mec_yearly_view1790_20260424\" class=\"mec-has-event-a\">24<\/a><\/dt><dt class=\"mec-has-event\"><a href=\"#mec_yearly_view1790_20260425\" class=\"mec-has-event-a\">25<\/a><\/dt><dt>26<\/dt><\/dl><dl><dt>27<\/dt><dt>28<\/dt><dt class=\"mec-has-event\"><a href=\"#mec_yearly_view1790_20260429\" class=\"mec-has-event-a\">29<\/a><\/dt><dt>30<\/dt><dt class=\"mec-table-nullday\">1<\/dt><dt class=\"mec-table-nullday\">2<\/dt><dt class=\"mec-table-nullday\">3<\/dt><\/dl><dl><dt class=\"mec-table-nullday\">4<\/dt><dt class=\"mec-table-nullday\">5<\/dt><dt class=\"mec-table-nullday\">6<\/dt><dt class=\"mec-table-nullday\">7<\/dt><dt class=\"mec-table-nullday\">8<\/dt><dt class=\"mec-table-nullday\">9<\/dt><dt class=\"mec-table-nullday\">10<\/dt>            <\/dl>\r\n        <\/div>\r\n    <\/div>\r\n<\/div><div class=\"mec-calendar mec-yearly-calendar\">\r\n\r\n    <div class=\"mec-calendar-table-title\">\r\n        May    <\/div>\r\n    <div class=\"mec-calendar-table\">\r\n        <div class=\"mec-calendar-table-head\"><dl><dt>MO<\/dt><dt>TU<\/dt><dt>WE<\/dt><dt>TH<\/dt><dt>FR<\/dt><dt>SA<\/dt><dt>SU<\/dt><\/dl><\/div>\r\n        <div class=\"mec-calendar-table-body\">\r\n            <dl>\r\n                <dt class=\"mec-table-nullday\">28<\/dt><dt class=\"mec-table-nullday\">29<\/dt><dt class=\"mec-table-nullday\">30<\/dt><dt class=\"mec-table-nullday\">31<\/dt><dt>1<\/dt><dt>2<\/dt><dt>3<\/dt><\/dl><dl><dt>4<\/dt><dt>5<\/dt><dt>6<\/dt><dt>7<\/dt><dt>8<\/dt><dt>9<\/dt><dt>10<\/dt><\/dl><dl><dt>11<\/dt><dt>12<\/dt><dt>13<\/dt><dt>14<\/dt><dt>15<\/dt><dt>16<\/dt><dt>17<\/dt><\/dl><dl><dt class=\"mec-has-event\"><a href=\"#mec_yearly_view1790_20260518\" class=\"mec-has-event-a\">18<\/a><\/dt><dt>19<\/dt><dt>20<\/dt><dt>21<\/dt><dt>22<\/dt><dt>23<\/dt><dt>24<\/dt><\/dl><dl><dt>25<\/dt><dt>26<\/dt><dt>27<\/dt><dt>28<\/dt><dt>29<\/dt><dt>30<\/dt><dt>31<\/dt><\/dl><dl><dt class=\"mec-table-nullday\">1<\/dt><dt class=\"mec-table-nullday\">2<\/dt><dt class=\"mec-table-nullday\">3<\/dt><dt class=\"mec-table-nullday\">4<\/dt><dt class=\"mec-table-nullday\">5<\/dt><dt class=\"mec-table-nullday\">6<\/dt><dt class=\"mec-table-nullday\">7<\/dt>            <\/dl>\r\n        <\/div>\r\n    <\/div>\r\n<\/div><div class=\"mec-calendar mec-yearly-calendar\">\r\n\r\n    <div class=\"mec-calendar-table-title\">\r\n        June    <\/div>\r\n    <div class=\"mec-calendar-table\">\r\n        <div class=\"mec-calendar-table-head\"><dl><dt>MO<\/dt><dt>TU<\/dt><dt>WE<\/dt><dt>TH<\/dt><dt>FR<\/dt><dt>SA<\/dt><dt>SU<\/dt><\/dl><\/div>\r\n        <div class=\"mec-calendar-table-body\">\r\n            <dl>\r\n                <dt>1<\/dt><dt>2<\/dt><dt>3<\/dt><dt>4<\/dt><dt>5<\/dt><dt>6<\/dt><dt>7<\/dt><\/dl><dl><dt>8<\/dt><dt>9<\/dt><dt>10<\/dt><dt>11<\/dt><dt>12<\/dt><dt>13<\/dt><dt>14<\/dt><\/dl><dl><dt>15<\/dt><dt>16<\/dt><dt>17<\/dt><dt>18<\/dt><dt>19<\/dt><dt>20<\/dt><dt>21<\/dt><\/dl><dl><dt>22<\/dt><dt>23<\/dt><dt>24<\/dt><dt>25<\/dt><dt>26<\/dt><dt>27<\/dt><dt>28<\/dt><\/dl><dl><dt>29<\/dt><dt>30<\/dt><dt class=\"mec-table-nullday\">1<\/dt><dt class=\"mec-table-nullday\">2<\/dt><dt class=\"mec-table-nullday\">3<\/dt><dt class=\"mec-table-nullday\">4<\/dt><dt class=\"mec-table-nullday\">5<\/dt><\/dl><dl><dt class=\"mec-table-nullday\">6<\/dt><dt class=\"mec-table-nullday\">7<\/dt><dt class=\"mec-table-nullday\">8<\/dt><dt class=\"mec-table-nullday\">9<\/dt><dt class=\"mec-table-nullday\">10<\/dt><dt class=\"mec-table-nullday\">11<\/dt><dt class=\"mec-table-nullday\">12<\/dt>            <\/dl>\r\n        <\/div>\r\n    <\/div>\r\n<\/div><div class=\"mec-calendar mec-yearly-calendar\">\r\n\r\n    <div class=\"mec-calendar-table-title\">\r\n        July    <\/div>\r\n    <div class=\"mec-calendar-table\">\r\n        <div class=\"mec-calendar-table-head\"><dl><dt>MO<\/dt><dt>TU<\/dt><dt>WE<\/dt><dt>TH<\/dt><dt>FR<\/dt><dt>SA<\/dt><dt>SU<\/dt><\/dl><\/div>\r\n        <div class=\"mec-calendar-table-body\">\r\n            <dl>\r\n                <dt class=\"mec-table-nullday\">30<\/dt><dt class=\"mec-table-nullday\">31<\/dt><dt class=\"mec-has-event\"><a href=\"#mec_yearly_view1790_20260701\" class=\"mec-has-event-a\">1<\/a><\/dt><dt>2<\/dt><dt>3<\/dt><dt>4<\/dt><dt>5<\/dt><\/dl><dl><dt>6<\/dt><dt>7<\/dt><dt>8<\/dt><dt class=\"mec-has-event\"><a href=\"#mec_yearly_view1790_20260709\" class=\"mec-has-event-a\">9<\/a><\/dt><dt>10<\/dt><dt>11<\/dt><dt>12<\/dt><\/dl><dl><dt>13<\/dt><dt>14<\/dt><dt>15<\/dt><dt>16<\/dt><dt>17<\/dt><dt>18<\/dt><dt>19<\/dt><\/dl><dl><dt>20<\/dt><dt>21<\/dt><dt>22<\/dt><dt>23<\/dt><dt>24<\/dt><dt>25<\/dt><dt>26<\/dt><\/dl><dl><dt>27<\/dt><dt>28<\/dt><dt>29<\/dt><dt>30<\/dt><dt>31<\/dt><dt class=\"mec-table-nullday\">1<\/dt><dt class=\"mec-table-nullday\">2<\/dt><\/dl><dl><dt class=\"mec-table-nullday\">3<\/dt><dt class=\"mec-table-nullday\">4<\/dt><dt class=\"mec-table-nullday\">5<\/dt><dt class=\"mec-table-nullday\">6<\/dt><dt class=\"mec-table-nullday\">7<\/dt><dt class=\"mec-table-nullday\">8<\/dt><dt class=\"mec-table-nullday\">9<\/dt>            <\/dl>\r\n        <\/div>\r\n    <\/div>\r\n<\/div><div class=\"mec-calendar mec-yearly-calendar\">\r\n\r\n    <div class=\"mec-calendar-table-title\">\r\n        August    <\/div>\r\n    <div class=\"mec-calendar-table\">\r\n        <div class=\"mec-calendar-table-head\"><dl><dt>MO<\/dt><dt>TU<\/dt><dt>WE<\/dt><dt>TH<\/dt><dt>FR<\/dt><dt>SA<\/dt><dt>SU<\/dt><\/dl><\/div>\r\n        <div class=\"mec-calendar-table-body\">\r\n            <dl>\r\n                <dt class=\"mec-table-nullday\">27<\/dt><dt class=\"mec-table-nullday\">28<\/dt><dt class=\"mec-table-nullday\">29<\/dt><dt class=\"mec-table-nullday\">30<\/dt><dt class=\"mec-table-nullday\">31<\/dt><dt>1<\/dt><dt>2<\/dt><\/dl><dl><dt>3<\/dt><dt>4<\/dt><dt>5<\/dt><dt>6<\/dt><dt>7<\/dt><dt>8<\/dt><dt>9<\/dt><\/dl><dl><dt>10<\/dt><dt>11<\/dt><dt>12<\/dt><dt>13<\/dt><dt>14<\/dt><dt>15<\/dt><dt>16<\/dt><\/dl><dl><dt>17<\/dt><dt>18<\/dt><dt>19<\/dt><dt>20<\/dt><dt>21<\/dt><dt>22<\/dt><dt>23<\/dt><\/dl><dl><dt>24<\/dt><dt>25<\/dt><dt>26<\/dt><dt>27<\/dt><dt>28<\/dt><dt>29<\/dt><dt>30<\/dt><\/dl><dl><dt>31<\/dt><dt class=\"mec-table-nullday\">1<\/dt><dt class=\"mec-table-nullday\">2<\/dt><dt class=\"mec-table-nullday\">3<\/dt><dt class=\"mec-table-nullday\">4<\/dt><dt class=\"mec-table-nullday\">5<\/dt><dt class=\"mec-table-nullday\">6<\/dt>            <\/dl>\r\n        <\/div>\r\n    <\/div>\r\n<\/div><div class=\"mec-calendar mec-yearly-calendar\">\r\n\r\n    <div class=\"mec-calendar-table-title\">\r\n        September    <\/div>\r\n    <div class=\"mec-calendar-table\">\r\n        <div class=\"mec-calendar-table-head\"><dl><dt>MO<\/dt><dt>TU<\/dt><dt>WE<\/dt><dt>TH<\/dt><dt>FR<\/dt><dt>SA<\/dt><dt>SU<\/dt><\/dl><\/div>\r\n        <div class=\"mec-calendar-table-body\">\r\n            <dl>\r\n                <dt class=\"mec-table-nullday\">31<\/dt><dt>1<\/dt><dt>2<\/dt><dt>3<\/dt><dt>4<\/dt><dt>5<\/dt><dt>6<\/dt><\/dl><dl><dt>7<\/dt><dt>8<\/dt><dt>9<\/dt><dt>10<\/dt><dt>11<\/dt><dt>12<\/dt><dt>13<\/dt><\/dl><dl><dt>14<\/dt><dt>15<\/dt><dt>16<\/dt><dt>17<\/dt><dt>18<\/dt><dt>19<\/dt><dt>20<\/dt><\/dl><dl><dt>21<\/dt><dt>22<\/dt><dt>23<\/dt><dt>24<\/dt><dt>25<\/dt><dt>26<\/dt><dt>27<\/dt><\/dl><dl><dt>28<\/dt><dt>29<\/dt><dt>30<\/dt><dt class=\"mec-table-nullday\">1<\/dt><dt class=\"mec-table-nullday\">2<\/dt><dt class=\"mec-table-nullday\">3<\/dt><dt class=\"mec-table-nullday\">4<\/dt><\/dl><dl><dt class=\"mec-table-nullday\">5<\/dt><dt class=\"mec-table-nullday\">6<\/dt><dt class=\"mec-table-nullday\">7<\/dt><dt class=\"mec-table-nullday\">8<\/dt><dt class=\"mec-table-nullday\">9<\/dt><dt class=\"mec-table-nullday\">10<\/dt><dt class=\"mec-table-nullday\">11<\/dt>            <\/dl>\r\n        <\/div>\r\n    <\/div>\r\n<\/div><div class=\"mec-calendar mec-yearly-calendar\">\r\n\r\n    <div class=\"mec-calendar-table-title\">\r\n        October    <\/div>\r\n    <div class=\"mec-calendar-table\">\r\n        <div class=\"mec-calendar-table-head\"><dl><dt>MO<\/dt><dt>TU<\/dt><dt>WE<\/dt><dt>TH<\/dt><dt>FR<\/dt><dt>SA<\/dt><dt>SU<\/dt><\/dl><\/div>\r\n        <div class=\"mec-calendar-table-body\">\r\n            <dl>\r\n                <dt class=\"mec-table-nullday\">29<\/dt><dt class=\"mec-table-nullday\">30<\/dt><dt class=\"mec-table-nullday\">31<\/dt><dt>1<\/dt><dt>2<\/dt><dt>3<\/dt><dt>4<\/dt><\/dl><dl><dt>5<\/dt><dt>6<\/dt><dt>7<\/dt><dt>8<\/dt><dt>9<\/dt><dt>10<\/dt><dt>11<\/dt><\/dl><dl><dt>12<\/dt><dt>13<\/dt><dt>14<\/dt><dt>15<\/dt><dt>16<\/dt><dt>17<\/dt><dt>18<\/dt><\/dl><dl><dt>19<\/dt><dt>20<\/dt><dt>21<\/dt><dt>22<\/dt><dt>23<\/dt><dt>24<\/dt><dt>25<\/dt><\/dl><dl><dt>26<\/dt><dt>27<\/dt><dt>28<\/dt><dt>29<\/dt><dt>30<\/dt><dt>31<\/dt><dt class=\"mec-table-nullday\">1<\/dt><\/dl><dl><dt class=\"mec-table-nullday\">2<\/dt><dt class=\"mec-table-nullday\">3<\/dt><dt class=\"mec-table-nullday\">4<\/dt><dt class=\"mec-table-nullday\">5<\/dt><dt class=\"mec-table-nullday\">6<\/dt><dt class=\"mec-table-nullday\">7<\/dt><dt class=\"mec-table-nullday\">8<\/dt>            <\/dl>\r\n        <\/div>\r\n    <\/div>\r\n<\/div><div class=\"mec-calendar mec-yearly-calendar\">\r\n\r\n    <div class=\"mec-calendar-table-title\">\r\n        November    <\/div>\r\n    <div class=\"mec-calendar-table\">\r\n        <div class=\"mec-calendar-table-head\"><dl><dt>MO<\/dt><dt>TU<\/dt><dt>WE<\/dt><dt>TH<\/dt><dt>FR<\/dt><dt>SA<\/dt><dt>SU<\/dt><\/dl><\/div>\r\n        <div class=\"mec-calendar-table-body\">\r\n            <dl>\r\n                <dt class=\"mec-table-nullday\">26<\/dt><dt class=\"mec-table-nullday\">27<\/dt><dt class=\"mec-table-nullday\">28<\/dt><dt class=\"mec-table-nullday\">29<\/dt><dt class=\"mec-table-nullday\">30<\/dt><dt class=\"mec-table-nullday\">31<\/dt><dt>1<\/dt><\/dl><dl><dt>2<\/dt><dt>3<\/dt><dt>4<\/dt><dt>5<\/dt><dt>6<\/dt><dt>7<\/dt><dt>8<\/dt><\/dl><dl><dt>9<\/dt><dt>10<\/dt><dt>11<\/dt><dt>12<\/dt><dt>13<\/dt><dt>14<\/dt><dt>15<\/dt><\/dl><dl><dt>16<\/dt><dt>17<\/dt><dt>18<\/dt><dt>19<\/dt><dt>20<\/dt><dt>21<\/dt><dt>22<\/dt><\/dl><dl><dt>23<\/dt><dt>24<\/dt><dt>25<\/dt><dt>26<\/dt><dt>27<\/dt><dt>28<\/dt><dt>29<\/dt><\/dl><dl><dt>30<\/dt><dt class=\"mec-table-nullday\">1<\/dt><dt class=\"mec-table-nullday\">2<\/dt><dt class=\"mec-table-nullday\">3<\/dt><dt class=\"mec-table-nullday\">4<\/dt><dt class=\"mec-table-nullday\">5<\/dt><dt class=\"mec-table-nullday\">6<\/dt>            <\/dl>\r\n        <\/div>\r\n    <\/div>\r\n<\/div><div class=\"mec-calendar mec-yearly-calendar\">\r\n\r\n    <div class=\"mec-calendar-table-title\">\r\n        December    <\/div>\r\n    <div class=\"mec-calendar-table\">\r\n        <div class=\"mec-calendar-table-head\"><dl><dt>MO<\/dt><dt>TU<\/dt><dt>WE<\/dt><dt>TH<\/dt><dt>FR<\/dt><dt>SA<\/dt><dt>SU<\/dt><\/dl><\/div>\r\n        <div class=\"mec-calendar-table-body\">\r\n            <dl>\r\n                <dt class=\"mec-table-nullday\">31<\/dt><dt>1<\/dt><dt>2<\/dt><dt>3<\/dt><dt>4<\/dt><dt>5<\/dt><dt>6<\/dt><\/dl><dl><dt>7<\/dt><dt>8<\/dt><dt>9<\/dt><dt>10<\/dt><dt>11<\/dt><dt>12<\/dt><dt>13<\/dt><\/dl><dl><dt>14<\/dt><dt>15<\/dt><dt>16<\/dt><dt>17<\/dt><dt>18<\/dt><dt>19<\/dt><dt>20<\/dt><\/dl><dl><dt>21<\/dt><dt>22<\/dt><dt>23<\/dt><dt>24<\/dt><dt>25<\/dt><dt>26<\/dt><dt>27<\/dt><\/dl><dl><dt>28<\/dt><dt>29<\/dt><dt>30<\/dt><dt>31<\/dt><dt class=\"mec-table-nullday\">1<\/dt><dt class=\"mec-table-nullday\">2<\/dt><dt class=\"mec-table-nullday\">3<\/dt><\/dl><dl><dt class=\"mec-table-nullday\">4<\/dt><dt class=\"mec-table-nullday\">5<\/dt><dt class=\"mec-table-nullday\">6<\/dt><dt class=\"mec-table-nullday\">7<\/dt><dt class=\"mec-table-nullday\">8<\/dt><dt class=\"mec-table-nullday\">9<\/dt><dt class=\"mec-table-nullday\">10<\/dt>            <\/dl>\r\n        <\/div>\r\n    <\/div>\r\n<\/div><\/div>\r\n<div class=\"mec-yearly-agenda-sec\">\r\n\r\n        <div class=\"mec-events-agenda\">\r\n\r\n        <div class=\"mec-agenda-date-wrap\" id=\"mec_yearly_view1790_20260331\">\r\n            <i class=\"mec-sl-calendar\"><\/i>\r\n            <span class=\"mec-agenda-day\">Tuesday<\/span>\r\n            <span class=\"mec-agenda-date\">March 31<\/span>\r\n        <\/div>\r\n\r\n        <div class=\"mec-agenda-events-wrap\">\r\n                    <script type=\"application\/ld+json\">\r\n        {\r\n            \"@context\": \"http:\/\/schema.org\",\r\n            \"@type\": \"Event\",\r\n            \"eventStatus\": \"https:\/\/schema.org\/EventScheduled\",\r\n            \"startDate\": \"2026-03-31\",\r\n            \"endDate\": \"2026-04-01\",\r\n            \"eventAttendanceMode\": \"https:\/\/schema.org\/OfflineEventAttendanceMode\",\r\n            \"location\":\r\n            {\r\n                \"@type\": \"Place\",\r\n                                \"name\": \"\",\r\n                \"image\": \"\",\r\n                \"address\": \"\"\r\n                            },\r\n            \"organizer\":\r\n            {\r\n                \"@type\": \"Person\",\r\n                \"name\": \"\",\r\n                \"url\": \"\"\r\n            },\r\n            \"offers\":\r\n            {\r\n                \"url\": \"https:\/\/paris.pan.pl\/en\/events\/spotkanie-projektowe-wplyw-elektronow-nadtermicznych-na-wlasciwosci-jonizacyjne-transportowe-i-radiacyjne-plazmy-fuzyjnej-z-domieszkami-jonow-o-duzej-liczbie-atomowej\/\",\r\n                \"price\": \"\",\r\n                \"priceCurrency\": \"\u20ac\",\r\n                \"availability\": \"https:\/\/schema.org\/InStock\",\r\n                \"validFrom\": \"2026-03-31T00:00\"\r\n            },\r\n            \"performer\": \"\",\r\n            \"description\": \"&lt;p style=&quot;text-align: center;&quot;&gt;&lt;strong&gt;OPUS (NCN) \u2013 WORKING MEETING&lt;\/strong&gt;&lt;\/p&gt;  &lt;p style=&quot;text-align: center;&quot;&gt;&lt;strong&gt;March 31&lt;sup&gt;th&lt;\/sup&gt; \u2013 April 01&lt;sup&gt;th&lt;\/sup&gt; 2026&lt;\/strong&gt;&lt;\/p&gt;  &lt;p style=&quot;text-align: center;&quot;&gt;&lt;strong&gt;PAS Scientific Centre in Paris&lt;\/strong&gt;&lt;\/p&gt;  &nbsp;  &lt;p style=&quot;text-align: justify;&quot;&gt;Tokamaks represent currently one of the most promising options to achieve controlled nuclear fusion as a safe and abundant energy source. Unfortunately, the issue of plasma contamination by high-Z impurities like tungsten (W), due to wall erosion of the tokamak, is becoming a major source of concern for the stable and efficient operation of these fusion devices. Indeed, W impurities radiate significant energy from the plasma by X-ray radiation, which is detrimental for the fusion performance. A potential solution to mitigate W impurity accumulation in the plasma core is to apply central electron heating. However, in the presence of dominant electron heating, the electron velocity distribution function stops following a Maxwellian distribution and a significant suprathermal tail arises. Therefore, the main goal of this project is to investigate how a fast electron population can affect ionization, transport, and radiation properties of fusion plasma with high-Z impurities. This project will be part of the existing international collaboration with CEA IRFM, where the WEST tokamak is operated. The involved Polish and IRFM research teams will bring their complementary expertise in terms of theory, numerical modelling, analysis of simulation outputs, and experimental diagnostic data.&lt;\/p&gt;  &lt;p style=&quot;text-align: justify;&quot;&gt;The aim of the event is to organize a working meeting of partners from France and Poland to discuss the current state of knowledge on this topic and the work plan for delivering the project&#039;s objectives and outcomes. Several presentations by experts participating in the project are planned, followed by discussions and brainstorming sessions.&lt;\/p&gt;  Institutions involved in the project:  &lt;ul&gt;    &lt;li&gt;Institute of Nuclear Physics Polish Academy of Sciences (IFJ PAN), Krakow, Poland&lt;\/li&gt;    &lt;li&gt;Institute for Magnetic Fusion Research (IRFM), French Alternatives Energies and Atomic Energy Commission (CEA), Cadarache, France&lt;\/li&gt;    &lt;li&gt;Institute of Plasma Physics and Laser Microfusion (IPPLM), Warsaw, Poland&lt;\/li&gt;    &lt;li&gt;National Centre For Nuclear Research (NCBJ), Otwock, Poland&lt;\/li&gt;    &lt;li&gt;Nicolaus Copernicus University in Toru\u0144 (NCU), Toru\u0144, Poland&lt;\/li&gt;  &lt;\/ul&gt;  &nbsp;    &lt;img class=&quot;aligncenter size-large wp-image-19918&quot; src=&quot;https:\/\/paris.pan.pl\/wp-content\/uploads\/2026\/03\/logos-1-1024x341.png&quot; alt=&quot;&quot; width=&quot;1024&quot; height=&quot;341&quot; \/&gt;\",\r\n            \"image\": \"https:\/\/paris.pan.pl\/wp-content\/uploads\/2026\/03\/OPUS_grafika.png\",\r\n            \"name\": \"Working meeting &#8211; Influence of suprathermal electrons on ionization, transport and radiation properties of fusion plasma with high-Z impurities\",\r\n            \"url\": \"https:\/\/paris.pan.pl\/en\/events\/spotkanie-projektowe-wplyw-elektronow-nadtermicznych-na-wlasciwosci-jonizacyjne-transportowe-i-radiacyjne-plazmy-fuzyjnej-z-domieszkami-jonow-o-duzej-liczbie-atomowej\/\"\r\n        }\r\n        <\/script>\r\n                                            <div class=\"mec-past-event mec-agenda-event \">\r\n                        <i class=\"mec-sl-clock \"><\/i>\r\n                        <span class=\"mec-agenda-time\">\r\n                            <span class=\"mec-start-time\">13:00<\/span> - <span class=\"mec-end-time\">13:00<\/span>                        <\/span>\r\n                        <span class=\"mec-agenda-event-title\">\r\n                            <a class=\"mec-color-hover\"  data-event-id=\"19921\" href=\"https:\/\/paris.pan.pl\/en\/events\/spotkanie-projektowe-wplyw-elektronow-nadtermicznych-na-wlasciwosci-jonizacyjne-transportowe-i-radiacyjne-plazmy-fuzyjnej-z-domieszkami-jonow-o-duzej-liczbie-atomowej\/\" target=\"_self\" rel=\"noopener\">Working meeting &#8211; Influence of suprathermal electrons on ionization, transport and radiation properties of fusion plasma with high-Z impurities<\/a>                            <span class=\"event-color\" style=\"background: #\"><\/span>                                                                                                            <\/span>\r\n                                                                    <\/div>\r\n                                    <script type=\"application\/ld+json\">\r\n        {\r\n            \"@context\": \"http:\/\/schema.org\",\r\n            \"@type\": \"Event\",\r\n            \"eventStatus\": \"https:\/\/schema.org\/EventScheduled\",\r\n            \"startDate\": \"2026-03-31\",\r\n            \"endDate\": \"2026-04-01\",\r\n            \"eventAttendanceMode\": \"https:\/\/schema.org\/OfflineEventAttendanceMode\",\r\n            \"location\":\r\n            {\r\n                \"@type\": \"Place\",\r\n                                \"name\": \"\",\r\n                \"image\": \"\",\r\n                \"address\": \"\"\r\n                            },\r\n            \"organizer\":\r\n            {\r\n                \"@type\": \"Person\",\r\n                \"name\": \"\",\r\n                \"url\": \"\"\r\n            },\r\n            \"offers\":\r\n            {\r\n                \"url\": \"https:\/\/paris.pan.pl\/en\/events\/spotkanie-projektowe-uczenie-maszynowe-w-analizie-danych-i-projektowaniu-systemow-detekcji-dla-przeszlych-fuzyjnych-reaktorow-termojadrowych\/\",\r\n                \"price\": \"\",\r\n                \"priceCurrency\": \"\u20ac\",\r\n                \"availability\": \"https:\/\/schema.org\/InStock\",\r\n                \"validFrom\": \"2026-03-31T00:00\"\r\n            },\r\n            \"performer\": \"\",\r\n            \"description\": \"&lt;p style=&quot;text-align: center;&quot;&gt;&lt;strong&gt;POLONIUM (NAWA) \u2013 WORKING MEETING&lt;\/strong&gt;&lt;\/p&gt;  &lt;p style=&quot;text-align: center;&quot;&gt;&lt;strong&gt;March 31&lt;sup&gt;st&lt;\/sup&gt; \u2013 April 01&lt;sup&gt;st&lt;\/sup&gt; 2026&lt;\/strong&gt;&lt;\/p&gt;  &lt;p style=&quot;text-align: center;&quot;&gt;&lt;strong&gt;PAS Scientific Centre in Paris&lt;\/strong&gt;&lt;\/p&gt;  &lt;p style=&quot;text-align: justify;&quot;&gt;This project, in collaboration between IFJ PAN and CEA IRFM, aims at using machine learning (ML) methods, in particular evolutionary algorithms (genetic algorithms (GA) or similar), artificial neural networks (NN) and Bayesian networks to support research in the field of plasma physics and thermonuclear fusion.&lt;\/p&gt;  &lt;p style=&quot;text-align: justify;&quot;&gt;The research focuses on the following scientific problems:&lt;\/p&gt;  &lt;p style=&quot;text-align: justify;&quot;&gt;(1) Design and optimization of plasma diagnostic systems for tokamak devices, e.g. neutron spectrometer or soft X-ray imaging systems;&lt;\/p&gt;  &lt;p style=&quot;text-align: justify;&quot;&gt;(2) Development of fast tomographic reconstruction and spectrum deconvolution methods from a limited set of line-integrated measurements;&lt;\/p&gt;  &lt;p style=&quot;text-align: justify;&quot;&gt;(3) Development of methods for analyzing data from plasma diagnostics in order to classify and predict plasma events such as impurity accumulation or magnetohydrodynamic instabilities during tokamak plasma discharges.&lt;\/p&gt;  &lt;p style=&quot;text-align: justify;&quot;&gt;This dedicated in-person meeting at the PAN Paris stations was a unique opportunity to discuss the recent obtain results and plan the rest of the project activities between French and Polish partners&lt;\/p&gt;  &nbsp;    Institutions involved in the project:  &lt;ul&gt;    &lt;li&gt;Institute of Nuclear Physics Polish Academy of Sciences (IFJ PAN), Krakow, Poland&lt;\/li&gt;    &lt;li&gt;Institute for Magnetic Fusion Research (IRFM), French Alternatives Energies and Atomic Energy Commission (CEA), Cadarache, France&lt;\/li&gt;  &lt;\/ul&gt;  &lt;img class=&quot;aligncenter wp-image-19926 size-large&quot; src=&quot;https:\/\/paris.pan.pl\/wp-content\/uploads\/2026\/03\/logos_polonium-1024x341.png&quot; alt=&quot;&quot; width=&quot;1024&quot; height=&quot;341&quot; \/&gt;\",\r\n            \"image\": \"https:\/\/paris.pan.pl\/wp-content\/uploads\/2026\/03\/POLONIUM_grafika.png\",\r\n            \"name\": \"Working meeting &#8211; Machine Learning to develop diagnostic and data analysis methods for future thermonuclear reactors\",\r\n            \"url\": \"https:\/\/paris.pan.pl\/en\/events\/spotkanie-projektowe-uczenie-maszynowe-w-analizie-danych-i-projektowaniu-systemow-detekcji-dla-przeszlych-fuzyjnych-reaktorow-termojadrowych\/\"\r\n        }\r\n        <\/script>\r\n                                            <div class=\"mec-past-event mec-agenda-event \">\r\n                        <i class=\"mec-sl-clock \"><\/i>\r\n                        <span class=\"mec-agenda-time\">\r\n                            <span class=\"mec-start-time\">13:00<\/span> - <span class=\"mec-end-time\">13:00<\/span>                        <\/span>\r\n                        <span class=\"mec-agenda-event-title\">\r\n                            <a class=\"mec-color-hover\"  data-event-id=\"19929\" href=\"https:\/\/paris.pan.pl\/en\/events\/spotkanie-projektowe-uczenie-maszynowe-w-analizie-danych-i-projektowaniu-systemow-detekcji-dla-przeszlych-fuzyjnych-reaktorow-termojadrowych\/\" target=\"_self\" rel=\"noopener\">Working meeting &#8211; Machine Learning to develop diagnostic and data analysis methods for future thermonuclear reactors<\/a>                            <span class=\"event-color\" style=\"background: #\"><\/span>                                                                                                            <\/span>\r\n                                                                    <\/div>\r\n                                    <\/div>\r\n    <\/div>\r\n        <div class=\"mec-events-agenda\">\r\n\r\n        <div class=\"mec-agenda-date-wrap\" id=\"mec_yearly_view1790_20260410\">\r\n            <i class=\"mec-sl-calendar\"><\/i>\r\n            <span class=\"mec-agenda-day\">Friday<\/span>\r\n            <span class=\"mec-agenda-date\">April 10<\/span>\r\n        <\/div>\r\n\r\n        <div class=\"mec-agenda-events-wrap\">\r\n                    <script type=\"application\/ld+json\">\r\n        {\r\n            \"@context\": \"http:\/\/schema.org\",\r\n            \"@type\": \"Event\",\r\n            \"eventStatus\": \"https:\/\/schema.org\/EventScheduled\",\r\n            \"startDate\": \"2026-04-10\",\r\n            \"endDate\": \"2026-05-29\",\r\n            \"eventAttendanceMode\": \"https:\/\/schema.org\/OfflineEventAttendanceMode\",\r\n            \"location\":\r\n            {\r\n                \"@type\": \"Place\",\r\n                                \"name\": \"\",\r\n                \"image\": \"\",\r\n                \"address\": \"\"\r\n                            },\r\n            \"organizer\":\r\n            {\r\n                \"@type\": \"Person\",\r\n                \"name\": \"\",\r\n                \"url\": \"\"\r\n            },\r\n            \"offers\":\r\n            {\r\n                \"url\": \"https:\/\/paris.pan.pl\/en\/events\/maria-sklodowska-curie-en-italie-trois-voyages-une-passion\/\",\r\n                \"price\": \"\",\r\n                \"priceCurrency\": \"\u20ac\",\r\n                \"availability\": \"https:\/\/schema.org\/InStock\",\r\n                \"validFrom\": \"2026-04-10T00:00\"\r\n            },\r\n            \"performer\": \"\",\r\n            \"description\": \"The &lt;strong&gt;exhibition dedicated to Marie Sk\u0142odowska-Curie&lt;\/strong&gt; presents lesser\u2011known episodes from the life of one of the most outstanding scientists in history, &lt;strong&gt;focusing on her three journeys to Italy: in 1911, 1918, and 1931&lt;\/strong&gt;.    The exhibition \u2013 which includes, among other elements, information about Marie Sk\u0142odowska-CuriE\u2019s first foreign lecture in Genoa, her scientific mission in 1918, as well as her participation in the Roman congress on nuclear physics at the dawn of the atomic era \u2013 consists of panels depicting the scientist\u2019s biography, her groundbreaking discoveries, and &lt;strong&gt;a map of her scientific travels around the world&lt;\/strong&gt;. Its narrative presents Marie Sk\u0142odowska-Curie as &lt;strong&gt;a researcher, traveler, and active member of the international academic community&lt;\/strong&gt;. It highlights the values she considered essential for the advancement of science: research mobility and cross-border collaboration.    The exhibition also recalls Marie Sk\u0142odowska-Curie\u2019s impact on the development of physics, chemistry, and medicine, as well as her significant role in breaking barriers faced by women in science. It is an invitation to rediscover the scientist anew.    During the opening event, &lt;strong&gt;the film&lt;\/strong&gt; &lt;strong&gt;&lt;em&gt;Marie Sk\u0142odowska-Curie in Italy in search of radium &lt;\/em&gt;&lt;\/strong&gt;will be screened. It was produced by the Polish Academy of Sciences Scientific Centre in Rome, the Institute of Organic Chemistry of the Polish Academy of Sciences, Department of Chemistry and Industrial Chemistry of the University of Pisa, and Museum of Maria Sk\u0142odowska-Curie in Warsaw.    The project is &lt;strong&gt;a continuation of the exhibition prepared in 2025 by the Polish Academy of Sciences Scientific Centre in Rome&lt;\/strong&gt;. Thanks to extensive archival research, it was possible to reconstruct the details of her journeys and uncover previously unpublished materials.    The exhibition will be presented at the Polish Academy of Sciences Scientific Centre in Paris (74 rue Lauriston, 75116 Paris) from 10 April to 29 May 2026. All visitors are welcome between 9:45-13:00 and 14:00-16:30. Admission is free.    The event will be held &lt;strong&gt;in English&lt;\/strong&gt;.    &lt;strong&gt;By registering for the event, you accept the &lt;a href=&quot;https:\/\/paris.pan.pl\/wp-content\/uploads\/2025\/08\/Klauzule-EN.pdf&quot;&gt;rules for the processing of personal data&lt;\/a&gt;&lt;\/strong&gt;&lt;strong&gt;.&lt;\/strong&gt;    &lt;a href=&quot;https:\/\/paris.pan.pl\/wp-content\/uploads\/2026\/03\/AGENDA-na-strone-EN-1.png&quot;&gt;&lt;img class=&quot;aligncenter size-full wp-image-19966&quot; src=&quot;https:\/\/paris.pan.pl\/wp-content\/uploads\/2026\/03\/AGENDA-na-strone-EN-1.png&quot; alt=&quot;&quot; width=&quot;1414&quot; height=&quot;2000&quot; \/&gt;&lt;\/a&gt;    &nbsp;\",\r\n            \"image\": \"https:\/\/paris.pan.pl\/wp-content\/uploads\/2026\/03\/MSC-Italia-1.png\",\r\n            \"name\": \"Maria Sk\u0142odowska-Curie en Italie. Trois voyages, une passion [VERNISSAGE]\",\r\n            \"url\": \"https:\/\/paris.pan.pl\/en\/events\/maria-sklodowska-curie-en-italie-trois-voyages-une-passion\/\"\r\n        }\r\n        <\/script>\r\n                                            <div class=\"mec-agenda-event \">\r\n                        <i class=\"mec-sl-clock \"><\/i>\r\n                        <span class=\"mec-agenda-time\">\r\n                            <span class=\"mec-start-time\">18:30<\/span> - <span class=\"mec-end-time\">15:00<\/span>                        <\/span>\r\n                        <span class=\"mec-agenda-event-title\">\r\n                            <a class=\"mec-color-hover\"  data-event-id=\"19903\" href=\"https:\/\/paris.pan.pl\/en\/events\/maria-sklodowska-curie-en-italie-trois-voyages-une-passion\/\" target=\"_self\" rel=\"noopener\">Maria Sk\u0142odowska-Curie en Italie. Trois voyages, une passion [VERNISSAGE]<\/a>                            <span class=\"event-color\" style=\"background: #\"><\/span>                                                                                                            <\/span>\r\n                                                                    <\/div>\r\n                                    <\/div>\r\n    <\/div>\r\n        <div class=\"mec-events-agenda\">\r\n\r\n        <div class=\"mec-agenda-date-wrap\" id=\"mec_yearly_view1790_20260414\">\r\n            <i class=\"mec-sl-calendar\"><\/i>\r\n            <span class=\"mec-agenda-day\">Tuesday<\/span>\r\n            <span class=\"mec-agenda-date\">April 14<\/span>\r\n        <\/div>\r\n\r\n        <div class=\"mec-agenda-events-wrap\">\r\n                    <script type=\"application\/ld+json\">\r\n        {\r\n            \"@context\": \"http:\/\/schema.org\",\r\n            \"@type\": \"Event\",\r\n            \"eventStatus\": \"https:\/\/schema.org\/EventScheduled\",\r\n            \"startDate\": \"2026-04-14\",\r\n            \"endDate\": \"2026-04-15\",\r\n            \"eventAttendanceMode\": \"https:\/\/schema.org\/OfflineEventAttendanceMode\",\r\n            \"location\":\r\n            {\r\n                \"@type\": \"Place\",\r\n                                \"name\": \"Institut national des langues et civilisations orientales (Inalco)\",\r\n                \"image\": \"\",\r\n                \"address\": \"Maison de la Recherche, 2 Rue de Lille, 75007 Paris\"\r\n                            },\r\n            \"organizer\":\r\n            {\r\n                \"@type\": \"Person\",\r\n                \"name\": \"\",\r\n                \"url\": \"\"\r\n            },\r\n            \"offers\":\r\n            {\r\n                \"url\": \"https:\/\/paris.pan.pl\/en\/events\/interest-groups-in-post-socialist-central-europe-a-cross-analysis-of-historical-political-economic-and-cultural-transformations\/\",\r\n                \"price\": \"\",\r\n                \"priceCurrency\": \"\u20ac\",\r\n                \"availability\": \"https:\/\/schema.org\/InStock\",\r\n                \"validFrom\": \"2026-04-14T00:00\"\r\n            },\r\n            \"performer\": \"\",\r\n            \"description\": \"The Centre de Recherche Europes-Eurasie-CREE (Inalco), with the support of the Inalco Doctoral School and in partnership with the Polish Academy of Sciences \u2013 Scientific Centre in Paris, and the Free University of Brussels, invites you to study days entitled : &quot;Interest Groups in Post-Socialist Central Europe: A Cross-Analysis of Historical, Political, Economic and Cultural Transformations&quot;.    &lt;strong&gt;Summary of the scientific event&lt;\/strong&gt;    The study day on April 14 and 15, 2026 at INALCO focuses on the transformations of interest groups and lobbying practices in post-socialist Central Europe, considering historical, political, economic, and cultural shifts. It highlights recent developments, such as Ukraine\u2019s 2024 lobbying law aimed at fostering transparent engagement between private and public actors. The event brings together early-career social science researchers examining actors, networks, practices, and regulatory attempts in the region. It also debates the relevance of the term \u201clobbying\u201d and its analytical value for understanding private influence in politics. Since the end of socialism, new non-state actors (businesses, associations, unions, religious groups) have transformed interactions between the private sector and political power. Contributions are expected to explore historical and institutional dynamics shaping influence relations, the ambiguous role of interest groups in democratic processes, and the transnational dimensions of lobbying in Central Europe. Discussions will address how these groups affect public decision-making, their effects on democratic institutions, and issues of transparency, conflicts of interest, and clientelism. Finally, the study day will examine the impact of European integration on influence practices in the region and the challenges of legally regulating lobbying across various Central and Eastern European countries.    &lt;strong&gt;Program of the scientific event&lt;\/strong&gt;  &lt;p class=&quot;text-align-center&quot; style=&quot;text-align: center;&quot;&gt;&lt;strong&gt;Tuesday, April 14, 2026  &lt;\/strong&gt;&lt;strong&gt;Inalco - Maison de la Recherche  &lt;\/strong&gt;&lt;strong&gt;Auditorium Dum\u00e9zil  &lt;\/strong&gt;&lt;strong&gt;2, rue de Lille - Paris 7&lt;sup&gt;e&lt;\/sup&gt;&lt;\/strong&gt;&lt;\/p&gt;  &lt;p class=&quot;text-align-center&quot;&gt;&lt;strong&gt;- 9:20 - 9:40 :&lt;\/strong&gt; Welcome coffee  &lt;strong&gt;- 9:40 - 9:50 :&lt;\/strong&gt; Welcome address from partner institutions  &lt;strong&gt;- 9:50 - 10:00 : Introduction to the Study Days: Sarah Bomba, Jelena Jokic and Lucie Raskin&lt;\/strong&gt;  &lt;strong&gt;- 10:00 - 11:00 : Panel 1 \u2013 Axis 1 : Understanding the Structural and Contextual Factors of Influence Activities Since the 1980s \u2013 Part 1&lt;\/strong&gt;&lt;\/p&gt;  Chair: &lt;strong&gt;Anne Madelain&lt;\/strong&gt;    &lt;strong&gt;- 10:00 - 10:20 :  Vit \u0160IMRAL :&lt;\/strong&gt;&lt;em&gt; Imperial legacies and interest group formation in Central and Western Europe. &lt;\/em&gt;  &lt;strong&gt;- 10:20 - 10:40 :  Szczepan Pawel CZARNECKI :&lt;\/strong&gt;&lt;em&gt; Who protest and why? Organisational and contextual drivers of interest group mobilization in Central Europe. &lt;\/em&gt;  &lt;strong&gt;- 10:40 - 10:55 :&lt;\/strong&gt; Questions and discussion with the audience    &lt;strong&gt;- 10:55 - 11:10 :&lt;\/strong&gt; Coffee break    &lt;strong&gt;- 11:10 - 12:05 : Coffee breakPanel 2 \u2013 Axis 1 \u2013 Part 2&lt;\/strong&gt;    Chair : &lt;strong&gt;Fabio Giomi&lt;\/strong&gt;  &lt;strong&gt;- 11:10 - 11:30 : Lucie RASKIN : &lt;\/strong&gt;&lt;em&gt;Researching interest groups as a historian: the case of Yugoslavian organisations in the 1980s &lt;\/em&gt;  &lt;strong&gt;- 11:30 - 11:50 : Michael DOBBINS :&lt;\/strong&gt; &lt;em&gt;Impressing De Tocqueville: Analysing interest group mobilization in Ukraine&lt;\/em&gt;  &lt;strong&gt;- 11:50 - 12:05 : &lt;\/strong&gt;Questions and discussion with the audience    &lt;strong&gt;- 12:10 - 13:45 :&lt;\/strong&gt; Lunch    &lt;strong&gt;- 13:45 -  14:40 : Panel 3 \u2013 Axis 2 : The Impact of Interest Groups on the Economic Sphere: Networks at the Core of Institutional and Sectoral Transformations in Central Europe&lt;\/strong&gt;    Chair: &lt;strong&gt;Jean-Michel De Waele&lt;\/strong&gt;  &lt;strong&gt;- 13:45 - 14:05 : Magdalena BERNACIAK&lt;\/strong&gt; &amp; &lt;strong&gt;Aurora TRIF : &lt;\/strong&gt;&lt;em&gt;From social partners to lobby groups? Trade unions and employer association in Central-Eastern Europe. &lt;\/em&gt;  &lt;strong&gt;- 14:05 - 14:25 :  Rafa\u0142 RIEDEL :&lt;\/strong&gt; &lt;em&gt;Conflict of interest regarding the Europeanization of legal framework for sustainable corporate governance. &lt;\/em&gt;  &lt;strong&gt;-&lt;\/strong&gt; &lt;strong&gt;14:25 - 14:40 :&lt;\/strong&gt; Questions and discussion with the audience    &lt;strong&gt;- 14:40 - 14:55 : &lt;\/strong&gt;Coffee break    &lt;strong&gt;- 14:55 - 15:50 : Panel 4 \u2013 Axis 2 \u2013 Part 2&lt;\/strong&gt;    Chair: &lt;strong&gt;Nad\u00e8ge Ragaru&lt;\/strong&gt;  &lt;strong&gt;- 14:55 - 15:15 : Jelena JOKIC :&lt;\/strong&gt; &lt;em&gt;Innovation ecosystems as Vehicles of Economic Diplomacy: The Case of French Tech Belgrade in Franco-Serbian Relations&lt;\/em&gt;  &lt;strong&gt;- 15:15 - 15:35 : Nathan HOURCADE :&lt;\/strong&gt;&lt;em&gt; Influence in Ukrainian energy sector: lobbying or oligarchy? (2010-2025)&lt;\/em&gt;  &lt;strong&gt;- 15:35 - 15:50 :&lt;\/strong&gt; Questions and discussion with the audience    &lt;strong&gt;- 15:50 - 16:00 :&lt;\/strong&gt; Wrap-up of the first day  &lt;p class=&quot;text-align-center&quot; style=&quot;text-align: center;&quot;&gt;&lt;strong&gt;Wednesday, April 15, 2026  &lt;\/strong&gt;&lt;strong&gt;Inalco - Maison de la Recherche  &lt;\/strong&gt;&lt;strong&gt;Salle de Sacy (2nd floor)  &lt;\/strong&gt;&lt;strong&gt;2, rue de Lille - Paris 7&lt;sup&gt;e&lt;\/sup&gt;&lt;\/strong&gt;&lt;\/p&gt;  &lt;strong&gt;- 9:00 - 9:20 :&lt;\/strong&gt; Welcome coffee  &lt;strong&gt;- 9:20 - 10:25 : Panel 5 \u2013 Axis 3 : Interest Groups and Democracy: An Ambivalent Relationship? \u2013 Part 1&lt;\/strong&gt;    Chair:&lt;strong&gt; Jana Vargov\u010d\u00edkov\u00e1&lt;\/strong&gt;  &lt;strong&gt;- 9:20 - 9:50 : Aneta CEKIKJ&lt;\/strong&gt; &amp; &lt;strong&gt;Mika IVANOVSKA HADJIEVSKA :&lt;\/strong&gt; &lt;em&gt;Lobbying strategies in new democracies. Insights from a survey of interest groups in North Macedonia. &lt;\/em&gt;  &lt;strong&gt;- 9:50 - 10:10 :  Aneta PINKOV\u00c1 :&lt;\/strong&gt; &lt;em&gt;Regulation, transparency, and influence: Interest groups in Czech electoral politics. &lt;\/em&gt;  &lt;strong&gt;- 10:10 - 10:25 :&lt;\/strong&gt; Questions and discussion with the audience    &lt;strong&gt;- 10:25 - 10:40 :&lt;\/strong&gt; Coffee break    &lt;strong&gt;- 10:40 - 12:00 : Panel 6 \u2013 Axis 3 \u2013 Part 2&lt;\/strong&gt;    Chair: &lt;strong&gt;Katerina Kesa&lt;\/strong&gt;  &lt;strong&gt;- 10:40 - 11:00 :  Urszula KURCZEWSKA&lt;\/strong&gt;, &lt;strong&gt;Agnieszka VETULANI-C\u0118GIEL :&lt;\/strong&gt;&lt;em&gt; Lobbying in time of political polarization and democratic backsliding. The case of Poland. &lt;\/em&gt;  &lt;strong&gt;- 11:00 - 11:20 : Sarah BOMBA :&lt;\/strong&gt; &lt;em&gt;Direct and indirect lobbying - comparative analysis of the activity of the public affairs cabinets in Poland &lt;\/em&gt;  &lt;strong&gt;- 11:20 - 11:40 : Cristian P\u00ceRVULESCU :&lt;\/strong&gt;&lt;em&gt; Interest Groups and Populism in Central Europe: A Neo-Institutional Reading Based on the Romanian Case.&lt;\/em&gt;  &lt;strong&gt;- 11:40 - 12:00 :&lt;\/strong&gt;Questions and discussion with the audience    &lt;strong&gt;- 12:00 - 12:15 : &lt;\/strong&gt;Concluding remarks    &lt;strong&gt;Organisers and partners&lt;\/strong&gt;  &lt;ul&gt;    &lt;li&gt;Inalco \/ CREE (Centre de recherche Europes-Eurasie) \/ Ecole Doctorale de l&#039;Inalco&lt;\/li&gt;    &lt;li&gt;Polska Akademia Nauk Stacja Naukowa w Pary\u017cu&lt;\/li&gt;    &lt;li&gt;Universit\u00e9 Libre de Bruxelles&lt;\/li&gt;  &lt;\/ul&gt;  &lt;strong&gt;Scientific Committee&lt;\/strong&gt;  &lt;ul&gt;    &lt;li&gt;Jean-Louis Briquet (CNRS, CESSP)&lt;\/li&gt;    &lt;li&gt;Anne Madelain (Inalco, CREE)&lt;\/li&gt;    &lt;li&gt;Nad\u00e8ge Ragaru (Sciences Po, CERI)&lt;\/li&gt;    &lt;li&gt;Jana Vargov\u010d\u00edkov\u00e1 (Inalco, CREE)&lt;\/li&gt;    &lt;li&gt;Jean-Michel De Waele (Universit\u00e9 Libre de Bruxelles, Cevipol)&lt;\/li&gt;  &lt;\/ul&gt;  &lt;strong&gt;Organising committee&lt;\/strong&gt;  &lt;ul&gt;    &lt;li&gt;Sarah Bomba (CREE, Inalco)&lt;\/li&gt;    &lt;li&gt;Jelena Jokic (CREE, Inalco)&lt;\/li&gt;    &lt;li&gt;Lucie Raskin (CREE, Inalco)&lt;\/li&gt;  &lt;\/ul&gt;\",\r\n            \"image\": \"https:\/\/paris.pan.pl\/wp-content\/uploads\/2026\/04\/1-1.png\",\r\n            \"name\": \"Interest Groups in Post-Socialist Central Europe: A Cross-Analysis of Historical, Political, Economic and Cultural Transformations\",\r\n            \"url\": \"https:\/\/paris.pan.pl\/en\/events\/interest-groups-in-post-socialist-central-europe-a-cross-analysis-of-historical-political-economic-and-cultural-transformations\/\"\r\n        }\r\n        <\/script>\r\n                                            <div class=\"mec-past-event mec-agenda-event \">\r\n                        <i class=\"mec-sl-clock \"><\/i>\r\n                        <span class=\"mec-agenda-time\">\r\n                            <span class=\"mec-start-time\">09:00<\/span> - <span class=\"mec-end-time\">13:00<\/span>                        <\/span>\r\n                        <span class=\"mec-agenda-event-title\">\r\n                            <a class=\"mec-color-hover\"  data-event-id=\"20026\" href=\"https:\/\/paris.pan.pl\/en\/events\/interest-groups-in-post-socialist-central-europe-a-cross-analysis-of-historical-political-economic-and-cultural-transformations\/\" target=\"_self\" rel=\"noopener\">Interest Groups in Post-Socialist Central Europe: A Cross-Analysis of Historical, Political, Economic and Cultural Transformations<\/a>                            <span class=\"event-color\" style=\"background: #\"><\/span>                                                                                                            <\/span>\r\n                                                                    <\/div>\r\n                                    <\/div>\r\n    <\/div>\r\n        <div class=\"mec-events-agenda\">\r\n\r\n        <div class=\"mec-agenda-date-wrap\" id=\"mec_yearly_view1790_20260417\">\r\n            <i class=\"mec-sl-calendar\"><\/i>\r\n            <span class=\"mec-agenda-day\">Friday<\/span>\r\n            <span class=\"mec-agenda-date\">April 17<\/span>\r\n        <\/div>\r\n\r\n        <div class=\"mec-agenda-events-wrap\">\r\n                    <script type=\"application\/ld+json\">\r\n        {\r\n            \"@context\": \"http:\/\/schema.org\",\r\n            \"@type\": \"Event\",\r\n            \"eventStatus\": \"https:\/\/schema.org\/EventScheduled\",\r\n            \"startDate\": \"2026-04-17\",\r\n            \"endDate\": \"2026-04-18\",\r\n            \"eventAttendanceMode\": \"https:\/\/schema.org\/OfflineEventAttendanceMode\",\r\n            \"location\":\r\n            {\r\n                \"@type\": \"Place\",\r\n                                \"name\": \"Acad\u00e9mie polonaise des sciences centre scientifique \u00e0 Paris\",\r\n                \"image\": \"\",\r\n                \"address\": \"Acad\u00e9mie polonaise des sciences centre scientifique \u00e0 Paris, 74 Rue Lauriston, 75116 Paris, France\"\r\n                            },\r\n            \"organizer\":\r\n            {\r\n                \"@type\": \"Person\",\r\n                \"name\": \"\",\r\n                \"url\": \"\"\r\n            },\r\n            \"offers\":\r\n            {\r\n                \"url\": \"https:\/\/paris.pan.pl\/en\/events\/paris-polish-forum-x-2026\/\",\r\n                \"price\": \"\",\r\n                \"priceCurrency\": \"\u20ac\",\r\n                \"availability\": \"https:\/\/schema.org\/InStock\",\r\n                \"validFrom\": \"2026-04-17T00:00\"\r\n            },\r\n            \"performer\": \"\",\r\n            \"description\": \"Paris Polish Forum (PPF) is a two-day conference organized by ASPOL (the Association of Polish Students in France), bringing together Polish and international students, young professionals, and individuals engaged in fostering Polish\u2013French relations.    The jubilee 10th edition of the event will take place on 17-18 April 2026 in Paris and is expected to welcome over 250 participants. Participation is free of charge, and the entire event is conducted in English, enabling attendance by an international audience.    This year&#039;s edition is held under the theme &quot;Reinventing Europe: A New Generational Treaty&quot; and refers to the Polish-French treaty signed in Nancy, which aims to strengthen cooperation between the two countries, among others, in the areas of defense, the economy, and innovation. Paris Polish Forum provides a space to discuss these issues from the perspective of the younger generation.    The program will include panel discussions and workshops entitled:  - &lt;em&gt;Green Intelligence: Can AI Save the Climate?&lt;\/em&gt;  - &lt;em&gt;A United Europe of Innovation&lt;\/em&gt;,  - &lt;em&gt;War of Words: Disinformation, Propaganda, and Security&lt;\/em&gt;.    The Forum, organized entirely by students, serves as a unique platform for dialogue between academia, the public sector, and the private sector.    [button link=&quot;https:\/\/paris.pan.pl\/wp-content\/uploads\/2026\/04\/Agenda-PPF-2026.pdf&quot; newwindow=&quot;yes&quot;]PROGRAMME[\/button]    &lt;strong&gt;No places available - registration is now closed.&lt;\/strong&gt;\",\r\n            \"image\": \"https:\/\/paris.pan.pl\/wp-content\/uploads\/2026\/03\/1280-x-720.png\",\r\n            \"name\": \"Paris Polish Forum X 2026\",\r\n            \"url\": \"https:\/\/paris.pan.pl\/en\/events\/paris-polish-forum-x-2026\/\"\r\n        }\r\n        <\/script>\r\n                                            <div class=\"mec-past-event mec-agenda-event \">\r\n                        <i class=\"mec-sl-clock \"><\/i>\r\n                        <span class=\"mec-agenda-time\">\r\n                            <span class=\"mec-start-time\">17:00<\/span> - <span class=\"mec-end-time\">18:00<\/span>                        <\/span>\r\n                        <span class=\"mec-agenda-event-title\">\r\n                            <a class=\"mec-color-hover\"  data-event-id=\"19999\" href=\"https:\/\/paris.pan.pl\/en\/events\/paris-polish-forum-x-2026\/\" target=\"_self\" rel=\"noopener\">Paris Polish Forum X 2026<\/a>                            <span class=\"event-color\" style=\"background: #\"><\/span>                                                                                                            <\/span>\r\n                                                                    <\/div>\r\n                                    <\/div>\r\n    <\/div>\r\n        <div class=\"mec-events-agenda\">\r\n\r\n        <div class=\"mec-agenda-date-wrap\" id=\"mec_yearly_view1790_20260422\">\r\n            <i class=\"mec-sl-calendar\"><\/i>\r\n            <span class=\"mec-agenda-day\">Wednesday<\/span>\r\n            <span class=\"mec-agenda-date\">April 22<\/span>\r\n        <\/div>\r\n\r\n        <div class=\"mec-agenda-events-wrap\">\r\n                    <script type=\"application\/ld+json\">\r\n        {\r\n            \"@context\": \"http:\/\/schema.org\",\r\n            \"@type\": \"Event\",\r\n            \"eventStatus\": \"https:\/\/schema.org\/EventScheduled\",\r\n            \"startDate\": \"2026-04-22\",\r\n            \"endDate\": \"2026-04-22\",\r\n            \"eventAttendanceMode\": \"https:\/\/schema.org\/OfflineEventAttendanceMode\",\r\n            \"location\":\r\n            {\r\n                \"@type\": \"Place\",\r\n                                \"name\": \"Acad\u00e9mie polonaise des sciences centre scientifique \u00e0 Paris\",\r\n                \"image\": \"\",\r\n                \"address\": \"Acad\u00e9mie polonaise des sciences centre scientifique \u00e0 Paris, 74 Rue Lauriston, 75116 Paris, France\"\r\n                            },\r\n            \"organizer\":\r\n            {\r\n                \"@type\": \"Person\",\r\n                \"name\": \"\",\r\n                \"url\": \"\"\r\n            },\r\n            \"offers\":\r\n            {\r\n                \"url\": \"https:\/\/paris.pan.pl\/en\/events\/cafe-scientifique-france-poland-a-friendship-that-is-more-necessary-than-ever-for-the-future-of-europe\/\",\r\n                \"price\": \"\",\r\n                \"priceCurrency\": \"\u20ac\",\r\n                \"availability\": \"https:\/\/schema.org\/InStock\",\r\n                \"validFrom\": \"2026-04-22T00:00\"\r\n            },\r\n            \"performer\": \"\",\r\n            \"description\": \"To celebrate Polish-French Friendship Day on 20 April, Polish Academy of Sciences Scientific Centre in Paris is hosting a meeting with Mr Antoine Godbert on 22 April. The event, &lt;em&gt;France\u2013Poland: a friendship that is more necessary than ever for the future of Europe&lt;\/em&gt;, will explore the importance of Polish-French relationship for the future of Europe. Polish-French Friendship Day commemorates the anniversary of the interment of Marie Sk\u0142odowska-Curie&#039;s ashes in the Panth\u00e9on in Paris and was established by the Treaty of Nancy.    Franco-Polish friendship has often experienced intense moments over the centuries, but today it is important to view it more rationally in the light of a shared European destiny.    Antoine Godbert, an affiliate professor of geopolitics at ESCP Business School and delegate for international affairs for the \u00cele-de-France academic region, grew up in a dual French and Polish cultural environment.    A former diplomatic adviser, he has participated in numerous European negotiations, particularly in the fields of defence and education.    He will present the current transition of France-Poland friendship. Because one year after the signing of the Treaty of Nancy and as the 35th anniversary of the Weimar Triangle approaches, it seems increasingly clear that at a time when France and Poland must together confront the new Russian imperialism and accept a new, more distant relationship with the United States, their traditional friendship must now be understood as a major axis of the development of European power.    Former student of the \u00c9cole Normale Sup\u00e9rieure in Fontenay-Saint-Cloud and the National School of Administration, Mr. Godbert holds a Master&#039;s degree in Epistemology from the University of Paris VII and an aggregation in Geography. He began his career as a researcher and teacher in geopolitics at ESCP before joining the General Secretariat for National Defence, where he served as a mission manager within an inter-ministerial crisis monitoring unit. Later, he moved to the General Directorate of Administration and Public Service, working as the Director of the &quot;Senior Management and Careers&quot; mission.    His journey as a high-ranking official led him to coordinate governance areas and the Eastern Paris region at the Capital Region Mission alongside the Secretary of State for the Capital Region Development. He later served as a diplomatic advisor to the Minister of National Education.    His outstanding merit and qualities led to successive appointments as the Director of the national Erasmus+ Agency, Director-General of the Royal Abbey of Fontevraud, and finally, as a project director with the Defender of Rights.    Antoine Godbert has been appointed as the Regional Delegate for European and International Relations and Cooperation (DRAREIC) of the \u00cele-de-France academic region and Delegate for European and International Relations and Cooperation (DAREIC) for the Paris Academy starting from September 1, 2022.    The event will be held &lt;strong&gt;in English&lt;\/strong&gt;. Those interested in attending the event are asked to email secretariat@paris.pan.pl.    We look forward to seeing you there!\",\r\n            \"image\": \"https:\/\/paris.pan.pl\/wp-content\/uploads\/2026\/04\/Cafe-scientifique-3.png\",\r\n            \"name\": \"Caf\u00e9 scientifique \u2013 France-Poland: a friendship that is more necessary than ever for the future of Europe\",\r\n            \"url\": \"https:\/\/paris.pan.pl\/en\/events\/cafe-scientifique-france-poland-a-friendship-that-is-more-necessary-than-ever-for-the-future-of-europe\/\"\r\n        }\r\n        <\/script>\r\n                                            <div class=\"mec-past-event mec-agenda-event \">\r\n                        <i class=\"mec-sl-clock \"><\/i>\r\n                        <span class=\"mec-agenda-time\">\r\n                            <span class=\"mec-start-time\">18:30<\/span> - <span class=\"mec-end-time\">20:00<\/span>                        <\/span>\r\n                        <span class=\"mec-agenda-event-title\">\r\n                            <a class=\"mec-color-hover\"  data-event-id=\"20013\" href=\"https:\/\/paris.pan.pl\/en\/events\/cafe-scientifique-france-poland-a-friendship-that-is-more-necessary-than-ever-for-the-future-of-europe\/\" target=\"_self\" rel=\"noopener\">Caf\u00e9 scientifique \u2013 France-Poland: a friendship that is more necessary than ever for the future of Europe<\/a>                            <span class=\"event-color\" style=\"background: #\"><\/span>                                                                                                            <\/span>\r\n                                                                    <\/div>\r\n                                    <\/div>\r\n    <\/div>\r\n        <div class=\"mec-events-agenda\">\r\n\r\n        <div class=\"mec-agenda-date-wrap\" id=\"mec_yearly_view1790_20260424\">\r\n            <i class=\"mec-sl-calendar\"><\/i>\r\n            <span class=\"mec-agenda-day\">Friday<\/span>\r\n            <span class=\"mec-agenda-date\">April 24<\/span>\r\n        <\/div>\r\n\r\n        <div class=\"mec-agenda-events-wrap\">\r\n                    <script type=\"application\/ld+json\">\r\n        {\r\n            \"@context\": \"http:\/\/schema.org\",\r\n            \"@type\": \"Event\",\r\n            \"eventStatus\": \"https:\/\/schema.org\/EventScheduled\",\r\n            \"startDate\": \"2026-04-24\",\r\n            \"endDate\": \"2026-04-24\",\r\n            \"eventAttendanceMode\": \"https:\/\/schema.org\/OfflineEventAttendanceMode\",\r\n            \"location\":\r\n            {\r\n                \"@type\": \"Place\",\r\n                                \"name\": \"\",\r\n                \"image\": \"\",\r\n                \"address\": \"\"\r\n                            },\r\n            \"organizer\":\r\n            {\r\n                \"@type\": \"Person\",\r\n                \"name\": \"\",\r\n                \"url\": \"\"\r\n            },\r\n            \"offers\":\r\n            {\r\n                \"url\": \"https:\/\/paris.pan.pl\/en\/events\/maria-sklodowska-curie-%c2%b7-albert-einstein-lettres-1911-1932\/\",\r\n                \"price\": \"\",\r\n                \"priceCurrency\": \"\u20ac\",\r\n                \"availability\": \"https:\/\/schema.org\/InStock\",\r\n                \"validFrom\": \"2026-04-24T00:00\"\r\n            },\r\n            \"performer\": \"\",\r\n            \"description\": \"On Friday, 24 April 2026, at 6:30 p.m., the Polish Academy of Sciences Scientific Centre in Paris will host the presentation of the French edition of &lt;em&gt;Maria Sk\u0142odowska\u2011Curie \u00b7 Albert Einstein. Letters \/1911\u20131932\/&lt;\/em&gt;, published by the Foundation for the Development of Education for Industry in cooperation with the Maria Sk\u0142odowska\u2011Curie Museum in Warsaw.    The publication, initiated by Dr Ewa \u0141abno\u2011Fal\u0119cka, presents for the first time a complete critical edition of the correspondence exchanged between the two eminent scholars between 1911 and 1932. Conducted in French by Sk\u0142odowska\u2011Curie and in German by Einstein, the correspondence encompasses scientific matters, their shared engagement in the work of the International Committee on Intellectual Cooperation of the League of Nations, and offers an extraordinary testimony to a personal and intellectual friendship that endured for two decades.    The Polish edition of the volume was released in January 2025. The French edition has been supported by the Capital City of Warsaw, &lt;a href=&quot;https:\/\/polonika.pl\/en\/institute&quot;&gt;POLONIKA National Institute of Polish Cultural Heritage Abroad&lt;\/a&gt;, and French business circles in Poland. The book includes facsimiles of the original manuscripts, translations, archival photographs, and scholarly commentary prepared in cooperation with the Einstein Archives at the Hebrew University of Jerusalem. Contributions to the volume were written by Prof. Hanoch Gutfreund (Hebrew University of Jerusalem), Prof. Jan Piskurewicz (Institute for the History of Science, Polish Academy of Sciences), and Prof. Tomasz Pospieszny (Adam Mickiewicz University in Pozna\u0144).  &lt;h4 class=&quot;x_MsoNormal&quot; style=&quot;text-align: left;&quot;&gt;&lt;strong&gt;Event agenda:&lt;\/strong&gt;&lt;\/h4&gt;  &lt;p class=&quot;x_MsoNormal&quot; style=&quot;text-align: left;&quot;&gt;&lt;strong&gt;18:30 &lt;\/strong&gt;Opening remarks: prof. Aldona Katarzyna Jankowska&lt;b&gt;, &lt;\/b&gt;Director, Polish Academy of Sciences Scientific Centre in Paris  &lt;b&gt;&lt;\/b&gt;&lt;strong&gt;18:35&lt;i&gt; &lt;\/i&gt;&lt;\/strong&gt;Aldona Machnowska-G\u00f3ra, Deputy Mayor of Warsaw  &lt;i&gt;&lt;\/i&gt;&lt;strong&gt;18:45 &lt;\/strong&gt;A word from the publishers  - dr Ewa \u0141abno-Fal\u0119cka, President of the Foundation for the Development of Education for Industry  - Barbara Go\u0142\u0119biowska, Director of the Maria Sk\u0142odowska-Curie Museum in Warsaw  &lt;strong&gt;18:55 &lt;\/strong&gt;Anna Czejarek, Deputy Director of the POLONIKA National Institute of Polish Cultural Heritage Abroad  &lt;span lang=&quot;EN-US&quot;&gt;&lt;strong&gt;19:00 Inaugural lecture:&lt;\/strong&gt; Prof. Hanoch Gutfreund, Hebrew University of Jerusalem  &lt;\/span&gt;&lt;strong&gt;19:30 Panel discussion:  &lt;\/strong&gt;- dr Aleksandra Baron-Wieche\u0107, Guangdong Technion - Israel Institute of Technology  - Prof. Hanoch Gutfreund, Hebrew University of Jerusalem  - Prof. Tomasz Pospieszny, Adam Mickiewicz University, Pozna\u0144  - Aleksandra Koby\u0142ecka (Universit\u00e9 Paris Cit\u00e9)  &lt;span style=&quot;text-decoration: underline;&quot;&gt;Moderator&lt;\/span&gt;: Dr Anna Nawrocka (Polonium Foundation) &lt;b&gt; &lt;\/b&gt;&lt;\/p&gt;  Venue: 74 rue Lauriston, 75116 Paris  Time: 6:30 p.m.  Languages: French, Polish    &lt;strong&gt;Closed event.&lt;\/strong&gt; Attendance by invitation only\",\r\n            \"image\": \"https:\/\/paris.pan.pl\/wp-content\/uploads\/2026\/03\/2026-GRAFIKI-NA-STRONE-2.png\",\r\n            \"name\": \"Maria Sk\u0142odowska-Curie \u00b7 Albert Einstein. Lettres \/1911\u20131932\/\",\r\n            \"url\": \"https:\/\/paris.pan.pl\/en\/events\/maria-sklodowska-curie-%c2%b7-albert-einstein-lettres-1911-1932\/\"\r\n        }\r\n        <\/script>\r\n                                            <div class=\"mec-past-event mec-agenda-event \">\r\n                        <i class=\"mec-sl-clock \"><\/i>\r\n                        <span class=\"mec-agenda-time\">\r\n                            <span class=\"mec-start-time\">18:30<\/span> - <span class=\"mec-end-time\">20:00<\/span>                        <\/span>\r\n                        <span class=\"mec-agenda-event-title\">\r\n                            <a class=\"mec-color-hover\"  data-event-id=\"19872\" href=\"https:\/\/paris.pan.pl\/en\/events\/maria-sklodowska-curie-%c2%b7-albert-einstein-lettres-1911-1932\/\" target=\"_self\" rel=\"noopener\">Maria Sk\u0142odowska-Curie \u00b7 Albert Einstein. Lettres \/1911\u20131932\/<\/a>                            <span class=\"event-color\" style=\"background: #\"><\/span>                                                                                                            <\/span>\r\n                                                                    <\/div>\r\n                                    <\/div>\r\n    <\/div>\r\n        <div class=\"mec-events-agenda\">\r\n\r\n        <div class=\"mec-agenda-date-wrap\" id=\"mec_yearly_view1790_20260425\">\r\n            <i class=\"mec-sl-calendar\"><\/i>\r\n            <span class=\"mec-agenda-day\">Saturday<\/span>\r\n            <span class=\"mec-agenda-date\">April 25<\/span>\r\n        <\/div>\r\n\r\n        <div class=\"mec-agenda-events-wrap\">\r\n                    <script type=\"application\/ld+json\">\r\n        {\r\n            \"@context\": \"http:\/\/schema.org\",\r\n            \"@type\": \"Event\",\r\n            \"eventStatus\": \"https:\/\/schema.org\/EventScheduled\",\r\n            \"startDate\": \"2026-04-25\",\r\n            \"endDate\": \"2026-04-25\",\r\n            \"eventAttendanceMode\": \"https:\/\/schema.org\/OfflineEventAttendanceMode\",\r\n            \"location\":\r\n            {\r\n                \"@type\": \"Place\",\r\n                                \"name\": \"\",\r\n                \"image\": \"\",\r\n                \"address\": \"\"\r\n                            },\r\n            \"organizer\":\r\n            {\r\n                \"@type\": \"Person\",\r\n                \"name\": \"\",\r\n                \"url\": \"\"\r\n            },\r\n            \"offers\":\r\n            {\r\n                \"url\": \"https:\/\/paris.pan.pl\/en\/events\/walk-in-the-footsteps-of-maria-sklodowska-curie\/\",\r\n                \"price\": \"\",\r\n                \"priceCurrency\": \"\u20ac\",\r\n                \"availability\": \"https:\/\/schema.org\/InStock\",\r\n                \"validFrom\": \"2026-04-25T00:00\"\r\n            },\r\n            \"performer\": \"\",\r\n            \"description\": \"In partnership with the Polish Institute in Paris, the POLONIKA National Institute of Polish Cultural Heritage Abroad is organising a guided walk in the footsteps of Maria Sk\u0142odowska-Curie. The walk will take place on Saturday 25 April at 10:00 am.    Led by Ms Defontaines, the walk will explore places linked to the life and work of one of the most famous female scientists in history. Participants will learn fascinating facts about her life, as well as the historical context of the places visited. This is a unique opportunity to visit the locations where the researcher lived, studied, and conducted her revolutionary research, offering a deeper insight into her extraordinary scientific and personal journey.    The walk follows the event held &lt;span style=&quot;text-decoration: underline;&quot;&gt;&lt;a href=&quot;https:\/\/paris.pan.pl\/en\/events\/maria-sklodowska-curie-%c2%b7-albert-einstein-lettres-1911-1932\/&quot;&gt;the previous day&lt;\/a&gt;&lt;\/span&gt; at the Polish Academy of Sciences&#039; Research Station in Paris. This event was organised in collaboration with the Maria Sk\u0142odowska-Curie Museum in Warsaw and the Foundation for the Development of Education for Industry. It was dedicated to the launch of the French edition of the book Maria Sk\u0142odowska-Curie \u00b7 Albert Einstein. Letters 1911\u20131932&#039;. This book presents the complete correspondence between these two exceptional scientists for the first time, revealing their scientific collaboration, unique intellectual relationship, and friendship.    Prior booking is required to participate in the walk. Registration is now closed as the maximum number of participants has been reached.\",\r\n            \"image\": \"https:\/\/paris.pan.pl\/wp-content\/uploads\/2026\/03\/POLONIKA_SPACER-CURIE_WWW-FR.png\",\r\n            \"name\": \"Walk in the footsteps of Maria Sk\u0142odowska-Curie\",\r\n            \"url\": \"https:\/\/paris.pan.pl\/en\/events\/walk-in-the-footsteps-of-maria-sklodowska-curie\/\"\r\n        }\r\n        <\/script>\r\n                                            <div class=\"mec-past-event mec-agenda-event \">\r\n                        <i class=\"mec-sl-clock \"><\/i>\r\n                        <span class=\"mec-agenda-time\">\r\n                            <span class=\"mec-start-time\">10:00<\/span> - <span class=\"mec-end-time\">15:00<\/span>                        <\/span>\r\n                        <span class=\"mec-agenda-event-title\">\r\n                            <a class=\"mec-color-hover\"  data-event-id=\"20044\" href=\"https:\/\/paris.pan.pl\/en\/events\/walk-in-the-footsteps-of-maria-sklodowska-curie\/\" target=\"_self\" rel=\"noopener\">Walk in the footsteps of Maria Sk\u0142odowska-Curie<\/a>                            <span class=\"event-color\" style=\"background: #\"><\/span>                                                                                                            <\/span>\r\n                                                                    <\/div>\r\n                                    <\/div>\r\n    <\/div>\r\n        <div class=\"mec-events-agenda\">\r\n\r\n        <div class=\"mec-agenda-date-wrap\" id=\"mec_yearly_view1790_20260429\">\r\n            <i class=\"mec-sl-calendar\"><\/i>\r\n            <span class=\"mec-agenda-day\">Wednesday<\/span>\r\n            <span class=\"mec-agenda-date\">April 29<\/span>\r\n        <\/div>\r\n\r\n        <div class=\"mec-agenda-events-wrap\">\r\n                    <script type=\"application\/ld+json\">\r\n        {\r\n            \"@context\": \"http:\/\/schema.org\",\r\n            \"@type\": \"Event\",\r\n            \"eventStatus\": \"https:\/\/schema.org\/EventScheduled\",\r\n            \"startDate\": \"2026-04-29\",\r\n            \"endDate\": \"2026-04-29\",\r\n            \"eventAttendanceMode\": \"https:\/\/schema.org\/OfflineEventAttendanceMode\",\r\n            \"location\":\r\n            {\r\n                \"@type\": \"Place\",\r\n                                \"name\": \"\",\r\n                \"image\": \"\",\r\n                \"address\": \"\"\r\n                            },\r\n            \"organizer\":\r\n            {\r\n                \"@type\": \"Person\",\r\n                \"name\": \"\",\r\n                \"url\": \"\"\r\n            },\r\n            \"offers\":\r\n            {\r\n                \"url\": \"https:\/\/paris.pan.pl\/en\/events\/le-phenomene-childfree-soiree-debat-franco-polonaise\/\",\r\n                \"price\": \"\",\r\n                \"priceCurrency\": \"\u20ac\",\r\n                \"availability\": \"https:\/\/schema.org\/InStock\",\r\n                \"validFrom\": \"2026-04-29T00:00\"\r\n            },\r\n            \"performer\": \"\",\r\n            \"description\": \"&lt;p style=&quot;text-align: justify;&quot;&gt;Childlessness by choice is a phenomenon that has been observed for many decades and has gained particular momentum in recent years. According to a 2022 IFOP survey, one in three French women of childbearing age say they do not wish to have children. A trend that was once marginal and viewed as an unconventional lifestyle choice has now become a widespread and socially accepted option. Similar trends are evident not only in Western countries but also in many developing nations.&lt;\/p&gt;  &lt;p style=&quot;text-align: justify;&quot;&gt;Advances in contraception have meant that the decision to become a parent is no longer a matter of necessity, but has become a conscious choice. This naturally leads to questions about the meaning and justification of having children in the modern world. Does the current reality \u2013 marked by uncertainty, a crisis of trust and a sense of lack of prospects \u2013 encourage people to forego motherhood and fatherhood? Are rising living standards and economic development at odds with the desire to have children? To what extent has our understanding of time and the meaning of life changed, now that an individual\u2019s life story may end with themselves? What role do new ideologies, cultural shifts and reinterpretations of religion play in defining contemporary existence?&lt;\/p&gt;  &lt;p style=&quot;text-align: justify;&quot;&gt;These were the very issues addressed during the conference organised under the auspices of the Institut de France in October 2024. The event, which brought together demographers, ethicists, philosophers, anthropologists and doctors, attracted widespread interest. Its outcome is the book \u201cSans enfants par choix, le ph\u00e9nom\u00e8ne child free\u201d, edited by Chantal Delsol, Gemma Durant and Joanna Nowicki, published in 2025 by Les \u00c9ditions du Cerf.&lt;\/p&gt;  &lt;p style=&quot;text-align: justify;&quot;&gt;Continuing this interdisciplinary reflection, the Polish Academy of Sciences Research Station in Paris and the LT2D Laboratory at CY Cergy Paris Universit\u00e9 are organising a debate on the phenomenon of child-free living by choice, this time from a Polish-French perspective. The event will bring together experts from both countries, which \u2013 despite shared demographic challenges \u2013 have different social, cultural and economic contexts.&lt;\/p&gt;  &lt;p style=&quot;text-align: justify;&quot;&gt;The debate will provide an opportunity to compare French and Polish research and interpretations, as well as to consider the extent to which differing models of the family, social policy and cultural narratives influence decisions regarding having children. The meeting aims not only to bring the two perspectives closer together, but also to deepen European reflection on one of the key demographic challenges of the 21st century.&lt;\/p&gt;  Participants discussion:  &lt;ul&gt;    &lt;li&gt;Prof. Chantal Delsol (Institut de France) \u2013 philosopher, historian of political ideas, writer&lt;\/li&gt;    &lt;li&gt;Prof. Joanna Nowicki (CY Cergy Paris Universit\u00e9) \u2013 cultural anthropology, intercultural communication&lt;\/li&gt;    &lt;li&gt;Gemma Durand (Doctor of Medical Sciences) \u2013 gynaecologist, writer&lt;\/li&gt;    &lt;li&gt;Prof. G\u00e9rard-Fran\u00e7ois Dumont (Sorbonne Universit\u00e9) \u2013 geographer, economist and demographer&lt;\/li&gt;    &lt;li&gt;Prof. Claude Habib (Universit\u00e9 Sorbonne Nouvelle - Paris 3) \u2013 French literature&lt;\/li&gt;    &lt;li&gt;Prof. Iwona Sadowska-Krawczenko (Nicolaus Copernicus University in Toru\u0144) \u2013 paediatrician, neonatologist;&lt;\/li&gt;    &lt;li&gt;Dr Maja \u0141o\u015b (Nicolaus Copernicus University in Toru\u0144) \u2013 psychologist, educator, Doctor of Social Sciences, sociotherapist&lt;\/li&gt;  &lt;\/ul&gt;  Event in French and English.    &lt;strong&gt;Registration by email: &lt;a href=&quot;mailto:secretariat@paris.pan.pl&quot;&gt;secretariat@paris.pan.pl&lt;\/a&gt;&lt;\/strong&gt;    By registering for the event, you accept the terms and &lt;a href=&quot;https:\/\/paris.pan.pl\/wp-content\/uploads\/2025\/08\/Klauzule-EN.pdf&quot;&gt;&lt;strong&gt;conditions regarding the protection of personal data&lt;\/strong&gt;&lt;\/a&gt;.\",\r\n            \"image\": \"https:\/\/paris.pan.pl\/wp-content\/uploads\/2026\/03\/Grafika-promujaca.png\",\r\n            \"name\": \"Childlessness by choice &#8211; French-Polish debate\",\r\n            \"url\": \"https:\/\/paris.pan.pl\/en\/events\/le-phenomene-childfree-soiree-debat-franco-polonaise\/\"\r\n        }\r\n        <\/script>\r\n                                            <div class=\"mec-past-event mec-agenda-event \">\r\n                        <i class=\"mec-sl-clock \"><\/i>\r\n                        <span class=\"mec-agenda-time\">\r\n                            <span class=\"mec-start-time\">18:00<\/span> - <span class=\"mec-end-time\">20:00<\/span>                        <\/span>\r\n                        <span class=\"mec-agenda-event-title\">\r\n                            <a class=\"mec-color-hover\"  data-event-id=\"19940\" href=\"https:\/\/paris.pan.pl\/en\/events\/le-phenomene-childfree-soiree-debat-franco-polonaise\/\" target=\"_self\" rel=\"noopener\">Childlessness by choice &#8211; French-Polish debate<\/a>                            <span class=\"event-color\" style=\"background: #\"><\/span>                                                                                                            <\/span>\r\n                                                                    <\/div>\r\n                                    <\/div>\r\n    <\/div>\r\n        <div class=\"mec-events-agenda\">\r\n\r\n        <div class=\"mec-agenda-date-wrap\" id=\"mec_yearly_view1790_20260518\">\r\n            <i class=\"mec-sl-calendar\"><\/i>\r\n            <span class=\"mec-agenda-day\">Monday<\/span>\r\n            <span class=\"mec-agenda-date\">May 18<\/span>\r\n        <\/div>\r\n\r\n        <div class=\"mec-agenda-events-wrap\">\r\n                    <script type=\"application\/ld+json\">\r\n        {\r\n            \"@context\": \"http:\/\/schema.org\",\r\n            \"@type\": \"Event\",\r\n            \"eventStatus\": \"https:\/\/schema.org\/EventScheduled\",\r\n            \"startDate\": \"2026-05-18\",\r\n            \"endDate\": \"2026-05-19\",\r\n            \"eventAttendanceMode\": \"https:\/\/schema.org\/OfflineEventAttendanceMode\",\r\n            \"location\":\r\n            {\r\n                \"@type\": \"Place\",\r\n                                \"name\": \"Acad\u00e9mie polonaise des sciences centre scientifique \u00e0 Paris\",\r\n                \"image\": \"\",\r\n                \"address\": \"Acad\u00e9mie polonaise des sciences centre scientifique \u00e0 Paris, 74 Rue Lauriston, 75116 Paris, France\"\r\n                            },\r\n            \"organizer\":\r\n            {\r\n                \"@type\": \"Person\",\r\n                \"name\": \"\",\r\n                \"url\": \"\"\r\n            },\r\n            \"offers\":\r\n            {\r\n                \"url\": \"https:\/\/paris.pan.pl\/en\/events\/cooperation-elargie-dans-le-contexte-du-traite-de-nancy-diplomatie-scientifique-securite-migrations\/\",\r\n                \"price\": \"\",\r\n                \"priceCurrency\": \"\u20ac\",\r\n                \"availability\": \"https:\/\/schema.org\/InStock\",\r\n                \"validFrom\": \"2026-05-18T00:00\"\r\n            },\r\n            \"performer\": \"\",\r\n            \"description\": \"To mark the first anniversary of the signing of the Treaty of Nancy, the conference &quot;Coop\u00e9ration \u00e9largie dans le contexte du Trait\u00e9 de Nancy : diplomatie scientifique, s\u00e9curit\u00e9, migrations&quot; will demonstrate how the new Franco-Polish cooperation framework enables joint research projects, strengthened university network collaboration and soft power initiatives. The conference will highlight the importance of politically sensitive areas such as migration, security, and cyber resilience. The Treaty of Nancy strengthens the bilateral partnership&#039;s ambitions in strategic areas and opens up new prospects for cooperation.    The Franco-Polish PHC Polonium project, &#039;AMIPOL: Analysis of the Politicisation and Media Coverage of Migration&#039;, will also be presented at this conference. This project aims to analyse the mechanisms of the politicisation of migration, the role of the media in amplifying existing controversies and divisions, and the factors that mitigate them. It will also examine the links between migration narratives and security categories, such as securitisation, hybrid threats and the manipulation of information.    The Treaty of Nancy establishes a solid foundation for deepening strategic dialogue and developing joint scientific and expert initiatives through Franco-Polish cooperation. The Treaty also reinforces the importance of the partnership between Poland and France as a key pillar of European solidarity, security, and resilience in the face of contemporary challenges.    &lt;strong&gt;Organisers: &lt;\/strong&gt;  Polish Academy of Sciences Scientific Centre in Paris, Warsaw School of Economics, Faculty of Political Science and International Studies, University of Warsaw    &lt;strong&gt;Honorary patronage:&lt;\/strong&gt;  Polish Embassy in Paris, Ministry of Science and Higher Education (Poland), Rector of the Warsaw School of Economics, Polish Political Science Association (Polskie Towarzystwo Nauk Politycznych), Polish Society for European Studies (Polskie Towarzystwo Studi\u00f3w Europejskich), Polish National Agency for Academic Exchange    The conference will be held &lt;strong&gt;in French&lt;\/strong&gt;.    The programme will be published shortly.\",\r\n            \"image\": \"https:\/\/paris.pan.pl\/wp-content\/uploads\/2026\/04\/Cooperation-elargie-dans-le-contexte-du-Traite-de-Nancy.-Diplomatie-scientifique-securite-migrations-3-1.png\",\r\n            \"name\": \"Coop\u00e9ration \u00e9largie dans le contexte du Trait\u00e9 de Nancy :  diplomatie scientifique, s\u00e9curit\u00e9, migrations\",\r\n            \"url\": \"https:\/\/paris.pan.pl\/en\/events\/cooperation-elargie-dans-le-contexte-du-traite-de-nancy-diplomatie-scientifique-securite-migrations\/\"\r\n        }\r\n        <\/script>\r\n                                            <div class=\"mec-agenda-event \">\r\n                        <i class=\"mec-sl-clock \"><\/i>\r\n                        <span class=\"mec-agenda-time\">\r\n                            <span class=\"mec-start-time\">14:00<\/span> - <span class=\"mec-end-time\">19:00<\/span>                        <\/span>\r\n                        <span class=\"mec-agenda-event-title\">\r\n                            <a class=\"mec-color-hover\"  data-event-id=\"20033\" href=\"https:\/\/paris.pan.pl\/en\/events\/cooperation-elargie-dans-le-contexte-du-traite-de-nancy-diplomatie-scientifique-securite-migrations\/\" target=\"_self\" rel=\"noopener\">Coop\u00e9ration \u00e9largie dans le contexte du Trait\u00e9 de Nancy :  diplomatie scientifique, s\u00e9curit\u00e9, migrations<\/a>                            <span class=\"event-color\" style=\"background: #\"><\/span>                                                                                                            <\/span>\r\n                                                                    <\/div>\r\n                                    <\/div>\r\n    <\/div>\r\n        <div class=\"mec-events-agenda\">\r\n\r\n        <div class=\"mec-agenda-date-wrap\" id=\"mec_yearly_view1790_20260701\">\r\n            <i class=\"mec-sl-calendar\"><\/i>\r\n            <span class=\"mec-agenda-day\">Wednesday<\/span>\r\n            <span class=\"mec-agenda-date\">July 1<\/span>\r\n        <\/div>\r\n\r\n        <div class=\"mec-agenda-events-wrap\">\r\n                    <script type=\"application\/ld+json\">\r\n        {\r\n            \"@context\": \"http:\/\/schema.org\",\r\n            \"@type\": \"Event\",\r\n            \"eventStatus\": \"https:\/\/schema.org\/EventScheduled\",\r\n            \"startDate\": \"2026-07-01\",\r\n            \"endDate\": \"2026-07-04\",\r\n            \"eventAttendanceMode\": \"https:\/\/schema.org\/OfflineEventAttendanceMode\",\r\n            \"location\":\r\n            {\r\n                \"@type\": \"Place\",\r\n                                \"name\": \"\",\r\n                \"image\": \"\",\r\n                \"address\": \"\"\r\n                            },\r\n            \"organizer\":\r\n            {\r\n                \"@type\": \"Person\",\r\n                \"name\": \"\",\r\n                \"url\": \"\"\r\n            },\r\n            \"offers\":\r\n            {\r\n                \"url\": \"https:\/\/paris.pan.pl\/en\/events\/iii-francusko-polski-kongres-chemiczny\/\",\r\n                \"price\": \"\",\r\n                \"priceCurrency\": \"\u20ac\",\r\n                \"availability\": \"https:\/\/schema.org\/InStock\",\r\n                \"validFrom\": \"2026-07-01T00:00\"\r\n            },\r\n            \"performer\": \"\",\r\n            \"description\": \"&lt;p style=&quot;text-align: justify;&quot;&gt;The Organizing Committee cordially invites you to participate in the 3rd French-Polish Chemistry Congress, which will take place in Paris on July 1\u20134, 2026.&lt;\/p&gt;    &lt;div&gt;    The aim of the Congress is to promote the scientific achievements of Polish and French research teams in the field of chemistry, with particular emphasis on supramolecular chemistry - a discipline that integrates many areas of modern research. Supramolecular chemistry finds wide application in the creation of innovative materials that form the basis for the development of nanochemistry, as well as in the design of novel catalysts and molecular switches essential for information storage and processing. Equally important are studies on the interactions of small ligands with biomolecules, which play a key role in the development of new therapies, including anticancer drugs and methods of gene therapy.    The program includes lectures by outstanding French and Polish chemists (including Nobel Prize laureate Prof. Jean\u2011Marie Lehn and Prof. Krzysztof Matyjaszewski), as well as presentations by young scientists.    More information is available on the official website of the 3rd French-Polish Chemistry Congress: &lt;strong&gt;https:\/\/frpochco.web.amu.edu.pl\/&lt;\/strong&gt;    &lt;\/div&gt;\",\r\n            \"image\": \"https:\/\/paris.pan.pl\/wp-content\/uploads\/2026\/01\/grafika-na-strone.png\",\r\n            \"name\": \"III French-Polish Chemistry Congress\",\r\n            \"url\": \"https:\/\/paris.pan.pl\/en\/events\/iii-francusko-polski-kongres-chemiczny\/\"\r\n        }\r\n        <\/script>\r\n                                            <div class=\"mec-agenda-event \">\r\n                        <i class=\"mec-sl-clock \"><\/i>\r\n                        <span class=\"mec-agenda-time\">\r\n                            <span class=\"mec-start-time\">All Day<\/span>                        <\/span>\r\n                        <span class=\"mec-agenda-event-title\">\r\n                            <a class=\"mec-color-hover\"  data-event-id=\"19830\" href=\"https:\/\/paris.pan.pl\/en\/events\/iii-francusko-polski-kongres-chemiczny\/\" target=\"_self\" rel=\"noopener\">III French-Polish Chemistry Congress<\/a>                            <span class=\"event-color\" style=\"background: #\"><\/span>                                                                                                            <\/span>\r\n                                                                    <\/div>\r\n                                    <\/div>\r\n    <\/div>\r\n        <div class=\"mec-events-agenda\">\r\n\r\n        <div class=\"mec-agenda-date-wrap\" id=\"mec_yearly_view1790_20260709\">\r\n            <i class=\"mec-sl-calendar\"><\/i>\r\n            <span class=\"mec-agenda-day\">Thursday<\/span>\r\n            <span class=\"mec-agenda-date\">July 9<\/span>\r\n        <\/div>\r\n\r\n        <div class=\"mec-agenda-events-wrap\">\r\n                    <script type=\"application\/ld+json\">\r\n        {\r\n            \"@context\": \"http:\/\/schema.org\",\r\n            \"@type\": \"Event\",\r\n            \"eventStatus\": \"https:\/\/schema.org\/EventScheduled\",\r\n            \"startDate\": \"2026-07-09\",\r\n            \"endDate\": \"2026-07-10\",\r\n            \"eventAttendanceMode\": \"https:\/\/schema.org\/OfflineEventAttendanceMode\",\r\n            \"location\":\r\n            {\r\n                \"@type\": \"Place\",\r\n                                \"name\": \"\",\r\n                \"image\": \"\",\r\n                \"address\": \"\"\r\n                            },\r\n            \"organizer\":\r\n            {\r\n                \"@type\": \"Person\",\r\n                \"name\": \"\",\r\n                \"url\": \"\"\r\n            },\r\n            \"offers\":\r\n            {\r\n                \"url\": \"https:\/\/paris.pan.pl\/en\/events\/we-wspolpracy-o-wspolpracy-badania-jezykoznawcze-w-zespolach-polsko-francuskich\/\",\r\n                \"price\": \"\",\r\n                \"priceCurrency\": \"\u20ac\",\r\n                \"availability\": \"https:\/\/schema.org\/InStock\",\r\n                \"validFrom\": \"2026-07-09T00:00\"\r\n            },\r\n            \"performer\": \"\",\r\n            \"description\": \"&lt;p style=&quot;text-align: justify;&quot;&gt;Contemporary scientific research increasingly relies on international collaboration. This is not merely a passing trend but a response to the complex, transnational challenges facing research today. International cooperation enhances the quality of research, promotes the circulation of methods, and enables the development of projects of a scale and impact difficult to achieve at the national level. Linguistics is no exception. As a discipline focused on the study of language, it naturally benefits from cross-border collaboration: research on a given language often transcends national boundaries and is enriched by contributions from foreign research centres.&lt;\/p&gt;  &lt;p style=&quot;text-align: justify;&quot;&gt;Dynamic and multifaceted, French-Polish cooperation is expressed in several subfields of linguistics, including contrastive studies, lexicography and lexicology, the didactics of French as a foreign language, language acquisition, and bilingualism. This collaboration concerns not only collective publications and projects funded through national and international grants, but also teaching, notably through Erasmus+ mobility programmes and joint doctoral training under cotutelle arrangements.&lt;\/p&gt;  &lt;p style=&quot;text-align: justify;&quot;&gt;The proposed conference will constitute the first event entirely devoted to French-Polish scientific cooperation in linguistics. It will provide an opportunity to present a wide range of collaborative projects, showcase results from mixed research teams, exchange views on current issues and trends, strengthen existing ties, and foster the emergence of new forms of collaboration.&lt;\/p&gt;  &lt;p style=&quot;text-align: justify;&quot;&gt;Submissions for papers are now being accepted. Deadline: 10 May 2026.  For more details, visit the conference website: &lt;a href=&quot;https:\/\/collab2026.us.edu.pl\/&quot;&gt;https:\/\/collab2026.us.edu.pl\/&lt;\/a&gt;&lt;\/p&gt;  &lt;p style=&quot;text-align: justify;&quot;&gt;&lt;a href=&quot;https:\/\/paris.pan.pl\/wp-content\/uploads\/2026\/02\/plakat03-724x1024.png&quot;&gt;&lt;img class=&quot;aligncenter wp-image-19843 &quot; src=&quot;https:\/\/paris.pan.pl\/wp-content\/uploads\/2026\/02\/plakat03-724x1024.png&quot; alt=&quot;&quot; width=&quot;427&quot; height=&quot;604&quot; \/&gt;&lt;\/a&gt;&lt;\/p&gt;\",\r\n            \"image\": \"https:\/\/paris.pan.pl\/wp-content\/uploads\/2026\/02\/grafika-na-strone.png\",\r\n            \"name\": \"In Collaboration on Cooperation: Research in Linguistics within French-Polish Teams\",\r\n            \"url\": \"https:\/\/paris.pan.pl\/en\/events\/we-wspolpracy-o-wspolpracy-badania-jezykoznawcze-w-zespolach-polsko-francuskich\/\"\r\n        }\r\n        <\/script>\r\n                                            <div class=\"mec-agenda-event \">\r\n                        <i class=\"mec-sl-clock \"><\/i>\r\n                        <span class=\"mec-agenda-time\">\r\n                            <span class=\"mec-start-time\">09:00<\/span> - <span class=\"mec-end-time\">18:00<\/span>                        <\/span>\r\n                        <span class=\"mec-agenda-event-title\">\r\n                            <a class=\"mec-color-hover\"  data-event-id=\"19846\" href=\"https:\/\/paris.pan.pl\/en\/events\/we-wspolpracy-o-wspolpracy-badania-jezykoznawcze-w-zespolach-polsko-francuskich\/\" target=\"_self\" rel=\"noopener\">In Collaboration on Cooperation: Research in Linguistics within French-Polish Teams<\/a>                            <span class=\"event-color\" style=\"background: #\"><\/span>                                                                                                            <\/span>\r\n                                                                    <\/div>\r\n                                    <\/div>\r\n    <\/div>\r\n        <span class=\"mec-yearly-max\" data-count=\"13\"><\/span>\r\n\r\n    <\/div>\r\n            <\/div>\r\n        <\/div>\r\n        <div class=\"clearfix\"><\/div>\r\n\r\n    <\/div>\r\n    \r\n<\/div>    <\/div>\r\n\r\n<\/div><br \/>\n[\/et_pb_text][\/et_pb_column][\/et_pb_row][\/et_pb_section][et_pb_section fb_built=&#8221;1&#8243; prev_background_color=&#8221;#fcfcfc&#8221; disabled_on=&#8221;off|off|off&#8221; module_id=&#8221;calendar&#8221; _builder_version=&#8221;4.4.3&#8243; background_color=&#8221;#ededed&#8221; use_background_color_gradient=&#8221;on&#8221; background_color_gradient_start=&#8221;#ededed&#8221; background_color_gradient_end=&#8221;#ffffff&#8221; background_blend=&#8221;soft-light&#8221; custom_margin=&#8221;-1px||&#8221; custom_padding=&#8221;30px|0px|7px|0px|false|false&#8221; top_divider_style=&#8221;asymmetric&#8221; top_divider_height=&#8221;47px&#8221; top_divider_height_tablet=&#8221;19px&#8221; top_divider_height_phone=&#8221;15px&#8221; top_divider_height_last_edited=&#8221;on|tablet&#8221; bottom_divider_color=&#8221;#fcfcfc&#8221; bottom_divider_height=&#8221;40px&#8221; bottom_divider_flip=&#8221;vertical|horizontal&#8221; bottom_divider_arrangement=&#8221;above_content&#8221; bottom_divider_height_tablet=&#8221;22px&#8221; bottom_divider_height_phone=&#8221;17px&#8221; bottom_divider_height_last_edited=&#8221;on|tablet&#8221; animation_style=&#8221;fade&#8221; border_color_right=&#8221;#00A0E3&#8243; global_colors_info=&#8221;{}&#8221;][et_pb_row column_structure=&#8221;3_4,1_4&#8243; use_custom_gutter=&#8221;on&#8221; gutter_width=&#8221;2&#8243; disabled_on=&#8221;off|off|off&#8221; module_id=&#8221;relacje&#8221; _builder_version=&#8221;3.25&#8243; width=&#8221;70%&#8221; max_width=&#8221;70%&#8221; custom_padding=&#8221;|0px|11px|0px&#8221; animation_style=&#8221;fade&#8221; use_custom_width=&#8221;on&#8221; width_unit=&#8221;off&#8221; custom_width_percent=&#8221;70%&#8221; custom_width_percent__hover=&#8221;80%&#8221; locked=&#8221;off&#8221; global_colors_info=&#8221;{}&#8221; border_width_all__hover=&#8221;5px&#8221; width__hover=&#8221;80%&#8221; max_width__hover=&#8221;80%&#8221; width_tablet=&#8221;70%&#8221; width_phone=&#8221;90%&#8221; width_last_edited=&#8221;on|phone&#8221; max_width_tablet=&#8221;70%&#8221; max_width_phone=&#8221;90%&#8221; max_width_last_edited=&#8221;on|tablet&#8221;][et_pb_column type=&#8221;3_4&#8243; _builder_version=&#8221;3.0.47&#8243; custom_padding=&#8221;|||&#8221; global_colors_info=&#8221;{}&#8221; custom_padding__hover=&#8221;|||&#8221; custom_css_main_element__hover=&#8221;background:  rgb(243,241,241);|| &#8220;][et_pb_text _builder_version=&#8221;3.27.4&#8243; header_font=&#8221;Chivo|700|||||||&#8221; header_font_size=&#8221;46px&#8221; module_alignment=&#8221;left&#8221; custom_margin=&#8221;||&#8221; custom_padding=&#8221;|||20px&#8221; animation_style=&#8221;flip&#8221; animation_direction=&#8221;right&#8221; animation_delay=&#8221;300ms&#8221; animation_intensity_flip=&#8221;26%&#8221; hover_transition_duration=&#8221;600ms&#8221; header_font_size_tablet=&#8221;40px&#8221; header_font_size_phone=&#8221;30px&#8221; header_font_size_last_edited=&#8221;on|desktop&#8221; border_color_all=&#8221;#00A0E3&#8243; border_color_top=&#8221;#00a0e3&#8243; border_color_right=&#8221;#00a0e3&#8243; border_color_bottom=&#8221;#00a0e3&#8243; border_width_left=&#8221;6px&#8221; border_color_left=&#8221;#00a0e3&#8243; locked=&#8221;off&#8221; global_colors_info=&#8221;{}&#8221; border_width_left__hover_enabled=&#8221;on&#8221; border_width_left__hover=&#8221;20px&#8221;]<\/p>\n<h1>Event reports<\/h1>\n<p>[\/et_pb_text][\/et_pb_column][et_pb_column type=&#8221;1_4&#8243; _builder_version=&#8221;3.0.47&#8243; custom_padding=&#8221;|||&#8221; global_colors_info=&#8221;{}&#8221; custom_padding__hover=&#8221;|||&#8221;][\/et_pb_column][\/et_pb_row][et_pb_row disabled_on=&#8221;off|off|off&#8221; _builder_version=&#8221;3.25&#8243; width=&#8221;70%&#8221; max_width=&#8221;70%&#8221; animation_style=&#8221;fade&#8221; use_custom_width=&#8221;on&#8221; width_unit=&#8221;off&#8221; custom_width_percent=&#8221;70%&#8221; custom_width_percent__hover=&#8221;80%&#8221; locked=&#8221;off&#8221; global_colors_info=&#8221;{}&#8221; border_width_all__hover=&#8221;5px&#8221; width__hover=&#8221;80%&#8221; max_width__hover=&#8221;80%&#8221; use_custom_gutter=&#8221;on&#8221; gutter_width=&#8221;2&#8243; width_tablet=&#8221;70%&#8221; width_phone=&#8221;90%&#8221; width_last_edited=&#8221;on|phone&#8221; max_width_tablet=&#8221;70%&#8221; max_width_phone=&#8221;90%&#8221; max_width_last_edited=&#8221;on|tablet&#8221; custom_padding=&#8221;||0px|||&#8221;][et_pb_column type=&#8221;4_4&#8243; _builder_version=&#8221;3.0.47&#8243; custom_padding=&#8221;|||&#8221; global_colors_info=&#8221;{}&#8221; custom_padding__hover=&#8221;|||&#8221; custom_css_main_element__hover=&#8221;background:  rgb(243,241,241);|| &#8220;][et_pb_blog fullwidth=&#8221;off&#8221; posts_number=&#8221;3&#8243; include_categories=&#8221;152&#8243; excerpt_length=&#8221;150&#8243; show_author=&#8221;off&#8221; show_date=&#8221;off&#8221; show_categories=&#8221;off&#8221; show_pagination=&#8221;off&#8221; masonry_tile_background_color=&#8221;RGBA(0,0,0,0)&#8221; show_thumbnail_last_edited=&#8221;off|desktop&#8221; show_more_last_edited=&#8221;off|desktop&#8221; show_author_last_edited=&#8221;off|desktop&#8221; show_date_last_edited=&#8221;off|desktop&#8221; show_categories_last_edited=&#8221;off|desktop&#8221; show_comments_last_edited=&#8221;off|desktop&#8221; show_excerpt_last_edited=&#8221;off|desktop&#8221; show_pagination_last_edited=&#8221;off|desktop&#8221; _builder_version=&#8221;4.10.8&#8243; _module_preset=&#8221;default&#8221; header_font=&#8221;Chivo||||||||&#8221; header_text_color=&#8221;#00a0e3&#8243; header_font_size=&#8221;22px&#8221; body_font=&#8221;Lato||||||||&#8221; background_color=&#8221;RGBA(0,0,0,0)&#8221; custom_margin=&#8221;||-2px|||&#8221; hover_enabled=&#8221;0&#8243; border_width_all=&#8221;0px&#8221; locked=&#8221;off&#8221; global_colors_info=&#8221;{}&#8221; sticky_enabled=&#8221;0&#8243;][\/et_pb_blog][\/et_pb_column][\/et_pb_row][et_pb_row _builder_version=&#8221;4.10.8&#8243; _module_preset=&#8221;default&#8221; custom_padding=&#8221;0px||10px|||&#8221;][et_pb_column _builder_version=&#8221;4.10.8&#8243; _module_preset=&#8221;default&#8221; type=&#8221;4_4&#8243;][et_pb_button button_url=&#8221;https:\/\/paris.pan.pl\/en\/category\/relacje\/&#8221; button_text=&#8221;see more&#8221; button_alignment=&#8221;center&#8221; _builder_version=&#8221;4.10.8&#8243; custom_button=&#8221;on&#8221; button_text_size=&#8221;16px&#8221; button_text_color=&#8221;#00a0e3&#8243; button_bg_color_gradient_start=&#8221;#0c71c3&#8243; button_bg_color_gradient_end=&#8221;#2271a3&#8243; button_bg_color_gradient_type=&#8221;radial&#8221; button_border_width=&#8221;0px&#8221; button_border_color=&#8221;#00a0e3&#8243; button_border_radius=&#8221;0px&#8221; button_letter_spacing=&#8221;1px&#8221; button_font=&#8221;Lato|||on|||||&#8221; button_icon=&#8221;%%3%%&#8221; button_on_hover=&#8221;off&#8221; custom_padding=&#8221;||20px|&#8221; custom_padding_tablet=&#8221;&#8221; custom_padding_phone=&#8221;||20px|28px&#8221; custom_padding_last_edited=&#8221;on|desktop&#8221; animation_style=&#8221;fade&#8221; animation_delay=&#8221;550ms&#8221; hover_transition_duration=&#8221;650ms&#8221; hover_enabled=&#8221;0&#8243; locked=&#8221;off&#8221; global_colors_info=&#8221;{}&#8221; button_bg_color__hover_enabled=&#8221;on&#8221; button_bg_color__hover=&#8221;rgba(0,0,0,0)&#8221; button_text_color__hover_enabled=&#8221;on&#8221; button_text_color__hover=&#8221;#000000&#8243; sticky_enabled=&#8221;0&#8243;][\/et_pb_button][\/et_pb_column][\/et_pb_row][\/et_pb_section]<\/p>\n","protected":false},"excerpt":{"rendered":"<p>[et_pb_section fb_built=&#8221;1&#8243; fullwidth=&#8221;on&#8221; _builder_version=&#8221;3.22&#8243; use_background_color_gradient=&#8221;on&#8221; background_color_gradient_start=&#8221;#00a0e3&#8243; background_color_gradient_end=&#8221;#0061ea&#8221; background_color_gradient_start_position=&#8221;32%&#8221; background_color_gradient_end_position=&#8221;84%&#8221; custom_padding=&#8221;0|0|0|0|false|false&#8221; top_divider_style=&#8221;asymmetric&#8221; top_divider_color=&#8221;#fcfcfc&#8221; top_divider_height=&#8221;24px&#8221; top_divider_flip=&#8221;horizontal&#8221; top_divider_height_tablet=&#8221;15px&#8221; top_divider_height_phone=&#8221;13px&#8221; top_divider_height_last_edited=&#8221;on|tablet&#8221; bottom_divider_color=&#8221;#fcfcfc&#8221; bottom_divider_height=&#8221;42px&#8221; bottom_divider_height_tablet=&#8221;17px&#8221; bottom_divider_height_phone=&#8221;13px&#8221; bottom_divider_height_last_edited=&#8221;on|tablet&#8221; global_colors_info=&#8221;{}&#8221;][et_pb_fullwidth_slider show_arrows=&#8221;off&#8221; show_pagination=&#8221;off&#8221; _builder_version=&#8221;3.17.6&#8243; header_font=&#8221;Chivo|700|||||||&#8221; header_text_color=&#8221;rgba(0,0,0,0)&#8221; body_font=&#8221;Chivo||||||||&#8221; body_text_color=&#8221;#ffffff&#8221; use_background_color_gradient=&#8221;on&#8221; background_color_gradient_start=&#8221;#00a0e3&#8243; background_color_gradient_end=&#8221;#0061ea&#8221; background_color_gradient_start_position=&#8221;32%&#8221; background_image=&#8221;https:\/\/paris.pan.pl\/wp-content\/uploads\/2018\/12\/main_slider01-compressor.jpg&#8221; background_position=&#8221;top_left&#8221; custom_button=&#8221;on&#8221; button_text_size=&#8221;16px&#8221; button_text_color=&#8221;#ffffff&#8221; button_bg_color_gradient_start=&#8221;#0c71c3&#8243; button_bg_color_gradient_end=&#8221;#2271a3&#8243; button_bg_color_gradient_type=&#8221;radial&#8221; button_border_width=&#8221;0px&#8221; button_border_color=&#8221;#00a0e3&#8243; button_border_radius=&#8221;0px&#8221; button_letter_spacing=&#8221;1px&#8221; button_font=&#8221;Lato|||on|||||&#8221; button_icon=&#8221;%%1%%&#8221; button_on_hover=&#8221;off&#8221; button_alignment=&#8221;left&#8221; text_orientation=&#8221;left&#8221; module_alignment=&#8221;left&#8221; custom_margin=&#8221;|0px||0px&#8221; custom_padding=&#8221;|0px||0px|true&#8221; animation_style=&#8221;fade&#8221; [&hellip;]<\/p>\n","protected":false},"author":1,"featured_media":0,"parent":0,"menu_order":0,"comment_status":"closed","ping_status":"closed","template":"page-template-fullwidth.php","meta":{"_acf_changed":false,"_et_pb_use_builder":"on","_et_pb_old_content":"","_et_gb_content_width":"","footnotes":""},"class_list":["post-7984","page","type-page","status-publish","hentry"],"acf":[],"_links":{"self":[{"href":"https:\/\/paris.pan.pl\/en\/wp-json\/wp\/v2\/pages\/7984","targetHints":{"allow":["GET"]}}],"collection":[{"href":"https:\/\/paris.pan.pl\/en\/wp-json\/wp\/v2\/pages"}],"about":[{"href":"https:\/\/paris.pan.pl\/en\/wp-json\/wp\/v2\/types\/page"}],"author":[{"embeddable":true,"href":"https:\/\/paris.pan.pl\/en\/wp-json\/wp\/v2\/users\/1"}],"replies":[{"embeddable":true,"href":"https:\/\/paris.pan.pl\/en\/wp-json\/wp\/v2\/comments?post=7984"}],"version-history":[{"count":0,"href":"https:\/\/paris.pan.pl\/en\/wp-json\/wp\/v2\/pages\/7984\/revisions"}],"wp:attachment":[{"href":"https:\/\/paris.pan.pl\/en\/wp-json\/wp\/v2\/media?parent=7984"}],"curies":[{"name":"wp","href":"https:\/\/api.w.org\/{rel}","templated":true}]}}