{"id":10359,"date":"2022-03-18T10:49:25","date_gmt":"2022-03-18T10:49:25","guid":{"rendered":"https:\/\/paris.pan.pl\/?post_type=mec-events&#038;p=10359"},"modified":"2022-10-19T08:45:28","modified_gmt":"2022-10-19T08:45:28","slug":"hors-la-serotonine-litterature-europeenne-du-xxie-siecle-et-hormones-sociales","status":"publish","type":"mec-events","link":"https:\/\/paris.pan.pl\/fr\/events\/hors-la-serotonine-litterature-europeenne-du-xxie-siecle-et-hormones-sociales\/","title":{"rendered":"Hors la s\u00e9rotonine. Litt\u00e9rature europ\u00e9enne du XXIe si\u00e8cle et hormones sociales"},"content":{"rendered":"<p><a href='https:\/\/docs.google.com\/forms\/d\/1vCMaCtW0jORrZ60fJK1LmH5V2-5e8TPWnmfOs903uVY\/edit' class='small-button smallblue' target=\"_blank\">Inscription<\/a> <a href='https:\/\/paris.pan.pl\/wp-content\/uploads\/2022\/03\/Brochure_Serotonin.pdf' class='small-button smallblue' target=\"_blank\">Brochure<\/a> <a href='https:\/\/paris.pan.pl\/wp-content\/uploads\/2022\/03\/Programme_Serotonin-2.pdf' class='small-button smallblue' target=\"_blank\">Programme<\/a><\/p>\n<p>Le colloque scientifique intitul\u00e9 \u00ab <strong>Hors la s\u00e9rotonine. Litt\u00e9rature europ\u00e9enne du XXIe si\u00e8cle et hormones sociales<\/strong> \u00bb se tiendra les 5 et 6 mai 2022. Nous prenons pour point de d\u00e9part la r\u00e9flexion du sociologue fran\u00e7ais Alain Touraine qui dans son \u0153uvre <em>Apr\u00e8s la crise<\/em> (2010), et puis dans <em>La fin des soci\u00e9t\u00e9s<\/em> (2013), a avanc\u00e9 que la soci\u00e9t\u00e9 n\u2019existait plus.<\/p>\n<p>Notre colloque a pour objectif de g\u00e9n\u00e9rer des r\u00e9ponses envisageables \u00e0 la question suivante : quel r\u00f4le jouent les hormones dans l\u2019existence de la soci\u00e9t\u00e9 apr\u00e8s \u00ab la fin de la soci\u00e9t\u00e9 \u00bb ? Nous nous inspirons de la litt\u00e9rature. La s\u00e9rotonine \u2013 titre du roman de Michel Houellebecq \u2013 est l\u2019hormone du bonheur. L\u2019ocytocine \u2013 substance-cl\u00e9 dans la prose de Virginie Despentes \u2013 est l\u2019hormone de l\u2019attachement, de la confiance et de l\u2019amour. Cette m\u00eame ocytocine domine l\u2019\u0153uvre d\u2019Olga Tokarczuk. Chaque \u00e9crivain.e a ses hormones pr\u00e9f\u00e9r\u00e9es \u2013 il\/elle utilise les uns pour souder les liens sociaux et les autres pour expliquer les conflits. Lors de ce colloque nous aimerions v\u00e9rifier si la litt\u00e9rature europ\u00e9enne du XXIe si\u00e8cle peut \u00eatre lue d\u2019un point de vue d\u2019un \u00ab jeu d\u2019hormones \u00bb et si la soci\u00e9t\u00e9 peut \u00eatre interpr\u00e9t\u00e9e de la m\u00eame mani\u00e8re. Les intervenants caract\u00e9riseront l\u2019\u0153uvre d\u2019un \u00e9crivain choisi (ou bien une p\u00e9riode, un groupe, une g\u00e9n\u00e9ration, un genre) en mettant l\u2019accent sur la probl\u00e9matique des relations sociales. L&rsquo;\u00e9v\u00e9nement sera enrichi par une vid\u00e9o performance pr\u00e9sentant les \u00e9motions de la vie collective.<\/p>\n","protected":false},"excerpt":{"rendered":"<p>Le colloque scientifique intitul\u00e9 \u00ab Hors la s\u00e9rotonine. Litt\u00e9rature europ\u00e9enne du XXIe si\u00e8cle et hormones sociales \u00bb se tiendra les 5 et 6 mai 2022. Nous prenons pour point de d\u00e9part la r\u00e9flexion du sociologue fran\u00e7ais Alain Touraine qui dans son \u0153uvre Apr\u00e8s la crise (2010), et puis dans La fin des soci\u00e9t\u00e9s (2013), a [&hellip;]<\/p>\n","protected":false},"author":58,"featured_media":10349,"comment_status":"closed","ping_status":"closed","template":"","tags":[],"mec_category":[200,58],"class_list":["post-10359","mec-events","type-mec-events","status-publish","has-post-thumbnail","hentry","mec_category-science-culture-litterature","mec_category-wyroznione-fr"],"acf":[],"_links":{"self":[{"href":"https:\/\/paris.pan.pl\/fr\/wp-json\/wp\/v2\/mec-events\/10359","targetHints":{"allow":["GET"]}}],"collection":[{"href":"https:\/\/paris.pan.pl\/fr\/wp-json\/wp\/v2\/mec-events"}],"about":[{"href":"https:\/\/paris.pan.pl\/fr\/wp-json\/wp\/v2\/types\/mec-events"}],"author":[{"embeddable":true,"href":"https:\/\/paris.pan.pl\/fr\/wp-json\/wp\/v2\/users\/58"}],"replies":[{"embeddable":true,"href":"https:\/\/paris.pan.pl\/fr\/wp-json\/wp\/v2\/comments?post=10359"}],"wp:featuredmedia":[{"embeddable":true,"href":"https:\/\/paris.pan.pl\/fr\/wp-json\/wp\/v2\/media\/10349"}],"wp:attachment":[{"href":"https:\/\/paris.pan.pl\/fr\/wp-json\/wp\/v2\/media?parent=10359"}],"wp:term":[{"taxonomy":"post_tag","embeddable":true,"href":"https:\/\/paris.pan.pl\/fr\/wp-json\/wp\/v2\/tags?post=10359"},{"taxonomy":"mec_category","embeddable":true,"href":"https:\/\/paris.pan.pl\/fr\/wp-json\/wp\/v2\/mec_category?post=10359"}],"curies":[{"name":"wp","href":"https:\/\/api.w.org\/{rel}","templated":true}]}}