{"id":13324,"date":"2023-03-21T13:04:46","date_gmt":"2023-03-21T13:04:46","guid":{"rendered":"https:\/\/paris.pan.pl\/?post_type=mec-events&#038;p=13324"},"modified":"2023-03-27T12:23:00","modified_gmt":"2023-03-27T12:23:00","slug":"exposition-dediee-a-nicolas-copernic","status":"publish","type":"mec-events","link":"https:\/\/paris.pan.pl\/fr\/events\/exposition-dediee-a-nicolas-copernic\/","title":{"rendered":"Exposition d\u00e9di\u00e9e \u00e0 Nicolas Copernic"},"content":{"rendered":"<p><em><strong>Chercher \u00e0 comprendre \u2013 Nicolas Copernic. Embrasser le mouvement, l&rsquo;espace et les choses de la n\u00e9cessit\u00e9. \u00c0 la recherche visuelle de nouvelles significations : l&rsquo;espace-temps et la relation entre la mati\u00e8re et le vide.<\/strong><\/em><\/p>\n<h4><strong><a href=\"https:\/\/paris.pan.pl\/wp-content\/uploads\/2023\/03\/PLAKAT.png\" target=\"_blank\" rel=\"noopener\">Affiche<\/a><\/strong><\/h4>\n<h4><a href=\"https:\/\/paris.pan.pl\/wp-content\/uploads\/2023\/03\/Programme.png\" target=\"_blank\" rel=\"noopener\">Programme<\/a><\/h4>\n<p>Le 23 f\u00e9vrier 2023 marque le 550e anniversaire de la naissance de l&rsquo;astronome polonais Nicolas Copernic, dont l&rsquo;ouvrage intitul\u00e9 <em>Des r\u00e9volutions des orbes c\u00e9lestes<\/em> a red\u00e9fini la place de l&rsquo;homme dans l&rsquo;univers.<\/p>\n<p>\u00c0 cette occasion, nous aimerions vous inviter \u00e0 une exposition concernant les r\u00e9alisations de cet \u00e9minent astronome, qui sera ouverte du 27.03 au 07.04.2023 du lundi au vendredi, de 9h00 \u00e0 17h00, \u00e0 l&rsquo;Acad\u00e9mie Polonaise des Sciences Centre Scientifique de Paris.<\/p>\n<p>L&rsquo;exposition de Tomasz Matusewicz, professeur \u00e0 l&rsquo;Universit\u00e9 de technologie de Poznan, qui sera associ\u00e9e \u00e0 des conf\u00e9rences multim\u00e9dias publi\u00e9es sur le site web et les m\u00e9dias sociaux de l&rsquo;Acad\u00e9mie Polonaise des Sciences Centre Scientifique de Paris, abordera la question de la visualit\u00e9 et tentera de transcender les conventions dominantes des ph\u00e9nom\u00e8nes vis-\u00e0-vis desquels nous ne devrions pas rester passifs dans notre recherche de nouvelles significations et valeurs de l&rsquo;espace.<\/p>\n<p>La r\u00e9f\u00e9rence \u00e0 l&rsquo;<em>Opus Magnum<\/em> de Nicolas Copernic d\u00e9coule des tentatives de poser et de r\u00e9pondre aux facteurs complexes de la r\u00e9alit\u00e9 observ\u00e9e, une pratique coh\u00e9rente avec l&rsquo;imp\u00e9ratif de recherche de la v\u00e9rit\u00e9, dont la reconstruction peut marquer des valeurs oubli\u00e9es, des valeurs n\u00e9glig\u00e9es pouss\u00e9es en dehors du courant dominant des r\u00e8gles actuelles. L&rsquo;imp\u00e9ratif de recherche de la v\u00e9rit\u00e9, fruit de l&rsquo;intelligence et de la perspicacit\u00e9 de Copernic, l&rsquo;a aid\u00e9 \u00e0 d\u00e9couvrir le principe du m\u00e9canisme de la n\u00e9cessit\u00e9 et \u00e0 contempler la beaut\u00e9 divine.<\/p>\n<p>Le th\u00e8me propos\u00e9 peut \u00eatre le lancement d&rsquo;un nouveau processus ouvert en fournissant des raisons de r\u00e9viser ses propres opinions, ainsi que la forme de sa d\u00e9finition dans les disciplines pratiqu\u00e9es de l&rsquo;activit\u00e9 scientifique et artistique, dans le domaine de l&rsquo;urbanisme, de la planification urbaine, de l&rsquo;architecture, de l&rsquo;art et des domaines connexes tels que l&rsquo;astronomie ou la g\u00e9ographie. Il existe peut-\u00eatre une analogie non encore d\u00e9finie entre la perc\u00e9e de la pens\u00e9e et de la culture \u00e0 l&rsquo;\u00e9poque de Nicolas Copernic et notre \u00e9poque <em>\u2013<\/em> apr\u00e8s l&rsquo;avant-garde et de nombreuses r\u00e9volutions <em>\u2013<\/em> o\u00f9 nous essayons de penser et de cr\u00e9er en tentant \u00ab d&#8217;embrasser le mouvement, l&rsquo;espace et les choses de la n\u00e9cessit\u00e9 \u00bb.<\/p>\n\n\t\t<style type=\"text\/css\">\n\t\t\t#gallery-1 {\n\t\t\t\tmargin: auto;\n\t\t\t}\n\t\t\t#gallery-1 .gallery-item {\n\t\t\t\tfloat: left;\n\t\t\t\tmargin-top: 10px;\n\t\t\t\ttext-align: center;\n\t\t\t\twidth: 33%;\n\t\t\t}\n\t\t\t#gallery-1 img {\n\t\t\t\tborder: 2px solid #cfcfcf;\n\t\t\t}\n\t\t\t#gallery-1 .gallery-caption {\n\t\t\t\tmargin-left: 0;\n\t\t\t}\n\t\t\t\/* see gallery_shortcode() in wp-includes\/media.php *\/\n\t\t<\/style>\n\t\t<div id='gallery-1' class='gallery galleryid-13324 gallery-columns-3 gallery-size-medium'><dl class='gallery-item'>\n\t\t\t<dt class='gallery-icon portrait'>\n\t\t\t\t<a href='https:\/\/paris.pan.pl\/wp-content\/uploads\/2023\/03\/IMG_20230327_104153308_HDR-1-scaled.jpg'><img loading=\"lazy\" decoding=\"async\" width=\"225\" height=\"300\" src=\"https:\/\/paris.pan.pl\/wp-content\/uploads\/2023\/03\/IMG_20230327_104153308_HDR-1-225x300.jpg\" class=\"attachment-medium size-medium\" alt=\"\" srcset=\"https:\/\/paris.pan.pl\/wp-content\/uploads\/2023\/03\/IMG_20230327_104153308_HDR-1-225x300.jpg 225w, https:\/\/paris.pan.pl\/wp-content\/uploads\/2023\/03\/IMG_20230327_104153308_HDR-1-768x1024.jpg 768w, https:\/\/paris.pan.pl\/wp-content\/uploads\/2023\/03\/IMG_20230327_104153308_HDR-1-300x400.jpg 300w, https:\/\/paris.pan.pl\/wp-content\/uploads\/2023\/03\/IMG_20230327_104153308_HDR-1-1152x1536.jpg 1152w, https:\/\/paris.pan.pl\/wp-content\/uploads\/2023\/03\/IMG_20230327_104153308_HDR-1-1536x2048.jpg 1536w, https:\/\/paris.pan.pl\/wp-content\/uploads\/2023\/03\/IMG_20230327_104153308_HDR-1-305x406.jpg 305w, https:\/\/paris.pan.pl\/wp-content\/uploads\/2023\/03\/IMG_20230327_104153308_HDR-1-1080x1440.jpg 1080w, https:\/\/paris.pan.pl\/wp-content\/uploads\/2023\/03\/IMG_20230327_104153308_HDR-1-scaled.jpg 1920w\" sizes=\"auto, (max-width: 225px) 100vw, 225px\" \/><\/a>\n\t\t\t<\/dt><\/dl><dl class='gallery-item'>\n\t\t\t<dt class='gallery-icon portrait'>\n\t\t\t\t<a href='https:\/\/paris.pan.pl\/wp-content\/uploads\/2023\/03\/IMG_20230327_104554258_HDR-1-scaled.jpg'><img loading=\"lazy\" decoding=\"async\" width=\"225\" height=\"300\" src=\"https:\/\/paris.pan.pl\/wp-content\/uploads\/2023\/03\/IMG_20230327_104554258_HDR-1-225x300.jpg\" class=\"attachment-medium size-medium\" alt=\"\" srcset=\"https:\/\/paris.pan.pl\/wp-content\/uploads\/2023\/03\/IMG_20230327_104554258_HDR-1-225x300.jpg 225w, https:\/\/paris.pan.pl\/wp-content\/uploads\/2023\/03\/IMG_20230327_104554258_HDR-1-768x1024.jpg 768w, https:\/\/paris.pan.pl\/wp-content\/uploads\/2023\/03\/IMG_20230327_104554258_HDR-1-300x400.jpg 300w, https:\/\/paris.pan.pl\/wp-content\/uploads\/2023\/03\/IMG_20230327_104554258_HDR-1-1152x1536.jpg 1152w, https:\/\/paris.pan.pl\/wp-content\/uploads\/2023\/03\/IMG_20230327_104554258_HDR-1-1536x2048.jpg 1536w, https:\/\/paris.pan.pl\/wp-content\/uploads\/2023\/03\/IMG_20230327_104554258_HDR-1-305x406.jpg 305w, https:\/\/paris.pan.pl\/wp-content\/uploads\/2023\/03\/IMG_20230327_104554258_HDR-1-1080x1440.jpg 1080w, https:\/\/paris.pan.pl\/wp-content\/uploads\/2023\/03\/IMG_20230327_104554258_HDR-1-scaled.jpg 1920w\" sizes=\"auto, (max-width: 225px) 100vw, 225px\" \/><\/a>\n\t\t\t<\/dt><\/dl><dl class='gallery-item'>\n\t\t\t<dt class='gallery-icon portrait'>\n\t\t\t\t<a href='https:\/\/paris.pan.pl\/wp-content\/uploads\/2023\/03\/IMG_20230327_104230371-2-scaled.jpg'><img loading=\"lazy\" decoding=\"async\" width=\"225\" height=\"300\" src=\"https:\/\/paris.pan.pl\/wp-content\/uploads\/2023\/03\/IMG_20230327_104230371-2-225x300.jpg\" class=\"attachment-medium size-medium\" alt=\"\" srcset=\"https:\/\/paris.pan.pl\/wp-content\/uploads\/2023\/03\/IMG_20230327_104230371-2-225x300.jpg 225w, https:\/\/paris.pan.pl\/wp-content\/uploads\/2023\/03\/IMG_20230327_104230371-2-768x1024.jpg 768w, https:\/\/paris.pan.pl\/wp-content\/uploads\/2023\/03\/IMG_20230327_104230371-2-300x400.jpg 300w, https:\/\/paris.pan.pl\/wp-content\/uploads\/2023\/03\/IMG_20230327_104230371-2-1152x1536.jpg 1152w, https:\/\/paris.pan.pl\/wp-content\/uploads\/2023\/03\/IMG_20230327_104230371-2-1536x2048.jpg 1536w, https:\/\/paris.pan.pl\/wp-content\/uploads\/2023\/03\/IMG_20230327_104230371-2-305x406.jpg 305w, https:\/\/paris.pan.pl\/wp-content\/uploads\/2023\/03\/IMG_20230327_104230371-2-1080x1440.jpg 1080w, https:\/\/paris.pan.pl\/wp-content\/uploads\/2023\/03\/IMG_20230327_104230371-2-scaled.jpg 1920w\" sizes=\"auto, (max-width: 225px) 100vw, 225px\" \/><\/a>\n\t\t\t<\/dt><\/dl><br style=\"clear: both\" \/>\n\t\t<\/div>\n\n<p>&nbsp;<\/p>\n","protected":false},"excerpt":{"rendered":"<p>Chercher \u00e0 comprendre \u2013 Nicolas Copernic. Embrasser le mouvement, l&rsquo;espace et les choses de la n\u00e9cessit\u00e9. \u00c0 la recherche visuelle de nouvelles significations : l&rsquo;espace-temps et la relation entre la mati\u00e8re et le vide. Affiche Programme Le 23 f\u00e9vrier 2023 marque le 550e anniversaire de la naissance de l&rsquo;astronome polonais Nicolas Copernic, dont l&rsquo;ouvrage intitul\u00e9 [&hellip;]<\/p>\n","protected":false},"author":57,"featured_media":13205,"comment_status":"closed","ping_status":"closed","template":"","tags":[],"mec_category":[],"class_list":["post-13324","mec-events","type-mec-events","status-publish","has-post-thumbnail","hentry"],"acf":[],"_links":{"self":[{"href":"https:\/\/paris.pan.pl\/fr\/wp-json\/wp\/v2\/mec-events\/13324","targetHints":{"allow":["GET"]}}],"collection":[{"href":"https:\/\/paris.pan.pl\/fr\/wp-json\/wp\/v2\/mec-events"}],"about":[{"href":"https:\/\/paris.pan.pl\/fr\/wp-json\/wp\/v2\/types\/mec-events"}],"author":[{"embeddable":true,"href":"https:\/\/paris.pan.pl\/fr\/wp-json\/wp\/v2\/users\/57"}],"replies":[{"embeddable":true,"href":"https:\/\/paris.pan.pl\/fr\/wp-json\/wp\/v2\/comments?post=13324"}],"wp:featuredmedia":[{"embeddable":true,"href":"https:\/\/paris.pan.pl\/fr\/wp-json\/wp\/v2\/media\/13205"}],"wp:attachment":[{"href":"https:\/\/paris.pan.pl\/fr\/wp-json\/wp\/v2\/media?parent=13324"}],"wp:term":[{"taxonomy":"post_tag","embeddable":true,"href":"https:\/\/paris.pan.pl\/fr\/wp-json\/wp\/v2\/tags?post=13324"},{"taxonomy":"mec_category","embeddable":true,"href":"https:\/\/paris.pan.pl\/fr\/wp-json\/wp\/v2\/mec_category?post=13324"}],"curies":[{"name":"wp","href":"https:\/\/api.w.org\/{rel}","templated":true}]}}