{"id":17712,"date":"2024-12-23T15:15:26","date_gmt":"2024-12-23T15:15:26","guid":{"rendered":"https:\/\/paris.pan.pl\/?post_type=mec-events&#038;p=17712"},"modified":"2024-12-23T15:15:26","modified_gmt":"2024-12-23T15:15:26","slug":"voeux-de-noel-2","status":"publish","type":"mec-events","link":"https:\/\/paris.pan.pl\/fr\/events\/voeux-de-noel-2\/","title":{"rendered":"V\u0153ux de No\u00ebl"},"content":{"rendered":"<p>\u00c0 l\u2019approche des f\u00eates de No\u00ebl et du Nouvel An, nous vous adressons nos v\u0153ux les plus sinc\u00e8res.<\/p>\n<p>Que cette p\u00e9riode festive soit empreinte de joie, de s\u00e9r\u00e9nit\u00e9 et de chaleur, et que la nouvelle ann\u00e9e vous apporte r\u00e9ussite professionnelle et \u00e9panouissement personnel.<\/p>\n<p>Nous tenons \u00e9galement \u00e0 vous remercier pour votre engagement et votre collaboration au cours de l&rsquo;ann\u00e9e \u00e9coul\u00e9e. Nous esp\u00e9rons vous accueillir nombreux \u00e0 notre Centre dans les mois \u00e0 venir.<\/p>\n<p>Nous vous souhaitons sant\u00e9, prosp\u00e9rit\u00e9 et succ\u00e8s dans tous vos projets pour l&rsquo;ann\u00e9e 2025.<\/p>\n<p>&nbsp;<\/p>\n<p>L&rsquo;\u00e9quipe du Centre Scientifique de l&rsquo;Acad\u00e9mie Polonaise des Sciences \u00e0 Paris<\/p>\n","protected":false},"excerpt":{"rendered":"<p>\u00c0 l\u2019approche des f\u00eates de No\u00ebl et du Nouvel An, nous vous adressons nos v\u0153ux les plus sinc\u00e8res. Que cette p\u00e9riode festive soit empreinte de joie, de s\u00e9r\u00e9nit\u00e9 et de chaleur, et que la nouvelle ann\u00e9e vous apporte r\u00e9ussite professionnelle et \u00e9panouissement personnel. Nous tenons \u00e9galement \u00e0 vous remercier pour votre engagement et votre collaboration [&hellip;]<\/p>\n","protected":false},"author":64,"featured_media":17713,"comment_status":"closed","ping_status":"closed","template":"","tags":[],"mec_category":[],"class_list":["post-17712","mec-events","type-mec-events","status-publish","has-post-thumbnail","hentry"],"acf":[],"_links":{"self":[{"href":"https:\/\/paris.pan.pl\/fr\/wp-json\/wp\/v2\/mec-events\/17712","targetHints":{"allow":["GET"]}}],"collection":[{"href":"https:\/\/paris.pan.pl\/fr\/wp-json\/wp\/v2\/mec-events"}],"about":[{"href":"https:\/\/paris.pan.pl\/fr\/wp-json\/wp\/v2\/types\/mec-events"}],"author":[{"embeddable":true,"href":"https:\/\/paris.pan.pl\/fr\/wp-json\/wp\/v2\/users\/64"}],"replies":[{"embeddable":true,"href":"https:\/\/paris.pan.pl\/fr\/wp-json\/wp\/v2\/comments?post=17712"}],"wp:featuredmedia":[{"embeddable":true,"href":"https:\/\/paris.pan.pl\/fr\/wp-json\/wp\/v2\/media\/17713"}],"wp:attachment":[{"href":"https:\/\/paris.pan.pl\/fr\/wp-json\/wp\/v2\/media?parent=17712"}],"wp:term":[{"taxonomy":"post_tag","embeddable":true,"href":"https:\/\/paris.pan.pl\/fr\/wp-json\/wp\/v2\/tags?post=17712"},{"taxonomy":"mec_category","embeddable":true,"href":"https:\/\/paris.pan.pl\/fr\/wp-json\/wp\/v2\/mec_category?post=17712"}],"curies":[{"name":"wp","href":"https:\/\/api.w.org\/{rel}","templated":true}]}}