{"id":18726,"date":"2025-06-25T08:16:12","date_gmt":"2025-06-25T08:16:12","guid":{"rendered":"https:\/\/paris.pan.pl\/events\/nabor-propozycji-na-wspolorganizacje-wydarzen-w-2026-roku\/"},"modified":"2025-08-05T13:03:31","modified_gmt":"2025-08-05T13:03:31","slug":"nabor-propozycji-na-wspolorganizacje-wydarzen-w-2026-roku","status":"publish","type":"mec-events","link":"https:\/\/paris.pan.pl\/fr\/events\/nabor-propozycji-na-wspolorganizacje-wydarzen-w-2026-roku\/","title":{"rendered":"Appel \u00e0 propositions pour l&rsquo;organisation conjointe d&rsquo;\u00e9v\u00e9nements en 2026"},"content":{"rendered":"<p style=\"text-align: justify;\">Dans le cadre des travaux en cours sur le programme scientifique de 2026, l&rsquo;Acad\u00e9mie polonaise des sciences Centre scientifique \u00e0 Paris <strong>lance un appel \u00e0 propositions pour la co-organisation d&rsquo;\u00e9v\u00e9nements<\/strong> au cours de la prochaine ann\u00e9e calendaire. <strong>Nous vous encourageons \u00e0 soumettre des initiatives de tous les domaines scientifiques<\/strong> qui promeuvent la science polonaise (conf\u00e9rences, symposiums, expos\u00e9s) et la culture (concerts, expositions) en France, ainsi qu&rsquo;\u00e0 pr\u00e9senter les r\u00e9sultats de la recherche men\u00e9e dans le cadre de la coop\u00e9ration polono-fran\u00e7aise.<\/p>\n<p style=\"text-align: justify;\">Le Centre Scientifique de l&rsquo;Acad\u00e9mie Polonaise des Sciences \u00e0 Paris est ouvert \u00e0 l&rsquo;organisation d&rsquo;\u00e9v\u00e9nements li\u00e9s \u00e0 des \u00e9v\u00e9nements et r\u00e9alisations significatifs dans le contexte franco-polonais, y compris les anniversaires, les d\u00e9fis mondiaux actuels, les publications et d\u00e9couvertes scientifiques significatives, les r\u00e9compenses dans le monde de la science, les collaborations prestigieuses pour la Pologne, ou les r\u00e9unions de consortiums de projets.<\/p>\n<p style=\"text-align: justify;\">Le Centre scientifique APS \u00e0 Paris dispose d&rsquo;une salle de conf\u00e9rence avec des \u00e9quipements audio-visuels et d&rsquo;un h\u00e9bergement payant. D&rsquo;autres formes de participation du Centre Scientifique APS \u00e0 Paris aux initiatives s\u00e9lectionn\u00e9es (substantive, organisationnelle et\/ou financi\u00e8re) seront d\u00e9termin\u00e9es individuellement au stade de l&rsquo;\u00e9valuation de la demande.<\/p>\n<p style=\"text-align: justify;\">Les documents ci-dessous contiennent des informations d\u00e9taill\u00e9es sur les modalit\u00e9s de candidature.<\/p>\n<p style=\"text-align: justify;\"><strong>Veuillez envoyer le formulaire compl\u00e9t\u00e9 et sign\u00e9 en Word (version \u00e9ditable) et PDF (scann\u00e9 avec signature) \u00e0 : <a href=\"mailto:secretariat@paris.pan.pl\">secretariat@paris.pan.pl<\/a> avant le 5 septembre 2025.<\/strong><\/p>\n<p>Les r\u00e9sultats de l&rsquo;appel \u00e0 propositions seront annonc\u00e9s \u00e0 la fin du premier trimestre 2026.<\/p>\n<p style=\"text-align: justify;\"><strong>Documents t\u00e9l\u00e9chargeables :<\/strong><\/p>\n<a href='https:\/\/paris.pan.pl\/wp-content\/uploads\/2025\/06\/FR-Zalacznik-1_FORMULARZ-ZGLOSZENIOWY-1.docx' class='small-button smallblue' target=\"_blank\">FORMULAIRE DE DEMANDE<\/a>\n<a href='https:\/\/paris.pan.pl\/wp-content\/uploads\/2025\/06\/FR_Zalacznik-2_REGULAMIN.docx' class='small-button smallblue' target=\"_blank\">R\u00c8GLEMENT<\/a>\n","protected":false},"excerpt":{"rendered":"<p>Dans le cadre des travaux en cours sur le programme scientifique de 2026, l&rsquo;Acad\u00e9mie polonaise des sciences Centre scientifique \u00e0 Paris lance un appel \u00e0 propositions pour la co-organisation d&rsquo;\u00e9v\u00e9nements au cours de la prochaine ann\u00e9e calendaire. Nous vous encourageons \u00e0 soumettre des initiatives de tous les domaines scientifiques qui promeuvent la science polonaise (conf\u00e9rences, [&hellip;]<\/p>\n","protected":false},"author":66,"featured_media":18738,"comment_status":"closed","ping_status":"closed","template":"","tags":[],"mec_category":[],"class_list":["post-18726","mec-events","type-mec-events","status-publish","has-post-thumbnail","hentry"],"acf":[],"_links":{"self":[{"href":"https:\/\/paris.pan.pl\/fr\/wp-json\/wp\/v2\/mec-events\/18726","targetHints":{"allow":["GET"]}}],"collection":[{"href":"https:\/\/paris.pan.pl\/fr\/wp-json\/wp\/v2\/mec-events"}],"about":[{"href":"https:\/\/paris.pan.pl\/fr\/wp-json\/wp\/v2\/types\/mec-events"}],"author":[{"embeddable":true,"href":"https:\/\/paris.pan.pl\/fr\/wp-json\/wp\/v2\/users\/66"}],"replies":[{"embeddable":true,"href":"https:\/\/paris.pan.pl\/fr\/wp-json\/wp\/v2\/comments?post=18726"}],"wp:featuredmedia":[{"embeddable":true,"href":"https:\/\/paris.pan.pl\/fr\/wp-json\/wp\/v2\/media\/18738"}],"wp:attachment":[{"href":"https:\/\/paris.pan.pl\/fr\/wp-json\/wp\/v2\/media?parent=18726"}],"wp:term":[{"taxonomy":"post_tag","embeddable":true,"href":"https:\/\/paris.pan.pl\/fr\/wp-json\/wp\/v2\/tags?post=18726"},{"taxonomy":"mec_category","embeddable":true,"href":"https:\/\/paris.pan.pl\/fr\/wp-json\/wp\/v2\/mec_category?post=18726"}],"curies":[{"name":"wp","href":"https:\/\/api.w.org\/{rel}","templated":true}]}}