{"id":19933,"date":"2026-03-27T08:47:07","date_gmt":"2026-03-27T08:47:07","guid":{"rendered":"https:\/\/paris.pan.pl\/?post_type=mec-events&#038;p=19933"},"modified":"2026-04-15T10:49:00","modified_gmt":"2026-04-15T10:49:00","slug":"le-phenomene-childfree-soiree-debat-franco-polonaise","status":"publish","type":"mec-events","link":"https:\/\/paris.pan.pl\/fr\/events\/le-phenomene-childfree-soiree-debat-franco-polonaise\/","title":{"rendered":"Le ph\u00e9nom\u00e8ne childfree &#8211; soir\u00e9e-d\u00e9bat franco-polonaise"},"content":{"rendered":"<p style=\"text-align: justify;\">Le courant de pens\u00e9e Childfree (sans enfant par choix) est d\u00e9j\u00e0 vieux de \u00a0plusieurs d\u00e9cennies, mais il rev\u00eat aujourd\u2019hui une importance capitale \u00a0quand un tiers des Fran\u00e7aises sans enfants et en \u00e2ge de procr\u00e9er ne veulent \u00a0pas d\u2019enfants (sondage IFOP 2022). Un courant marginal et original devient \u00a0une opinion largement partag\u00e9e, d\u2019autant qu\u2019il concerne l\u2019ensemble des \u00a0pays occidentaux et m\u00eame des pays d\u00e9velopp\u00e9s.<\/p>\n<p style=\"text-align: justify;\">A partir du moment o\u00f9, avec la contraception, la conception de l\u2019enfant \u00a0cessait d\u2019\u00eatre un destin, il \u00e9tait bien naturel que nous commencions \u00e0 poser la \u00a0question de sa l\u00e9gitimit\u00e9. Le moment contemporain est-il particuli\u00e8rement \u00a0priv\u00e9 de sens, ou d\u00e9sesp\u00e9r\u00e9, pour que le d\u00e9sir d\u2019enfant soit \u00e0 ce point remis \u00a0en cause ? Faut-il penser que le d\u00e9veloppement \u00e9conomique contredit le \u00a0d\u00e9sir d\u2019enfant ? Faut-il croire que la situation de nos soci\u00e9t\u00e9s est r\u00e9ellement \u00a0pire que celle de nos anciens, au point de mettre en cause l\u2019avenir humain ? \u00a0Quelle nouvelle vision du temps cela traduit-il, quand l\u2019histoire personnelle \u00a0r\u00e9clame de se clore avec l\u2019individu ? Quel r\u00f4le jouent les ruptures \u00a0id\u00e9ologiques et religieuses pr\u00e9sentes dans cette nouvelle mani\u00e8re de \u00a0consid\u00e9rer l\u2019existence ?<\/p>\n<p style=\"text-align: justify;\">C&rsquo;est pr\u00e9cis\u00e9ment \u00e0 ces questions qu&rsquo;\u00e9tait consacr\u00e9e le colloque organis\u00e9 sous les auspices de l&rsquo;Institut de France en octobre 2024. Cet \u00e9v\u00e9nement, qui a r\u00e9uni des d\u00e9mographes, des \u00e9thiciens, des philosophes, des anthropologues et des m\u00e9decins, a suscit\u00e9 un vif int\u00e9r\u00eat. Il a donn\u00e9 lieu \u00e0 la publication du livre \u00ab Sans enfants par choix, le ph\u00e9nom\u00e8ne childfree \u00bb, sous la direction de Chantal Delsol, Gemma Durant et Joanna Nowicki, paru en 2025 aux \u00c9ditions du Cerf.<\/p>\n<p style=\"text-align: justify;\">Poursuivant cette r\u00e9flexion interdisciplinaire, le Centre scientifique de l\u2019Acad\u00e9mie polonaise des sciences \u00e0 Paris et le Laboratoire LT2D de CY Cergy Paris Universit\u00e9 organisent un d\u00e9bat consacr\u00e9 au ph\u00e9nom\u00e8ne childfree, cette fois dans une perspective franco-polonaise. Cet \u00e9v\u00e9nement r\u00e9unira des experts des deux pays qui, malgr\u00e9 des d\u00e9fis d\u00e9mographiques communs, pr\u00e9sentent des contextes sociaux, culturels et \u00e9conomiques diff\u00e9rents.<\/p>\n<p style=\"text-align: justify;\">Ce d\u00e9bat sera l\u2019occasion de comparer les recherches et les interpr\u00e9tations fran\u00e7aises et polonaises, ainsi que de r\u00e9fl\u00e9chir \u00e0 la mesure dans laquelle les diff\u00e9rents mod\u00e8les familiaux, les politiques sociales ou les r\u00e9cits culturels influencent les d\u00e9cisions relatives \u00e0 la procr\u00e9ation. Cette rencontre vise non seulement \u00e0 rapprocher ces deux perspectives, mais aussi \u00e0 approfondir la r\u00e9flexion europ\u00e9enne sur l\u2019un des principaux d\u00e9fis d\u00e9mographiques du XXIe si\u00e8cle.<\/p>\n<p>&nbsp;<\/p>\n<p>Participeront \u00e0 la discussion :<\/p>\n<ul>\n<li>Prof. Chantal Delsol (Institut de France) \u2013 philosophe, historienne des id\u00e9es politiques, \u00e9crivaine<\/li>\n<li>Prof. Joanna Nowicki (CY Cergy Paris Universit\u00e9) \u2013 anthropologie culturelle, communication interculturelle<\/li>\n<li>Prof. Gemma Durant (docteur en m\u00e9decine) \u2013 gyn\u00e9cologue, \u00e9crivaine<\/li>\n<li>Prof. G\u00e9rard-Fran\u00e7ois Dumont (Sorbonne Universit\u00e9) \u2013 g\u00e9ographe, \u00e9conomiste et d\u00e9mographe<\/li>\n<li>Prof. Claude Habib (Universit\u00e9 Sorbonne Nouvelle &#8211; Paris 3) \u2013 litt\u00e9rature fran\u00e7aise<\/li>\n<li>Prof. Iwona Sadowska-Krawczenko (Universit\u00e9 Nicolas Copernic de Toru\u0144) \u2013 p\u00e9diatre, sp\u00e9cialiste en n\u00e9onatologie ;<\/li>\n<li>Dr Maja \u0141o\u015b (Universit\u00e9 Nicolas Copernic de Toru\u0144) \u2013 psychologue, p\u00e9dagogue, docteur en sciences sociales, socioth\u00e9rapeute<\/li>\n<\/ul>\n<p>\u00c9v\u00e9nement en fran\u00e7ais et en anglais.<\/p>\n<p><strong>Si vous souhaitez participer \u00e0 cet \u00e9v\u00e9nement, veuillez envoyer un e-mail \u00e0 l&rsquo;adresse suivante : <a href=\"mailto:secretariat@paris.pan.pl\">secretariat@paris.pan.pl<\/a><\/strong><\/p>\n<p>En vous inscrivant \u00e0 cet \u00e9v\u00e9nement, vous acceptez <strong><a href=\"https:\/\/paris.pan.pl\/wp-content\/uploads\/2025\/08\/Klauzule-FR.pdf\">les clauses relatives \u00e0 la protection des donn\u00e9es personnelles<\/a><\/strong>.<\/p>\n","protected":false},"excerpt":{"rendered":"<p>Le courant de pens\u00e9e Childfree (sans enfant par choix) est d\u00e9j\u00e0 vieux de \u00a0plusieurs d\u00e9cennies, mais il rev\u00eat aujourd\u2019hui une importance capitale \u00a0quand un tiers des Fran\u00e7aises sans enfants et en \u00e2ge de procr\u00e9er ne veulent \u00a0pas d\u2019enfants (sondage IFOP 2022). Un courant marginal et original devient \u00a0une opinion largement partag\u00e9e, d\u2019autant qu\u2019il concerne l\u2019ensemble [&hellip;]<\/p>\n","protected":false},"author":66,"featured_media":19934,"comment_status":"closed","ping_status":"closed","template":"","tags":[],"mec_category":[],"class_list":["post-19933","mec-events","type-mec-events","status-publish","has-post-thumbnail","hentry"],"acf":[],"_links":{"self":[{"href":"https:\/\/paris.pan.pl\/fr\/wp-json\/wp\/v2\/mec-events\/19933","targetHints":{"allow":["GET"]}}],"collection":[{"href":"https:\/\/paris.pan.pl\/fr\/wp-json\/wp\/v2\/mec-events"}],"about":[{"href":"https:\/\/paris.pan.pl\/fr\/wp-json\/wp\/v2\/types\/mec-events"}],"author":[{"embeddable":true,"href":"https:\/\/paris.pan.pl\/fr\/wp-json\/wp\/v2\/users\/66"}],"replies":[{"embeddable":true,"href":"https:\/\/paris.pan.pl\/fr\/wp-json\/wp\/v2\/comments?post=19933"}],"wp:featuredmedia":[{"embeddable":true,"href":"https:\/\/paris.pan.pl\/fr\/wp-json\/wp\/v2\/media\/19934"}],"wp:attachment":[{"href":"https:\/\/paris.pan.pl\/fr\/wp-json\/wp\/v2\/media?parent=19933"}],"wp:term":[{"taxonomy":"post_tag","embeddable":true,"href":"https:\/\/paris.pan.pl\/fr\/wp-json\/wp\/v2\/tags?post=19933"},{"taxonomy":"mec_category","embeddable":true,"href":"https:\/\/paris.pan.pl\/fr\/wp-json\/wp\/v2\/mec_category?post=19933"}],"curies":[{"name":"wp","href":"https:\/\/api.w.org\/{rel}","templated":true}]}}