{"id":7985,"date":"2020-11-25T14:09:26","date_gmt":"2020-11-25T14:09:26","guid":{"rendered":"https:\/\/paris.pan.pl\/?page_id=7985"},"modified":"2023-12-14T10:08:02","modified_gmt":"2023-12-14T10:08:02","slug":"evenement","status":"publish","type":"page","link":"https:\/\/paris.pan.pl\/fr\/evenement\/","title":{"rendered":"\u00c9v\u00e9nements"},"content":{"rendered":"<p>[et_pb_section fb_built=\u00a0\u00bb1&Prime; fullwidth=\u00a0\u00bbon\u00a0\u00bb _builder_version=\u00a0\u00bb4.16&Prime; use_background_color_gradient=\u00a0\u00bbon\u00a0\u00bb background_color_gradient_stops=\u00a0\u00bb#00a0e3 32%|#0061ea 84%\u00a0\u00bb background_color_gradient_start=\u00a0\u00bb#00a0e3&Prime; background_color_gradient_start_position=\u00a0\u00bb32%\u00a0\u00bb background_color_gradient_end=\u00a0\u00bb#0061ea\u00a0\u00bb background_color_gradient_end_position=\u00a0\u00bb84%\u00a0\u00bb custom_padding=\u00a0\u00bb0|0|0|0|false|false\u00a0\u00bb top_divider_style=\u00a0\u00bbasymmetric\u00a0\u00bb top_divider_color=\u00a0\u00bb#fcfcfc\u00a0\u00bb top_divider_height=\u00a0\u00bb24px\u00a0\u00bb top_divider_flip=\u00a0\u00bbhorizontal\u00a0\u00bb top_divider_height_tablet=\u00a0\u00bb15px\u00a0\u00bb top_divider_height_phone=\u00a0\u00bb13px\u00a0\u00bb top_divider_height_last_edited=\u00a0\u00bbon|tablet\u00a0\u00bb bottom_divider_color=\u00a0\u00bb#fcfcfc\u00a0\u00bb bottom_divider_height=\u00a0\u00bb42px\u00a0\u00bb bottom_divider_height_tablet=\u00a0\u00bb17px\u00a0\u00bb bottom_divider_height_phone=\u00a0\u00bb13px\u00a0\u00bb bottom_divider_height_last_edited=\u00a0\u00bbon|tablet\u00a0\u00bb global_colors_info=\u00a0\u00bb{}\u00a0\u00bb][et_pb_fullwidth_slider show_arrows=\u00a0\u00bboff\u00a0\u00bb show_pagination=\u00a0\u00bboff\u00a0\u00bb _builder_version=\u00a0\u00bb4.16&Prime; header_font=\u00a0\u00bbChivo|700|||||||\u00a0\u00bb header_text_color=\u00a0\u00bbrgba(0,0,0,0)\u00a0\u00bb body_font=\u00a0\u00bbChivo||||||||\u00a0\u00bb body_text_color=\u00a0\u00bb#ffffff\u00a0\u00bb use_background_color_gradient=\u00a0\u00bbon\u00a0\u00bb background_color_gradient_stops=\u00a0\u00bb#00a0e3 32%|#0061ea 100%\u00a0\u00bb background_color_gradient_start=\u00a0\u00bb#00a0e3&Prime; background_color_gradient_start_position=\u00a0\u00bb32%\u00a0\u00bb background_color_gradient_end=\u00a0\u00bb#0061ea\u00a0\u00bb background_image=\u00a0\u00bbhttps:\/\/paris.pan.pl\/wp-content\/uploads\/2018\/12\/main_slider01-compressor.jpg\u00a0\u00bb background_position=\u00a0\u00bbtop_left\u00a0\u00bb custom_button=\u00a0\u00bbon\u00a0\u00bb button_text_size=\u00a0\u00bb16px\u00a0\u00bb button_text_color=\u00a0\u00bb#ffffff\u00a0\u00bb button_bg_color_gradient_type=\u00a0\u00bbcircular\u00a0\u00bb button_bg_color_gradient_stops=\u00a0\u00bb#0c71c3 0%|#2271a3 100%\u00a0\u00bb button_bg_color_gradient_start=\u00a0\u00bb#0c71c3&Prime; button_bg_color_gradient_end=\u00a0\u00bb#2271a3&Prime; button_border_width=\u00a0\u00bb0px\u00a0\u00bb button_border_color=\u00a0\u00bb#00a0e3&Prime; button_border_radius=\u00a0\u00bb0px\u00a0\u00bb button_letter_spacing=\u00a0\u00bb1px\u00a0\u00bb button_font=\u00a0\u00bbLato|||on|||||\u00a0\u00bb button_icon=\u00a0\u00bb%%1%%\u00a0\u00bb button_on_hover=\u00a0\u00bboff\u00a0\u00bb button_alignment=\u00a0\u00bbleft\u00a0\u00bb text_orientation=\u00a0\u00bbleft\u00a0\u00bb module_alignment=\u00a0\u00bbleft\u00a0\u00bb custom_margin=\u00a0\u00bb|0px||0px\u00a0\u00bb custom_padding=\u00a0\u00bb|0px||0px|true\u00a0\u00bb animation_style=\u00a0\u00bbfade\u00a0\u00bb animation_direction=\u00a0\u00bbtop\u00a0\u00bb animation_delay=\u00a0\u00bb400ms\u00a0\u00bb auto=\u00a0\u00bbon\u00a0\u00bb auto_speed=\u00a0\u00bb5000&Prime; auto_ignore_hover=\u00a0\u00bbon\u00a0\u00bb hover_transition_duration=\u00a0\u00bb700ms\u00a0\u00bb header_font_size_tablet=\u00a0\u00bb40px\u00a0\u00bb header_font_size_phone=\u00a0\u00bb30px\u00a0\u00bb header_font_size_last_edited=\u00a0\u00bbon|desktop\u00a0\u00bb body_font_size_tablet=\u00a0\u00bb20px\u00a0\u00bb body_font_size_phone=\u00a0\u00bb18px\u00a0\u00bb body_font_size_last_edited=\u00a0\u00bbon|phone\u00a0\u00bb custom_css_slide_title=\u00a0\u00bbborder-left: #ffffff||  6px solid; ||padding-left: 20px;||transition: border 600ms ease 0ms,border 300ms ease 0ms;||font-weight:700 !important;||\u00a0\u00bb custom_css_slide_button=\u00a0\u00bbpadding-left: 28px !important;\u00a0\u00bb global_colors_info=\u00a0\u00bb{}\u00a0\u00bb custom_css_slide_title__hover_enabled=\u00a0\u00bbon\u00a0\u00bb custom_css_slide_title__hover=\u00a0\u00bbborder-left:  #ffffff 20px solid; ||padding-left: 20px;||transition: border 600ms ease 0ms,border 300ms ease 0ms;\u00a0\u00bb custom_css_after__hover=\u00a0\u00bb    content: %22%22;||    background-image: linear-gradient(180deg,rgb(0,161,227) 14%,rgb(0,97,234) 66%);||    opacity: 0.89;||    top: 0;||    left: 0;||    bottom: 0;||    z-index: 1 !important;||    right: 0;||    position: absolute;||transition: border 600ms ease 0ms,border 300ms ease 0ms;\u00a0\u00bb][et_pb_slide heading=\u00a0\u00bb\u00c9v\u00e9nements\u00a0\u00bb button_link=\u00a0\u00bb#start\u00a0\u00bb use_bg_overlay=\u00a0\u00bbon\u00a0\u00bb bg_overlay_color=\u00a0\u00bbrgba(0,161,227,0.88)\u00a0\u00bb use_text_overlay=\u00a0\u00bboff\u00a0\u00bb _builder_version=\u00a0\u00bb4.16&Prime; header_font=\u00a0\u00bb|700|||||||\u00a0\u00bb header_text_color=\u00a0\u00bbrgba(252,252,252,0.97)\u00a0\u00bb body_font=\u00a0\u00bbChivo|700||on|||||\u00a0\u00bb body_text_color=\u00a0\u00bbrgba(252,252,252,0.97)\u00a0\u00bb body_font_size=\u00a0\u00bb24px\u00a0\u00bb body_letter_spacing=\u00a0\u00bb1px\u00a0\u00bb background_color=\u00a0\u00bbrgba(0,160,227,0)\u00a0\u00bb custom_button=\u00a0\u00bbon\u00a0\u00bb button_font=\u00a0\u00bb||||||||\u00a0\u00bb button_use_icon=\u00a0\u00bbon\u00a0\u00bb button_on_hover=\u00a0\u00bboff\u00a0\u00bb background_layout=\u00a0\u00bblight\u00a0\u00bb custom_padding=\u00a0\u00bb54px||30px||false\u00a0\u00bb custom_padding_tablet=\u00a0\u00bb|0px||0px\u00a0\u00bb custom_padding_phone=\u00a0\u00bb27vh|0px|44vh|0px\u00a0\u00bb custom_padding_last_edited=\u00a0\u00bboff|desktop\u00a0\u00bb body_font_size_tablet=\u00a0\u00bb24px\u00a0\u00bb body_font_size_phone=\u00a0\u00bb16px\u00a0\u00bb body_font_size_last_edited=\u00a0\u00bbon|desktop\u00a0\u00bb body_letter_spacing_tablet=\u00a0\u00bb1px\u00a0\u00bb body_letter_spacing_phone=\u00a0\u00bb1px\u00a0\u00bb global_colors_info=\u00a0\u00bb{}\u00a0\u00bb allow_player_pause__hover=\u00a0\u00bboff\u00a0\u00bb allow_player_pause__hover_enabled=\u00a0\u00bboff\u00a0\u00bb background_color__hover=\u00a0\u00bb#00a0e3&Prime; background_color__hover_enabled=\u00a0\u00bb#00a0e3&Prime; use_background_color_gradient__hover=\u00a0\u00bboff\u00a0\u00bb use_background_color_gradient__hover_enabled=\u00a0\u00bboff\u00a0\u00bb background_color_gradient_start__hover=\u00a0\u00bb#2b87da\u00a0\u00bb background_color_gradient_start__hover_enabled=\u00a0\u00bb#2b87da\u00a0\u00bb background_color_gradient_end__hover=\u00a0\u00bb#29c4a9&Prime; background_color_gradient_end__hover_enabled=\u00a0\u00bb#29c4a9&Prime; background_color_gradient_type__hover=\u00a0\u00bblinear\u00a0\u00bb background_color_gradient_type__hover_enabled=\u00a0\u00bblinear\u00a0\u00bb background_color_gradient_direction__hover=\u00a0\u00bb180deg\u00a0\u00bb background_color_gradient_direction__hover_enabled=\u00a0\u00bb180deg\u00a0\u00bb background_color_gradient_direction_radial__hover=\u00a0\u00bbcenter\u00a0\u00bb background_color_gradient_direction_radial__hover_enabled=\u00a0\u00bbcenter\u00a0\u00bb background_color_gradient_start_position__hover=\u00a0\u00bb0%\u00a0\u00bb background_color_gradient_start_position__hover_enabled=\u00a0\u00bb0%\u00a0\u00bb background_color_gradient_end_position__hover=\u00a0\u00bb100%\u00a0\u00bb background_color_gradient_end_position__hover_enabled=\u00a0\u00bb100%\u00a0\u00bb background_color_gradient_overlays_image__hover=\u00a0\u00bboff\u00a0\u00bb background_color_gradient_overlays_image__hover_enabled=\u00a0\u00bboff\u00a0\u00bb parallax__hover=\u00a0\u00bboff\u00a0\u00bb parallax__hover_enabled=\u00a0\u00bboff\u00a0\u00bb parallax_method__hover=\u00a0\u00bbon\u00a0\u00bb parallax_method__hover_enabled=\u00a0\u00bbon\u00a0\u00bb background_size__hover=\u00a0\u00bbcover\u00a0\u00bb background_size__hover_enabled=\u00a0\u00bbcover\u00a0\u00bb background_position__hover=\u00a0\u00bbcenter\u00a0\u00bb background_position__hover_enabled=\u00a0\u00bbcenter\u00a0\u00bb background_repeat__hover=\u00a0\u00bbno-repeat\u00a0\u00bb background_repeat__hover_enabled=\u00a0\u00bbno-repeat\u00a0\u00bb background_blend__hover=\u00a0\u00bbnormal\u00a0\u00bb background_blend__hover_enabled=\u00a0\u00bbnormal\u00a0\u00bb background_video_pause_outside_viewport__hover=\u00a0\u00bbon\u00a0\u00bb background_video_pause_outside_viewport__hover_enabled=\u00a0\u00bbon\u00a0\u00bb alignment__hover=\u00a0\u00bbcenter\u00a0\u00bb alignment__hover_enabled=\u00a0\u00bbcenter\u00a0\u00bb header_text_shadow_style__hover=\u00a0\u00bbnone\u00a0\u00bb header_text_shadow_style__hover_enabled=\u00a0\u00bbnone\u00a0\u00bb header_text_shadow_color__hover=\u00a0\u00bbrgba(0,0,0,0.4)\u00a0\u00bb header_text_shadow_color__hover_enabled=\u00a0\u00bbrgba(0,0,0,0.4)\u00a0\u00bb body_text_shadow_style__hover=\u00a0\u00bbnone\u00a0\u00bb body_text_shadow_style__hover_enabled=\u00a0\u00bbnone\u00a0\u00bb body_text_shadow_color__hover=\u00a0\u00bbrgba(0,0,0,0.4)\u00a0\u00bb body_text_shadow_color__hover_enabled=\u00a0\u00bbrgba(0,0,0,0.4)\u00a0\u00bb custom_button__hover=\u00a0\u00bboff\u00a0\u00bb custom_button__hover_enabled=\u00a0\u00bboff\u00a0\u00bb button_text_color__hover=\u00a0\u00bb#00a0e3&Prime; button_text_color__hover_enabled=\u00a0\u00bbon\u00a0\u00bb button_bg_color__hover=\u00a0\u00bbrgba(255,255,255,0)\u00a0\u00bb button_bg_color__hover_enabled=\u00a0\u00bbon\u00a0\u00bb button_bg_use_color_gradient__hover=\u00a0\u00bboff\u00a0\u00bb button_bg_use_color_gradient__hover_enabled=\u00a0\u00bboff\u00a0\u00bb button_bg_color_gradient_start__hover=\u00a0\u00bb#2b87da\u00a0\u00bb button_bg_color_gradient_start__hover_enabled=\u00a0\u00bb#2b87da\u00a0\u00bb button_bg_color_gradient_end__hover=\u00a0\u00bb#29c4a9&Prime; button_bg_color_gradient_end__hover_enabled=\u00a0\u00bb#29c4a9&Prime; button_bg_color_gradient_type__hover=\u00a0\u00bblinear\u00a0\u00bb button_bg_color_gradient_type__hover_enabled=\u00a0\u00bblinear\u00a0\u00bb button_bg_color_gradient_direction__hover=\u00a0\u00bb180deg\u00a0\u00bb button_bg_color_gradient_direction__hover_enabled=\u00a0\u00bb180deg\u00a0\u00bb button_bg_color_gradient_direction_radial__hover=\u00a0\u00bbcenter\u00a0\u00bb button_bg_color_gradient_direction_radial__hover_enabled=\u00a0\u00bbcenter\u00a0\u00bb button_bg_color_gradient_start_position__hover=\u00a0\u00bb0%\u00a0\u00bb button_bg_color_gradient_start_position__hover_enabled=\u00a0\u00bb0%\u00a0\u00bb button_bg_color_gradient_end_position__hover=\u00a0\u00bb100%\u00a0\u00bb button_bg_color_gradient_end_position__hover_enabled=\u00a0\u00bb100%\u00a0\u00bb button_bg_color_gradient_overlays_image__hover=\u00a0\u00bboff\u00a0\u00bb button_bg_color_gradient_overlays_image__hover_enabled=\u00a0\u00bboff\u00a0\u00bb button_bg_parallax__hover=\u00a0\u00bboff\u00a0\u00bb button_bg_parallax__hover_enabled=\u00a0\u00bboff\u00a0\u00bb button_bg_parallax_method__hover=\u00a0\u00bbon\u00a0\u00bb button_bg_parallax_method__hover_enabled=\u00a0\u00bbon\u00a0\u00bb button_bg_size__hover=\u00a0\u00bbcover\u00a0\u00bb button_bg_size__hover_enabled=\u00a0\u00bbcover\u00a0\u00bb button_bg_position__hover=\u00a0\u00bbcenter\u00a0\u00bb button_bg_position__hover_enabled=\u00a0\u00bbcenter\u00a0\u00bb button_bg_repeat__hover=\u00a0\u00bbno-repeat\u00a0\u00bb button_bg_repeat__hover_enabled=\u00a0\u00bbno-repeat\u00a0\u00bb button_bg_blend__hover=\u00a0\u00bbnormal\u00a0\u00bb button_bg_blend__hover_enabled=\u00a0\u00bbnormal\u00a0\u00bb button_bg_allow_player_pause__hover=\u00a0\u00bboff\u00a0\u00bb button_bg_allow_player_pause__hover_enabled=\u00a0\u00bboff\u00a0\u00bb button_bg_video_pause_outside_viewport__hover=\u00a0\u00bbon\u00a0\u00bb button_bg_video_pause_outside_viewport__hover_enabled=\u00a0\u00bbon\u00a0\u00bb button_border_width__hover=\u00a0\u00bb2px\u00a0\u00bb button_text_shadow_style__hover=\u00a0\u00bbnone\u00a0\u00bb button_text_shadow_style__hover_enabled=\u00a0\u00bbnone\u00a0\u00bb button_text_shadow_color__hover=\u00a0\u00bbrgba(0,0,0,0.4)\u00a0\u00bb button_text_shadow_color__hover_enabled=\u00a0\u00bbrgba(0,0,0,0.4)\u00a0\u00bb box_shadow_style_button__hover=\u00a0\u00bbnone\u00a0\u00bb box_shadow_style_button__hover_enabled=\u00a0\u00bbnone\u00a0\u00bb box_shadow_color_button__hover=\u00a0\u00bbrgba(0,0,0,0.3)\u00a0\u00bb box_shadow_color_button__hover_enabled=\u00a0\u00bbrgba(0,0,0,0.3)\u00a0\u00bb background_layout__hover=\u00a0\u00bbdark\u00a0\u00bb background_layout__hover_enabled=\u00a0\u00bbdark\u00a0\u00bb filter_hue_rotate__hover=\u00a0\u00bb0deg\u00a0\u00bb filter_hue_rotate__hover_enabled=\u00a0\u00bb0deg\u00a0\u00bb filter_saturate__hover=\u00a0\u00bb100%\u00a0\u00bb filter_saturate__hover_enabled=\u00a0\u00bb100%\u00a0\u00bb filter_brightness__hover=\u00a0\u00bb100%\u00a0\u00bb filter_brightness__hover_enabled=\u00a0\u00bb100%\u00a0\u00bb filter_contrast__hover=\u00a0\u00bb100%\u00a0\u00bb filter_contrast__hover_enabled=\u00a0\u00bb100%\u00a0\u00bb filter_invert__hover=\u00a0\u00bb0%\u00a0\u00bb filter_invert__hover_enabled=\u00a0\u00bb0%\u00a0\u00bb filter_sepia__hover=\u00a0\u00bb0%\u00a0\u00bb filter_sepia__hover_enabled=\u00a0\u00bb0%\u00a0\u00bb filter_opacity__hover=\u00a0\u00bb100%\u00a0\u00bb filter_opacity__hover_enabled=\u00a0\u00bb100%\u00a0\u00bb filter_blur__hover=\u00a0\u00bb0px\u00a0\u00bb filter_blur__hover_enabled=\u00a0\u00bb0px\u00a0\u00bb mix_blend_mode__hover=\u00a0\u00bbnormal\u00a0\u00bb mix_blend_mode__hover_enabled=\u00a0\u00bbnormal\u00a0\u00bb child_filter_hue_rotate__hover=\u00a0\u00bb0deg\u00a0\u00bb child_filter_hue_rotate__hover_enabled=\u00a0\u00bb0deg\u00a0\u00bb child_filter_saturate__hover=\u00a0\u00bb100%\u00a0\u00bb child_filter_saturate__hover_enabled=\u00a0\u00bb100%\u00a0\u00bb child_filter_brightness__hover=\u00a0\u00bb100%\u00a0\u00bb child_filter_brightness__hover_enabled=\u00a0\u00bb100%\u00a0\u00bb child_filter_contrast__hover=\u00a0\u00bb100%\u00a0\u00bb child_filter_contrast__hover_enabled=\u00a0\u00bb100%\u00a0\u00bb child_filter_invert__hover=\u00a0\u00bb0%\u00a0\u00bb child_filter_invert__hover_enabled=\u00a0\u00bb0%\u00a0\u00bb child_filter_sepia__hover=\u00a0\u00bb0%\u00a0\u00bb child_filter_sepia__hover_enabled=\u00a0\u00bb0%\u00a0\u00bb child_filter_opacity__hover=\u00a0\u00bb100%\u00a0\u00bb child_filter_opacity__hover_enabled=\u00a0\u00bb100%\u00a0\u00bb child_filter_blur__hover=\u00a0\u00bb0px\u00a0\u00bb child_filter_blur__hover_enabled=\u00a0\u00bb0px\u00a0\u00bb child_mix_blend_mode__hover=\u00a0\u00bbnormal\u00a0\u00bb child_mix_blend_mode__hover_enabled=\u00a0\u00bbnormal\u00a0\u00bb text_shadow_style__hover=\u00a0\u00bbnone\u00a0\u00bb text_shadow_style__hover_enabled=\u00a0\u00bbnone\u00a0\u00bb text_shadow_color__hover=\u00a0\u00bbrgba(0,0,0,0.4)\u00a0\u00bb text_shadow_color__hover_enabled=\u00a0\u00bbrgba(0,0,0,0.4)\u00a0\u00bb hover_transition_duration__hover=\u00a0\u00bb300ms\u00a0\u00bb hover_transition_duration__hover_enabled=\u00a0\u00bb300ms\u00a0\u00bb hover_transition_delay__hover=\u00a0\u00bb0ms\u00a0\u00bb hover_transition_delay__hover_enabled=\u00a0\u00bb0ms\u00a0\u00bb hover_transition_speed_curve__hover=\u00a0\u00bbease\u00a0\u00bb hover_transition_speed_curve__hover_enabled=\u00a0\u00bbease\u00a0\u00bb sticky_transition=\u00a0\u00bbon\u00a0\u00bb background_color_gradient_stops__hover=\u00a0\u00bb#2b87da 0%|#29c4a9 100%\u00a0\u00bb button_bg_color_gradient_stops__hover=\u00a0\u00bb#2b87da 0%|#29c4a9 100%\u00a0\u00bb][\/et_pb_slide][\/et_pb_fullwidth_slider][\/et_pb_section][et_pb_section fb_built=\u00a0\u00bb1&Prime; module_id=\u00a0\u00bblist\u00a0\u00bb _builder_version=\u00a0\u00bb4.16&Prime; background_color=\u00a0\u00bb#f2f2f2&Prime; background_color_gradient_direction=\u00a0\u00bb186deg\u00a0\u00bb custom_margin=\u00a0\u00bb-1px||\u00a0\u00bb custom_padding=\u00a0\u00bb40px|0px|6px|0px|false|false\u00a0\u00bb bottom_divider_color=\u00a0\u00bb#f2f2f2&Prime; bottom_divider_height=\u00a0\u00bb33px\u00a0\u00bb bottom_divider_flip=\u00a0\u00bbvertical|horizontal\u00a0\u00bb bottom_divider_arrangement=\u00a0\u00bbabove_content\u00a0\u00bb global_colors_info=\u00a0\u00bb{}\u00a0\u00bb][et_pb_row use_custom_gutter=\u00a0\u00bbon\u00a0\u00bb gutter_width=\u00a0\u00bb2&Prime; make_equal=\u00a0\u00bbon\u00a0\u00bb module_id=\u00a0\u00bbmission\u00a0\u00bb _builder_version=\u00a0\u00bb4.16&Prime; width=\u00a0\u00bb70%\u00a0\u00bb width_tablet=\u00a0\u00bb90%\u00a0\u00bb width_phone=\u00a0\u00bb90%\u00a0\u00bb width_last_edited=\u00a0\u00bbon|tablet\u00a0\u00bb max_width=\u00a0\u00bb70%\u00a0\u00bb max_width_tablet=\u00a0\u00bb70%\u00a0\u00bb max_width_phone=\u00a0\u00bb90%\u00a0\u00bb max_width_last_edited=\u00a0\u00bbon|phone\u00a0\u00bb custom_padding=\u00a0\u00bb|0px|0px|0px\u00a0\u00bb animation_style=\u00a0\u00bbfade\u00a0\u00bb use_custom_width=\u00a0\u00bbon\u00a0\u00bb width_unit=\u00a0\u00bboff\u00a0\u00bb custom_width_percent=\u00a0\u00bb70%\u00a0\u00bb custom_width_percent__hover=\u00a0\u00bb80%\u00a0\u00bb global_colors_info=\u00a0\u00bb{}\u00a0\u00bb border_width_all__hover=\u00a0\u00bb5px\u00a0\u00bb width__hover=\u00a0\u00bb80%\u00a0\u00bb max_width__hover=\u00a0\u00bb80%\u00a0\u00bb][et_pb_column type=\u00a0\u00bb4_4&Prime; _builder_version=\u00a0\u00bb4.16&Prime; custom_padding=\u00a0\u00bb|||\u00a0\u00bb global_colors_info=\u00a0\u00bb{}\u00a0\u00bb custom_padding__hover=\u00a0\u00bb|||\u00a0\u00bb custom_css_main_element__hover=\u00a0\u00bbbackground:  rgb(243,241,241);|| \u00ab\u00a0][et_pb_button button_url=\u00a0\u00bb#calendar\u00a0\u00bb button_text=\u00a0\u00bbCalendrier\u00a0\u00bb button_alignment=\u00a0\u00bbleft\u00a0\u00bb _builder_version=\u00a0\u00bb4.16&Prime; custom_button=\u00a0\u00bbon\u00a0\u00bb button_text_size=\u00a0\u00bb16px\u00a0\u00bb button_text_color=\u00a0\u00bb#00a0e3&Prime; button_bg_color_gradient_type=\u00a0\u00bbcircular\u00a0\u00bb button_bg_color_gradient_stops=\u00a0\u00bb#0c71c3 0%|#2271a3 100%\u00a0\u00bb button_bg_color_gradient_start=\u00a0\u00bb#0c71c3&Prime; button_bg_color_gradient_end=\u00a0\u00bb#2271a3&Prime; button_border_width=\u00a0\u00bb0px\u00a0\u00bb button_border_color=\u00a0\u00bb#00a0e3&Prime; button_border_radius=\u00a0\u00bb0px\u00a0\u00bb button_letter_spacing=\u00a0\u00bb1px\u00a0\u00bb button_font=\u00a0\u00bbLato|||on|||||\u00a0\u00bb button_icon=\u00a0\u00bb&#x22;||divi||400&Prime; button_on_hover=\u00a0\u00bboff\u00a0\u00bb custom_padding=\u00a0\u00bb0px||\u00a0\u00bb custom_padding_phone=\u00a0\u00bb|||28px\u00a0\u00bb custom_padding_last_edited=\u00a0\u00bboff|desktop\u00a0\u00bb animation_style=\u00a0\u00bbfade\u00a0\u00bb animation_delay=\u00a0\u00bb550ms\u00a0\u00bb hover_transition_duration=\u00a0\u00bb650ms\u00a0\u00bb global_colors_info=\u00a0\u00bb{}\u00a0\u00bb button_bg_color__hover_enabled=\u00a0\u00bbon\u00a0\u00bb button_bg_color__hover=\u00a0\u00bbrgba(0,0,0,0)\u00a0\u00bb button_text_color__hover_enabled=\u00a0\u00bbon\u00a0\u00bb button_text_color__hover=\u00a0\u00bb#000000&Prime;][\/et_pb_button][et_pb_text _builder_version=\u00a0\u00bb4.16&Prime; locked=\u00a0\u00bboff\u00a0\u00bb global_colors_info=\u00a0\u00bb{}\u00a0\u00bb header_font_size__hover=\u00a0\u00bb30px\u00a0\u00bb header_font_size__hover_enabled=\u00a0\u00bb30px\u00a0\u00bb animation_style__hover=\u00a0\u00bbnone\u00a0\u00bb animation_style__hover_enabled=\u00a0\u00bbnone\u00a0\u00bb animation_direction__hover=\u00a0\u00bbcenter\u00a0\u00bb animation_direction__hover_enabled=\u00a0\u00bbcenter\u00a0\u00bb animation_delay__hover=\u00a0\u00bb0ms\u00a0\u00bb animation_delay__hover_enabled=\u00a0\u00bb0ms\u00a0\u00bb animation_intensity_flip__hover=\u00a0\u00bb50%\u00a0\u00bb animation_intensity_flip__hover_enabled=\u00a0\u00bb50%\u00a0\u00bb hover_transition_duration__hover=\u00a0\u00bb300ms\u00a0\u00bb hover_transition_duration__hover_enabled=\u00a0\u00bb300ms\u00a0\u00bb use_background_color_gradient__hover=\u00a0\u00bboff\u00a0\u00bb use_background_color_gradient__hover_enabled=\u00a0\u00bboff\u00a0\u00bb background_color_gradient_start__hover=\u00a0\u00bb#2b87da\u00a0\u00bb background_color_gradient_start__hover_enabled=\u00a0\u00bb#2b87da\u00a0\u00bb background_color_gradient_end__hover=\u00a0\u00bb#29c4a9&Prime; background_color_gradient_end__hover_enabled=\u00a0\u00bb#29c4a9&Prime; background_color_gradient_type__hover=\u00a0\u00bblinear\u00a0\u00bb background_color_gradient_type__hover_enabled=\u00a0\u00bblinear\u00a0\u00bb background_color_gradient_direction__hover=\u00a0\u00bb180deg\u00a0\u00bb background_color_gradient_direction__hover_enabled=\u00a0\u00bb180deg\u00a0\u00bb background_color_gradient_direction_radial__hover=\u00a0\u00bbcenter\u00a0\u00bb background_color_gradient_direction_radial__hover_enabled=\u00a0\u00bbcenter\u00a0\u00bb background_color_gradient_start_position__hover=\u00a0\u00bb0%\u00a0\u00bb background_color_gradient_start_position__hover_enabled=\u00a0\u00bb0%\u00a0\u00bb background_color_gradient_end_position__hover=\u00a0\u00bb100%\u00a0\u00bb background_color_gradient_end_position__hover_enabled=\u00a0\u00bb100%\u00a0\u00bb background_color_gradient_overlays_image__hover=\u00a0\u00bboff\u00a0\u00bb background_color_gradient_overlays_image__hover_enabled=\u00a0\u00bboff\u00a0\u00bb parallax__hover=\u00a0\u00bboff\u00a0\u00bb parallax__hover_enabled=\u00a0\u00bboff\u00a0\u00bb parallax_method__hover=\u00a0\u00bbon\u00a0\u00bb parallax_method__hover_enabled=\u00a0\u00bbon\u00a0\u00bb background_size__hover=\u00a0\u00bbcover\u00a0\u00bb background_size__hover_enabled=\u00a0\u00bbcover\u00a0\u00bb background_position__hover=\u00a0\u00bbcenter\u00a0\u00bb background_position__hover_enabled=\u00a0\u00bbcenter\u00a0\u00bb background_repeat__hover=\u00a0\u00bbno-repeat\u00a0\u00bb background_repeat__hover_enabled=\u00a0\u00bbno-repeat\u00a0\u00bb background_blend__hover=\u00a0\u00bbnormal\u00a0\u00bb background_blend__hover_enabled=\u00a0\u00bbnormal\u00a0\u00bb allow_player_pause__hover=\u00a0\u00bboff\u00a0\u00bb allow_player_pause__hover_enabled=\u00a0\u00bboff\u00a0\u00bb background_video_pause_outside_viewport__hover=\u00a0\u00bbon\u00a0\u00bb background_video_pause_outside_viewport__hover_enabled=\u00a0\u00bbon\u00a0\u00bb text_font_size__hover=\u00a0\u00bb16px\u00a0\u00bb text_font_size__hover_enabled=\u00a0\u00bb16px\u00a0\u00bb text_letter_spacing__hover=\u00a0\u00bb0px\u00a0\u00bb text_letter_spacing__hover_enabled=\u00a0\u00bb0px\u00a0\u00bb text_line_height__hover=\u00a0\u00bb1.7em\u00a0\u00bb text_line_height__hover_enabled=\u00a0\u00bb1.7em\u00a0\u00bb text_text_shadow_style__hover=\u00a0\u00bbnone\u00a0\u00bb text_text_shadow_style__hover_enabled=\u00a0\u00bbnone\u00a0\u00bb text_text_shadow_color__hover=\u00a0\u00bbrgba(0,0,0,0.4)\u00a0\u00bb text_text_shadow_color__hover_enabled=\u00a0\u00bbrgba(0,0,0,0.4)\u00a0\u00bb link_font_size__hover=\u00a0\u00bb16px\u00a0\u00bb link_font_size__hover_enabled=\u00a0\u00bb16px\u00a0\u00bb link_letter_spacing__hover=\u00a0\u00bb0px\u00a0\u00bb link_letter_spacing__hover_enabled=\u00a0\u00bb0px\u00a0\u00bb link_line_height__hover=\u00a0\u00bb1em\u00a0\u00bb link_line_height__hover_enabled=\u00a0\u00bb1em\u00a0\u00bb link_text_shadow_style__hover=\u00a0\u00bbnone\u00a0\u00bb link_text_shadow_style__hover_enabled=\u00a0\u00bbnone\u00a0\u00bb link_text_shadow_color__hover=\u00a0\u00bbrgba(0,0,0,0.4)\u00a0\u00bb link_text_shadow_color__hover_enabled=\u00a0\u00bbrgba(0,0,0,0.4)\u00a0\u00bb ul_font_size__hover=\u00a0\u00bb14px\u00a0\u00bb ul_font_size__hover_enabled=\u00a0\u00bb14px\u00a0\u00bb ul_letter_spacing__hover=\u00a0\u00bb0px\u00a0\u00bb ul_letter_spacing__hover_enabled=\u00a0\u00bb0px\u00a0\u00bb ul_line_height__hover=\u00a0\u00bb1em\u00a0\u00bb ul_line_height__hover_enabled=\u00a0\u00bb1em\u00a0\u00bb ul_text_shadow_style__hover=\u00a0\u00bbnone\u00a0\u00bb ul_text_shadow_style__hover_enabled=\u00a0\u00bbnone\u00a0\u00bb ul_text_shadow_color__hover=\u00a0\u00bbrgba(0,0,0,0.4)\u00a0\u00bb ul_text_shadow_color__hover_enabled=\u00a0\u00bbrgba(0,0,0,0.4)\u00a0\u00bb ol_font_size__hover=\u00a0\u00bb14px\u00a0\u00bb ol_font_size__hover_enabled=\u00a0\u00bb14px\u00a0\u00bb ol_letter_spacing__hover=\u00a0\u00bb0px\u00a0\u00bb ol_letter_spacing__hover_enabled=\u00a0\u00bb0px\u00a0\u00bb ol_line_height__hover=\u00a0\u00bb1em\u00a0\u00bb ol_line_height__hover_enabled=\u00a0\u00bb1em\u00a0\u00bb ol_text_shadow_style__hover=\u00a0\u00bbnone\u00a0\u00bb ol_text_shadow_style__hover_enabled=\u00a0\u00bbnone\u00a0\u00bb ol_text_shadow_color__hover=\u00a0\u00bbrgba(0,0,0,0.4)\u00a0\u00bb ol_text_shadow_color__hover_enabled=\u00a0\u00bbrgba(0,0,0,0.4)\u00a0\u00bb quote_font_size__hover=\u00a0\u00bb14px\u00a0\u00bb quote_font_size__hover_enabled=\u00a0\u00bb14px\u00a0\u00bb quote_letter_spacing__hover=\u00a0\u00bb0px\u00a0\u00bb quote_letter_spacing__hover_enabled=\u00a0\u00bb0px\u00a0\u00bb quote_line_height__hover=\u00a0\u00bb1em\u00a0\u00bb quote_line_height__hover_enabled=\u00a0\u00bb1em\u00a0\u00bb quote_text_shadow_style__hover=\u00a0\u00bbnone\u00a0\u00bb quote_text_shadow_style__hover_enabled=\u00a0\u00bbnone\u00a0\u00bb quote_text_shadow_color__hover=\u00a0\u00bbrgba(0,0,0,0.4)\u00a0\u00bb quote_text_shadow_color__hover_enabled=\u00a0\u00bbrgba(0,0,0,0.4)\u00a0\u00bb header_letter_spacing__hover=\u00a0\u00bb0px\u00a0\u00bb header_letter_spacing__hover_enabled=\u00a0\u00bb0px\u00a0\u00bb header_text_shadow_style__hover=\u00a0\u00bbnone\u00a0\u00bb header_text_shadow_style__hover_enabled=\u00a0\u00bbnone\u00a0\u00bb header_text_shadow_color__hover=\u00a0\u00bbrgba(0,0,0,0.4)\u00a0\u00bb header_text_shadow_color__hover_enabled=\u00a0\u00bbrgba(0,0,0,0.4)\u00a0\u00bb header_2_font_size__hover=\u00a0\u00bb26px\u00a0\u00bb header_2_font_size__hover_enabled=\u00a0\u00bb26px\u00a0\u00bb header_2_letter_spacing__hover=\u00a0\u00bb0px\u00a0\u00bb header_2_letter_spacing__hover_enabled=\u00a0\u00bb0px\u00a0\u00bb header_2_line_height__hover=\u00a0\u00bb1em\u00a0\u00bb header_2_line_height__hover_enabled=\u00a0\u00bb1em\u00a0\u00bb header_2_text_shadow_style__hover=\u00a0\u00bbnone\u00a0\u00bb header_2_text_shadow_style__hover_enabled=\u00a0\u00bbnone\u00a0\u00bb header_2_text_shadow_color__hover=\u00a0\u00bbrgba(0,0,0,0.4)\u00a0\u00bb header_2_text_shadow_color__hover_enabled=\u00a0\u00bbrgba(0,0,0,0.4)\u00a0\u00bb header_3_font_size__hover=\u00a0\u00bb22px\u00a0\u00bb header_3_font_size__hover_enabled=\u00a0\u00bb22px\u00a0\u00bb header_3_letter_spacing__hover=\u00a0\u00bb0px\u00a0\u00bb header_3_letter_spacing__hover_enabled=\u00a0\u00bb0px\u00a0\u00bb header_3_line_height__hover=\u00a0\u00bb1em\u00a0\u00bb header_3_line_height__hover_enabled=\u00a0\u00bb1em\u00a0\u00bb header_3_text_shadow_style__hover=\u00a0\u00bbnone\u00a0\u00bb header_3_text_shadow_style__hover_enabled=\u00a0\u00bbnone\u00a0\u00bb header_3_text_shadow_color__hover=\u00a0\u00bbrgba(0,0,0,0.4)\u00a0\u00bb header_3_text_shadow_color__hover_enabled=\u00a0\u00bbrgba(0,0,0,0.4)\u00a0\u00bb header_4_font_size__hover=\u00a0\u00bb18px\u00a0\u00bb header_4_font_size__hover_enabled=\u00a0\u00bb18px\u00a0\u00bb header_4_letter_spacing__hover=\u00a0\u00bb0px\u00a0\u00bb header_4_letter_spacing__hover_enabled=\u00a0\u00bb0px\u00a0\u00bb header_4_line_height__hover=\u00a0\u00bb1em\u00a0\u00bb header_4_line_height__hover_enabled=\u00a0\u00bb1em\u00a0\u00bb header_4_text_shadow_style__hover=\u00a0\u00bbnone\u00a0\u00bb header_4_text_shadow_style__hover_enabled=\u00a0\u00bbnone\u00a0\u00bb header_4_text_shadow_color__hover=\u00a0\u00bbrgba(0,0,0,0.4)\u00a0\u00bb header_4_text_shadow_color__hover_enabled=\u00a0\u00bbrgba(0,0,0,0.4)\u00a0\u00bb header_5_font_size__hover=\u00a0\u00bb16px\u00a0\u00bb header_5_font_size__hover_enabled=\u00a0\u00bb16px\u00a0\u00bb header_5_letter_spacing__hover=\u00a0\u00bb0px\u00a0\u00bb header_5_letter_spacing__hover_enabled=\u00a0\u00bb0px\u00a0\u00bb header_5_line_height__hover=\u00a0\u00bb1em\u00a0\u00bb header_5_line_height__hover_enabled=\u00a0\u00bb1em\u00a0\u00bb header_5_text_shadow_style__hover=\u00a0\u00bbnone\u00a0\u00bb header_5_text_shadow_style__hover_enabled=\u00a0\u00bbnone\u00a0\u00bb header_5_text_shadow_color__hover=\u00a0\u00bbrgba(0,0,0,0.4)\u00a0\u00bb header_5_text_shadow_color__hover_enabled=\u00a0\u00bbrgba(0,0,0,0.4)\u00a0\u00bb header_6_font_size__hover=\u00a0\u00bb14px\u00a0\u00bb header_6_font_size__hover_enabled=\u00a0\u00bb14px\u00a0\u00bb header_6_letter_spacing__hover=\u00a0\u00bb0px\u00a0\u00bb header_6_letter_spacing__hover_enabled=\u00a0\u00bb0px\u00a0\u00bb header_6_line_height__hover=\u00a0\u00bb1em\u00a0\u00bb header_6_line_height__hover_enabled=\u00a0\u00bb1em\u00a0\u00bb header_6_text_shadow_style__hover=\u00a0\u00bbnone\u00a0\u00bb header_6_text_shadow_style__hover_enabled=\u00a0\u00bbnone\u00a0\u00bb header_6_text_shadow_color__hover=\u00a0\u00bbrgba(0,0,0,0.4)\u00a0\u00bb header_6_text_shadow_color__hover_enabled=\u00a0\u00bbrgba(0,0,0,0.4)\u00a0\u00bb border_radii__hover=\u00a0\u00bbon||||\u00a0\u00bb border_radii__hover_enabled=\u00a0\u00bbon||||\u00a0\u00bb box_shadow_style__hover=\u00a0\u00bbnone\u00a0\u00bb box_shadow_style__hover_enabled=\u00a0\u00bbnone\u00a0\u00bb box_shadow_color__hover=\u00a0\u00bbrgba(0,0,0,0.3)\u00a0\u00bb box_shadow_color__hover_enabled=\u00a0\u00bbrgba(0,0,0,0.3)\u00a0\u00bb text_orientation__hover=\u00a0\u00bbleft\u00a0\u00bb text_orientation__hover_enabled=\u00a0\u00bbleft\u00a0\u00bb background_layout__hover=\u00a0\u00bblight\u00a0\u00bb background_layout__hover_enabled=\u00a0\u00bblight\u00a0\u00bb max_width__hover=\u00a0\u00bb100%\u00a0\u00bb max_width__hover_enabled=\u00a0\u00bb100%\u00a0\u00bb filter_hue_rotate__hover=\u00a0\u00bb0deg\u00a0\u00bb filter_hue_rotate__hover_enabled=\u00a0\u00bb0deg\u00a0\u00bb filter_saturate__hover=\u00a0\u00bb100%\u00a0\u00bb filter_saturate__hover_enabled=\u00a0\u00bb100%\u00a0\u00bb filter_brightness__hover=\u00a0\u00bb100%\u00a0\u00bb filter_brightness__hover_enabled=\u00a0\u00bb100%\u00a0\u00bb filter_contrast__hover=\u00a0\u00bb100%\u00a0\u00bb filter_contrast__hover_enabled=\u00a0\u00bb100%\u00a0\u00bb filter_invert__hover=\u00a0\u00bb0%\u00a0\u00bb filter_invert__hover_enabled=\u00a0\u00bb0%\u00a0\u00bb filter_sepia__hover=\u00a0\u00bb0%\u00a0\u00bb filter_sepia__hover_enabled=\u00a0\u00bb0%\u00a0\u00bb filter_opacity__hover=\u00a0\u00bb100%\u00a0\u00bb filter_opacity__hover_enabled=\u00a0\u00bb100%\u00a0\u00bb filter_blur__hover=\u00a0\u00bb0px\u00a0\u00bb filter_blur__hover_enabled=\u00a0\u00bb0px\u00a0\u00bb mix_blend_mode__hover=\u00a0\u00bbnormal\u00a0\u00bb mix_blend_mode__hover_enabled=\u00a0\u00bbnormal\u00a0\u00bb animation_repeat__hover=\u00a0\u00bbonce\u00a0\u00bb animation_repeat__hover_enabled=\u00a0\u00bbonce\u00a0\u00bb animation_duration__hover=\u00a0\u00bb1000ms\u00a0\u00bb animation_duration__hover_enabled=\u00a0\u00bb1000ms\u00a0\u00bb animation_intensity_slide__hover=\u00a0\u00bb50%\u00a0\u00bb animation_intensity_slide__hover_enabled=\u00a0\u00bb50%\u00a0\u00bb animation_intensity_zoom__hover=\u00a0\u00bb50%\u00a0\u00bb animation_intensity_zoom__hover_enabled=\u00a0\u00bb50%\u00a0\u00bb animation_intensity_fold__hover=\u00a0\u00bb50%\u00a0\u00bb animation_intensity_fold__hover_enabled=\u00a0\u00bb50%\u00a0\u00bb animation_intensity_roll__hover=\u00a0\u00bb50%\u00a0\u00bb animation_intensity_roll__hover_enabled=\u00a0\u00bb50%\u00a0\u00bb animation_starting_opacity__hover=\u00a0\u00bb0%\u00a0\u00bb animation_starting_opacity__hover_enabled=\u00a0\u00bb0%\u00a0\u00bb animation_speed_curve__hover=\u00a0\u00bbease-in-out\u00a0\u00bb animation_speed_curve__hover_enabled=\u00a0\u00bbease-in-out\u00a0\u00bb hover_transition_delay__hover=\u00a0\u00bb0ms\u00a0\u00bb hover_transition_delay__hover_enabled=\u00a0\u00bb0ms\u00a0\u00bb hover_transition_speed_curve__hover=\u00a0\u00bbease\u00a0\u00bb hover_transition_speed_curve__hover_enabled=\u00a0\u00bbease\u00a0\u00bb background_color_gradient_stops__hover=\u00a0\u00bb#2b87da 0%|#29c4a9 100%\u00a0\u00bb]<\/p>\n<p>\n<div class=\"mec-wrap mec-skin-masonry-container colorskin-custom  \" id=\"mec_skin_1800\" data-filterby=\"\" data-sortascending=\"1\">\r\n    \r\n        <div class=\"mec-events-masonry-wrap\" id=\"mec_skin_events_1800\">\r\n        <div class=\"mec-wrap colorskin-custom\">\r\n    <div class=\"mec-event-masonry\">\r\n                <script type=\"application\/ld+json\">\r\n        {\r\n            \"@context\": \"http:\/\/schema.org\",\r\n            \"@type\": \"Event\",\r\n            \"eventStatus\": \"https:\/\/schema.org\/EventScheduled\",\r\n            \"startDate\": \"2026-04-10\",\r\n            \"endDate\": \"2026-05-29\",\r\n            \"eventAttendanceMode\": \"https:\/\/schema.org\/OfflineEventAttendanceMode\",\r\n            \"location\":\r\n            {\r\n                \"@type\": \"Place\",\r\n                                \"name\": \"\",\r\n                \"image\": \"\",\r\n                \"address\": \"\"\r\n                            },\r\n            \"organizer\":\r\n            {\r\n                \"@type\": \"Person\",\r\n                \"name\": \"\",\r\n                \"url\": \"\"\r\n            },\r\n            \"offers\":\r\n            {\r\n                \"url\": \"https:\/\/paris.pan.pl\/fr\/events\/maria-sklodowska-curie-en-italie-trois-voyages-une-passion-vernissage\/\",\r\n                \"price\": \"\",\r\n                \"priceCurrency\": \"\u20ac\",\r\n                \"availability\": \"https:\/\/schema.org\/InStock\",\r\n                \"validFrom\": \"2026-04-10T00:00\"\r\n            },\r\n            \"performer\": \"\",\r\n            \"description\": \"L\u2019&lt;strong&gt;exposition consacr\u00e9e \u00e0 Marie Sk\u0142odowska-Curie&lt;\/strong&gt; pr\u00e9sente des \u00e9pisodes moins connus de la vie de l\u2019une des plus grandes scientifiques de l\u2019histoire, en se&lt;strong&gt; concentrant sur ses trois voyages en Italie : en 1911, 1918 et 1931&lt;\/strong&gt;.    L\u2019exposition \u2013 qui comprend, entre autres, des informations sur la premi\u00e8re conf\u00e9rence donn\u00e9e \u00e0 l\u2019\u00e9tranger par Marie Sk\u0142odowska-Curie \u00e0 G\u00eanes, sur sa mission scientifique de 1918, ainsi que sur sa participation au congr\u00e8s romain de physique nucl\u00e9aire \u00e0 l\u2019aube de l\u2019\u00e8re atomique \u2013 se compose de panneaux retra\u00e7ant la biographie de la savante, ses d\u00e9couvertes r\u00e9volutionnaires et &lt;strong&gt;la carte de ses voyages scientifiques \u00e0 travers le monde&lt;\/strong&gt;. Son r\u00e9cit pr\u00e9sente Marie Sk\u0142odowska-Curie comme &lt;strong&gt;une chercheuse, une voyageuse et une participante active au sein de la communaut\u00e9 acad\u00e9mique internationale&lt;\/strong&gt;. L\u2019exposition met en avant les valeurs qu\u2019elle consid\u00e9rait comme essentielles au progr\u00e8s scientifique : la mobilit\u00e9 des chercheurs et la coop\u00e9ration au\u2011del\u00e0 des fronti\u00e8res nationales.    L\u2019exposition rappelle \u00e9galement l\u2019impact de Marie Sk\u0142odowska-Curie sur le d\u00e9veloppement de la physique, de la chimie et de la m\u00e9decine, ainsi que son r\u00f4le d\u00e9terminant dans la lutte contre les barri\u00e8res auxquelles les femmes faisaient face dans le monde scientifique. Il s\u2019agit d\u2019une invitation \u00e0 red\u00e9couvrir cette savante exceptionnelle.    Lors du vernissage, &lt;strong&gt;le film&lt;\/strong&gt; &lt;strong&gt;&lt;em&gt;Marie Sk\u0142odowska-Curie in Italy in search of radium&lt;\/em&gt; &lt;\/strong&gt;sera projet\u00e9. Il a \u00e9t\u00e9 r\u00e9alis\u00e9 par l\u2019Acad\u00e9mie Polonaise des Sciences Centre Scientifique \u00e0 Rome, l\u2019Institut de Chimie Organique de l\u2019Acad\u00e9mie Polonaise des Sciences \u00e0 Varsovie, la Facult\u00e9 de Chimie et de Chimie Industrielle de l\u2019Universit\u00e9 de Pise, ainsi que par le Mus\u00e9e Marie Sk\u0142odowska-Curie de Varsovie.    Le projet constitue &lt;strong&gt;la continuation de l\u2019exposition \u00e9labor\u00e9 en 2025 par l\u2019Acad\u00e9mie Polonaise des Sciences Centre Scientifique \u00e0 Rome&lt;\/strong&gt;. Gr\u00e2ce \u00e0 des recherches archivistiques approfondies, il a \u00e9t\u00e9 possible de reconstituer les d\u00e9tails de ses voyages et de retrouver des documents jamais publi\u00e9s auparavant.    L\u2019exposition sera pr\u00e9sent\u00e9e \u00e0 la l\u2019Acad\u00e9mie Polonaise des Sciences Centre Scientifique \u00e0 Paris (74 rue Lauriston, 75116 Paris) du 10 avril au 29 mai 2026. Les visiteurs sont les bienvenus de 9h45 \u00e0 13h00 et de 14h00 \u00e0 16h30. Entr\u00e9e libre.    L\u2019\u00e9v\u00e9nement se d\u00e9roulera &lt;strong&gt;en anglais&lt;\/strong&gt;.    &lt;strong&gt;En vous inscrivant \u00e0 l\u2019\u00e9v\u00e9nement, vous acceptez &lt;a href=&quot;https:\/\/paris.pan.pl\/wp-content\/uploads\/2025\/08\/Klauzule-FR.pdf&quot;&gt;les r\u00e8gles relatives au traitement des donn\u00e9es personnelles&lt;\/a&gt;&lt;\/strong&gt;&lt;strong&gt;.&lt;\/strong&gt;    &lt;a href=&quot;https:\/\/paris.pan.pl\/wp-content\/uploads\/2026\/03\/AGENDA-na-strone-FR-1.png&quot;&gt;&lt;img class=&quot;aligncenter size-full wp-image-19970&quot; src=&quot;https:\/\/paris.pan.pl\/wp-content\/uploads\/2026\/03\/AGENDA-na-strone-FR-1.png&quot; alt=&quot;&quot; width=&quot;1414&quot; height=&quot;2000&quot; \/&gt;&lt;\/a&gt;    &nbsp;\",\r\n            \"image\": \"https:\/\/paris.pan.pl\/wp-content\/uploads\/2026\/03\/MSC-Italia-1.png\",\r\n            \"name\": \"Maria Sk\u0142odowska-Curie en Italie. Trois voyages, une passion [VERNISSAGE]\",\r\n            \"url\": \"https:\/\/paris.pan.pl\/fr\/events\/maria-sklodowska-curie-en-italie-trois-voyages-une-passion-vernissage\/\"\r\n        }\r\n        <\/script>\r\n                    <div data-sort-masonry=\"2026-04-10\" class=\"mec-masonry-item-wrap \">\r\n                <div class=\"mec-masonry\">\r\n\r\n                    <article class=\"mec-event-article mec-clear   \">\r\n                                                    <div class=\"mec-masonry-img\"><a   data-event-id=\"19904\" href=\"https:\/\/paris.pan.pl\/fr\/events\/maria-sklodowska-curie-en-italie-trois-voyages-une-passion-vernissage\/\" target=\"_self\" rel=\"noopener\"><img loading=\"lazy\" decoding=\"async\" width=\"1080\" height=\"625\" src=\"https:\/\/paris.pan.pl\/wp-content\/uploads\/2026\/03\/MSC-Italia-1.png\" class=\"attachment-full size-full wp-post-image\" alt=\"\" srcset=\"https:\/\/paris.pan.pl\/wp-content\/uploads\/2026\/03\/MSC-Italia-1.png 1080w, https:\/\/paris.pan.pl\/wp-content\/uploads\/2026\/03\/MSC-Italia-1-300x174.png 300w, https:\/\/paris.pan.pl\/wp-content\/uploads\/2026\/03\/MSC-Italia-1-1024x593.png 1024w, https:\/\/paris.pan.pl\/wp-content\/uploads\/2026\/03\/MSC-Italia-1-768x444.png 768w, https:\/\/paris.pan.pl\/wp-content\/uploads\/2026\/03\/MSC-Italia-1-529x306.png 529w\" sizes=\"auto, (max-width: 1080px) 100vw, 1080px\" \/><\/a><\/div>\r\n                        \r\n                        \r\n                        <div class=\"mec-masonry-content mec-event-grid-modern\">\r\n                            <div class=\"event-grid-modern-head clearfix\">\r\n\r\n                                <div class=\"mec-masonry-col12\">\r\n                                                                            <div class=\"mec-event-date mec-color\"><span class=\"mec-start-date-label\" itemprop=\"startDate\">10<\/span><span class=\"mec-end-date-label\" itemprop=\"endDate\"> - 29<\/span><\/div>\r\n                                        <div class=\"mec-event-month\"><span class=\"mec-start-date-label\" itemprop=\"startDate\">avril<\/span><span class=\"mec-end-date-label\" itemprop=\"endDate\"> - mai<\/span><\/div>\r\n                                                                        <div class=\"mec-event-detail\">18h30 - 15h00<\/div>\r\n                                                                    <\/div>\r\n\r\n                                                                \r\n                            <\/div>\r\n                                                                                    <div class=\"mec-event-content\">\r\n                                                                <h4 class=\"mec-event-title\"><a class=\"mec-color-hover\"  data-event-id=\"19904\" href=\"https:\/\/paris.pan.pl\/fr\/events\/maria-sklodowska-curie-en-italie-trois-voyages-une-passion-vernissage\/\" target=\"_self\" rel=\"noopener\">Maria Sk\u0142odowska-Curie en Italie. Trois voyages, une passion [VERNISSAGE]<\/a>  <span class=\"event-color\" style=\"background: #\"><\/span><\/h4>\r\n                                <span class=\"mec-labels-normal\"><span data-style=\"Normal\" class=\"mec-label-normal mec-ongoing-normal-label\">Ongoing<\/span><\/span>                                                                                                <div class=\"mec-event-description mec-events-content\">\r\n                                    <p>L\u2019exposition consacr\u00e9e \u00e0 Marie Sk\u0142odowska-Curie pr\u00e9sente des \u00e9pisodes moins ...<\/p>\r\n                                <\/div>\r\n                            <\/div>\r\n                            <div class=\"mec-event-footer\">\r\n                                <a class=\"mec-booking-button\"  data-event-id=\"19904\" href=\"https:\/\/paris.pan.pl\/fr\/events\/maria-sklodowska-curie-en-italie-trois-voyages-une-passion-vernissage\/\" target=\"_self\" rel=\"noopener\">Voir le d\u00e9tail<\/a>                                                                                            <\/div>\r\n                        <\/div>\r\n                    <\/article>\r\n\r\n                <\/div>\r\n            <\/div>\r\n                        <script type=\"application\/ld+json\">\r\n        {\r\n            \"@context\": \"http:\/\/schema.org\",\r\n            \"@type\": \"Event\",\r\n            \"eventStatus\": \"https:\/\/schema.org\/EventScheduled\",\r\n            \"startDate\": \"2026-05-18\",\r\n            \"endDate\": \"2026-05-19\",\r\n            \"eventAttendanceMode\": \"https:\/\/schema.org\/OfflineEventAttendanceMode\",\r\n            \"location\":\r\n            {\r\n                \"@type\": \"Place\",\r\n                                \"name\": \"Acad\u00e9mie polonaise des sciences centre scientifique \u00e0 Paris\",\r\n                \"image\": \"\",\r\n                \"address\": \"Acad\u00e9mie polonaise des sciences centre scientifique \u00e0 Paris, 74 Rue Lauriston, 75116 Paris, France\"\r\n                            },\r\n            \"organizer\":\r\n            {\r\n                \"@type\": \"Person\",\r\n                \"name\": \"\",\r\n                \"url\": \"\"\r\n            },\r\n            \"offers\":\r\n            {\r\n                \"url\": \"https:\/\/paris.pan.pl\/fr\/events\/cooperation-elargie-dans-le-contexte-du-traite-de-nancy-diplomatie-scientifique-securite-migrations\/\",\r\n                \"price\": \"\",\r\n                \"priceCurrency\": \"\u20ac\",\r\n                \"availability\": \"https:\/\/schema.org\/InStock\",\r\n                \"validFrom\": \"2026-05-18T00:00\"\r\n            },\r\n            \"performer\": \"\",\r\n            \"description\": \"\u00c0 l&#039;occasion du premier anniversaire de la signature du trait\u00e9 de Nancy, cette conf\u00e9rence scientifique vise \u00e0 montrer comment le nouveau cadre de coop\u00e9ration franco-polonais permet de mener des projets de recherche communs, de renforcer la coop\u00e9ration entre les r\u00e9seaux universitaires et de mettre en \u0153uvre des actions de soft power. Elle d\u00e9montre l&#039;importance des domaines politiquement sensibles que sont les migrations, la s\u00e9curit\u00e9 et la r\u00e9silience informationnelle. Le trait\u00e9 de Nancy renforce l&#039;ambition du partenariat bilat\u00e9ral dans les domaines strat\u00e9giques et ouvre de nouvelles perspectives de coop\u00e9ration.    Le projet franco-polonais PHC Polonium \u00ab AMIPOL : analyse de la politisation et de la m\u00e9diatisation des migrations \u00bb sera \u00e9galement pr\u00e9sent\u00e9 lors de ce colloque. L&#039;objectif de ce projet est d&#039;analyser les m\u00e9canismes de politisation des migrations, le r\u00f4le des m\u00e9dias dans l&#039;amplification des controverses et des divisions existantes, les facteurs qui les att\u00e9nuent, ainsi que les liens entre les r\u00e9cits migratoires et les cat\u00e9gories de s\u00e9curit\u00e9 (s\u00e9curisation, menaces hybrides, manipulations de l&#039;information).    La coop\u00e9ration franco-polonaise dans le cadre du Trait\u00e9 de Nancy cr\u00e9e des bases durables pour approfondir le dialogue strat\u00e9gique ainsi que pour d\u00e9velopper des initiatives scientifiques et expertes communes. En m\u00eame temps, le Trait\u00e9 renforce l&#039;importance du partenariat entre la Pologne et la France en tant que pilier essentiel de la solidarit\u00e9 europ\u00e9enne, de la s\u00e9curit\u00e9 et de la r\u00e9silience face aux d\u00e9fis contemporains.    &lt;strong&gt;Organisateurs :&lt;\/strong&gt;  Acad\u00e9mie Polonaise des Sciences Centre Scientifique \u00e0 Paris, Warsaw School of Economics, Facult\u00e9 des Sciences Politiques et des \u00c9tudes Internationales de l&#039;Universit\u00e9 de Varsovie    &lt;strong&gt;Patronage d&#039;honneur :&lt;\/strong&gt;  Ambassade de Pologne \u00e0 Paris, Minist\u00e8re des Sciences et de l&#039;Enseignement sup\u00e9rieur (Pologne), Recteur de Warsaw School of Economics, Soci\u00e9t\u00e9 polonaise des sciences politiques (Polskie Towarzystwo Nauk Politycznych), Soci\u00e9t\u00e9 polonaise d&#039;\u00e9tudes europ\u00e9ennes (Polskie Towarzystwo Studi\u00f3w Europejskich), Agence nationale polonaise pour les \u00e9changes universitaires (Narodowa Agencja Wymiany Akademickiej)    La conf\u00e9rence se d\u00e9roulera &lt;strong&gt;en fran\u00e7ais&lt;\/strong&gt;.    Le programme complet sera bient\u00f4t publi\u00e9.\",\r\n            \"image\": \"https:\/\/paris.pan.pl\/wp-content\/uploads\/2026\/04\/Cooperation-elargie-dans-le-contexte-du-Traite-de-Nancy.-Diplomatie-scientifique-securite-migrations-3-1.png\",\r\n            \"name\": \"Coop\u00e9ration \u00e9largie dans le contexte du Trait\u00e9 de Nancy :  diplomatie scientifique, s\u00e9curit\u00e9, migrations\",\r\n            \"url\": \"https:\/\/paris.pan.pl\/fr\/events\/cooperation-elargie-dans-le-contexte-du-traite-de-nancy-diplomatie-scientifique-securite-migrations\/\"\r\n        }\r\n        <\/script>\r\n                    <div data-sort-masonry=\"2026-05-18\" class=\"mec-masonry-item-wrap \">\r\n                <div class=\"mec-masonry\">\r\n\r\n                    <article class=\"mec-event-article mec-clear   \">\r\n                                                    <div class=\"mec-masonry-img\"><a   data-event-id=\"20032\" href=\"https:\/\/paris.pan.pl\/fr\/events\/cooperation-elargie-dans-le-contexte-du-traite-de-nancy-diplomatie-scientifique-securite-migrations\/\" target=\"_self\" rel=\"noopener\"><img loading=\"lazy\" decoding=\"async\" width=\"1080\" height=\"625\" src=\"https:\/\/paris.pan.pl\/wp-content\/uploads\/2026\/04\/Cooperation-elargie-dans-le-contexte-du-Traite-de-Nancy.-Diplomatie-scientifique-securite-migrations-3-1.png\" class=\"attachment-full size-full wp-post-image\" alt=\"\" srcset=\"https:\/\/paris.pan.pl\/wp-content\/uploads\/2026\/04\/Cooperation-elargie-dans-le-contexte-du-Traite-de-Nancy.-Diplomatie-scientifique-securite-migrations-3-1.png 1080w, https:\/\/paris.pan.pl\/wp-content\/uploads\/2026\/04\/Cooperation-elargie-dans-le-contexte-du-Traite-de-Nancy.-Diplomatie-scientifique-securite-migrations-3-1-300x174.png 300w, https:\/\/paris.pan.pl\/wp-content\/uploads\/2026\/04\/Cooperation-elargie-dans-le-contexte-du-Traite-de-Nancy.-Diplomatie-scientifique-securite-migrations-3-1-1024x593.png 1024w, https:\/\/paris.pan.pl\/wp-content\/uploads\/2026\/04\/Cooperation-elargie-dans-le-contexte-du-Traite-de-Nancy.-Diplomatie-scientifique-securite-migrations-3-1-768x444.png 768w, https:\/\/paris.pan.pl\/wp-content\/uploads\/2026\/04\/Cooperation-elargie-dans-le-contexte-du-Traite-de-Nancy.-Diplomatie-scientifique-securite-migrations-3-1-529x306.png 529w\" sizes=\"auto, (max-width: 1080px) 100vw, 1080px\" \/><\/a><\/div>\r\n                        \r\n                        \r\n                        <div class=\"mec-masonry-content mec-event-grid-modern\">\r\n                            <div class=\"event-grid-modern-head clearfix\">\r\n\r\n                                <div class=\"mec-masonry-col6\">\r\n                                                                            <div class=\"mec-event-date mec-color\"><span class=\"mec-start-date-label\" itemprop=\"startDate\">18 - 19<\/span><\/div>\r\n                                        <div class=\"mec-event-month\"><span class=\"mec-start-date-label\" itemprop=\"startDate\">mai<\/span><\/div>\r\n                                                                        <div class=\"mec-event-detail\">14h00 - 19h00<\/div>\r\n                                                                    <\/div>\r\n\r\n                                                                <div class=\"mec-masonry-col6\">\r\n                                    <div class=\"mec-event-location\">\r\n                                        <i class=\"mec-sl-location-pin mec-color\"><\/i>\r\n                                        <div class=\"mec-event-location-det\">\r\n                                            <h6 class=\"mec-location\">Acad\u00e9mie polonaise des sciences centre scientifique \u00e0 Paris<\/h6>\r\n                                            <address class=\"mec-events-address\"><span class=\"mec-address\">Acad\u00e9mie polonaise des sciences centre scientifique \u00e0 Paris, 74 Rue Lauriston, 75116 Paris, France<\/span><\/address>\r\n                                        <\/div>\r\n                                    <\/div>\r\n                                <\/div>\r\n                                                                \r\n                            <\/div>\r\n                                                                                    <div class=\"mec-event-content\">\r\n                                                                <h4 class=\"mec-event-title\"><a class=\"mec-color-hover\"  data-event-id=\"20032\" href=\"https:\/\/paris.pan.pl\/fr\/events\/cooperation-elargie-dans-le-contexte-du-traite-de-nancy-diplomatie-scientifique-securite-migrations\/\" target=\"_self\" rel=\"noopener\">Coop\u00e9ration \u00e9largie dans le contexte du Trait\u00e9 de Nancy :  diplomatie scientifique, s\u00e9curit\u00e9, migrations<\/a>  <span class=\"event-color\" style=\"background: #\"><\/span><\/h4>\r\n                                                                                                                                <div class=\"mec-event-description mec-events-content\">\r\n                                    <p>\u00c0 l'occasion du premier anniversaire de la signature du ...<\/p>\r\n                                <\/div>\r\n                            <\/div>\r\n                            <div class=\"mec-event-footer\">\r\n                                <a class=\"mec-booking-button\"  data-event-id=\"20032\" href=\"https:\/\/paris.pan.pl\/fr\/events\/cooperation-elargie-dans-le-contexte-du-traite-de-nancy-diplomatie-scientifique-securite-migrations\/\" target=\"_self\" rel=\"noopener\">Voir le d\u00e9tail<\/a>                                                                                            <\/div>\r\n                        <\/div>\r\n                    <\/article>\r\n\r\n                <\/div>\r\n            <\/div>\r\n                        <script type=\"application\/ld+json\">\r\n        {\r\n            \"@context\": \"http:\/\/schema.org\",\r\n            \"@type\": \"Event\",\r\n            \"eventStatus\": \"https:\/\/schema.org\/EventScheduled\",\r\n            \"startDate\": \"2026-07-01\",\r\n            \"endDate\": \"2026-07-04\",\r\n            \"eventAttendanceMode\": \"https:\/\/schema.org\/OfflineEventAttendanceMode\",\r\n            \"location\":\r\n            {\r\n                \"@type\": \"Place\",\r\n                                \"name\": \"\",\r\n                \"image\": \"\",\r\n                \"address\": \"\"\r\n                            },\r\n            \"organizer\":\r\n            {\r\n                \"@type\": \"Person\",\r\n                \"name\": \"\",\r\n                \"url\": \"\"\r\n            },\r\n            \"offers\":\r\n            {\r\n                \"url\": \"https:\/\/paris.pan.pl\/fr\/events\/iii-francusko-polski-kongres-chemiczny\/\",\r\n                \"price\": \"\",\r\n                \"priceCurrency\": \"\u20ac\",\r\n                \"availability\": \"https:\/\/schema.org\/InStock\",\r\n                \"validFrom\": \"2026-07-01T00:00\"\r\n            },\r\n            \"performer\": \"\",\r\n            \"description\": \"&lt;p style=&quot;text-align: justify;&quot;&gt;Le comit\u00e9 d&#039;organisation a le plaisir de vous inviter \u00e0 participer au 3\u1d49 Congr\u00e8s Chimique Franco-Polonais, qui se tiendra \u00e0 Paris du 1 au 4 juillet 2026.&lt;\/p&gt;    &lt;div&gt;    L\u2019objectif du Congr\u00e8s est de promouvoir les r\u00e9alisations scientifiques des \u00e9quipes de recherche polonaises et fran\u00e7aises dans le domaine de la chimie, en mettant particuli\u00e8rement l\u2019accent sur la chimie supramol\u00e9culaire - un domaine qui relie de nombreuses orientations de la recherche moderne. La chimie supramol\u00e9culaire trouve de larges applications dans la cr\u00e9ation de mat\u00e9riaux innovants constituant la base du d\u00e9veloppement de la nanachimie, ainsi que dans la conception de nouveaux catalyseurs et commutateurs mol\u00e9culaires, essentiels pour le stockage et le traitement de l\u2019information. Tout aussi importantes sont les recherches sur les interactions entre les petits ligands et les biomol\u00e9cules, qui jouent un r\u00f4le cl\u00e9 dans l\u2019\u00e9laboration de nouvelles th\u00e9rapies, y compris les m\u00e9dicaments anticanc\u00e9reux et les m\u00e9thodes de th\u00e9rapie g\u00e9nique.    Le programme pr\u00e9voit des conf\u00e9rences donn\u00e9es par d\u2019\u00e9minents chimistes fran\u00e7ais et polonais (dont le laur\u00e9at du prix Nobel, le Prof. Jean\u2011Marie Lehn, et le Prof. Krzysztof Matyjaszewski), ainsi que par de jeunes chercheurs.    Plus d\u2019informations sont disponibles sur le site officiel du 3\u1d49 Congr\u00e8s Chimique Franco-Polonais : &lt;strong&gt;https:\/\/frpochco.web.amu.edu.pl\/&lt;\/strong&gt;    &lt;\/div&gt;\",\r\n            \"image\": \"https:\/\/paris.pan.pl\/wp-content\/uploads\/2026\/01\/grafika-na-strone.png\",\r\n            \"name\": \"III Francusko-Polski Kongres Chemiczny\",\r\n            \"url\": \"https:\/\/paris.pan.pl\/fr\/events\/iii-francusko-polski-kongres-chemiczny\/\"\r\n        }\r\n        <\/script>\r\n                    <div data-sort-masonry=\"2026-07-01\" class=\"mec-masonry-item-wrap \">\r\n                <div class=\"mec-masonry\">\r\n\r\n                    <article class=\"mec-event-article mec-clear   \">\r\n                                                    <div class=\"mec-masonry-img\"><a   data-event-id=\"19832\" href=\"https:\/\/paris.pan.pl\/fr\/events\/iii-francusko-polski-kongres-chemiczny\/\" target=\"_self\" rel=\"noopener\"><img loading=\"lazy\" decoding=\"async\" width=\"1080\" height=\"625\" src=\"https:\/\/paris.pan.pl\/wp-content\/uploads\/2026\/01\/grafika-na-strone.png\" class=\"attachment-full size-full wp-post-image\" alt=\"\" srcset=\"https:\/\/paris.pan.pl\/wp-content\/uploads\/2026\/01\/grafika-na-strone.png 1080w, https:\/\/paris.pan.pl\/wp-content\/uploads\/2026\/01\/grafika-na-strone-300x174.png 300w, https:\/\/paris.pan.pl\/wp-content\/uploads\/2026\/01\/grafika-na-strone-1024x593.png 1024w, https:\/\/paris.pan.pl\/wp-content\/uploads\/2026\/01\/grafika-na-strone-768x444.png 768w, https:\/\/paris.pan.pl\/wp-content\/uploads\/2026\/01\/grafika-na-strone-529x306.png 529w\" sizes=\"auto, (max-width: 1080px) 100vw, 1080px\" \/><\/a><\/div>\r\n                        \r\n                        \r\n                        <div class=\"mec-masonry-content mec-event-grid-modern\">\r\n                            <div class=\"event-grid-modern-head clearfix\">\r\n\r\n                                <div class=\"mec-masonry-col12\">\r\n                                                                            <div class=\"mec-event-date mec-color\"><span class=\"mec-start-date-label\" itemprop=\"startDate\">1 - 4<\/span><\/div>\r\n                                        <div class=\"mec-event-month\"><span class=\"mec-start-date-label\" itemprop=\"startDate\">juillet<\/span><\/div>\r\n                                                                        <div class=\"mec-event-detail\">Journ\u00e9e enti\u00e8re<\/div>\r\n                                                                    <\/div>\r\n\r\n                                                                \r\n                            <\/div>\r\n                                                                                    <div class=\"mec-event-content\">\r\n                                                                <h4 class=\"mec-event-title\"><a class=\"mec-color-hover\"  data-event-id=\"19832\" href=\"https:\/\/paris.pan.pl\/fr\/events\/iii-francusko-polski-kongres-chemiczny\/\" target=\"_self\" rel=\"noopener\">III Francusko-Polski Kongres Chemiczny<\/a>  <span class=\"event-color\" style=\"background: #\"><\/span><\/h4>\r\n                                                                                                                                <div class=\"mec-event-description mec-events-content\">\r\n                                    <p>Le comit\u00e9 d'organisation a le plaisir de vous inviter ...<\/p>\r\n                                <\/div>\r\n                            <\/div>\r\n                            <div class=\"mec-event-footer\">\r\n                                <a class=\"mec-booking-button\"  data-event-id=\"19832\" href=\"https:\/\/paris.pan.pl\/fr\/events\/iii-francusko-polski-kongres-chemiczny\/\" target=\"_self\" rel=\"noopener\">Voir le d\u00e9tail<\/a>                                                                                            <\/div>\r\n                        <\/div>\r\n                    <\/article>\r\n\r\n                <\/div>\r\n            <\/div>\r\n                        <script type=\"application\/ld+json\">\r\n        {\r\n            \"@context\": \"http:\/\/schema.org\",\r\n            \"@type\": \"Event\",\r\n            \"eventStatus\": \"https:\/\/schema.org\/EventScheduled\",\r\n            \"startDate\": \"2026-07-09\",\r\n            \"endDate\": \"2026-07-10\",\r\n            \"eventAttendanceMode\": \"https:\/\/schema.org\/OfflineEventAttendanceMode\",\r\n            \"location\":\r\n            {\r\n                \"@type\": \"Place\",\r\n                                \"name\": \"\",\r\n                \"image\": \"\",\r\n                \"address\": \"\"\r\n                            },\r\n            \"organizer\":\r\n            {\r\n                \"@type\": \"Person\",\r\n                \"name\": \"\",\r\n                \"url\": \"\"\r\n            },\r\n            \"offers\":\r\n            {\r\n                \"url\": \"https:\/\/paris.pan.pl\/fr\/events\/we-wspolpracy-o-wspolpracy-badania-jezykoznawcze-w-zespolach-polsko-francuskich\/\",\r\n                \"price\": \"\",\r\n                \"priceCurrency\": \"\u20ac\",\r\n                \"availability\": \"https:\/\/schema.org\/InStock\",\r\n                \"validFrom\": \"2026-07-09T00:00\"\r\n            },\r\n            \"performer\": \"\",\r\n            \"description\": \"La recherche scientifique contemporaine repose de plus en plus sur la collaboration internationale. Il ne s\u2019agit pas d\u2019un simple effet de mode, mais d\u2019une r\u00e9ponse aux d\u00e9fis complexes et transfrontaliers auxquels la recherche est confront\u00e9e. La coop\u00e9ration internationale am\u00e9liore la qualit\u00e9 des travaux, favorise la circulation des m\u00e9thodes et permet de mettre en oeuvre des projets d\u2019une ampleur et d\u2019un impact difficilement envisageables \u00e0 l\u2019\u00e9chelon national. Les sciences du langage ne font pas exception. Tourn\u00e9es vers l\u2019\u00e9tude de la langue, elles appellent naturellement des collaborations transfrontali\u00e8res : les recherches sur une langue d\u00e9passent souvent les fronti\u00e8res d\u2019un pays et s\u2019enrichissent des apports de centres \u00e9trangers.    Dynamique et multiforme, la coop\u00e9ration franco-polonaise s\u2019exprime dans plusieurs sous-domaines des sciences du langage : \u00e9tudes contrastives, lexicographie et lexicologie, didactique du fran\u00e7ais langue \u00e9trang\u00e8re, acquisition des langues et bilinguisme. Cette collaboration concerne non seulement les publications collectives et les projets financ\u00e9s gr\u00e2ce \u00e0 des concours nationaux et internationaux, mais \u00e9galement l\u2019enseignement, notamment \u00e0 travers les mobilit\u00e9s Erasmus+ et la formation doctorale en cotutelle.    Le colloque propos\u00e9 constituera une premi\u00e8re rencontre enti\u00e8rement consacr\u00e9e \u00e0 la coop\u00e9ration franco-polonaise dans le domaine des sciences du langage et offrira l\u2019occasion de pr\u00e9senter divers projets collaboratifs, de mettre en valeur les r\u00e9sultats obtenus au sein d\u2019\u00e9quipes mixtes, d\u2019\u00e9changer sur les enjeux et les tendances actuels, de renforcer les liens existants et de favoriser l\u2019\u00e9mergence de nouvelles collaborations.  &lt;p style=&quot;text-align: justify;&quot;&gt;Les inscriptions sont ouvertes jusqu&#039;au 10 mai 2026.&lt;\/p&gt;  &lt;p style=&quot;text-align: justify;&quot;&gt;Plus de d\u00e9tails sur le site de la conf\u00e9rence : &lt;a href=&quot;https:\/\/collab2026.us.edu.pl\/&quot;&gt;https:\/\/collab2026.us.edu.pl\/&lt;\/a&gt;&lt;\/p&gt;  &lt;p style=&quot;text-align: justify;&quot;&gt;&lt;a href=&quot;https:\/\/paris.pan.pl\/wp-content\/uploads\/2026\/02\/plakat03-724x1024.png&quot;&gt;&lt;img class=&quot;aligncenter wp-image-19843 &quot; src=&quot;https:\/\/paris.pan.pl\/wp-content\/uploads\/2026\/02\/plakat03-724x1024.png&quot; alt=&quot;&quot; width=&quot;427&quot; height=&quot;604&quot; \/&gt;&lt;\/a&gt;&lt;\/p&gt;\",\r\n            \"image\": \"https:\/\/paris.pan.pl\/wp-content\/uploads\/2026\/02\/grafika-na-strone.png\",\r\n            \"name\": \"En collaboration sur la coop\u00e9ration : recherches en sciences du langage dans les \u00e9quipes franco-polonaises\",\r\n            \"url\": \"https:\/\/paris.pan.pl\/fr\/events\/we-wspolpracy-o-wspolpracy-badania-jezykoznawcze-w-zespolach-polsko-francuskich\/\"\r\n        }\r\n        <\/script>\r\n                    <div data-sort-masonry=\"2026-07-09\" class=\"mec-masonry-item-wrap \">\r\n                <div class=\"mec-masonry\">\r\n\r\n                    <article class=\"mec-event-article mec-clear   \">\r\n                                                    <div class=\"mec-masonry-img\"><a   data-event-id=\"19848\" href=\"https:\/\/paris.pan.pl\/fr\/events\/we-wspolpracy-o-wspolpracy-badania-jezykoznawcze-w-zespolach-polsko-francuskich\/\" target=\"_self\" rel=\"noopener\"><img loading=\"lazy\" decoding=\"async\" width=\"1080\" height=\"625\" src=\"https:\/\/paris.pan.pl\/wp-content\/uploads\/2026\/02\/grafika-na-strone.png\" class=\"attachment-full size-full wp-post-image\" alt=\"\" srcset=\"https:\/\/paris.pan.pl\/wp-content\/uploads\/2026\/02\/grafika-na-strone.png 1080w, https:\/\/paris.pan.pl\/wp-content\/uploads\/2026\/02\/grafika-na-strone-300x174.png 300w, https:\/\/paris.pan.pl\/wp-content\/uploads\/2026\/02\/grafika-na-strone-1024x593.png 1024w, https:\/\/paris.pan.pl\/wp-content\/uploads\/2026\/02\/grafika-na-strone-768x444.png 768w, https:\/\/paris.pan.pl\/wp-content\/uploads\/2026\/02\/grafika-na-strone-529x306.png 529w\" sizes=\"auto, (max-width: 1080px) 100vw, 1080px\" \/><\/a><\/div>\r\n                        \r\n                        \r\n                        <div class=\"mec-masonry-content mec-event-grid-modern\">\r\n                            <div class=\"event-grid-modern-head clearfix\">\r\n\r\n                                <div class=\"mec-masonry-col12\">\r\n                                                                            <div class=\"mec-event-date mec-color\"><span class=\"mec-start-date-label\" itemprop=\"startDate\">9 - 10<\/span><\/div>\r\n                                        <div class=\"mec-event-month\"><span class=\"mec-start-date-label\" itemprop=\"startDate\">juillet<\/span><\/div>\r\n                                                                        <div class=\"mec-event-detail\">9h00 - 18h00<\/div>\r\n                                                                    <\/div>\r\n\r\n                                                                \r\n                            <\/div>\r\n                                                                                    <div class=\"mec-event-content\">\r\n                                                                <h4 class=\"mec-event-title\"><a class=\"mec-color-hover\"  data-event-id=\"19848\" href=\"https:\/\/paris.pan.pl\/fr\/events\/we-wspolpracy-o-wspolpracy-badania-jezykoznawcze-w-zespolach-polsko-francuskich\/\" target=\"_self\" rel=\"noopener\">En collaboration sur la coop\u00e9ration : recherches en sciences du langage dans les \u00e9quipes franco-polonaises<\/a>  <span class=\"event-color\" style=\"background: #\"><\/span><\/h4>\r\n                                                                                                                                <div class=\"mec-event-description mec-events-content\">\r\n                                    <p>La recherche scientifique contemporaine repose de plus en plus ...<\/p>\r\n                                <\/div>\r\n                            <\/div>\r\n                            <div class=\"mec-event-footer\">\r\n                                <a class=\"mec-booking-button\"  data-event-id=\"19848\" href=\"https:\/\/paris.pan.pl\/fr\/events\/we-wspolpracy-o-wspolpracy-badania-jezykoznawcze-w-zespolach-polsko-francuskich\/\" target=\"_self\" rel=\"noopener\">Voir le d\u00e9tail<\/a>                                                                                            <\/div>\r\n                        <\/div>\r\n                    <\/article>\r\n\r\n                <\/div>\r\n            <\/div>\r\n                \t<\/div>\r\n<\/div>    <\/div>\r\n    <div class=\"mec-skin-masonry-no-events-container mec-util-hidden\" id=\"mec_skin_no_events_1800\">\r\n        Aucun \u00e9v\u00e9nement trouv\u00e9 !    <\/div>\r\n        \r\n    <\/div>\r\n[\/et_pb_text][\/et_pb_column][\/et_pb_row][et_pb_row use_custom_gutter=\u00a0\u00bbon\u00a0\u00bb make_equal=\u00a0\u00bbon\u00a0\u00bb padding_top_bottom_link_1=\u00a0\u00bbtrue\u00a0\u00bb padding_left_right_link_1=\u00a0\u00bbtrue\u00a0\u00bb disabled_on=\u00a0\u00bbon|on|on\u00a0\u00bb module_id=\u00a0\u00bbdates\u00a0\u00bb _builder_version=\u00a0\u00bb4.16&Prime; width=\u00a0\u00bb70%\u00a0\u00bb max_width=\u00a0\u00bb70%\u00a0\u00bb custom_padding=\u00a0\u00bb0px|0px|6px|0px|false|false\u00a0\u00bb animation_style=\u00a0\u00bbfade\u00a0\u00bb use_custom_width=\u00a0\u00bbon\u00a0\u00bb width_unit=\u00a0\u00bboff\u00a0\u00bb custom_width_percent=\u00a0\u00bb70%\u00a0\u00bb custom_width_percent__hover=\u00a0\u00bb80%\u00a0\u00bb disabled=\u00a0\u00bbon\u00a0\u00bb global_colors_info=\u00a0\u00bb{}\u00a0\u00bb border_width_all__hover=\u00a0\u00bb5px\u00a0\u00bb width__hover=\u00a0\u00bb80%\u00a0\u00bb max_width__hover=\u00a0\u00bb80%\u00a0\u00bb][et_pb_column type=\u00a0\u00bb4_4&Prime; _builder_version=\u00a0\u00bb4.16&Prime; custom_padding=\u00a0\u00bb|||\u00a0\u00bb global_colors_info=\u00a0\u00bb{}\u00a0\u00bb custom_padding__hover=\u00a0\u00bb|||\u00a0\u00bb custom_css_main_element__hover=\u00a0\u00bbbackground:  rgb(243,241,241);|| \u00ab\u00a0][et_pb_toggle title=\u00a0\u00bbafficher list \u2192\u00a0\u00bb open_toggle_background_color=\u00a0\u00bbrgba(0,0,0,0)\u00a0\u00bb closed_toggle_background_color=\u00a0\u00bbrgba(0,0,0,0)\u00a0\u00bb icon_color=\u00a0\u00bbrgba(0,0,0,0)\u00a0\u00bb open_icon_color=\u00a0\u00bbrgba(0,0,0,0)\u00a0\u00bb _builder_version=\u00a0\u00bb4.16&Prime; title_text_color=\u00a0\u00bb#0c71c3&Prime; title_font=\u00a0\u00bbChivo|700|||||||\u00a0\u00bb title_text_align=\u00a0\u00bbcenter\u00a0\u00bb title_font_size=\u00a0\u00bb20px\u00a0\u00bb text_orientation=\u00a0\u00bbcenter\u00a0\u00bb custom_margin=\u00a0\u00bb|||0px\u00a0\u00bb custom_padding=\u00a0\u00bb0px|0px|0px|0px\u00a0\u00bb custom_css_toggle_title=\u00a0\u00bb||font-weight:700 !important;\u00a0\u00bb border_width_all=\u00a0\u00bb0px\u00a0\u00bb global_colors_info=\u00a0\u00bb{}\u00a0\u00bb use_background_color_gradient__hover=\u00a0\u00bboff\u00a0\u00bb use_background_color_gradient__hover_enabled=\u00a0\u00bboff\u00a0\u00bb background_color_gradient_start__hover=\u00a0\u00bb#2b87da\u00a0\u00bb background_color_gradient_start__hover_enabled=\u00a0\u00bb#2b87da\u00a0\u00bb background_color_gradient_end__hover=\u00a0\u00bb#29c4a9&Prime; background_color_gradient_end__hover_enabled=\u00a0\u00bb#29c4a9&Prime; background_color_gradient_type__hover=\u00a0\u00bblinear\u00a0\u00bb background_color_gradient_type__hover_enabled=\u00a0\u00bblinear\u00a0\u00bb background_color_gradient_direction__hover=\u00a0\u00bb180deg\u00a0\u00bb background_color_gradient_direction__hover_enabled=\u00a0\u00bb180deg\u00a0\u00bb background_color_gradient_direction_radial__hover=\u00a0\u00bbcenter\u00a0\u00bb background_color_gradient_direction_radial__hover_enabled=\u00a0\u00bbcenter\u00a0\u00bb background_color_gradient_start_position__hover=\u00a0\u00bb0%\u00a0\u00bb background_color_gradient_start_position__hover_enabled=\u00a0\u00bb0%\u00a0\u00bb background_color_gradient_end_position__hover=\u00a0\u00bb100%\u00a0\u00bb background_color_gradient_end_position__hover_enabled=\u00a0\u00bb100%\u00a0\u00bb background_color_gradient_overlays_image__hover=\u00a0\u00bboff\u00a0\u00bb background_color_gradient_overlays_image__hover_enabled=\u00a0\u00bboff\u00a0\u00bb parallax__hover=\u00a0\u00bboff\u00a0\u00bb parallax__hover_enabled=\u00a0\u00bboff\u00a0\u00bb parallax_method__hover=\u00a0\u00bbon\u00a0\u00bb parallax_method__hover_enabled=\u00a0\u00bbon\u00a0\u00bb background_size__hover=\u00a0\u00bbcover\u00a0\u00bb background_size__hover_enabled=\u00a0\u00bbcover\u00a0\u00bb background_position__hover=\u00a0\u00bbcenter\u00a0\u00bb background_position__hover_enabled=\u00a0\u00bbcenter\u00a0\u00bb background_repeat__hover=\u00a0\u00bbno-repeat\u00a0\u00bb background_repeat__hover_enabled=\u00a0\u00bbno-repeat\u00a0\u00bb background_blend__hover=\u00a0\u00bbnormal\u00a0\u00bb background_blend__hover_enabled=\u00a0\u00bbnormal\u00a0\u00bb allow_player_pause__hover=\u00a0\u00bboff\u00a0\u00bb allow_player_pause__hover_enabled=\u00a0\u00bboff\u00a0\u00bb background_video_pause_outside_viewport__hover=\u00a0\u00bbon\u00a0\u00bb background_video_pause_outside_viewport__hover_enabled=\u00a0\u00bbon\u00a0\u00bb title_level__hover=\u00a0\u00bbh5&Prime; title_level__hover_enabled=\u00a0\u00bbh5&Prime; title_letter_spacing__hover=\u00a0\u00bb0px\u00a0\u00bb title_letter_spacing__hover_enabled=\u00a0\u00bb0px\u00a0\u00bb title_text_shadow_style__hover=\u00a0\u00bbnone\u00a0\u00bb title_text_shadow_style__hover_enabled=\u00a0\u00bbnone\u00a0\u00bb title_text_shadow_color__hover=\u00a0\u00bbrgba(0,0,0,0.4)\u00a0\u00bb title_text_shadow_color__hover_enabled=\u00a0\u00bbrgba(0,0,0,0.4)\u00a0\u00bb body_letter_spacing__hover=\u00a0\u00bb0px\u00a0\u00bb body_letter_spacing__hover_enabled=\u00a0\u00bb0px\u00a0\u00bb body_text_shadow_style__hover=\u00a0\u00bbnone\u00a0\u00bb body_text_shadow_style__hover_enabled=\u00a0\u00bbnone\u00a0\u00bb body_text_shadow_color__hover=\u00a0\u00bbrgba(0,0,0,0.4)\u00a0\u00bb body_text_shadow_color__hover_enabled=\u00a0\u00bbrgba(0,0,0,0.4)\u00a0\u00bb border_radii__hover=\u00a0\u00bbon||||\u00a0\u00bb border_radii__hover_enabled=\u00a0\u00bbon||||\u00a0\u00bb box_shadow_style__hover=\u00a0\u00bbnone\u00a0\u00bb box_shadow_style__hover_enabled=\u00a0\u00bbnone\u00a0\u00bb box_shadow_color__hover=\u00a0\u00bbrgba(0,0,0,0.3)\u00a0\u00bb box_shadow_color__hover_enabled=\u00a0\u00bbrgba(0,0,0,0.3)\u00a0\u00bb max_width__hover=\u00a0\u00bb100%\u00a0\u00bb max_width__hover_enabled=\u00a0\u00bb100%\u00a0\u00bb filter_hue_rotate__hover=\u00a0\u00bb0deg\u00a0\u00bb filter_hue_rotate__hover_enabled=\u00a0\u00bb0deg\u00a0\u00bb filter_saturate__hover=\u00a0\u00bb100%\u00a0\u00bb filter_saturate__hover_enabled=\u00a0\u00bb100%\u00a0\u00bb filter_brightness__hover=\u00a0\u00bb100%\u00a0\u00bb filter_brightness__hover_enabled=\u00a0\u00bb100%\u00a0\u00bb filter_contrast__hover=\u00a0\u00bb100%\u00a0\u00bb filter_contrast__hover_enabled=\u00a0\u00bb100%\u00a0\u00bb filter_invert__hover=\u00a0\u00bb0%\u00a0\u00bb filter_invert__hover_enabled=\u00a0\u00bb0%\u00a0\u00bb filter_sepia__hover=\u00a0\u00bb0%\u00a0\u00bb filter_sepia__hover_enabled=\u00a0\u00bb0%\u00a0\u00bb filter_opacity__hover=\u00a0\u00bb100%\u00a0\u00bb filter_opacity__hover_enabled=\u00a0\u00bb100%\u00a0\u00bb filter_blur__hover=\u00a0\u00bb0px\u00a0\u00bb filter_blur__hover_enabled=\u00a0\u00bb0px\u00a0\u00bb mix_blend_mode__hover=\u00a0\u00bbnormal\u00a0\u00bb mix_blend_mode__hover_enabled=\u00a0\u00bbnormal\u00a0\u00bb animation_style__hover=\u00a0\u00bbnone\u00a0\u00bb animation_style__hover_enabled=\u00a0\u00bbnone\u00a0\u00bb animation_repeat__hover=\u00a0\u00bbonce\u00a0\u00bb animation_repeat__hover_enabled=\u00a0\u00bbonce\u00a0\u00bb animation_direction__hover=\u00a0\u00bbcenter\u00a0\u00bb animation_direction__hover_enabled=\u00a0\u00bbcenter\u00a0\u00bb animation_duration__hover=\u00a0\u00bb1000ms\u00a0\u00bb animation_duration__hover_enabled=\u00a0\u00bb1000ms\u00a0\u00bb animation_delay__hover=\u00a0\u00bb0ms\u00a0\u00bb animation_delay__hover_enabled=\u00a0\u00bb0ms\u00a0\u00bb animation_intensity_slide__hover=\u00a0\u00bb50%\u00a0\u00bb animation_intensity_slide__hover_enabled=\u00a0\u00bb50%\u00a0\u00bb animation_intensity_zoom__hover=\u00a0\u00bb50%\u00a0\u00bb animation_intensity_zoom__hover_enabled=\u00a0\u00bb50%\u00a0\u00bb animation_intensity_flip__hover=\u00a0\u00bb50%\u00a0\u00bb animation_intensity_flip__hover_enabled=\u00a0\u00bb50%\u00a0\u00bb animation_intensity_fold__hover=\u00a0\u00bb50%\u00a0\u00bb animation_intensity_fold__hover_enabled=\u00a0\u00bb50%\u00a0\u00bb animation_intensity_roll__hover=\u00a0\u00bb50%\u00a0\u00bb animation_intensity_roll__hover_enabled=\u00a0\u00bb50%\u00a0\u00bb animation_starting_opacity__hover=\u00a0\u00bb0%\u00a0\u00bb animation_starting_opacity__hover_enabled=\u00a0\u00bb0%\u00a0\u00bb animation_speed_curve__hover=\u00a0\u00bbease-in-out\u00a0\u00bb animation_speed_curve__hover_enabled=\u00a0\u00bbease-in-out\u00a0\u00bb text_shadow_style__hover=\u00a0\u00bbnone\u00a0\u00bb text_shadow_style__hover_enabled=\u00a0\u00bbnone\u00a0\u00bb text_shadow_color__hover=\u00a0\u00bbrgba(0,0,0,0.4)\u00a0\u00bb text_shadow_color__hover_enabled=\u00a0\u00bbrgba(0,0,0,0.4)\u00a0\u00bb hover_transition_duration__hover=\u00a0\u00bb300ms\u00a0\u00bb hover_transition_duration__hover_enabled=\u00a0\u00bb300ms\u00a0\u00bb hover_transition_delay__hover=\u00a0\u00bb0ms\u00a0\u00bb hover_transition_delay__hover_enabled=\u00a0\u00bb0ms\u00a0\u00bb hover_transition_speed_curve__hover=\u00a0\u00bbease\u00a0\u00bb hover_transition_speed_curve__hover_enabled=\u00a0\u00bbease\u00a0\u00bb background_color_gradient_stops__hover=\u00a0\u00bb#2b87da 0%|#29c4a9 100%\u00a0\u00bb]<\/p>\n<p>\n<div class=\"mec-wrap mec-skin-grid-container  \" id=\"mec_skin_1796\">\r\n    \r\n        \r\n            <div class=\"mec-skin-grid-events-container\" id=\"mec_skin_events_1796\">\r\n        <div class=\"mec-wrap colorskin-custom\">\r\n    <div class=\"mec-event-grid-minimal\" data-widget-autoplay=\"1\" data-widget-loop=\"1\" data-widget-autoplay-time=\"3000\">\r\n        <div class=\"row\"><div class=\"col-md-4 col-sm-4\">        <script type=\"application\/ld+json\">\r\n        {\r\n            \"@context\": \"http:\/\/schema.org\",\r\n            \"@type\": \"Event\",\r\n            \"eventStatus\": \"https:\/\/schema.org\/EventScheduled\",\r\n            \"startDate\": \"2026-04-29\",\r\n            \"endDate\": \"2026-04-29\",\r\n            \"eventAttendanceMode\": \"https:\/\/schema.org\/OfflineEventAttendanceMode\",\r\n            \"location\":\r\n            {\r\n                \"@type\": \"Place\",\r\n                                \"name\": \"\",\r\n                \"image\": \"\",\r\n                \"address\": \"\"\r\n                            },\r\n            \"organizer\":\r\n            {\r\n                \"@type\": \"Person\",\r\n                \"name\": \"\",\r\n                \"url\": \"\"\r\n            },\r\n            \"offers\":\r\n            {\r\n                \"url\": \"https:\/\/paris.pan.pl\/fr\/events\/le-phenomene-childfree-soiree-debat-franco-polonaise\/\",\r\n                \"price\": \"\",\r\n                \"priceCurrency\": \"\u20ac\",\r\n                \"availability\": \"https:\/\/schema.org\/InStock\",\r\n                \"validFrom\": \"2026-04-29T00:00\"\r\n            },\r\n            \"performer\": \"\",\r\n            \"description\": \"&lt;p style=&quot;text-align: justify;&quot;&gt;Le courant de pens\u00e9e Childfree (sans enfant par choix) est d\u00e9j\u00e0 vieux de  plusieurs d\u00e9cennies, mais il rev\u00eat aujourd\u2019hui une importance capitale  quand un tiers des Fran\u00e7aises sans enfants et en \u00e2ge de procr\u00e9er ne veulent  pas d\u2019enfants (sondage IFOP 2022). Un courant marginal et original devient  une opinion largement partag\u00e9e, d\u2019autant qu\u2019il concerne l\u2019ensemble des  pays occidentaux et m\u00eame des pays d\u00e9velopp\u00e9s.&lt;\/p&gt;  &lt;p style=&quot;text-align: justify;&quot;&gt;A partir du moment o\u00f9, avec la contraception, la conception de l\u2019enfant  cessait d\u2019\u00eatre un destin, il \u00e9tait bien naturel que nous commencions \u00e0 poser la  question de sa l\u00e9gitimit\u00e9. Le moment contemporain est-il particuli\u00e8rement  priv\u00e9 de sens, ou d\u00e9sesp\u00e9r\u00e9, pour que le d\u00e9sir d\u2019enfant soit \u00e0 ce point remis  en cause ? Faut-il penser que le d\u00e9veloppement \u00e9conomique contredit le  d\u00e9sir d\u2019enfant ? Faut-il croire que la situation de nos soci\u00e9t\u00e9s est r\u00e9ellement  pire que celle de nos anciens, au point de mettre en cause l\u2019avenir humain ?  Quelle nouvelle vision du temps cela traduit-il, quand l\u2019histoire personnelle  r\u00e9clame de se clore avec l\u2019individu ? Quel r\u00f4le jouent les ruptures  id\u00e9ologiques et religieuses pr\u00e9sentes dans cette nouvelle mani\u00e8re de  consid\u00e9rer l\u2019existence ?&lt;\/p&gt;  &lt;p style=&quot;text-align: justify;&quot;&gt;C&#039;est pr\u00e9cis\u00e9ment \u00e0 ces questions qu&#039;\u00e9tait consacr\u00e9e le colloque organis\u00e9 sous les auspices de l&#039;Institut de France en octobre 2024. Cet \u00e9v\u00e9nement, qui a r\u00e9uni des d\u00e9mographes, des \u00e9thiciens, des philosophes, des anthropologues et des m\u00e9decins, a suscit\u00e9 un vif int\u00e9r\u00eat. Il a donn\u00e9 lieu \u00e0 la publication du livre \u00ab Sans enfants par choix, le ph\u00e9nom\u00e8ne childfree \u00bb, sous la direction de Chantal Delsol, Gemma Durant et Joanna Nowicki, paru en 2025 aux \u00c9ditions du Cerf.&lt;\/p&gt;  &lt;p style=&quot;text-align: justify;&quot;&gt;Poursuivant cette r\u00e9flexion interdisciplinaire, le Centre scientifique de l\u2019Acad\u00e9mie polonaise des sciences \u00e0 Paris et le Laboratoire LT2D de CY Cergy Paris Universit\u00e9 organisent un d\u00e9bat consacr\u00e9 au ph\u00e9nom\u00e8ne childfree, cette fois dans une perspective franco-polonaise. Cet \u00e9v\u00e9nement r\u00e9unira des experts des deux pays qui, malgr\u00e9 des d\u00e9fis d\u00e9mographiques communs, pr\u00e9sentent des contextes sociaux, culturels et \u00e9conomiques diff\u00e9rents.&lt;\/p&gt;  &lt;p style=&quot;text-align: justify;&quot;&gt;Ce d\u00e9bat sera l\u2019occasion de comparer les recherches et les interpr\u00e9tations fran\u00e7aises et polonaises, ainsi que de r\u00e9fl\u00e9chir \u00e0 la mesure dans laquelle les diff\u00e9rents mod\u00e8les familiaux, les politiques sociales ou les r\u00e9cits culturels influencent les d\u00e9cisions relatives \u00e0 la procr\u00e9ation. Cette rencontre vise non seulement \u00e0 rapprocher ces deux perspectives, mais aussi \u00e0 approfondir la r\u00e9flexion europ\u00e9enne sur l\u2019un des principaux d\u00e9fis d\u00e9mographiques du XXIe si\u00e8cle.&lt;\/p&gt;  &nbsp;    Participeront \u00e0 la discussion :  &lt;ul&gt;    &lt;li&gt;Prof. Chantal Delsol (Institut de France) \u2013 philosophe, historienne des id\u00e9es politiques, \u00e9crivaine&lt;\/li&gt;    &lt;li&gt;Prof. Joanna Nowicki (CY Cergy Paris Universit\u00e9) \u2013 anthropologie culturelle, communication interculturelle&lt;\/li&gt;    &lt;li&gt;Gemma Durand (docteur en m\u00e9decine) \u2013 gyn\u00e9cologue, \u00e9crivaine&lt;\/li&gt;    &lt;li&gt;Prof. G\u00e9rard-Fran\u00e7ois Dumont (Sorbonne Universit\u00e9) \u2013 g\u00e9ographe, \u00e9conomiste et d\u00e9mographe&lt;\/li&gt;    &lt;li&gt;Prof. Claude Habib (Universit\u00e9 Sorbonne Nouvelle - Paris 3) \u2013 litt\u00e9rature fran\u00e7aise&lt;\/li&gt;    &lt;li&gt;Prof. Iwona Sadowska-Krawczenko (Universit\u00e9 Nicolas Copernic de Toru\u0144) \u2013 p\u00e9diatre, sp\u00e9cialiste en n\u00e9onatologie ;&lt;\/li&gt;    &lt;li&gt;Dr Maja \u0141o\u015b (Universit\u00e9 Nicolas Copernic de Toru\u0144) \u2013 psychologue, p\u00e9dagogue, docteur en sciences sociales, socioth\u00e9rapeute&lt;\/li&gt;  &lt;\/ul&gt;  \u00c9v\u00e9nement en fran\u00e7ais et en anglais.    &lt;strong&gt;Si vous souhaitez participer \u00e0 cet \u00e9v\u00e9nement, veuillez envoyer un e-mail \u00e0 l&#039;adresse suivante : &lt;a href=&quot;mailto:secretariat@paris.pan.pl&quot;&gt;secretariat@paris.pan.pl&lt;\/a&gt;&lt;\/strong&gt;    En vous inscrivant \u00e0 cet \u00e9v\u00e9nement, vous acceptez &lt;strong&gt;&lt;a href=&quot;https:\/\/paris.pan.pl\/wp-content\/uploads\/2025\/08\/Klauzule-FR.pdf&quot;&gt;les clauses relatives \u00e0 la protection des donn\u00e9es personnelles&lt;\/a&gt;&lt;\/strong&gt;.\",\r\n            \"image\": \"https:\/\/paris.pan.pl\/wp-content\/uploads\/2026\/03\/Grafika-promujaca.png\",\r\n            \"name\": \"Le ph\u00e9nom\u00e8ne childfree &#8211; soir\u00e9e-d\u00e9bat franco-polonaise\",\r\n            \"url\": \"https:\/\/paris.pan.pl\/fr\/events\/le-phenomene-childfree-soiree-debat-franco-polonaise\/\"\r\n        }\r\n        <\/script>\r\n        <article class=\"mec-past-event mec-event-article mec-clear  \" itemscope>                    <div class=\"mec-event-date mec-bg-color-hover mec-border-color-hover mec-color\"><span>29<\/span>Avr<\/div>\r\n            <div class=\"event-detail-wrap\">\r\n                <h4 class=\"mec-event-title\"><a class=\"mec-color-hover\"  data-event-id=\"19933\" href=\"https:\/\/paris.pan.pl\/fr\/events\/le-phenomene-childfree-soiree-debat-franco-polonaise\/\" target=\"_self\" rel=\"noopener\">Le ph\u00e9nom\u00e8ne childfree &#8211; soir\u00e9e-d\u00e9bat franco-polonaise<\/a><span class=\"event-color\" style=\"background: #\"><\/span><\/h4>\r\n                                                <div class=\"mec-event-detail\">\r\n                    <div class=\"mec-event-loc-place\"><\/div>\r\n                                                                            <\/div>\r\n            <\/div>\r\n        <\/article><\/div>                <div class=\"col-md-4 col-sm-4\">        <script type=\"application\/ld+json\">\r\n        {\r\n            \"@context\": \"http:\/\/schema.org\",\r\n            \"@type\": \"Event\",\r\n            \"eventStatus\": \"https:\/\/schema.org\/EventScheduled\",\r\n            \"startDate\": \"2026-04-25\",\r\n            \"endDate\": \"2026-04-25\",\r\n            \"eventAttendanceMode\": \"https:\/\/schema.org\/OfflineEventAttendanceMode\",\r\n            \"location\":\r\n            {\r\n                \"@type\": \"Place\",\r\n                                \"name\": \"\",\r\n                \"image\": \"\",\r\n                \"address\": \"\"\r\n                            },\r\n            \"organizer\":\r\n            {\r\n                \"@type\": \"Person\",\r\n                \"name\": \"\",\r\n                \"url\": \"\"\r\n            },\r\n            \"offers\":\r\n            {\r\n                \"url\": \"https:\/\/paris.pan.pl\/fr\/events\/balade-guidee-sur-les-pas-de-maria-sklodowska-curie\/\",\r\n                \"price\": \"\",\r\n                \"priceCurrency\": \"\u20ac\",\r\n                \"availability\": \"https:\/\/schema.org\/InStock\",\r\n                \"validFrom\": \"2026-04-25T00:00\"\r\n            },\r\n            \"performer\": \"\",\r\n            \"description\": \"L\u2019Institut Polonika en partenariat avec l\u2019Institut Polonais de Paris organise une balade guid\u00e9e sur les traces de Maria Sk\u0142odowska-Curie, qui aura lieu le samedi 25 avril \u00e0 10h00.    Au cours de cette balade, guid\u00e9e par Madame Defontaines, nous d\u00e9couvrons les lieux li\u00e9s \u00e0 la vie et \u00e0 l\u2019\u0153uvre de l\u2019une des femmes scientifiques les plus connues de l\u2019histoire. Les participants pourront d\u00e9couvrir des faits fascinants sur la vie de Maria Sk\u0142odowska-Curie ainsi que le contexte historique des lieux visit\u00e9s. C\u2019est une occasion unique de voir les lieux o\u00f9 la chercheuse a v\u00e9cu, \u00e9tudi\u00e9 et men\u00e9 ses recherches r\u00e9volutionnaires, et de mieux comprendre son parcours scientifique et personnel hors du commun.    Cette promenade fait suite \u00e0 l\u2019\u00e9v\u00e9nement organis\u00e9 &lt;span style=&quot;text-decoration: underline;&quot;&gt;&lt;a href=&quot;https:\/\/paris.pan.pl\/fr\/events\/maria-sklodowska-curie-%c2%b7-albert-einstein-lettres-1911-1932\/&quot;&gt;la veille&lt;\/a&gt;&lt;\/span&gt; \u00e0 la Station scientifique de l\u2019Acad\u00e9mie polonaise des sciences \u00e0 Paris, en collaboration avec le Mus\u00e9e Maria Sk\u0142odowska-Curie de Varsovie et la Fondation pour le d\u00e9veloppement de l\u2019\u00e9ducation pour l\u2019industrie, consacr\u00e9 \u00e0 la pr\u00e9sentation de l\u2019\u00e9dition fran\u00e7aise de l\u2019ouvrage \u00ab Maria Sk\u0142odowska-Curie \u00b7 Albert Einstein. Lettres \/1911\u20131932\/ \u00bb. Cet ouvrage pr\u00e9sente pour la premi\u00e8re fois la correspondance compl\u00e8te entre ces deux scientifiques d\u2019exception, r\u00e9v\u00e9lant non seulement leur collaboration scientifique, mais aussi leur relation intellectuelle unique et leur amiti\u00e9.    La participation \u00e0 la balade n\u00e9cessitait une r\u00e9servation pr\u00e9alable. Le nombre de places a \u00e9t\u00e9 atteint et les inscriptions sont d\u00e9sormais closes.\",\r\n            \"image\": \"https:\/\/paris.pan.pl\/wp-content\/uploads\/2026\/03\/POLONIKA_SPACER-CURIE_WWW-FR.png\",\r\n            \"name\": \"Balade guid\u00e9e sur les pas de Maria Sk\u0142odowska-Curie\",\r\n            \"url\": \"https:\/\/paris.pan.pl\/fr\/events\/balade-guidee-sur-les-pas-de-maria-sklodowska-curie\/\"\r\n        }\r\n        <\/script>\r\n        <article class=\"mec-past-event mec-event-article mec-clear  \" itemscope>                    <div class=\"mec-event-date mec-bg-color-hover mec-border-color-hover mec-color\"><span>25<\/span>Avr<\/div>\r\n            <div class=\"event-detail-wrap\">\r\n                <h4 class=\"mec-event-title\"><a class=\"mec-color-hover\"  data-event-id=\"20043\" href=\"https:\/\/paris.pan.pl\/fr\/events\/balade-guidee-sur-les-pas-de-maria-sklodowska-curie\/\" target=\"_self\" rel=\"noopener\">Balade guid\u00e9e sur les pas de Maria Sk\u0142odowska-Curie<\/a><span class=\"event-color\" style=\"background: #\"><\/span><\/h4>\r\n                                                <div class=\"mec-event-detail\">\r\n                    <div class=\"mec-event-loc-place\"><\/div>\r\n                                                                            <\/div>\r\n            <\/div>\r\n        <\/article><\/div>                <div class=\"col-md-4 col-sm-4\">        <script type=\"application\/ld+json\">\r\n        {\r\n            \"@context\": \"http:\/\/schema.org\",\r\n            \"@type\": \"Event\",\r\n            \"eventStatus\": \"https:\/\/schema.org\/EventScheduled\",\r\n            \"startDate\": \"2026-04-24\",\r\n            \"endDate\": \"2026-04-24\",\r\n            \"eventAttendanceMode\": \"https:\/\/schema.org\/OfflineEventAttendanceMode\",\r\n            \"location\":\r\n            {\r\n                \"@type\": \"Place\",\r\n                                \"name\": \"\",\r\n                \"image\": \"\",\r\n                \"address\": \"\"\r\n                            },\r\n            \"organizer\":\r\n            {\r\n                \"@type\": \"Person\",\r\n                \"name\": \"\",\r\n                \"url\": \"\"\r\n            },\r\n            \"offers\":\r\n            {\r\n                \"url\": \"https:\/\/paris.pan.pl\/fr\/events\/maria-sklodowska-curie-%c2%b7-albert-einstein-lettres-1911-1932\/\",\r\n                \"price\": \"\",\r\n                \"priceCurrency\": \"\u20ac\",\r\n                \"availability\": \"https:\/\/schema.org\/InStock\",\r\n                \"validFrom\": \"2026-04-24T00:00\"\r\n            },\r\n            \"performer\": \"\",\r\n            \"description\": \"Le vendredi 24 avril 2026, \u00e0 18h30, l\u2019Acad\u00e9mie Polonaise des Sciences Centre Scientifique \u00e0 Paris, accueillera la pr\u00e9sentation de l\u2019\u00e9dition fran\u00e7aise de \u00ab Maria Sk\u0142odowska Curie &lt;em&gt;\u00b7&lt;\/em&gt; Albert Einstein. Lettres \/ 1911-1932 \/ \u00bb, publi\u00e9e par Foundation for the Development of Education for Industry, en collaboration avec le Mus\u00e9e Maria Sk\u0142odowska-Curie de Varsovie.    Cette \u00e9dition compl\u00e8te, initi\u00e9e par le Dr Ewa \u0141abno Fal\u0119cka, pr\u00e9sente pour la premi\u00e8re fois l\u2019int\u00e9gralit\u00e9 de la correspondance \u00e9chang\u00e9e entre ces deux \u00e9minents scientifiques entre 1911 et 1932. R\u00e9dig\u00e9e en fran\u00e7ais par Maria Sk\u0142odowska-Curie et en allemand par Albert Einstein, cette correspondance aborde des sujets scientifiques et leur engagement commun au sein du Comit\u00e9 international de coop\u00e9ration intellectuelle de la Soci\u00e9t\u00e9 des Nations. Elle t\u00e9moigne \u00e9galement d\u2019une amiti\u00e9 personnelle et intellectuelle qui a dur\u00e9 deux d\u00e9cennies.    L\u2019\u00e9dition polonaise du livre a \u00e9t\u00e9 publi\u00e9e en janvier 2025. L\u2019\u00e9dition fran\u00e7aise a b\u00e9n\u00e9fici\u00e9 du soutien de la ville de Varsovie, de l&#039;&lt;a href=&quot;https:\/\/polonika.pl\/en\/institute&quot;&gt;Institut polonais du patrimoine culturel polonais \u00e0 l&#039;\u00e9tranger POLONIKA&lt;\/a&gt;, ainsi que des milieux d&#039;affaires fran\u00e7ais en Pologne. L\u2019ouvrage comprend des fac-simil\u00e9s des manuscrits originaux, des traductions, des photographies d\u2019archives et des commentaires scientifiques pr\u00e9par\u00e9s en collaboration avec les archives Einstein de l\u2019universit\u00e9 h\u00e9bra\u00efque de J\u00e9rusalem. Les contributions ont \u00e9t\u00e9 r\u00e9dig\u00e9es par le professeur Hanoch Gutfreund (universit\u00e9 h\u00e9bra\u00efque de J\u00e9rusalem), le professeur Jan Piskurewicz (Institut d\u2019histoire des sciences, Acad\u00e9mie polonaise des sciences) et le professeur Tomasz Pospieszny (universit\u00e9 Adam-Mickiewicz de Pozna\u0144).  &lt;h4 class=&quot;x_MsoNormal&quot; style=&quot;text-align: left;&quot;&gt;&lt;strong&gt;Programme de la soir\u00e9e:&lt;\/strong&gt;&lt;\/h4&gt;  &lt;p class=&quot;x_MsoNormal&quot; style=&quot;text-align: left;&quot;&gt;&lt;strong&gt;18:30 &lt;\/strong&gt;Discours d&#039;ouverture : Mme la professeure Aldona Katarzyna Jankowska, directrice de l&#039;Acad\u00e9mie Polonaise des Sciences Centre Scientifique \u00e0 Paris  18:35&lt;i&gt; &lt;\/i&gt;Aldona Machnowska-G\u00f3ra, adjointe au maire de Varsovie  &lt;i&gt;&lt;\/i&gt;&lt;strong&gt;18:45 &lt;\/strong&gt;Le mot des \u00e9diteurs  - Dr Ewa \u0141abno-Fal\u0119cka, pr\u00e9sidente de la Fondation pour le d\u00e9veloppement de l&#039;\u00e9ducation dans l&#039;industrie  - Barbara Go\u0142\u0119biowska, directrice du Mus\u00e9e Maria Sk\u0142odowska-Curie \u00e0 Varsovie  &lt;strong&gt;18:55 &lt;\/strong&gt;Anna Czejarek, directrice adjointe de l&#039;Institut polonais du patrimoine culturel polonais \u00e0 l&#039;\u00e9tranger POLONIKA  &lt;span lang=&quot;EN-US&quot;&gt;&lt;strong&gt;19:00 Conf\u00e9rence inaugurale : &lt;\/strong&gt;Prof. Hanoch Gutfreund, Universit\u00e9 h\u00e9bra\u00efque de J\u00e9rusalem  &lt;\/span&gt;&lt;strong&gt;19:30 Table ronde :&lt;\/strong&gt;  - Dr Aleksandra Baron-Wieche\u0107, Guangdong Technion - Institut isra\u00e9lien de technologie  - Prof. Hanoch Gutfreund, Universit\u00e9 h\u00e9bra\u00efque de J\u00e9rusalem  - Prof. Tomasz Pospieszny, Universit\u00e9 Adam Mickiewicz, Pozna\u0144  - Dr Aleksandra Koby\u0142ecka (Universit\u00e9 Paris Cit\u00e9)  &lt;span style=&quot;text-decoration: underline;&quot;&gt;Mod\u00e9ratrice :&lt;\/span&gt; Dr Anna Nawrocka (Fondation Polonium) &lt;b&gt; &lt;\/b&gt;&lt;\/p&gt;  Lieu : 74 rue Lauriston, 75116 Paris    Heure : 18h30    Langues : fran\u00e7ais, polonais    &lt;strong&gt;\u00c9v\u00e9nement \u00e0 huis clos.&lt;\/strong&gt; Acc\u00e8s r\u00e9serv\u00e9 uniquement aux invit\u00e9s.\",\r\n            \"image\": \"https:\/\/paris.pan.pl\/wp-content\/uploads\/2026\/03\/2026-GRAFIKI-NA-STRONE-2.png\",\r\n            \"name\": \"Maria Sk\u0142odowska-Curie \u00b7 Albert Einstein. Lettres \/1911\u20131932\/\",\r\n            \"url\": \"https:\/\/paris.pan.pl\/fr\/events\/maria-sklodowska-curie-%c2%b7-albert-einstein-lettres-1911-1932\/\"\r\n        }\r\n        <\/script>\r\n        <article class=\"mec-past-event mec-event-article mec-clear  \" itemscope>                    <div class=\"mec-event-date mec-bg-color-hover mec-border-color-hover mec-color\"><span>24<\/span>Avr<\/div>\r\n            <div class=\"event-detail-wrap\">\r\n                <h4 class=\"mec-event-title\"><a class=\"mec-color-hover\"  data-event-id=\"19873\" href=\"https:\/\/paris.pan.pl\/fr\/events\/maria-sklodowska-curie-%c2%b7-albert-einstein-lettres-1911-1932\/\" target=\"_self\" rel=\"noopener\">Maria Sk\u0142odowska-Curie \u00b7 Albert Einstein. Lettres \/1911\u20131932\/<\/a><span class=\"event-color\" style=\"background: #\"><\/span><\/h4>\r\n                                                <div class=\"mec-event-detail\">\r\n                    <div class=\"mec-event-loc-place\"><\/div>\r\n                                                                            <\/div>\r\n            <\/div>\r\n        <\/article><\/div><\/div>                <div class=\"row\"><div class=\"col-md-4 col-sm-4\">        <script type=\"application\/ld+json\">\r\n        {\r\n            \"@context\": \"http:\/\/schema.org\",\r\n            \"@type\": \"Event\",\r\n            \"eventStatus\": \"https:\/\/schema.org\/EventScheduled\",\r\n            \"startDate\": \"2026-04-22\",\r\n            \"endDate\": \"2026-04-22\",\r\n            \"eventAttendanceMode\": \"https:\/\/schema.org\/OfflineEventAttendanceMode\",\r\n            \"location\":\r\n            {\r\n                \"@type\": \"Place\",\r\n                                \"name\": \"Acad\u00e9mie polonaise des sciences centre scientifique \u00e0 Paris\",\r\n                \"image\": \"\",\r\n                \"address\": \"Acad\u00e9mie polonaise des sciences centre scientifique \u00e0 Paris, 74 Rue Lauriston, 75116 Paris, France\"\r\n                            },\r\n            \"organizer\":\r\n            {\r\n                \"@type\": \"Person\",\r\n                \"name\": \"\",\r\n                \"url\": \"\"\r\n            },\r\n            \"offers\":\r\n            {\r\n                \"url\": \"https:\/\/paris.pan.pl\/fr\/events\/cafe-scientifique-france-poland-a-friendship-that-is-more-necessary-than-ever-for-the-future-of-europe\/\",\r\n                \"price\": \"\",\r\n                \"priceCurrency\": \"\u20ac\",\r\n                \"availability\": \"https:\/\/schema.org\/InStock\",\r\n                \"validFrom\": \"2026-04-22T00:00\"\r\n            },\r\n            \"performer\": \"\",\r\n            \"description\": \"\u00c0 l&#039;occasion de la Journ\u00e9e de l&#039;amiti\u00e9 franco-polonaise, le 20 avril, l&#039;Acad\u00e9mie Polonaise des Sciences Centre Scientifique \u00e0 Paris organise &lt;strong&gt;une rencontre avec Antoine Godbert, le 22 avril&lt;\/strong&gt;. Intitul\u00e9e \u00ab France-Poland: a friendship that is more necessary than ever for the future of Europe \u00bb, cette rencontre explorera l&#039;importance des relations franco-polonaises pour l&#039;avenir de l&#039;Europe. La Journ\u00e9e de l&#039;amiti\u00e9 franco-polonaise comm\u00e9more l&#039;anniversaire de l&#039;inhumation des cendres de Marie Sk\u0142odowska-Curie au Panth\u00e9on, \u00e0 Paris, et a \u00e9t\u00e9 institu\u00e9e par le trait\u00e9 de Nancy.    Au fil des si\u00e8cles, l&#039;amiti\u00e9 franco-polonaise a souvent connu des moments intenses, mais il importe aujourd&#039;hui de l\u2019envisager de mani\u00e8re plus rationnelle, \u00e0 la lumi\u00e8re d\u2019un destin europ\u00e9en commun.    Antoine Godbert, professeur associ\u00e9 de g\u00e9opolitique \u00e0 l&#039;ESCP Business School et d\u00e9l\u00e9gu\u00e9 aux affaires internationales de la r\u00e9gion acad\u00e9mique \u00cele-de-France, a grandi dans un environnement culturel \u00e0 la fois fran\u00e7ais et polonais.    Ancien conseiller diplomatique, il a particip\u00e9 \u00e0 de nombreuses n\u00e9gociations europ\u00e9ennes, notamment dans les domaines de la d\u00e9fense et de l&#039;\u00e9ducation.    Il pr\u00e9sentera la transition actuelle de l&#039;amiti\u00e9 franco-polonaise. En effet, un an apr\u00e8s la signature du trait\u00e9 de Nancy et \u00e0 l&#039;approche du 35e anniversaire du Triangle de Weimar, il appara\u00eet de plus en plus clairement que, face au nouvel imp\u00e9rialisme russe et \u00e0 l&#039;acceptation d\u2019une relation nouvelle, plus distante, avec les \u00c9tats-Unis, l&#039;amiti\u00e9 traditionnelle entre la France et la Pologne doit d\u00e9sormais \u00eatre consid\u00e9r\u00e9e comme un axe majeur du d\u00e9veloppement de la puissance europ\u00e9enne.    Ancien \u00e9l\u00e8ve de l&#039;\u00c9cole Normale Sup\u00e9rieure de Fontenay-Saint-Cloud et de l&#039;\u00c9cole Nationale d&#039;Administration, M. Godbert est titulaire d&#039;un DEA d&#039;\u00e9pist\u00e9mologie obtenu \u00e0 l&#039;Universit\u00e9 Paris VII et d&#039;une agr\u00e9gation de g\u00e9ographie. Il d\u00e9bute sa carri\u00e8re d&#039;enseignant chercheur en g\u00e9opolitique de l&#039;ESCP, avant de rejoindre le secr\u00e9tariat g\u00e9n\u00e9ral de la d\u00e9fense nationale, en tant que charg\u00e9 de mission au sein d&#039;une cellule interminist\u00e9rielle de suivi de sorties de crises, puis la direction g\u00e9n\u00e9rale de l&#039;administration et de la fonction publique, comme directeur de la mission \u00ab encadrement sup\u00e9rieur et carri\u00e8res \u00bb.    on parcours de haut fonctionnaire l&#039;am\u00e8ne ensuite \u00e0 exercer les fonctions de coordinateur des p\u00f4les gouvernance et Est parisien \u00e0 la mission r\u00e9gion capitale aupr\u00e8s du Secr\u00e9taire d&#039;\u00c9tat au d\u00e9veloppement de la r\u00e9gion capitale, puis de conseiller diplomatique aupr\u00e8s du Ministre de l&#039;\u00c9ducation nationale.    L&#039;excellence de son m\u00e9rite et de ses qualit\u00e9s lui valent par la suite d&#039;\u00eatre nomm\u00e9 successivement directeur de l&#039;Agence nationale Erasmus +, directeur g\u00e9n\u00e9ral de l&#039;Abbaye Royale de Fontevraud, et enfin directeur de projet aupr\u00e8s du D\u00e9fenseur des droits.    Antoine Godbert est nomm\u00e9 DRAREIC (D\u00e9l\u00e9gation r\u00e9gionale acad\u00e9mique aux relations europ\u00e9ennes et internationales et \u00e0 la coop\u00e9ration) de la r\u00e9gion acad\u00e9mique \u00cele-de-France et DAREIC (d\u00e9l\u00e9gu\u00e9 acad\u00e9mique aux relations europ\u00e9ennes et internationales et \u00e0 la coop\u00e9ration) de l&#039;acad\u00e9mie de Paris \u00e0 du 1er septembre 2022.    L&#039;\u00e9v\u00e9nement se d\u00e9roulera &lt;strong&gt;en anglais&lt;\/strong&gt;. &lt;strong&gt;Les personnes souhaitant y participer sont invit\u00e9es \u00e0 envoyer un e-mail \u00e0 l&#039;adresse suivante : &lt;a href=&quot;secretariat@paris.pan.pl&quot;&gt;secretariat@paris.pan.pl&lt;\/a&gt;&lt;\/strong&gt;.    &lt;strong&gt;Nous vous invitons \u00e0 cet \u00e9v\u00e9nement !&lt;\/strong&gt;\",\r\n            \"image\": \"https:\/\/paris.pan.pl\/wp-content\/uploads\/2026\/04\/Cafe-scientifique-3.png\",\r\n            \"name\": \"Caf\u00e9 scientifique \u2013 France-Poland: a friendship that is more necessary than ever for the future of Europe\",\r\n            \"url\": \"https:\/\/paris.pan.pl\/fr\/events\/cafe-scientifique-france-poland-a-friendship-that-is-more-necessary-than-ever-for-the-future-of-europe\/\"\r\n        }\r\n        <\/script>\r\n        <article class=\"mec-past-event mec-event-article mec-clear  \" itemscope>                    <div class=\"mec-event-date mec-bg-color-hover mec-border-color-hover mec-color\"><span>22<\/span>Avr<\/div>\r\n            <div class=\"event-detail-wrap\">\r\n                <h4 class=\"mec-event-title\"><a class=\"mec-color-hover\"  data-event-id=\"20017\" href=\"https:\/\/paris.pan.pl\/fr\/events\/cafe-scientifique-france-poland-a-friendship-that-is-more-necessary-than-ever-for-the-future-of-europe\/\" target=\"_self\" rel=\"noopener\">Caf\u00e9 scientifique \u2013 France-Poland: a friendship that is more necessary than ever for the future of Europe<\/a><span class=\"event-color\" style=\"background: #\"><\/span><\/h4>\r\n                                                <div class=\"mec-event-detail\">\r\n                    <div class=\"mec-event-loc-place\">Acad\u00e9mie polonaise des sciences centre scientifique \u00e0 Paris<\/div>\r\n                                                                            <\/div>\r\n            <\/div>\r\n        <\/article><\/div>                <div class=\"col-md-4 col-sm-4\">        <script type=\"application\/ld+json\">\r\n        {\r\n            \"@context\": \"http:\/\/schema.org\",\r\n            \"@type\": \"Event\",\r\n            \"eventStatus\": \"https:\/\/schema.org\/EventScheduled\",\r\n            \"startDate\": \"2026-04-17\",\r\n            \"endDate\": \"2026-04-18\",\r\n            \"eventAttendanceMode\": \"https:\/\/schema.org\/OfflineEventAttendanceMode\",\r\n            \"location\":\r\n            {\r\n                \"@type\": \"Place\",\r\n                                \"name\": \"Acad\u00e9mie polonaise des sciences centre scientifique \u00e0 Paris\",\r\n                \"image\": \"\",\r\n                \"address\": \"Acad\u00e9mie polonaise des sciences centre scientifique \u00e0 Paris, 74 Rue Lauriston, 75116 Paris, France\"\r\n                            },\r\n            \"organizer\":\r\n            {\r\n                \"@type\": \"Person\",\r\n                \"name\": \"\",\r\n                \"url\": \"\"\r\n            },\r\n            \"offers\":\r\n            {\r\n                \"url\": \"https:\/\/paris.pan.pl\/fr\/events\/paris-polish-forum-x-2026\/\",\r\n                \"price\": \"\",\r\n                \"priceCurrency\": \"\u20ac\",\r\n                \"availability\": \"https:\/\/schema.org\/InStock\",\r\n                \"validFrom\": \"2026-04-17T00:00\"\r\n            },\r\n            \"performer\": \"\",\r\n            \"description\": \"Le Paris Polish Forum (PPF) est une conf\u00e9rence de deux jours organis\u00e9e par l&#039;ASPOL (Association des \u00c9tudiants Polonais en France), qui r\u00e9unit des \u00e9tudiants polonais et internationaux, de jeunes professionnels ainsi que des personnes engag\u00e9es dans le d\u00e9veloppement des relations franco-polonaises.    La 10\u1d49 \u00e9dition jubilaire de l&#039;\u00e9v\u00e9nement se d\u00e9roulera les 17 et 18 avril 2026 \u00e0 Paris et devrait rassembler plus de 250 participants. La participation est gratuite, et l&#039;ensemble de l&#039;\u00e9v\u00e9nement se d\u00e9roule en anglais, ce qui permet l&#039;accueil d&#039;un public international.    L&#039;\u00e9dition de cette ann\u00e9e se tient sous le th\u00e8me \u00ab Reinventing Europe: A New Generational Treaty \u00bb et fait r\u00e9f\u00e9rence au trait\u00e9 franco-polonais sign\u00e9 \u00e0 Nancy, dont l&#039;objectif est de renforcer la coop\u00e9ration entre les deux pays, notamment dans les domaines de la d\u00e9fense, de l&#039;\u00e9conomie et de l&#039;innovation. Le Paris Polish Forum offre un espace de discussion de ces enjeux du point de vue de la jeune g\u00e9n\u00e9ration.    Le programme comprendra des tables rondes et des ateliers intitul\u00e9s :  \u2013 Green Intelligence: Can AI Save the Climate?  \u2013 A United Europe of Innovation,  \u2013 War of Words: Disinformation, Propaganda, and Security.    Le Forum, enti\u00e8rement organis\u00e9 par des \u00e9tudiants, constitue une plateforme unique de dialogue entre le monde acad\u00e9mique, le secteur public et le secteur priv\u00e9.    [button link=&quot;https:\/\/paris.pan.pl\/wp-content\/uploads\/2026\/04\/Agenda-PPF-2026.pdf&quot; newwindow=&quot;yes&quot;]PROGRAMME[\/button]    &lt;strong&gt;Plus de places disponibles - les inscriptions sont closes.&lt;\/strong&gt;\",\r\n            \"image\": \"https:\/\/paris.pan.pl\/wp-content\/uploads\/2026\/03\/1280-x-720.png\",\r\n            \"name\": \"Paris Polish Forum X 2026\",\r\n            \"url\": \"https:\/\/paris.pan.pl\/fr\/events\/paris-polish-forum-x-2026\/\"\r\n        }\r\n        <\/script>\r\n        <article class=\"mec-past-event mec-event-article mec-clear  \" itemscope>                    <div class=\"mec-event-date mec-bg-color-hover mec-border-color-hover mec-color\"><span>17<\/span>Avr<\/div>\r\n            <div class=\"event-detail-wrap\">\r\n                <h4 class=\"mec-event-title\"><a class=\"mec-color-hover\"  data-event-id=\"20000\" href=\"https:\/\/paris.pan.pl\/fr\/events\/paris-polish-forum-x-2026\/\" target=\"_self\" rel=\"noopener\">Paris Polish Forum X 2026<\/a><span class=\"event-color\" style=\"background: #\"><\/span><\/h4>\r\n                                                <div class=\"mec-event-detail\">\r\n                    <div class=\"mec-event-loc-place\">Acad\u00e9mie polonaise des sciences centre scientifique \u00e0 Paris<\/div>\r\n                                                                            <\/div>\r\n            <\/div>\r\n        <\/article><\/div>                <div class=\"col-md-4 col-sm-4\">        <script type=\"application\/ld+json\">\r\n        {\r\n            \"@context\": \"http:\/\/schema.org\",\r\n            \"@type\": \"Event\",\r\n            \"eventStatus\": \"https:\/\/schema.org\/EventScheduled\",\r\n            \"startDate\": \"2026-04-14\",\r\n            \"endDate\": \"2026-04-15\",\r\n            \"eventAttendanceMode\": \"https:\/\/schema.org\/OfflineEventAttendanceMode\",\r\n            \"location\":\r\n            {\r\n                \"@type\": \"Place\",\r\n                                \"name\": \"Institut national des langues et civilisations orientales (Inalco)\",\r\n                \"image\": \"\",\r\n                \"address\": \"Maison de la Recherche, 2 Rue de Lille, 75007 Paris\"\r\n                            },\r\n            \"organizer\":\r\n            {\r\n                \"@type\": \"Person\",\r\n                \"name\": \"\",\r\n                \"url\": \"\"\r\n            },\r\n            \"offers\":\r\n            {\r\n                \"url\": \"https:\/\/paris.pan.pl\/fr\/events\/les-groupes-dinterets-en-europe-mediane-postsocialiste-une-lecture-croisee-des-mutations-historiques-politiques-economiques-et-culturelles\/\",\r\n                \"price\": \"\",\r\n                \"priceCurrency\": \"\u20ac\",\r\n                \"availability\": \"https:\/\/schema.org\/InStock\",\r\n                \"validFrom\": \"2026-04-14T00:00\"\r\n            },\r\n            \"performer\": \"\",\r\n            \"description\": \"Le Centre de Recherche Europes-Eurasie-CREE (Inalco), avec le soutien de l&#039;Ecole Doctorale de l&#039;Inalco et le partenariat de l&#039;Acad\u00e9mie Polonaise des Sciences Centre Scientifique \u00e0 Paris, de l&#039;Universit\u00e9 libre de Bruxelles, vous invite aux journ\u00e9es d&#039;\u00e9tude intitul\u00e9es : &quot;Les groupes d\u2019int\u00e9r\u00eats en Europe m\u00e9diane postsocialiste : une lecture crois\u00e9e des mutations historiques, politiques, \u00e9conomiques et culturelles&quot;.    &lt;strong&gt;R\u00e9sum\u00e9 de la manifestation scientifique&lt;\/strong&gt;    La journ\u00e9e d\u2019\u00e9tude du 14 et 15 avril 2026 organis\u00e9e \u00e0 l\u2019INALCO vise \u00e0 r\u00e9fl\u00e9chir aux transformations des groupes d\u2019int\u00e9r\u00eats et des pratiques de lobbying en Europe m\u00e9diane postsocialiste, dans un contexte de mutations historiques, politiques, \u00e9conomiques et culturelles. Elle s\u2019int\u00e9resse notamment \u00e0 l\u2019adoption r\u00e9cente de lois sur le lobbying, comme en Ukraine en 2024, et \u00e0 leur r\u00f4le dans la promotion d\u2019un cadre plus transparent d\u2019interactions entre acteurs priv\u00e9s et acteurs publics. Cette rencontre r\u00e9unit de jeunes chercheur\u00b7es en sciences humaines et sociales travaillant sur les acteurs, leurs r\u00e9seaux, leurs pratiques et les tentatives de r\u00e9gulation dans la r\u00e9gion. L\u2019\u00e9v\u00e9nement met aussi en d\u00e9bat la pertinence du concept de \u00ab lobbying \u00bb et la mani\u00e8re dont il permet d\u2019analyser l\u2019influence des acteurs priv\u00e9s en politique. L\u2019\u00e9tude des \u00e9volutions depuis la chute du socialisme montre l\u2019\u00e9mergence d\u2019acteurs non \u00e9tatiques (entreprises, associations, syndicats, acteurs religieux) et leur r\u00f4le transformateur dans les rapports entre sph\u00e8re priv\u00e9e et pouvoir politique. Les contributions attendues aborderont les dynamiques historiques et institutionnelles qui ont fa\u00e7onn\u00e9 les relations d\u2019influence, l\u2019ambivalence des groupes d\u2019int\u00e9r\u00eats vis-\u00e0-vis de la d\u00e9mocratie, et les dimensions internationales du lobbying en Europe m\u00e9diane. Ces \u00e9changes permettront de questionner comment ces groupes influencent les d\u00e9cisions publiques, leurs effets sur les institutions d\u00e9mocratiques, et les enjeux de transparence, de conflits d\u2019int\u00e9r\u00eats, ou de client\u00e9lisme. Enfin, la journ\u00e9e explorera l\u2019impact de l\u2019europ\u00e9anisation sur les cultures et pratiques d\u2019influence dans la r\u00e9gion, et les d\u00e9fis pos\u00e9s par la r\u00e9gulation l\u00e9gale du lobbying dans diff\u00e9rents pays d\u2019Europe centrale et orientale.    &lt;strong&gt;Programme de la manifestation scientifique&lt;\/strong&gt;  &lt;p class=&quot;text-align-center&quot; style=&quot;text-align: center;&quot;&gt;&lt;strong&gt;Mardi 14 avril 2026  &lt;\/strong&gt;&lt;strong&gt;Inalco - Maison de la Recherche  &lt;\/strong&gt;&lt;strong&gt;Auditorium Dum\u00e9zil  &lt;\/strong&gt;&lt;strong&gt;2, rue de Lille - Paris 7&lt;sup&gt;e&lt;\/sup&gt;&lt;\/strong&gt;&lt;\/p&gt;  &lt;p class=&quot;text-align-center&quot;&gt;&lt;strong&gt;- 9h20 - 9h40 :&lt;\/strong&gt; Accueil caf\u00e9  &lt;strong&gt;- 9h40 - 9h50 :&lt;\/strong&gt; Mot d\u2019accueil des partenaires  &lt;strong&gt;- 9h50 - 10h : &lt;\/strong&gt;Pr\u00e9sentation de la journ\u00e9e d\u2019\u00e9tude : &lt;strong&gt;Sarah Bomba&lt;\/strong&gt;, &lt;strong&gt;Jelena Jokic &lt;\/strong&gt;et&lt;strong&gt; Lucie Raskin&lt;\/strong&gt;  &lt;strong&gt;- 10h - 11h : Panel 1 Axe 1 : Comprendre les facteurs structurels et contextuels des activit\u00e9s d\u2019influence \u00e0 partir des ann\u00e9es 1980 - partie 1&lt;\/strong&gt;&lt;\/p&gt;  Pr\u00e9sidence : &lt;strong&gt;Anne Madelain&lt;\/strong&gt;    &lt;strong&gt;- 10h - 10h20 :  Vit \u0160IMRAL :&lt;\/strong&gt;&lt;em&gt; Imperial legacies and interest group formation in Central and Western Europe. &lt;\/em&gt;  &lt;strong&gt;- 10h20 - 10h40 :  Szczepan Pawel CZARNECKI :&lt;\/strong&gt;&lt;em&gt; Who protest and why? Organisational and contextual drivers of interest group mobilization in Central Europe. &lt;\/em&gt;  &lt;strong&gt;- 10h40 - 10h55 :&lt;\/strong&gt; Questions et discussion avec le public    &lt;strong&gt;- 10h55 - 11h10 :&lt;\/strong&gt; Pause caf\u00e9    &lt;strong&gt;- 11h10 - 12h05 : Panel 2 Axe 1 - partie 2&lt;\/strong&gt;    Pr\u00e9sidence : &lt;strong&gt;Fabio Giomi&lt;\/strong&gt;  &lt;strong&gt;- 11h10 - 11h30 : Lucie RASKIN : &lt;\/strong&gt;&lt;em&gt;Researching interest groups as a historian: the case of Yugoslavian organisations in the 1980s &lt;\/em&gt;  &lt;strong&gt;- 11h30 - 11h50 : Michael DOBBINS :&lt;\/strong&gt; &lt;em&gt;Impressing De Tocqueville: Analysing interest group mobilization in Ukraine&lt;\/em&gt;  &lt;strong&gt;- 11h50 - 12h05 : &lt;\/strong&gt;Questions et discussion avec le public    &lt;strong&gt;- 12h10 - 13h45 :&lt;\/strong&gt; D\u00e9jeuner    &lt;strong&gt;- 13h45 -  14h40 : Panel 3 Axe 2 : Impacts des groupes d&#039;int\u00e9r\u00eats sur la sph\u00e8re \u00e9conomique : des r\u00e9seaux au coeur des transformations institutionnelles et sectorielles en Europe m\u00e9diane&lt;\/strong&gt;    Pr\u00e9sidence : &lt;strong&gt;Jean-Michel De Waele&lt;\/strong&gt;  &lt;strong&gt;- 13h45 - 14h05 : Magdalena BERNACIAK&lt;\/strong&gt; &amp; &lt;strong&gt;Aurora TRIF : &lt;\/strong&gt;&lt;em&gt;From social partners to lobby groups? Trade unions and employer association in Central-Eastern Europe. &lt;\/em&gt;  &lt;strong&gt;- 14h05 - 14h25 :  Rafa\u0142 RIEDEL :&lt;\/strong&gt; &lt;em&gt;Conflict of interest regarding the Europeanization of legal framework for sustainable corporate governance. &lt;\/em&gt;  &lt;strong&gt;-&lt;\/strong&gt; &lt;strong&gt;14h25 - 14h40 :&lt;\/strong&gt; Questions et discussion avec le public    &lt;strong&gt;- 14h40 - 14h55 : &lt;\/strong&gt;Pause caf\u00e9    &lt;strong&gt;- 14h55 - 15h50 : Panel 4 Axe 2 - partie 2&lt;\/strong&gt;    Pr\u00e9sidence : &lt;strong&gt;Nad\u00e8ge Ragaru&lt;\/strong&gt;  &lt;strong&gt;- 14h55 - 15h15 : Jelena JOKIC :&lt;\/strong&gt; &lt;em&gt;Innovation ecosystems as Vehicles of Economic Diplomacy: The Case of French Tech Belgrade in Franco-Serbian Relations&lt;\/em&gt;  &lt;strong&gt;- 15h15 - 15h35 : Nathan HOURCADE :&lt;\/strong&gt;&lt;em&gt; Influence in Ukrainian energy sector: lobbying or oligarchy? (2010-2025)&lt;\/em&gt;  &lt;strong&gt;- 15h35 - 15h50 :&lt;\/strong&gt; Questions et discussion avec le public    &lt;strong&gt;- 15h50 - 16h :&lt;\/strong&gt; Wrap up premi\u00e8re journ\u00e9e  &lt;p class=&quot;text-align-center&quot; style=&quot;text-align: center;&quot;&gt;&lt;strong&gt;Mercredi 15 avril 2026  &lt;\/strong&gt;&lt;strong&gt;Inalco - Maison de la Recherche  &lt;\/strong&gt;&lt;strong&gt;Salle de Sacy (2&lt;sup&gt;e&lt;\/sup&gt; \u00e9tage)  &lt;\/strong&gt;&lt;strong&gt;2, rue de Lille - Paris 7&lt;sup&gt;e&lt;\/sup&gt;&lt;\/strong&gt;&lt;\/p&gt;  &lt;strong&gt;- 9h - 9h20 :&lt;\/strong&gt; Accueil caf\u00e9  &lt;strong&gt;- 9h20 - 10h25 : Panel 5 Axe 3 : Les groupes d\u2019int\u00e9r\u00eat et la d\u00e9mocratie : un rapport ambivalent ? - partie 1&lt;\/strong&gt;    Pr\u00e9sidence :&lt;strong&gt; Jana Vargov\u010d\u00edkov\u00e1&lt;\/strong&gt;  &lt;strong&gt;- 9h20 - 9h50 : Aneta CEKIKJ&lt;\/strong&gt; &amp; &lt;strong&gt;Mika IVANOVSKA HADJIEVSKA :&lt;\/strong&gt; &lt;em&gt;Lobbying strategies in new democracies. Insights from a survey of interest groups in North Macedonia. &lt;\/em&gt;  &lt;strong&gt;- 9h50 - 10h10 :  Aneta PINKOV\u00c1 :&lt;\/strong&gt; &lt;em&gt;Regulation, transparency, and influence: Interest groups in Czech electoral politics. &lt;\/em&gt;  &lt;strong&gt;- 10h10 - 10h25 :&lt;\/strong&gt; Questions et discussion avec le public    &lt;strong&gt;- 10h25 - 10h40 :&lt;\/strong&gt; Pause caf\u00e9    &lt;strong&gt;- 10h40 - 12h : Panel 6 Axe 3 - partie 2&lt;\/strong&gt;    Pr\u00e9sidence : &lt;strong&gt;Katerina Kesa&lt;\/strong&gt;  &lt;strong&gt;- 10h40 - 11h :  Urszula KURCZEWSKA&lt;\/strong&gt;, &lt;strong&gt;Agnieszka VETULANI-C\u0118GIEL :&lt;\/strong&gt;&lt;em&gt; Lobbying in time of political polarization and democratic backsliding. The case of Poland. &lt;\/em&gt;  &lt;strong&gt;- 11h - 11h20 : Sarah BOMBA :&lt;\/strong&gt; &lt;em&gt;Direct and indirect lobbying - comparative analysis of the activity of the public affairs cabinets in Poland &lt;\/em&gt;  &lt;strong&gt;- 11h20 - 11h40 : Cristian P\u00ceRVULESCU :&lt;\/strong&gt;&lt;em&gt; Interest Groups and Populism in Central Europe: A Neo-Institutional Reading Based on the Romanian Case.&lt;\/em&gt;  &lt;strong&gt;- 11h40 - 12h : &lt;\/strong&gt;Questions et discussion avec le public    &lt;strong&gt;- 12h - 12h15 : &lt;\/strong&gt;Conclusions -&lt;strong&gt; Jelena Jokic&lt;\/strong&gt;, &lt;strong&gt;Lucie Raskin &lt;\/strong&gt;et &lt;strong&gt;Sarah Bomba&lt;\/strong&gt;  &lt;strong&gt;- 12h30 :&lt;\/strong&gt; fin de l\u2019\u00e9v\u00e9nement    &lt;strong&gt;Organisateurs et partenaires&lt;\/strong&gt;  &lt;ul&gt;    &lt;li&gt;Inalco \/ CREE (Centre de recherche Europes-Eurasie) \/ Ecole Doctorale de l&#039;Inalco&lt;\/li&gt;    &lt;li&gt;Acad\u00e9mie Polonaise des Sciences Centre Scientifique \u00e0 Paris&lt;\/li&gt;    &lt;li&gt;Universit\u00e9 libre de Bruxelles&lt;\/li&gt;  &lt;\/ul&gt;  &lt;strong&gt;Comit\u00e9 scientifique&lt;\/strong&gt;  &lt;ul&gt;    &lt;li&gt;Jean-Louis Briquet (CNRS, CESSP)&lt;\/li&gt;    &lt;li&gt;Anne Madelain (Inalco, CREE)&lt;\/li&gt;    &lt;li&gt;Nad\u00e8ge Ragaru (Sciences Po, CERI)&lt;\/li&gt;    &lt;li&gt;Jana Vargov\u010d\u00edkov\u00e1 (Inalco, CREE)&lt;\/li&gt;    &lt;li&gt;Jean-Michel De Waele (Universit\u00e9 libre de Bruxelles, Cevipol)&lt;\/li&gt;  &lt;\/ul&gt;  &lt;strong&gt;Organisation&lt;\/strong&gt;  &lt;ul&gt;    &lt;li&gt;Sarah Bomba (CREE, Inalco)&lt;\/li&gt;    &lt;li&gt;Jelena Jokic (CREE, Inalco)&lt;\/li&gt;    &lt;li&gt;Lucie Raskin (CREE, Inalco)&lt;\/li&gt;  &lt;\/ul&gt;\",\r\n            \"image\": \"https:\/\/paris.pan.pl\/wp-content\/uploads\/2026\/04\/1-1.png\",\r\n            \"name\": \"Interest Groups in Post-Socialist Central Europe: A Cross-Analysis of Historical, Political, Economic and Cultural Transformations\",\r\n            \"url\": \"https:\/\/paris.pan.pl\/fr\/events\/les-groupes-dinterets-en-europe-mediane-postsocialiste-une-lecture-croisee-des-mutations-historiques-politiques-economiques-et-culturelles\/\"\r\n        }\r\n        <\/script>\r\n        <article class=\"mec-past-event mec-event-article mec-clear  \" itemscope>                    <div class=\"mec-event-date mec-bg-color-hover mec-border-color-hover mec-color\"><span>14<\/span>Avr<\/div>\r\n            <div class=\"event-detail-wrap\">\r\n                <h4 class=\"mec-event-title\"><a class=\"mec-color-hover\"  data-event-id=\"19994\" href=\"https:\/\/paris.pan.pl\/fr\/events\/les-groupes-dinterets-en-europe-mediane-postsocialiste-une-lecture-croisee-des-mutations-historiques-politiques-economiques-et-culturelles\/\" target=\"_self\" rel=\"noopener\">Interest Groups in Post-Socialist Central Europe: A Cross-Analysis of Historical, Political, Economic and Cultural Transformations<\/a><span class=\"event-color\" style=\"background: #\"><\/span><\/h4>\r\n                                                <div class=\"mec-event-detail\">\r\n                    <div class=\"mec-event-loc-place\">Institut national des langues et civilisations orientales (Inalco)<\/div>\r\n                                                                            <\/div>\r\n            <\/div>\r\n        <\/article><\/div><\/div>                <div class=\"row\"><div class=\"col-md-4 col-sm-4\">        <script type=\"application\/ld+json\">\r\n        {\r\n            \"@context\": \"http:\/\/schema.org\",\r\n            \"@type\": \"Event\",\r\n            \"eventStatus\": \"https:\/\/schema.org\/EventScheduled\",\r\n            \"startDate\": \"2026-03-31\",\r\n            \"endDate\": \"2026-04-01\",\r\n            \"eventAttendanceMode\": \"https:\/\/schema.org\/OfflineEventAttendanceMode\",\r\n            \"location\":\r\n            {\r\n                \"@type\": \"Place\",\r\n                                \"name\": \"\",\r\n                \"image\": \"\",\r\n                \"address\": \"\"\r\n                            },\r\n            \"organizer\":\r\n            {\r\n                \"@type\": \"Person\",\r\n                \"name\": \"\",\r\n                \"url\": \"\"\r\n            },\r\n            \"offers\":\r\n            {\r\n                \"url\": \"https:\/\/paris.pan.pl\/fr\/events\/spotkanie-projektowe-wplyw-elektronow-nadtermicznych-na-wlasciwosci-jonizacyjne-transportowe-i-radiacyjne-plazmy-fuzyjnej-z-domieszkami-jonow-o-duzej-liczbie-atomowej\/\",\r\n                \"price\": \"\",\r\n                \"priceCurrency\": \"\u20ac\",\r\n                \"availability\": \"https:\/\/schema.org\/InStock\",\r\n                \"validFrom\": \"2026-03-31T00:00\"\r\n            },\r\n            \"performer\": \"\",\r\n            \"description\": \"&lt;p style=&quot;text-align: center;&quot;&gt;&lt;strong&gt;OPUS (NCN) \u2013 R\u00c9UNION DE TRAVAIL&lt;\/strong&gt;&lt;\/p&gt;  &lt;p style=&quot;text-align: center;&quot;&gt;&lt;strong&gt;31 mars \u2013 1 avril 2026&lt;\/strong&gt;&lt;\/p&gt;  &lt;p style=&quot;text-align: center;&quot;&gt;&lt;strong&gt;Acad\u00e9mie polonaise des sciences  Centre scientifique \u00e0 Paris&lt;\/strong&gt;&lt;\/p&gt;  &nbsp;    Les tokamaks constituent actuellement l&#039;une des solutions les plus prometteuses pour parvenir \u00e0 la fusion nucl\u00e9aire contr\u00f4l\u00e9e, en tant que source d&#039;\u00e9nergie s\u00fbre et accessible \u00e0 tous.    Malheureusement, le probl\u00e8me de la contamination du plasma par des impuret\u00e9s ioniques \u00e0 grand nombre atomique Z, telles que le tungst\u00e8ne (W), caus\u00e9e par l&#039;\u00e9rosion des parois du tokamak, devient la principale source d&#039;inqui\u00e9tude quant au fonctionnement stable et efficace de ces dispositifs de fusion. Les impuret\u00e9s de tungst\u00e8ne \u00e9mettent une grande quantit\u00e9 d&#039;\u00e9nergie du plasma dans le domaine des rayons X, ce qui emp\u00eache d&#039;atteindre un rendement \u00e9lev\u00e9 de la r\u00e9action de fusion. Une solution potentielle pour emp\u00eacher l&#039;accumulation d&#039;impuret\u00e9s de tungst\u00e8ne dans le c\u0153ur du plasma consiste \u00e0 utiliser un chauffage \u00e9lectronique par ondes \u00e9lectromagn\u00e9tiques. Cependant, en pr\u00e9sence d&#039;un chauffage \u00e9lectronique dominant, la fonction de distribution des vitesses des \u00e9lectrons ne suit plus la distribution de Maxwell et une queue surthermique importante se forme.    C&#039;est pourquoi l&#039;objectif principal de ce projet est d&#039;\u00e9tudier comment la population d&#039;\u00e9lectrons rapides peut influencer les propri\u00e9t\u00e9s d&#039;ionisation, de transport et de rayonnement du plasma de fusion contenant des ions \u00e0 grand nombre atomique.    Le projet s&#039;inscrit dans le cadre d&#039;une collaboration internationale existante avec l&#039;IRFM, o\u00f9 se trouve le tokamak WEST. Les \u00e9quipes de recherche impliqu\u00e9es, polonaises et de l&#039;IRFM, apporteront des comp\u00e9tences, des expertises et des connaissances sp\u00e9cialis\u00e9es compl\u00e9mentaires dans les domaines de la th\u00e9orie, de la mod\u00e9lisation num\u00e9rique, de l&#039;analyse des r\u00e9sultats de simulation et du traitement des donn\u00e9es diagnostiques exp\u00e9rimentales.    L&#039;objectif de cet \u00e9v\u00e9nement est d&#039;organiser une r\u00e9union de travail entre les partenaires fran\u00e7ais et polonais afin de discuter de l&#039;\u00e9tat actuel des connaissances sur ce sujet et du plan de travail visant \u00e0 atteindre les objectifs et les r\u00e9sultats du projet. Plusieurs pr\u00e9sentations par des experts participant au projet sont pr\u00e9vues, suivies de discussions et de s\u00e9ances de brainstorming.    Institutions participantes au projet :  &lt;ul&gt;    &lt;li&gt;Institut de physique nucl\u00e9aire de l&#039;Acad\u00e9mie polonaise des sciences (IFJ PAN), Pologne&lt;\/li&gt;    &lt;li&gt;Institut de recherche sur la fusion magn\u00e9tique (IRFM), Commissariat \u00e0 l&#039;\u00e9nergie atomique et aux \u00e9nergies alternatives (CEA), France&lt;\/li&gt;    &lt;li&gt;Institut de physique des plasmas et de microfusion laser (IPPLM), Pologne&lt;\/li&gt;    &lt;li&gt;Centre national de recherche nucl\u00e9aire (NCBJ), Pologne&lt;\/li&gt;    &lt;li&gt;Universit\u00e9 Nicolas Copernic de Toru\u0144 (UMK), Pologne&lt;\/li&gt;  &lt;\/ul&gt;  &nbsp;    &lt;img class=&quot;aligncenter size-large wp-image-19918&quot; src=&quot;https:\/\/paris.pan.pl\/wp-content\/uploads\/2026\/03\/logos-1-1024x341.png&quot; alt=&quot;&quot; width=&quot;1024&quot; height=&quot;341&quot; \/&gt;\",\r\n            \"image\": \"https:\/\/paris.pan.pl\/wp-content\/uploads\/2026\/03\/OPUS_grafika.png\",\r\n            \"name\": \"R\u00e9union de projet &#8211; Influence des \u00e9lectrons surchauff\u00e9s sur les propri\u00e9t\u00e9s d&rsquo;ionisation, de transport et de rayonnement du plasma de fusion avec des impuret\u00e9s d&rsquo;ions \u00e0 grand num\u00e9ro atomique\",\r\n            \"url\": \"https:\/\/paris.pan.pl\/fr\/events\/spotkanie-projektowe-wplyw-elektronow-nadtermicznych-na-wlasciwosci-jonizacyjne-transportowe-i-radiacyjne-plazmy-fuzyjnej-z-domieszkami-jonow-o-duzej-liczbie-atomowej\/\"\r\n        }\r\n        <\/script>\r\n        <article class=\"mec-past-event mec-event-article mec-clear  \" itemscope>                    <div class=\"mec-event-date mec-bg-color-hover mec-border-color-hover mec-color\"><span>31<\/span>Mar<\/div>\r\n            <div class=\"event-detail-wrap\">\r\n                <h4 class=\"mec-event-title\"><a class=\"mec-color-hover\"  data-event-id=\"19923\" href=\"https:\/\/paris.pan.pl\/fr\/events\/spotkanie-projektowe-wplyw-elektronow-nadtermicznych-na-wlasciwosci-jonizacyjne-transportowe-i-radiacyjne-plazmy-fuzyjnej-z-domieszkami-jonow-o-duzej-liczbie-atomowej\/\" target=\"_self\" rel=\"noopener\">R\u00e9union de projet &#8211; Influence des \u00e9lectrons surchauff\u00e9s sur les propri\u00e9t\u00e9s d&rsquo;ionisation, de transport et de rayonnement du plasma de fusion avec des impuret\u00e9s d&rsquo;ions \u00e0 grand num\u00e9ro atomique<\/a><span class=\"event-color\" style=\"background: #\"><\/span><\/h4>\r\n                                                <div class=\"mec-event-detail\">\r\n                    <div class=\"mec-event-loc-place\"><\/div>\r\n                                                                            <\/div>\r\n            <\/div>\r\n        <\/article><\/div>        <div class=\"col-md-4 col-sm-4\">        <script type=\"application\/ld+json\">\r\n        {\r\n            \"@context\": \"http:\/\/schema.org\",\r\n            \"@type\": \"Event\",\r\n            \"eventStatus\": \"https:\/\/schema.org\/EventScheduled\",\r\n            \"startDate\": \"2026-03-31\",\r\n            \"endDate\": \"2026-04-01\",\r\n            \"eventAttendanceMode\": \"https:\/\/schema.org\/OfflineEventAttendanceMode\",\r\n            \"location\":\r\n            {\r\n                \"@type\": \"Place\",\r\n                                \"name\": \"\",\r\n                \"image\": \"\",\r\n                \"address\": \"\"\r\n                            },\r\n            \"organizer\":\r\n            {\r\n                \"@type\": \"Person\",\r\n                \"name\": \"\",\r\n                \"url\": \"\"\r\n            },\r\n            \"offers\":\r\n            {\r\n                \"url\": \"https:\/\/paris.pan.pl\/fr\/events\/spotkanie-projektowe-uczenie-maszynowe-w-analizie-danych-i-projektowaniu-systemow-detekcji-dla-przeszlych-fuzyjnych-reaktorow-termojadrowych\/\",\r\n                \"price\": \"\",\r\n                \"priceCurrency\": \"\u20ac\",\r\n                \"availability\": \"https:\/\/schema.org\/InStock\",\r\n                \"validFrom\": \"2026-03-31T00:00\"\r\n            },\r\n            \"performer\": \"\",\r\n            \"description\": \"&lt;p style=&quot;text-align: center;&quot;&gt;&lt;strong&gt;POLONIUM (NAWA) \u2013 R\u00c9UNION DE TRAVAIL&lt;\/strong&gt;&lt;\/p&gt;  &lt;p style=&quot;text-align: center;&quot;&gt;&lt;strong&gt;31 mars \u2013 1 avril 2026&lt;\/strong&gt;&lt;\/p&gt;  &lt;p style=&quot;text-align: center;&quot;&gt;&lt;strong&gt;Acad\u00e9mie polonaise des sciences  &lt;\/strong&gt;&lt;strong&gt;Centre scientifique de \u00e0 Paris&lt;\/strong&gt;&lt;\/p&gt;  &lt;p style=&quot;text-align: justify;&quot;&gt;Ce projet, men\u00e9 en collaboration entre l&#039;IFJ PAN et le CEA IRFM, vise \u00e0 exploiter les m\u00e9thodes d&#039;apprentissage automatique (ML), en particulier les algorithmes \u00e9volutifs (algorithmes g\u00e9n\u00e9tiques (GA) ou similaires), les r\u00e9seaux neuronaux artificiels (NN) et les r\u00e9seaux bay\u00e9siens, afin de soutenir la recherche dans le domaine de la physique des plasmas et de la fusion thermonucl\u00e9aire.&lt;\/p&gt;  &lt;p style=&quot;text-align: justify;&quot;&gt;Les recherches se concentrent sur les questions scientifiques suivantes :&lt;\/p&gt;  &lt;p style=&quot;text-align: justify;&quot;&gt;(1) Conception et optimisation de syst\u00e8mes de diagnostic du plasma pour les dispositifs de type tokamak, par exemple des spectrom\u00e8tres \u00e0 neutrons ou des syst\u00e8mes d&#039;imagerie dans le domaine des rayons X mous ;&lt;\/p&gt;  &lt;p style=&quot;text-align: justify;&quot;&gt;(2) D\u00e9veloppement de m\u00e9thodes de reconstruction tomographique rapide et de d\u00e9convolution du spectre \u00e0 partir d&#039;un ensemble limit\u00e9 de mesures int\u00e9gr\u00e9es le long d&#039;une ligne ;&lt;\/p&gt;  &lt;p style=&quot;text-align: justify;&quot;&gt;(3) D\u00e9veloppement de m\u00e9thodes d&#039;analyse des donn\u00e9es issues des diagnostics du plasma afin de classer et de pr\u00e9dire les \u00e9v\u00e9nements plasmatiques, tels que l&#039;accumulation d&#039;impuret\u00e9s ou les instabilit\u00e9s magn\u00e9tohydrodynamiques lors des d\u00e9charges plasmatiques dans les tokamaks.&lt;\/p&gt;  &lt;p style=&quot;text-align: justify;&quot;&gt;La r\u00e9union \u00e0 l&#039;Acad\u00e9mie polonaise des sciences Centre scientifique de \u00e0 Paris est une occasion unique de discuter des derniers r\u00e9sultats et de planifier les actions futures dans le cadre du projet entre les partenaires fran\u00e7ais et polonais.&lt;\/p&gt;  &lt;p style=&quot;text-align: justify;&quot;&gt;&lt;\/p&gt;  Institutions participant au projet :  &lt;ul&gt;    &lt;li&gt;Institut de physique nucl\u00e9aire de l&#039;Acad\u00e9mie polonaise des sciences (IFJ PAN), Pologne&lt;\/li&gt;    &lt;li&gt;Institut de recherche sur la fusion magn\u00e9tique (IRFM), Commissariat \u00e0 l\u2019\u00e9nergie atomique et aux \u00e9nergies alternatives (CEA), France&lt;\/li&gt;  &lt;\/ul&gt;  &lt;img class=&quot;aligncenter wp-image-19926 size-large&quot; src=&quot;https:\/\/paris.pan.pl\/wp-content\/uploads\/2026\/03\/logos_polonium-1024x341.png&quot; alt=&quot;&quot; width=&quot;1024&quot; height=&quot;341&quot; \/&gt;\",\r\n            \"image\": \"https:\/\/paris.pan.pl\/wp-content\/uploads\/2026\/03\/POLONIUM_grafika.png\",\r\n            \"name\": \"R\u00e9union de travail &#8211; L&rsquo;apprentissage automatique dans l&rsquo;analyse des donn\u00e9es et la conception de syst\u00e8mes de d\u00e9tection pour les futurs r\u00e9acteurs thermonucl\u00e9aires \u00e0 fusion\",\r\n            \"url\": \"https:\/\/paris.pan.pl\/fr\/events\/spotkanie-projektowe-uczenie-maszynowe-w-analizie-danych-i-projektowaniu-systemow-detekcji-dla-przeszlych-fuzyjnych-reaktorow-termojadrowych\/\"\r\n        }\r\n        <\/script>\r\n        <article class=\"mec-past-event mec-event-article mec-clear  \" itemscope>                    <div class=\"mec-event-date mec-bg-color-hover mec-border-color-hover mec-color\"><span>31<\/span>Mar<\/div>\r\n            <div class=\"event-detail-wrap\">\r\n                <h4 class=\"mec-event-title\"><a class=\"mec-color-hover\"  data-event-id=\"19931\" href=\"https:\/\/paris.pan.pl\/fr\/events\/spotkanie-projektowe-uczenie-maszynowe-w-analizie-danych-i-projektowaniu-systemow-detekcji-dla-przeszlych-fuzyjnych-reaktorow-termojadrowych\/\" target=\"_self\" rel=\"noopener\">R\u00e9union de travail &#8211; L&rsquo;apprentissage automatique dans l&rsquo;analyse des donn\u00e9es et la conception de syst\u00e8mes de d\u00e9tection pour les futurs r\u00e9acteurs thermonucl\u00e9aires \u00e0 fusion<\/a><span class=\"event-color\" style=\"background: #\"><\/span><\/h4>\r\n                                                <div class=\"mec-event-detail\">\r\n                    <div class=\"mec-event-loc-place\"><\/div>\r\n                                                                            <\/div>\r\n            <\/div>\r\n        <\/article><\/div>                <div class=\"col-md-4 col-sm-4\">        <script type=\"application\/ld+json\">\r\n        {\r\n            \"@context\": \"http:\/\/schema.org\",\r\n            \"@type\": \"Event\",\r\n            \"eventStatus\": \"https:\/\/schema.org\/EventScheduled\",\r\n            \"startDate\": \"2025-12-10\",\r\n            \"endDate\": \"2025-12-10\",\r\n            \"eventAttendanceMode\": \"https:\/\/schema.org\/OfflineEventAttendanceMode\",\r\n            \"location\":\r\n            {\r\n                \"@type\": \"Place\",\r\n                                \"name\": \"\",\r\n                \"image\": \"\",\r\n                \"address\": \"\"\r\n                            },\r\n            \"organizer\":\r\n            {\r\n                \"@type\": \"Person\",\r\n                \"name\": \"\",\r\n                \"url\": \"\"\r\n            },\r\n            \"offers\":\r\n            {\r\n                \"url\": \"https:\/\/paris.pan.pl\/fr\/events\/la-france-notre-route-demigration-rencontre-musicale-avec-jan-mlynarski\/\",\r\n                \"price\": \"\",\r\n                \"priceCurrency\": \"\u20ac\",\r\n                \"availability\": \"https:\/\/schema.org\/InStock\",\r\n                \"validFrom\": \"2025-12-10T00:00\"\r\n            },\r\n            \"performer\": \"\",\r\n            \"description\": \"Nous avons le plaisir de vous inviter \u00e0 &lt;strong&gt;un \u00e9v\u00e9nement organis\u00e9 dans le cadre du cycle \u00ab La France sur notre route d\u2019\u00e9migration \u00bb&lt;\/strong&gt;, qui se tiendra le mercredi 10 d\u00e9cembre \u00e0 19 h \u00e0 l\u2019Acad\u00e9mie Polonaise des Sciences Centre Scientifique \u00e0 Paris.    Ce cycle est &lt;strong&gt;un voyage au c\u0153ur de l\u2019histoire, de la culture et de la musique&lt;\/strong&gt; qui ont fa\u00e7onn\u00e9 l\u2019identit\u00e9 polonaise en Europe. La rencontre du 10 d\u00e9cembre sera consacr\u00e9e \u00e0 un ph\u00e9nom\u00e8ne fascinant : &lt;strong&gt;la musique populaire d\u2019avant-guerre et l\u2019\u00e9mergence du jazz durant la p\u00e9riode polonaise de l\u2019entre-deux-guerres&lt;\/strong&gt;. Cette \u00e9poque ne vivait pas en vase clos, mais vibrait au rythme des influences juives, ukrainiennes, bi\u00e9lorusses et lituaniennes.    &lt;img class=&quot;wp-image-19672 alignright&quot; src=&quot;https:\/\/paris.pan.pl\/wp-content\/uploads\/2025\/11\/2025-Prelegenciwydarzenia-1-300x300.png&quot; alt=&quot;&quot; width=&quot;205&quot; height=&quot;205&quot; \/&gt;    &lt;strong&gt;Jan Emil M\u0142ynarski&lt;\/strong&gt; sera notre guide pour cette exploration. Artiste dont la cr\u00e9ativit\u00e9 et la passion redonnent vie \u00e0 la m\u00e9moire de la culture d\u2019avant 1949. Chanteur, percussionniste, producteur, animateur de radio et sp\u00e9cialiste du patrimoine de Varsovie, il est \u00e9galement le leader de projets tels que le M\u0142ynarski-Masecki Jazz Band et le Warszawskie Combo Taneczne. Ses r\u00e9cits sur le ph\u00e9nom\u00e8ne du tango polonais, les anciens orchestres et leurs cr\u00e9ateurs, de Henryk Wars \u00e0 Stanis\u0142aw Grzesiuk, seront ponctu\u00e9s de musique en direct, cr\u00e9ant une atmosph\u00e8re unique.    Cette rencontre sera l\u2019occasion &lt;strong&gt;d\u2019\u00e9changer sur la musique et son histoire&lt;\/strong&gt;, de r\u00e9fl\u00e9chir \u00e0 la mani\u00e8re dont la culture polonaise de l\u2019entre-deux-guerres dialoguait avec l\u2019Europe et dont ses sonorit\u00e9s portaient les traces de l\u2019\u00e9migration, du multiculturalisme et de la qu\u00eate de libert\u00e9.    L\u2019\u00e9v\u00e9nement se d\u00e9roulera &lt;strong&gt;en polonais&lt;\/strong&gt;.    Rejoignez-nous pour plonger dans l\u2019univers des m\u00e9lodies d\u2019autrefois, des histoires et des r\u00e9cits !    &lt;strong&gt;Le nombre de places est limit\u00e9. Pour vous inscrire, envoyez un e-mail \u00e0 l\u2019adresse suivante : &lt;a href=&quot;mailto:bureauaddp@gmail.com&quot;&gt;bureauaddp@gmail.com&lt;\/a&gt;&lt;\/strong&gt;    Organis\u00e9 par l\u2019Association D\u00e9fense de la D\u00e9mocratie en Pologne. L\u2019Acad\u00e9mie Polonaise des Sciences Centre Scientifique \u00e0 Paris est partenaire de l\u2019\u00e9v\u00e9nement.    Cet \u00e9v\u00e9nement b\u00e9n\u00e9ficie du soutien du S\u00e9nat de la R\u00e9publique de Pologne dans le cadre de son programme d\u2019aide \u00e0 la Polonia et aux Polonais de l\u2019\u00e9tranger pour l\u2019ann\u00e9e 2025.\",\r\n            \"image\": \"https:\/\/paris.pan.pl\/wp-content\/uploads\/2025\/11\/2025-grafiki-promocyjne-1.png\",\r\n            \"name\": \"La France, notre route d\u2019\u00e9migration : rencontre musicale avec Jan M\u0142ynarski\",\r\n            \"url\": \"https:\/\/paris.pan.pl\/fr\/events\/la-france-notre-route-demigration-rencontre-musicale-avec-jan-mlynarski\/\"\r\n        }\r\n        <\/script>\r\n        <article class=\"mec-past-event mec-event-article mec-clear  \" itemscope>                    <div class=\"mec-event-date mec-bg-color-hover mec-border-color-hover mec-color\"><span>10<\/span>D\u00e9c<\/div>\r\n            <div class=\"event-detail-wrap\">\r\n                <h4 class=\"mec-event-title\"><a class=\"mec-color-hover\"  data-event-id=\"19703\" href=\"https:\/\/paris.pan.pl\/fr\/events\/la-france-notre-route-demigration-rencontre-musicale-avec-jan-mlynarski\/\" target=\"_self\" rel=\"noopener\">La France, notre route d\u2019\u00e9migration : rencontre musicale avec Jan M\u0142ynarski<\/a><span class=\"event-color\" style=\"background: #\"><\/span><\/h4>\r\n                                                <div class=\"mec-event-detail\">\r\n                    <div class=\"mec-event-loc-place\"><\/div>\r\n                                                                            <\/div>\r\n            <\/div>\r\n        <\/article><\/div><\/div>                <div class=\"row\"><div class=\"col-md-4 col-sm-4\">        <script type=\"application\/ld+json\">\r\n        {\r\n            \"@context\": \"http:\/\/schema.org\",\r\n            \"@type\": \"Event\",\r\n            \"eventStatus\": \"https:\/\/schema.org\/EventScheduled\",\r\n            \"startDate\": \"2025-12-09\",\r\n            \"endDate\": \"2025-12-09\",\r\n            \"eventAttendanceMode\": \"https:\/\/schema.org\/OfflineEventAttendanceMode\",\r\n            \"location\":\r\n            {\r\n                \"@type\": \"Place\",\r\n                                \"name\": \"\",\r\n                \"image\": \"\",\r\n                \"address\": \"\"\r\n                            },\r\n            \"organizer\":\r\n            {\r\n                \"@type\": \"Person\",\r\n                \"name\": \"\",\r\n                \"url\": \"\"\r\n            },\r\n            \"offers\":\r\n            {\r\n                \"url\": \"https:\/\/paris.pan.pl\/fr\/events\/spotkanie-z-cyklu-cafe-scientifique-3\/\",\r\n                \"price\": \"\",\r\n                \"priceCurrency\": \"\u20ac\",\r\n                \"availability\": \"https:\/\/schema.org\/InStock\",\r\n                \"validFrom\": \"2025-12-09T00:00\"\r\n            },\r\n            \"performer\": \"\",\r\n            \"description\": \"Le 9 d\u00e9cembre, la derni\u00e8re rencontre &lt;em&gt;&lt;strong&gt;Caf\u00e9 Scientifique&lt;\/strong&gt;&lt;\/em&gt; de l&#039;ann\u00e9e s&#039;est tenue \u00e0 notre Centre scientifique. Cette fois-ci, les personnes qui s\u00e9journent ici pour des recherches ont eu l&#039;occasion d&#039;\u00e9couter deux intervenants :  \u2013 M. &lt;strong&gt;Marcin Piotr Pruszczyk&lt;\/strong&gt;, doctorant \u00e0 la Scuola Internazionale Superiore di Studi Avanzati (SISSA) \u00e0 Trieste en Italie, dipl\u00f4m\u00e9 d&#039;un master en physique th\u00e9orique \u00e0 la Facult\u00e9 de physique de l&#039;Universit\u00e9 de Varsovie ;  \u2013 et Mme &lt;strong&gt;Joanna Jasi\u0144ska&lt;\/strong&gt;, doctorante \u00e0 l&#039;Universit\u00e9 d&#039;agriculture Hugo Ko\u0142\u0142\u0105taj de Cracovie.    M. Marcin Pruszczyk, qui s&#039;int\u00e9resse \u00e0 la &lt;strong&gt;physique statistique classique&lt;\/strong&gt;, a pr\u00e9sent\u00e9 un expos\u00e9 intitul\u00e9 &lt;strong&gt;\u00ab Physique statistique : corr\u00e9lations et m\u00e9moire \u00bb&lt;\/strong&gt;, dans lequel il a parl\u00e9 de ses recherches sur la th\u00e9orie des \u00e9v\u00e9nements rares. M. Pruszczyk effectue un s\u00e9jour scientifique au Laboratoire de Physique Th\u00e9orique et Mod\u00e8les Statistiques (LPTMS), au sein d&#039;un groupe de recherche du CNRS et de l&#039;universit\u00e9 Paris-Saclay, o\u00f9 il travaille sous la supervision du professeur Satya Majumdar sur l&#039;utilisation de la th\u00e9orie des \u00e9v\u00e9nements rares pour d\u00e9crire l&#039;influence de la r\u00e9initialisation stochastique sur la dynamique du gaz de Brown et de l&#039;oscillateur harmonique quantique.    Mme Joanna Jasi\u0144ska a pr\u00e9sent\u00e9 un expos\u00e9 intitul\u00e9 &lt;strong&gt;\u00ab Mat\u00e9riaux biod\u00e9gradables \u2013 application dans l&#039;industrie de l&#039;emballage \u00bb&lt;\/strong&gt;, au cours duquel elle a parl\u00e9 de ses recherches li\u00e9es \u00e0 &lt;strong&gt;l&#039;analyse des biomat\u00e9riaux&lt;\/strong&gt; en vue de la production de films susceptibles de remplacer \u00e0 l&#039;avenir les emballages en plastique. La conf\u00e9renci\u00e8re a \u00e9galement pr\u00e9sent\u00e9 d&#039;autres applications de ce type de mat\u00e9riaux, par exemple dans l&#039;agriculture ou la m\u00e9decine. Mme Jasi\u0144ska effectue un stage scientifique et p\u00e9dagogique au Laboratoire de Sciences et Ing\u00e9nierie de la Mati\u00e8re Molle (ESPCI \/ CNRS \/ SU) dans le domaine des polym\u00e8res et des mat\u00e9riaux inorganiques.    Comme d&#039;habitude, les pr\u00e9sentations ont \u00e9t\u00e9 suivies d&#039;une discussion avec les participants. Outre les questions relatives aux pr\u00e9sentations et aux recherches de nos intervenants, nous avons \u00e9galement discut\u00e9 de l&#039;approche de la recherche dans diff\u00e9rents pays (Pologne, France et Italie) et des possibilit\u00e9s d&#039;application des r\u00e9sultats pr\u00e9sent\u00e9s dans d&#039;autres domaines scientifiques.    Nous remercions chaleureusement M. Marcin Pruszczyk et Mme Joanna Jasi\u0144ska pour leurs pr\u00e9sentations extr\u00eamement int\u00e9ressantes, ainsi que les participants \u00e0 la r\u00e9union pour leur pr\u00e9sence, leur curiosit\u00e9 et leur participation \u00e0 la discussion.    Nous souhaitons \u00e9galement \u00e0 tous beaucoup de succ\u00e8s dans la poursuite de leurs travaux scientifiques.    Rendez-vous au prochain Caf\u00e9 Scientifique en 2026 !    [gallery columns=&quot;4&quot; link=&quot;file&quot; size=&quot;medium&quot; ids=&quot;19750,19753,19759,19756&quot;]\",\r\n            \"image\": \"https:\/\/paris.pan.pl\/wp-content\/uploads\/2025\/12\/Cafe-Scientifique-4-1-scaled.jpg\",\r\n            \"name\": \"Rencontre Caf\u00e9 Scientifique\",\r\n            \"url\": \"https:\/\/paris.pan.pl\/fr\/events\/spotkanie-z-cyklu-cafe-scientifique-3\/\"\r\n        }\r\n        <\/script>\r\n        <article class=\"mec-past-event mec-event-article mec-clear  \" itemscope>                    <div class=\"mec-event-date mec-bg-color-hover mec-border-color-hover mec-color\"><span>09<\/span>D\u00e9c<\/div>\r\n            <div class=\"event-detail-wrap\">\r\n                <h4 class=\"mec-event-title\"><a class=\"mec-color-hover\"  data-event-id=\"19762\" href=\"https:\/\/paris.pan.pl\/fr\/events\/spotkanie-z-cyklu-cafe-scientifique-3\/\" target=\"_self\" rel=\"noopener\">Rencontre Caf\u00e9 Scientifique<\/a><span class=\"event-color\" style=\"background: #\"><\/span><\/h4>\r\n                                                <div class=\"mec-event-detail\">\r\n                    <div class=\"mec-event-loc-place\"><\/div>\r\n                                                                            <\/div>\r\n            <\/div>\r\n        <\/article><\/div>                <div class=\"col-md-4 col-sm-4\">        <script type=\"application\/ld+json\">\r\n        {\r\n            \"@context\": \"http:\/\/schema.org\",\r\n            \"@type\": \"Event\",\r\n            \"eventStatus\": \"https:\/\/schema.org\/EventScheduled\",\r\n            \"startDate\": \"2025-12-01\",\r\n            \"endDate\": \"2025-12-01\",\r\n            \"eventAttendanceMode\": \"https:\/\/schema.org\/OfflineEventAttendanceMode\",\r\n            \"location\":\r\n            {\r\n                \"@type\": \"Place\",\r\n                                \"name\": \"\",\r\n                \"image\": \"\",\r\n                \"address\": \"\"\r\n                            },\r\n            \"organizer\":\r\n            {\r\n                \"@type\": \"Person\",\r\n                \"name\": \"\",\r\n                \"url\": \"\"\r\n            },\r\n            \"offers\":\r\n            {\r\n                \"url\": \"https:\/\/paris.pan.pl\/fr\/events\/cafe-scientifique-optymalizacja-opieki-senioralnej\/\",\r\n                \"price\": \"\",\r\n                \"priceCurrency\": \"\u20ac\",\r\n                \"availability\": \"https:\/\/schema.org\/InStock\",\r\n                \"validFrom\": \"2025-12-01T00:00\"\r\n            },\r\n            \"performer\": \"\",\r\n            \"description\": \"&lt;div class=&quot;x_elementToProof&quot; style=&quot;text-align: justify;&quot; data-olk-copy-source=&quot;MessageBody&quot;&gt;  &lt;div class=&quot;x_elementToProof&quot; style=&quot;text-align: justify;&quot; data-olk-copy-source=&quot;MessageBody&quot;&gt;&lt;strong data-start=&quot;50&quot; data-end=&quot;115&quot;&gt;L\u2019Acad\u00e9mie polonaise des sciences Centre Scientifique \u00e0 Paris&lt;\/strong&gt;, en coop\u00e9ration avec l\u2019Association des M\u00e9decins d\u2019Origine Polonaise de France (AMOPF), vous invite \u00e0 une rencontre consacr\u00e9e aux enjeux de l\u2019optimisation des soins aux personnes \u00e2g\u00e9es. Cette rencontre aura pour objectif d\u2019explorer les besoins et les possibilit\u00e9s de cr\u00e9ation d\u2019un consortium de projet franco-polonais en vue de solliciter un financement pour la r\u00e9alisation de recherches dans ce domaine.  &lt;p data-start=&quot;532&quot; data-end=&quot;636&quot;&gt;Le programme pr\u00e9voit trois conf\u00e9rences introductives, qui ouvriront la voie \u00e0 une discussion ult\u00e9rieure :&lt;\/p&gt;    &lt;ul&gt;    &lt;li data-start=&quot;638&quot; data-end=&quot;1024&quot;&gt;&lt;strong data-start=&quot;638&quot; data-end=&quot;672&quot;&gt;Prof. Agnieszka Neumann-Podczaska&lt;\/strong&gt;, Universit\u00e9 de M\u00e9decine Karol Marcinkowski de Pozna\u0144 \u2013 &lt;em data-start=&quot;728&quot; data-end=&quot;774&quot;&gt;Les d\u00e9fis de la pharmacoth\u00e9rapie g\u00e9riatrique&lt;\/em&gt;&lt;br data-start=&quot;774&quot; data-end=&quot;777&quot; \/&gt;Dans son intervention, la conf\u00e9renci\u00e8re se concentrera principalement sur l\u2019utilisation des neuroleptiques chez les personnes \u00e2g\u00e9es, en abordant les recommandations actuelles, les risques ainsi que les principes d\u2019un traitement responsable et s\u00fbr.&lt;\/li&gt;    &lt;li data-start=&quot;1026&quot; data-end=&quot;1340&quot;&gt;&lt;strong data-start=&quot;1026&quot; data-end=&quot;1051&quot;&gt;Dr Krzysztof Klimczak&lt;\/strong&gt;, Pr\u00e9sident de l\u2019Association des M\u00e9decins d\u2019Origine Polonaise de France \u2013 &lt;em data-start=&quot;1125&quot; data-end=&quot;1183&quot;&gt;Les applications de l\u2019\u00e9chographie cardiaque en g\u00e9riatrie&lt;\/em&gt;&lt;br data-start=&quot;1183&quot; data-end=&quot;1186&quot; \/&gt;Cette conf\u00e9rence pr\u00e9sentera les possibilit\u00e9s pratiques d\u2019utilisation de l\u2019\u00e9chocardiographie dans la prise en charge quotidienne des patients g\u00e9riatriques.&lt;\/li&gt;    &lt;li data-start=&quot;1342&quot; data-end=&quot;1674&quot;&gt;&lt;strong data-start=&quot;1342&quot; data-end=&quot;1371&quot;&gt;Dr Honorata Dudek-Frysiak&lt;\/strong&gt;, boursi\u00e8re du gouvernement fran\u00e7ais (France Excellence) \u00e0 Sciences Po \u2013 &lt;em data-start=&quot;1444&quot; data-end=&quot;1560&quot;&gt;Analyse des aspects sociaux, \u00e9conomiques et technologiques du vieillissement de la soci\u00e9t\u00e9 en Pologne et en France&lt;\/em&gt;&lt;br data-start=&quot;1560&quot; data-end=&quot;1563&quot; \/&gt;La conf\u00e9renci\u00e8re pr\u00e9sentera une perspective non m\u00e9dicale et les enjeux li\u00e9s au vieillissement de la population.&lt;\/li&gt;  &lt;\/ul&gt;  &lt;p data-start=&quot;1676&quot; data-end=&quot;1744&quot;&gt;Les conf\u00e9rences et la discussion se d\u00e9rouleront en langue polonaise.&lt;\/p&gt;  &lt;p data-start=&quot;1746&quot; data-end=&quot;1898&quot;&gt;La rencontre s\u2019adresse \u00e0 toutes les personnes int\u00e9ress\u00e9es par une approche moderne, responsable et interdisciplinaire de la prise en charge des seniors.&lt;\/p&gt;  &lt;p data-start=&quot;1900&quot; data-end=&quot;1933&quot; data-is-last-node=&quot;&quot; data-is-only-node=&quot;&quot;&gt;Nous vous invitons cordialement !&lt;\/p&gt;    &lt;\/div&gt;  &lt;\/div&gt;\",\r\n            \"image\": \"https:\/\/paris.pan.pl\/wp-content\/uploads\/2025\/11\/Cafe-Scientifique-opieka-senioralna.png\",\r\n            \"name\": \"Caf\u00e9 Scientifique &#8211; optimisation des soins aux personnes \u00e2g\u00e9es\",\r\n            \"url\": \"https:\/\/paris.pan.pl\/fr\/events\/cafe-scientifique-optymalizacja-opieki-senioralnej\/\"\r\n        }\r\n        <\/script>\r\n        <article class=\"mec-past-event mec-event-article mec-clear  \" itemscope>                    <div class=\"mec-event-date mec-bg-color-hover mec-border-color-hover mec-color\"><span>01<\/span>D\u00e9c<\/div>\r\n            <div class=\"event-detail-wrap\">\r\n                <h4 class=\"mec-event-title\"><a class=\"mec-color-hover\"  data-event-id=\"19814\" href=\"https:\/\/paris.pan.pl\/fr\/events\/cafe-scientifique-optymalizacja-opieki-senioralnej\/\" target=\"_self\" rel=\"noopener\">Caf\u00e9 Scientifique &#8211; optimisation des soins aux personnes \u00e2g\u00e9es<\/a><span class=\"event-color\" style=\"background: #\"><\/span><\/h4>\r\n                                                <div class=\"mec-event-detail\">\r\n                    <div class=\"mec-event-loc-place\"><\/div>\r\n                                                                            <\/div>\r\n            <\/div>\r\n        <\/article><\/div>                <div class=\"col-md-4 col-sm-4\">        <script type=\"application\/ld+json\">\r\n        {\r\n            \"@context\": \"http:\/\/schema.org\",\r\n            \"@type\": \"Event\",\r\n            \"eventStatus\": \"https:\/\/schema.org\/EventScheduled\",\r\n            \"startDate\": \"2025-11-27\",\r\n            \"endDate\": \"2025-12-29\",\r\n            \"eventAttendanceMode\": \"https:\/\/schema.org\/OfflineEventAttendanceMode\",\r\n            \"location\":\r\n            {\r\n                \"@type\": \"Place\",\r\n                                \"name\": \"\",\r\n                \"image\": \"\",\r\n                \"address\": \"\"\r\n                            },\r\n            \"organizer\":\r\n            {\r\n                \"@type\": \"Person\",\r\n                \"name\": \"\",\r\n                \"url\": \"\"\r\n            },\r\n            \"offers\":\r\n            {\r\n                \"url\": \"https:\/\/paris.pan.pl\/fr\/events\/explorateurs-polonais-du-nouveau-monde-et-des-iles-du-pacifique-predecesseurs-et-successeurs-de-sir-pawel-edmund-strzelecki-exposition\/\",\r\n                \"price\": \"\",\r\n                \"priceCurrency\": \"\u20ac\",\r\n                \"availability\": \"https:\/\/schema.org\/InStock\",\r\n                \"validFrom\": \"2025-11-27T00:00\"\r\n            },\r\n            \"performer\": \"\",\r\n            \"description\": \"L\u2019exposition &lt;em&gt;Explorateurs polonais du Nouveau Monde et des \u00eeles du Pacifique : pr\u00e9d\u00e9cesseurs et successeurs de Sir Pawe\u0142 Edmund Strzelecki&lt;\/em&gt; se concentre sur un chapitre unique et souvent n\u00e9glig\u00e9 de l\u2019histoire polonaise : &lt;strong&gt;l\u2019implication des scientifiques, voyageurs et explorateurs polonais au-del\u00e0 des fronti\u00e8res de l\u2019Europe&lt;\/strong&gt;. Anim\u00e9s par leur curiosit\u00e9 pour le monde, ces individus se sont aventur\u00e9s dans les \u00eeles du Pacifique r\u00e9cemment d\u00e9couvertes. Ils sont arriv\u00e9s dans la r\u00e9gion en tant que membres d\u2019exp\u00e9ditions g\u00e9ographiques ou en tant que migrants contraints de quitter la Pologne \u00e0 la suite des partitions ou de la r\u00e9pression politique. Tous avaient toutefois en commun &lt;strong&gt;le d\u00e9sir de d\u00e9couvrir, de comprendre et de d\u00e9crire les r\u00e9gions les plus recul\u00e9es de la plan\u00e8te&lt;\/strong&gt;.    L\u2019exposition explore les diff\u00e9rents profils de ces personnages. Elle montre comment ils ont per\u00e7u et analys\u00e9 les autres cultures. \u00c0 la diff\u00e9rence des colonisateurs, de nombreux scientifiques et voyageurs polonais ont consid\u00e9r\u00e9 les habitants de l\u2019Oc\u00e9anie avec ouverture d&#039;esprit et empathie, les traitant d\u2019\u00e9gal \u00e0 \u00e9gal. Ils les consid\u00e9raient comme des individus m\u00e9ritant le respect et une observation attentive, plut\u00f4t que comme des objets \u00e0 conqu\u00e9rir. Leur contribution \u00e0 l\u2019\u00e9tude des cultures locales n\u2019en est que plus pr\u00e9cieuse. L\u2019exposition montre \u00e9galement comment les Polonais ont document\u00e9 la vie quotidienne, les coutumes, les langues et les points de vue des peuples du Pacifique \u00e0 un moment charni\u00e8re de l\u2019histoire, \u00e0 l\u2019aube des changements rapides r\u00e9sultant du contact avec les pays occidentaux. Elle invite \u00e9galement \u00e0 la r\u00e9flexion sur l\u2019identit\u00e9 polonaise et la place de la Pologne dans l\u2019h\u00e9ritage mondial de la d\u00e9couverte g\u00e9ographique. Bien qu\u2019elle n\u2019ait pas exist\u00e9 en tant qu\u2019\u00c9tat au XIX&lt;sup&gt;e&lt;\/sup&gt; si\u00e8cle, la Pologne a particip\u00e9 activement aux processus intellectuels et scientifiques de l\u2019\u00e9poque, gr\u00e2ce \u00e0 ses citoyens dispers\u00e9s dans le monde entier.    &lt;strong&gt;Le film &lt;em&gt;Polish Explorers of the New World and the Islands of the Pacific&lt;\/em&gt;&lt;\/strong&gt;, command\u00e9 par le Minist\u00e8re des Affaires Etrang\u00e8res de Pologne en 2023, sera \u00e9galement projet\u00e9 pendant l\u2019exposition.    [gallery columns=&quot;1&quot; link=&quot;none&quot; size=&quot;large&quot; ids=&quot;19594&quot;]    &nbsp;    L\u2019exposition est organis\u00e9e et cr\u00e9\u00e9e par la branche polonaise de The Explorers Club. L\u2019Acad\u00e9mie polonaise des sciences centre scientifique \u00e0 Paris est partenaire de l\u2019\u00e9v\u00e9nement.    T\u00e2che publique financ\u00e9e par le Minist\u00e8re des Affaires \u00e9trang\u00e8res de la R\u00e9publique de Pologne dans le cadre du concours de subventions \u00ab Diplomatie publique 2023 \u00bb.    En raison du nombre limit\u00e9 de places,&lt;strong&gt; les personnes int\u00e9ress\u00e9es par la participation \u00e0 l&#039;\u00e9v\u00e9nement sont invit\u00e9es \u00e0 s\u2019inscrire en envoyant un e-mail \u00e0 l\u2019adresse &lt;a href=&quot;secretariat@paris.pan.pl&quot;&gt;secretariat@paris.pan.pl&lt;\/a&gt; ou en remplissant le formulaire&lt;\/strong&gt; &lt;strong&gt;: &lt;a href=&quot;https:\/\/forms.office.com\/e\/AqTrvgrtb7&quot;&gt;https:\/\/forms.office.com\/e\/AqTrvgrtb7&lt;\/a&gt;&lt;\/strong&gt;    L\u2019\u00e9v\u00e9nement se d\u00e9roulera &lt;strong&gt;en &lt;span class=&quot;a_GcMg font-feature-liga-off font-feature-clig-off font-feature-calt-off text-decoration-underline text-strikethrough-none&quot;&gt;fran\u00e7ais&lt;\/span&gt;&lt;\/strong&gt;.    &lt;strong&gt;En vous inscrivant \u00e0 l\u2019\u00e9v\u00e9nement, vous acceptez &lt;a href=&quot;https:\/\/paris.pan.pl\/wp-content\/uploads\/2025\/08\/Klauzule-FR.pdf&quot;&gt;les r\u00e8gles relatives au traitement des donn\u00e9es personnelles&lt;\/a&gt;.&lt;\/strong&gt;\",\r\n            \"image\": \"https:\/\/paris.pan.pl\/wp-content\/uploads\/2025\/10\/wystawa-2.png\",\r\n            \"name\": \"Explorateurs polonais du Nouveau Monde et des \u00eeles du Pacifique : pr\u00e9d\u00e9cesseurs et successeurs de Sir Pawe\u0142 Edmund Strzelecki [EXPOSITION]\",\r\n            \"url\": \"https:\/\/paris.pan.pl\/fr\/events\/explorateurs-polonais-du-nouveau-monde-et-des-iles-du-pacifique-predecesseurs-et-successeurs-de-sir-pawel-edmund-strzelecki-exposition\/\"\r\n        }\r\n        <\/script>\r\n        <article class=\"mec-past-event mec-event-article mec-clear  \" itemscope>                    <div class=\"mec-event-date mec-bg-color-hover mec-border-color-hover mec-color\"><span>27<\/span>Nov<\/div>\r\n            <div class=\"event-detail-wrap\">\r\n                <h4 class=\"mec-event-title\"><a class=\"mec-color-hover\"  data-event-id=\"19417\" href=\"https:\/\/paris.pan.pl\/fr\/events\/explorateurs-polonais-du-nouveau-monde-et-des-iles-du-pacifique-predecesseurs-et-successeurs-de-sir-pawel-edmund-strzelecki-exposition\/\" target=\"_self\" rel=\"noopener\">Explorateurs polonais du Nouveau Monde et des \u00eeles du Pacifique : pr\u00e9d\u00e9cesseurs et successeurs de Sir Pawe\u0142 Edmund Strzelecki [EXPOSITION]<\/a><span class=\"event-color\" style=\"background: #\"><\/span><\/h4>\r\n                                                <div class=\"mec-event-detail\">\r\n                    <div class=\"mec-event-loc-place\"><\/div>\r\n                                                                            <\/div>\r\n            <\/div>\r\n        <\/article><\/div><\/div>                        \t<\/div>\r\n<\/div>\r\n\r\n    <\/div>\r\n    <div class=\"mec-skin-grid-no-events-container mec-util-hidden\" id=\"mec_skin_no_events_1796\">\r\n        Aucun \u00e9v\u00e9nement trouv\u00e9 !    <\/div>\r\n        \r\n        <div class=\"mec-load-more-wrap\"><div class=\"mec-load-more-button \">En savoir plus<\/div><\/div>\r\n        \r\n<\/div>[\/et_pb_toggle][\/et_pb_column][\/et_pb_row][\/et_pb_section][et_pb_section fb_built=\u00a0\u00bb1&Prime; prev_background_color=\u00a0\u00bb#f2f2f2&Prime; module_id=\u00a0\u00bbcalendar\u00a0\u00bb _builder_version=\u00a0\u00bb4.16&Prime; background_color=\u00a0\u00bb#fcfcfc\u00a0\u00bb background_color_gradient_direction=\u00a0\u00bb90deg\u00a0\u00bb background_blend=\u00a0\u00bbsoft-light\u00a0\u00bb custom_margin=\u00a0\u00bb-1px||\u00a0\u00bb custom_padding=\u00a0\u00bb30px|0px|7px|0px|false|false\u00a0\u00bb top_divider_style=\u00a0\u00bbasymmetric\u00a0\u00bb top_divider_height=\u00a0\u00bb47px\u00a0\u00bb top_divider_height_tablet=\u00a0\u00bb19px\u00a0\u00bb top_divider_height_phone=\u00a0\u00bb15px\u00a0\u00bb top_divider_height_last_edited=\u00a0\u00bbon|tablet\u00a0\u00bb bottom_divider_color=\u00a0\u00bb#fcfcfc\u00a0\u00bb bottom_divider_height=\u00a0\u00bb40px\u00a0\u00bb bottom_divider_flip=\u00a0\u00bbvertical|horizontal\u00a0\u00bb bottom_divider_arrangement=\u00a0\u00bbabove_content\u00a0\u00bb bottom_divider_height_tablet=\u00a0\u00bb22px\u00a0\u00bb bottom_divider_height_phone=\u00a0\u00bb17px\u00a0\u00bb bottom_divider_height_last_edited=\u00a0\u00bbon|tablet\u00a0\u00bb animation_style=\u00a0\u00bbfade\u00a0\u00bb border_color_right=\u00a0\u00bb#00A0E3&Prime; global_colors_info=\u00a0\u00bb{}\u00a0\u00bb][et_pb_row column_structure=\u00a0\u00bb3_4,1_4&Prime; use_custom_gutter=\u00a0\u00bbon\u00a0\u00bb gutter_width=\u00a0\u00bb2&Prime; make_equal=\u00a0\u00bbon\u00a0\u00bb module_id=\u00a0\u00bbpeople\u00a0\u00bb _builder_version=\u00a0\u00bb4.16&Prime; width=\u00a0\u00bb70%\u00a0\u00bb width_tablet=\u00a0\u00bb90%\u00a0\u00bb width_phone=\u00a0\u00bb90%\u00a0\u00bb width_last_edited=\u00a0\u00bbon|tablet\u00a0\u00bb max_width=\u00a0\u00bb70%\u00a0\u00bb max_width_tablet=\u00a0\u00bb70%\u00a0\u00bb max_width_phone=\u00a0\u00bb90%\u00a0\u00bb max_width_last_edited=\u00a0\u00bbon|phone\u00a0\u00bb custom_padding=\u00a0\u00bb|0px|11px|0px\u00a0\u00bb animation_style=\u00a0\u00bbfade\u00a0\u00bb use_custom_width=\u00a0\u00bbon\u00a0\u00bb width_unit=\u00a0\u00bboff\u00a0\u00bb custom_width_percent=\u00a0\u00bb70%\u00a0\u00bb custom_width_percent__hover=\u00a0\u00bb80%\u00a0\u00bb locked=\u00a0\u00bboff\u00a0\u00bb global_colors_info=\u00a0\u00bb{}\u00a0\u00bb border_width_all__hover=\u00a0\u00bb5px\u00a0\u00bb width__hover=\u00a0\u00bb80%\u00a0\u00bb max_width__hover=\u00a0\u00bb80%\u00a0\u00bb][et_pb_column type=\u00a0\u00bb3_4&Prime; _builder_version=\u00a0\u00bb4.16&Prime; custom_padding=\u00a0\u00bb|||\u00a0\u00bb global_colors_info=\u00a0\u00bb{}\u00a0\u00bb custom_padding__hover=\u00a0\u00bb|||\u00a0\u00bb custom_css_main_element__hover=\u00a0\u00bbbackground:  rgb(243,241,241);|| \u00ab\u00a0][et_pb_text _builder_version=\u00a0\u00bb4.16&Prime; header_font=\u00a0\u00bbChivo|700|||||||\u00a0\u00bb header_font_size=\u00a0\u00bb46px\u00a0\u00bb module_alignment=\u00a0\u00bbleft\u00a0\u00bb custom_margin=\u00a0\u00bb||\u00a0\u00bb custom_padding=\u00a0\u00bb|||20px\u00a0\u00bb animation_style=\u00a0\u00bbflip\u00a0\u00bb animation_direction=\u00a0\u00bbright\u00a0\u00bb animation_delay=\u00a0\u00bb300ms\u00a0\u00bb animation_intensity_flip=\u00a0\u00bb26%\u00a0\u00bb hover_transition_duration=\u00a0\u00bb600ms\u00a0\u00bb header_font_size_tablet=\u00a0\u00bb40px\u00a0\u00bb header_font_size_phone=\u00a0\u00bb30px\u00a0\u00bb header_font_size_last_edited=\u00a0\u00bbon|desktop\u00a0\u00bb border_color_all=\u00a0\u00bb#00A0E3&Prime; border_color_top=\u00a0\u00bb#00a0e3&Prime; border_color_right=\u00a0\u00bb#00a0e3&Prime; border_color_bottom=\u00a0\u00bb#00a0e3&Prime; border_width_left=\u00a0\u00bb6px\u00a0\u00bb border_color_left=\u00a0\u00bb#00a0e3&Prime; locked=\u00a0\u00bboff\u00a0\u00bb global_colors_info=\u00a0\u00bb{}\u00a0\u00bb border_width_left__hover_enabled=\u00a0\u00bbon\u00a0\u00bb border_width_left__hover=\u00a0\u00bb20px\u00a0\u00bb]<\/p>\n<h1>Calendrier<\/h1>\n<p>[\/et_pb_text][et_pb_button button_url=\u00a0\u00bb#list\u00a0\u00bb button_text=\u00a0\u00bbafficher plus\u00a0\u00bb button_alignment=\u00a0\u00bbleft\u00a0\u00bb _builder_version=\u00a0\u00bb4.19.5&Prime; custom_button=\u00a0\u00bbon\u00a0\u00bb button_text_size=\u00a0\u00bb16px\u00a0\u00bb button_text_color=\u00a0\u00bb#00a0e3&Prime; button_bg_color_gradient_type=\u00a0\u00bbcircular\u00a0\u00bb button_bg_color_gradient_stops=\u00a0\u00bb#0c71c3 0%|#2271a3 100%\u00a0\u00bb button_bg_color_gradient_start=\u00a0\u00bb#0c71c3&Prime; button_bg_color_gradient_end=\u00a0\u00bb#2271a3&Prime; button_border_width=\u00a0\u00bb0px\u00a0\u00bb button_border_color=\u00a0\u00bb#00a0e3&Prime; button_border_radius=\u00a0\u00bb0px\u00a0\u00bb button_letter_spacing=\u00a0\u00bb1px\u00a0\u00bb button_font=\u00a0\u00bbLato|||on|||||\u00a0\u00bb button_icon=\u00a0\u00bb&#x21;||divi||400&Prime; button_on_hover=\u00a0\u00bboff\u00a0\u00bb custom_padding=\u00a0\u00bb0px||\u00a0\u00bb custom_padding_phone=\u00a0\u00bb|||28px\u00a0\u00bb custom_padding_last_edited=\u00a0\u00bboff|desktop\u00a0\u00bb animation_style=\u00a0\u00bbfade\u00a0\u00bb animation_delay=\u00a0\u00bb550ms\u00a0\u00bb hover_transition_duration=\u00a0\u00bb650ms\u00a0\u00bb hover_enabled=\u00a0\u00bb0&Prime; locked=\u00a0\u00bboff\u00a0\u00bb global_colors_info=\u00a0\u00bb{}\u00a0\u00bb button_bg_color__hover_enabled=\u00a0\u00bbon\u00a0\u00bb button_bg_color__hover=\u00a0\u00bbrgba(0,0,0,0)\u00a0\u00bb button_text_color__hover_enabled=\u00a0\u00bbon\u00a0\u00bb button_text_color__hover=\u00a0\u00bb#000000&Prime; sticky_enabled=\u00a0\u00bb0&Prime;][\/et_pb_button][\/et_pb_column][et_pb_column type=\u00a0\u00bb1_4&Prime; _builder_version=\u00a0\u00bb4.16&Prime; custom_padding=\u00a0\u00bb|||\u00a0\u00bb global_colors_info=\u00a0\u00bb{}\u00a0\u00bb custom_padding__hover=\u00a0\u00bb|||\u00a0\u00bb][\/et_pb_column][\/et_pb_row][et_pb_row use_custom_gutter=\u00a0\u00bbon\u00a0\u00bb gutter_width=\u00a0\u00bb2&Prime; make_equal=\u00a0\u00bbon\u00a0\u00bb _builder_version=\u00a0\u00bb4.16&Prime; width=\u00a0\u00bb70%\u00a0\u00bb width_tablet=\u00a0\u00bb90%\u00a0\u00bb width_phone=\u00a0\u00bb90%\u00a0\u00bb width_last_edited=\u00a0\u00bbon|tablet\u00a0\u00bb max_width=\u00a0\u00bb70%\u00a0\u00bb max_width_tablet=\u00a0\u00bb70%\u00a0\u00bb max_width_phone=\u00a0\u00bb90%\u00a0\u00bb max_width_last_edited=\u00a0\u00bbon|phone\u00a0\u00bb custom_padding=\u00a0\u00bb0|0px|0|0px|true|false\u00a0\u00bb animation_style=\u00a0\u00bbfade\u00a0\u00bb use_custom_width=\u00a0\u00bbon\u00a0\u00bb width_unit=\u00a0\u00bboff\u00a0\u00bb custom_width_percent=\u00a0\u00bb70%\u00a0\u00bb custom_width_percent__hover=\u00a0\u00bb80%\u00a0\u00bb locked=\u00a0\u00bboff\u00a0\u00bb global_colors_info=\u00a0\u00bb{}\u00a0\u00bb border_width_all__hover=\u00a0\u00bb5px\u00a0\u00bb width__hover=\u00a0\u00bb80%\u00a0\u00bb max_width__hover=\u00a0\u00bb80%\u00a0\u00bb][et_pb_column type=\u00a0\u00bb4_4&Prime; _builder_version=\u00a0\u00bb4.16&Prime; custom_padding=\u00a0\u00bb|||\u00a0\u00bb global_colors_info=\u00a0\u00bb{}\u00a0\u00bb custom_padding__hover=\u00a0\u00bb|||\u00a0\u00bb custom_css_main_element__hover=\u00a0\u00bbbackground:  rgb(243,241,241);|| \u00ab\u00a0][et_pb_text _builder_version=\u00a0\u00bb4.16&Prime; locked=\u00a0\u00bboff\u00a0\u00bb global_colors_info=\u00a0\u00bb{}\u00a0\u00bb text_font_size__hover=\u00a0\u00bb16px\u00a0\u00bb text_font_size__hover_enabled=\u00a0\u00bb16px\u00a0\u00bb header_font_size__hover=\u00a0\u00bb30px\u00a0\u00bb header_font_size__hover_enabled=\u00a0\u00bb30px\u00a0\u00bb max_width__hover=\u00a0\u00bb100%\u00a0\u00bb max_width__hover_enabled=\u00a0\u00bb100%\u00a0\u00bb animation_style__hover=\u00a0\u00bbnone\u00a0\u00bb animation_style__hover_enabled=\u00a0\u00bbnone\u00a0\u00bb animation_direction__hover=\u00a0\u00bbcenter\u00a0\u00bb animation_direction__hover_enabled=\u00a0\u00bbcenter\u00a0\u00bb animation_delay__hover=\u00a0\u00bb0ms\u00a0\u00bb animation_delay__hover_enabled=\u00a0\u00bb0ms\u00a0\u00bb animation_intensity_flip__hover=\u00a0\u00bb50%\u00a0\u00bb animation_intensity_flip__hover_enabled=\u00a0\u00bb50%\u00a0\u00bb use_background_color_gradient__hover=\u00a0\u00bboff\u00a0\u00bb use_background_color_gradient__hover_enabled=\u00a0\u00bboff\u00a0\u00bb background_color_gradient_start__hover=\u00a0\u00bb#2b87da\u00a0\u00bb background_color_gradient_start__hover_enabled=\u00a0\u00bb#2b87da\u00a0\u00bb background_color_gradient_end__hover=\u00a0\u00bb#29c4a9&Prime; background_color_gradient_end__hover_enabled=\u00a0\u00bb#29c4a9&Prime; background_color_gradient_type__hover=\u00a0\u00bblinear\u00a0\u00bb background_color_gradient_type__hover_enabled=\u00a0\u00bblinear\u00a0\u00bb background_color_gradient_direction__hover=\u00a0\u00bb180deg\u00a0\u00bb background_color_gradient_direction__hover_enabled=\u00a0\u00bb180deg\u00a0\u00bb background_color_gradient_direction_radial__hover=\u00a0\u00bbcenter\u00a0\u00bb background_color_gradient_direction_radial__hover_enabled=\u00a0\u00bbcenter\u00a0\u00bb background_color_gradient_start_position__hover=\u00a0\u00bb0%\u00a0\u00bb background_color_gradient_start_position__hover_enabled=\u00a0\u00bb0%\u00a0\u00bb background_color_gradient_end_position__hover=\u00a0\u00bb100%\u00a0\u00bb background_color_gradient_end_position__hover_enabled=\u00a0\u00bb100%\u00a0\u00bb background_color_gradient_overlays_image__hover=\u00a0\u00bboff\u00a0\u00bb background_color_gradient_overlays_image__hover_enabled=\u00a0\u00bboff\u00a0\u00bb parallax__hover=\u00a0\u00bboff\u00a0\u00bb parallax__hover_enabled=\u00a0\u00bboff\u00a0\u00bb parallax_method__hover=\u00a0\u00bbon\u00a0\u00bb parallax_method__hover_enabled=\u00a0\u00bbon\u00a0\u00bb background_size__hover=\u00a0\u00bbcover\u00a0\u00bb background_size__hover_enabled=\u00a0\u00bbcover\u00a0\u00bb background_position__hover=\u00a0\u00bbcenter\u00a0\u00bb background_position__hover_enabled=\u00a0\u00bbcenter\u00a0\u00bb background_repeat__hover=\u00a0\u00bbno-repeat\u00a0\u00bb background_repeat__hover_enabled=\u00a0\u00bbno-repeat\u00a0\u00bb background_blend__hover=\u00a0\u00bbnormal\u00a0\u00bb background_blend__hover_enabled=\u00a0\u00bbnormal\u00a0\u00bb allow_player_pause__hover=\u00a0\u00bboff\u00a0\u00bb allow_player_pause__hover_enabled=\u00a0\u00bboff\u00a0\u00bb background_video_pause_outside_viewport__hover=\u00a0\u00bbon\u00a0\u00bb background_video_pause_outside_viewport__hover_enabled=\u00a0\u00bbon\u00a0\u00bb text_letter_spacing__hover=\u00a0\u00bb0px\u00a0\u00bb text_letter_spacing__hover_enabled=\u00a0\u00bb0px\u00a0\u00bb text_line_height__hover=\u00a0\u00bb1.7em\u00a0\u00bb text_line_height__hover_enabled=\u00a0\u00bb1.7em\u00a0\u00bb text_text_shadow_style__hover=\u00a0\u00bbnone\u00a0\u00bb text_text_shadow_style__hover_enabled=\u00a0\u00bbnone\u00a0\u00bb text_text_shadow_color__hover=\u00a0\u00bbrgba(0,0,0,0.4)\u00a0\u00bb text_text_shadow_color__hover_enabled=\u00a0\u00bbrgba(0,0,0,0.4)\u00a0\u00bb link_font_size__hover=\u00a0\u00bb16px\u00a0\u00bb link_font_size__hover_enabled=\u00a0\u00bb16px\u00a0\u00bb link_letter_spacing__hover=\u00a0\u00bb0px\u00a0\u00bb link_letter_spacing__hover_enabled=\u00a0\u00bb0px\u00a0\u00bb link_line_height__hover=\u00a0\u00bb1em\u00a0\u00bb link_line_height__hover_enabled=\u00a0\u00bb1em\u00a0\u00bb link_text_shadow_style__hover=\u00a0\u00bbnone\u00a0\u00bb link_text_shadow_style__hover_enabled=\u00a0\u00bbnone\u00a0\u00bb link_text_shadow_color__hover=\u00a0\u00bbrgba(0,0,0,0.4)\u00a0\u00bb link_text_shadow_color__hover_enabled=\u00a0\u00bbrgba(0,0,0,0.4)\u00a0\u00bb ul_font_size__hover=\u00a0\u00bb14px\u00a0\u00bb ul_font_size__hover_enabled=\u00a0\u00bb14px\u00a0\u00bb ul_letter_spacing__hover=\u00a0\u00bb0px\u00a0\u00bb ul_letter_spacing__hover_enabled=\u00a0\u00bb0px\u00a0\u00bb ul_line_height__hover=\u00a0\u00bb1em\u00a0\u00bb ul_line_height__hover_enabled=\u00a0\u00bb1em\u00a0\u00bb ul_text_shadow_style__hover=\u00a0\u00bbnone\u00a0\u00bb ul_text_shadow_style__hover_enabled=\u00a0\u00bbnone\u00a0\u00bb ul_text_shadow_color__hover=\u00a0\u00bbrgba(0,0,0,0.4)\u00a0\u00bb ul_text_shadow_color__hover_enabled=\u00a0\u00bbrgba(0,0,0,0.4)\u00a0\u00bb ol_font_size__hover=\u00a0\u00bb14px\u00a0\u00bb ol_font_size__hover_enabled=\u00a0\u00bb14px\u00a0\u00bb ol_letter_spacing__hover=\u00a0\u00bb0px\u00a0\u00bb ol_letter_spacing__hover_enabled=\u00a0\u00bb0px\u00a0\u00bb ol_line_height__hover=\u00a0\u00bb1em\u00a0\u00bb ol_line_height__hover_enabled=\u00a0\u00bb1em\u00a0\u00bb ol_text_shadow_style__hover=\u00a0\u00bbnone\u00a0\u00bb ol_text_shadow_style__hover_enabled=\u00a0\u00bbnone\u00a0\u00bb ol_text_shadow_color__hover=\u00a0\u00bbrgba(0,0,0,0.4)\u00a0\u00bb ol_text_shadow_color__hover_enabled=\u00a0\u00bbrgba(0,0,0,0.4)\u00a0\u00bb quote_font_size__hover=\u00a0\u00bb14px\u00a0\u00bb quote_font_size__hover_enabled=\u00a0\u00bb14px\u00a0\u00bb quote_letter_spacing__hover=\u00a0\u00bb0px\u00a0\u00bb quote_letter_spacing__hover_enabled=\u00a0\u00bb0px\u00a0\u00bb quote_line_height__hover=\u00a0\u00bb1em\u00a0\u00bb quote_line_height__hover_enabled=\u00a0\u00bb1em\u00a0\u00bb quote_text_shadow_style__hover=\u00a0\u00bbnone\u00a0\u00bb quote_text_shadow_style__hover_enabled=\u00a0\u00bbnone\u00a0\u00bb quote_text_shadow_color__hover=\u00a0\u00bbrgba(0,0,0,0.4)\u00a0\u00bb quote_text_shadow_color__hover_enabled=\u00a0\u00bbrgba(0,0,0,0.4)\u00a0\u00bb header_letter_spacing__hover=\u00a0\u00bb0px\u00a0\u00bb header_letter_spacing__hover_enabled=\u00a0\u00bb0px\u00a0\u00bb header_text_shadow_style__hover=\u00a0\u00bbnone\u00a0\u00bb header_text_shadow_style__hover_enabled=\u00a0\u00bbnone\u00a0\u00bb header_text_shadow_color__hover=\u00a0\u00bbrgba(0,0,0,0.4)\u00a0\u00bb header_text_shadow_color__hover_enabled=\u00a0\u00bbrgba(0,0,0,0.4)\u00a0\u00bb header_2_font_size__hover=\u00a0\u00bb26px\u00a0\u00bb header_2_font_size__hover_enabled=\u00a0\u00bb26px\u00a0\u00bb header_2_letter_spacing__hover=\u00a0\u00bb0px\u00a0\u00bb header_2_letter_spacing__hover_enabled=\u00a0\u00bb0px\u00a0\u00bb header_2_line_height__hover=\u00a0\u00bb1em\u00a0\u00bb header_2_line_height__hover_enabled=\u00a0\u00bb1em\u00a0\u00bb header_2_text_shadow_style__hover=\u00a0\u00bbnone\u00a0\u00bb header_2_text_shadow_style__hover_enabled=\u00a0\u00bbnone\u00a0\u00bb header_2_text_shadow_color__hover=\u00a0\u00bbrgba(0,0,0,0.4)\u00a0\u00bb header_2_text_shadow_color__hover_enabled=\u00a0\u00bbrgba(0,0,0,0.4)\u00a0\u00bb header_3_font_size__hover=\u00a0\u00bb22px\u00a0\u00bb header_3_font_size__hover_enabled=\u00a0\u00bb22px\u00a0\u00bb header_3_letter_spacing__hover=\u00a0\u00bb0px\u00a0\u00bb header_3_letter_spacing__hover_enabled=\u00a0\u00bb0px\u00a0\u00bb header_3_line_height__hover=\u00a0\u00bb1em\u00a0\u00bb header_3_line_height__hover_enabled=\u00a0\u00bb1em\u00a0\u00bb header_3_text_shadow_style__hover=\u00a0\u00bbnone\u00a0\u00bb header_3_text_shadow_style__hover_enabled=\u00a0\u00bbnone\u00a0\u00bb header_3_text_shadow_color__hover=\u00a0\u00bbrgba(0,0,0,0.4)\u00a0\u00bb header_3_text_shadow_color__hover_enabled=\u00a0\u00bbrgba(0,0,0,0.4)\u00a0\u00bb header_4_font_size__hover=\u00a0\u00bb18px\u00a0\u00bb header_4_font_size__hover_enabled=\u00a0\u00bb18px\u00a0\u00bb header_4_letter_spacing__hover=\u00a0\u00bb0px\u00a0\u00bb header_4_letter_spacing__hover_enabled=\u00a0\u00bb0px\u00a0\u00bb header_4_line_height__hover=\u00a0\u00bb1em\u00a0\u00bb header_4_line_height__hover_enabled=\u00a0\u00bb1em\u00a0\u00bb header_4_text_shadow_style__hover=\u00a0\u00bbnone\u00a0\u00bb header_4_text_shadow_style__hover_enabled=\u00a0\u00bbnone\u00a0\u00bb header_4_text_shadow_color__hover=\u00a0\u00bbrgba(0,0,0,0.4)\u00a0\u00bb header_4_text_shadow_color__hover_enabled=\u00a0\u00bbrgba(0,0,0,0.4)\u00a0\u00bb header_5_font_size__hover=\u00a0\u00bb16px\u00a0\u00bb header_5_font_size__hover_enabled=\u00a0\u00bb16px\u00a0\u00bb header_5_letter_spacing__hover=\u00a0\u00bb0px\u00a0\u00bb header_5_letter_spacing__hover_enabled=\u00a0\u00bb0px\u00a0\u00bb header_5_line_height__hover=\u00a0\u00bb1em\u00a0\u00bb header_5_line_height__hover_enabled=\u00a0\u00bb1em\u00a0\u00bb header_5_text_shadow_style__hover=\u00a0\u00bbnone\u00a0\u00bb header_5_text_shadow_style__hover_enabled=\u00a0\u00bbnone\u00a0\u00bb header_5_text_shadow_color__hover=\u00a0\u00bbrgba(0,0,0,0.4)\u00a0\u00bb header_5_text_shadow_color__hover_enabled=\u00a0\u00bbrgba(0,0,0,0.4)\u00a0\u00bb header_6_font_size__hover=\u00a0\u00bb14px\u00a0\u00bb header_6_font_size__hover_enabled=\u00a0\u00bb14px\u00a0\u00bb header_6_letter_spacing__hover=\u00a0\u00bb0px\u00a0\u00bb header_6_letter_spacing__hover_enabled=\u00a0\u00bb0px\u00a0\u00bb header_6_line_height__hover=\u00a0\u00bb1em\u00a0\u00bb header_6_line_height__hover_enabled=\u00a0\u00bb1em\u00a0\u00bb header_6_text_shadow_style__hover=\u00a0\u00bbnone\u00a0\u00bb header_6_text_shadow_style__hover_enabled=\u00a0\u00bbnone\u00a0\u00bb header_6_text_shadow_color__hover=\u00a0\u00bbrgba(0,0,0,0.4)\u00a0\u00bb header_6_text_shadow_color__hover_enabled=\u00a0\u00bbrgba(0,0,0,0.4)\u00a0\u00bb border_radii__hover=\u00a0\u00bbon||||\u00a0\u00bb border_radii__hover_enabled=\u00a0\u00bbon||||\u00a0\u00bb box_shadow_style__hover=\u00a0\u00bbnone\u00a0\u00bb box_shadow_style__hover_enabled=\u00a0\u00bbnone\u00a0\u00bb box_shadow_color__hover=\u00a0\u00bbrgba(0,0,0,0.3)\u00a0\u00bb box_shadow_color__hover_enabled=\u00a0\u00bbrgba(0,0,0,0.3)\u00a0\u00bb text_orientation__hover=\u00a0\u00bbleft\u00a0\u00bb text_orientation__hover_enabled=\u00a0\u00bbleft\u00a0\u00bb background_layout__hover=\u00a0\u00bblight\u00a0\u00bb background_layout__hover_enabled=\u00a0\u00bblight\u00a0\u00bb filter_hue_rotate__hover=\u00a0\u00bb0deg\u00a0\u00bb filter_hue_rotate__hover_enabled=\u00a0\u00bb0deg\u00a0\u00bb filter_saturate__hover=\u00a0\u00bb100%\u00a0\u00bb filter_saturate__hover_enabled=\u00a0\u00bb100%\u00a0\u00bb filter_brightness__hover=\u00a0\u00bb100%\u00a0\u00bb filter_brightness__hover_enabled=\u00a0\u00bb100%\u00a0\u00bb filter_contrast__hover=\u00a0\u00bb100%\u00a0\u00bb filter_contrast__hover_enabled=\u00a0\u00bb100%\u00a0\u00bb filter_invert__hover=\u00a0\u00bb0%\u00a0\u00bb filter_invert__hover_enabled=\u00a0\u00bb0%\u00a0\u00bb filter_sepia__hover=\u00a0\u00bb0%\u00a0\u00bb filter_sepia__hover_enabled=\u00a0\u00bb0%\u00a0\u00bb filter_opacity__hover=\u00a0\u00bb100%\u00a0\u00bb filter_opacity__hover_enabled=\u00a0\u00bb100%\u00a0\u00bb filter_blur__hover=\u00a0\u00bb0px\u00a0\u00bb filter_blur__hover_enabled=\u00a0\u00bb0px\u00a0\u00bb mix_blend_mode__hover=\u00a0\u00bbnormal\u00a0\u00bb mix_blend_mode__hover_enabled=\u00a0\u00bbnormal\u00a0\u00bb animation_repeat__hover=\u00a0\u00bbonce\u00a0\u00bb animation_repeat__hover_enabled=\u00a0\u00bbonce\u00a0\u00bb animation_duration__hover=\u00a0\u00bb1000ms\u00a0\u00bb animation_duration__hover_enabled=\u00a0\u00bb1000ms\u00a0\u00bb animation_intensity_slide__hover=\u00a0\u00bb50%\u00a0\u00bb animation_intensity_slide__hover_enabled=\u00a0\u00bb50%\u00a0\u00bb animation_intensity_zoom__hover=\u00a0\u00bb50%\u00a0\u00bb animation_intensity_zoom__hover_enabled=\u00a0\u00bb50%\u00a0\u00bb animation_intensity_fold__hover=\u00a0\u00bb50%\u00a0\u00bb animation_intensity_fold__hover_enabled=\u00a0\u00bb50%\u00a0\u00bb animation_intensity_roll__hover=\u00a0\u00bb50%\u00a0\u00bb animation_intensity_roll__hover_enabled=\u00a0\u00bb50%\u00a0\u00bb animation_starting_opacity__hover=\u00a0\u00bb0%\u00a0\u00bb animation_starting_opacity__hover_enabled=\u00a0\u00bb0%\u00a0\u00bb animation_speed_curve__hover=\u00a0\u00bbease-in-out\u00a0\u00bb animation_speed_curve__hover_enabled=\u00a0\u00bbease-in-out\u00a0\u00bb hover_transition_duration__hover=\u00a0\u00bb300ms\u00a0\u00bb hover_transition_duration__hover_enabled=\u00a0\u00bb300ms\u00a0\u00bb hover_transition_delay__hover=\u00a0\u00bb0ms\u00a0\u00bb hover_transition_delay__hover_enabled=\u00a0\u00bb0ms\u00a0\u00bb hover_transition_speed_curve__hover=\u00a0\u00bbease\u00a0\u00bb hover_transition_speed_curve__hover_enabled=\u00a0\u00bbease\u00a0\u00bb background_color_gradient_stops__hover=\u00a0\u00bb#2b87da 0%|#29c4a9 100%\u00a0\u00bb]<\/p>\n<p>\n<div id=\"mec_skin_1790\" class=\"mec-wrap colorskin-custom   mec-full-calendar-wrap\">\r\n\r\n    <div class=\"mec-search-form mec-totalcal-box\">\r\n            <\/div>\r\n\r\n    <div id=\"mec_full_calendar_container_1790\" class=\"mec-full-calendar-skin-container\">\r\n        <div id=\"mec_skin_1790\" class=\"mec-wrap  \">\r\n    \r\n        \r\n    <div class=\"mec-wrap mec-yearly-view-wrap\">\r\n\r\n                <div class=\"mec-yearly-title-sec\">\r\n            <div class=\"mec-year-navigator\" id=\"mec_year_navigator_1790_2026\">\r\n                <div class=\"mec-previous-year mec-load-year mec-color-hover\" data-mec-year=\"2025\"><a href=\"#\" class=\"mec-load-month-link\"><i class=\"mec-sl-angle-left\"><\/i> 2025<\/a><\/div><h2>2026<\/h2><div class=\"mec-next-year mec-load-year mec-color-hover\" data-mec-year=\"2027\"><a href=\"#\" class=\"mec-load-month-link\">2027 <i class=\"mec-sl-angle-right\"><\/i><\/a><\/div>            <\/div>\r\n        <\/div>\r\n        \r\n        <div id=\"mec_skin_events_1790\">\r\n            <div class=\"mec-year-container\" id=\"mec_yearly_view_year_1790_2026\" data-year-id=\"2026\">\r\n                <div class=\"mec-yearly-calendar-sec\">\r\n    <div class=\"mec-calendar mec-yearly-calendar\">\r\n\r\n    <div class=\"mec-calendar-table-title\">\r\n        janvier    <\/div>\r\n    <div class=\"mec-calendar-table\">\r\n        <div class=\"mec-calendar-table-head\"><dl><dt>LUN<\/dt><dt>MAR<\/dt><dt>MER<\/dt><dt>JEU<\/dt><dt>VEN<\/dt><dt>SAM<\/dt><dt>DIM<\/dt><\/dl><\/div>\r\n        <div class=\"mec-calendar-table-body\">\r\n            <dl>\r\n                <dt class=\"mec-table-nullday\">29<\/dt><dt class=\"mec-table-nullday\">30<\/dt><dt class=\"mec-table-nullday\">31<\/dt><dt>1<\/dt><dt>2<\/dt><dt>3<\/dt><dt>4<\/dt><\/dl><dl><dt>5<\/dt><dt>6<\/dt><dt>7<\/dt><dt>8<\/dt><dt>9<\/dt><dt>10<\/dt><dt>11<\/dt><\/dl><dl><dt>12<\/dt><dt>13<\/dt><dt>14<\/dt><dt>15<\/dt><dt>16<\/dt><dt>17<\/dt><dt>18<\/dt><\/dl><dl><dt>19<\/dt><dt>20<\/dt><dt>21<\/dt><dt>22<\/dt><dt>23<\/dt><dt>24<\/dt><dt>25<\/dt><\/dl><dl><dt>26<\/dt><dt>27<\/dt><dt>28<\/dt><dt>29<\/dt><dt>30<\/dt><dt>31<\/dt><dt class=\"mec-table-nullday\">1<\/dt><\/dl><dl><dt class=\"mec-table-nullday\">2<\/dt><dt class=\"mec-table-nullday\">3<\/dt><dt class=\"mec-table-nullday\">4<\/dt><dt class=\"mec-table-nullday\">5<\/dt><dt class=\"mec-table-nullday\">6<\/dt><dt class=\"mec-table-nullday\">7<\/dt><dt class=\"mec-table-nullday\">8<\/dt>            <\/dl>\r\n        <\/div>\r\n    <\/div>\r\n<\/div><div class=\"mec-calendar mec-yearly-calendar\">\r\n\r\n    <div class=\"mec-calendar-table-title\">\r\n        f\u00e9vrier    <\/div>\r\n    <div class=\"mec-calendar-table\">\r\n        <div class=\"mec-calendar-table-head\"><dl><dt>LUN<\/dt><dt>MAR<\/dt><dt>MER<\/dt><dt>JEU<\/dt><dt>VEN<\/dt><dt>SAM<\/dt><dt>DIM<\/dt><\/dl><\/div>\r\n        <div class=\"mec-calendar-table-body\">\r\n            <dl>\r\n                <dt class=\"mec-table-nullday\">26<\/dt><dt class=\"mec-table-nullday\">27<\/dt><dt class=\"mec-table-nullday\">28<\/dt><dt class=\"mec-table-nullday\">29<\/dt><dt class=\"mec-table-nullday\">30<\/dt><dt class=\"mec-table-nullday\">31<\/dt><dt>1<\/dt><\/dl><dl><dt>2<\/dt><dt>3<\/dt><dt>4<\/dt><dt>5<\/dt><dt>6<\/dt><dt>7<\/dt><dt>8<\/dt><\/dl><dl><dt>9<\/dt><dt>10<\/dt><dt>11<\/dt><dt>12<\/dt><dt>13<\/dt><dt>14<\/dt><dt>15<\/dt><\/dl><dl><dt>16<\/dt><dt>17<\/dt><dt>18<\/dt><dt>19<\/dt><dt>20<\/dt><dt>21<\/dt><dt>22<\/dt><\/dl><dl><dt>23<\/dt><dt>24<\/dt><dt>25<\/dt><dt>26<\/dt><dt>27<\/dt><dt>28<\/dt><dt class=\"mec-table-nullday\">1<\/dt><\/dl><dl><dt class=\"mec-table-nullday\">2<\/dt><dt class=\"mec-table-nullday\">3<\/dt><dt class=\"mec-table-nullday\">4<\/dt><dt class=\"mec-table-nullday\">5<\/dt><dt class=\"mec-table-nullday\">6<\/dt><dt class=\"mec-table-nullday\">7<\/dt><dt class=\"mec-table-nullday\">8<\/dt>            <\/dl>\r\n        <\/div>\r\n    <\/div>\r\n<\/div><div class=\"mec-calendar mec-yearly-calendar\">\r\n\r\n    <div class=\"mec-calendar-table-title\">\r\n        mars    <\/div>\r\n    <div class=\"mec-calendar-table\">\r\n        <div class=\"mec-calendar-table-head\"><dl><dt>LUN<\/dt><dt>MAR<\/dt><dt>MER<\/dt><dt>JEU<\/dt><dt>VEN<\/dt><dt>SAM<\/dt><dt>DIM<\/dt><\/dl><\/div>\r\n        <div class=\"mec-calendar-table-body\">\r\n            <dl>\r\n                <dt class=\"mec-table-nullday\">26<\/dt><dt class=\"mec-table-nullday\">27<\/dt><dt class=\"mec-table-nullday\">28<\/dt><dt class=\"mec-table-nullday\">29<\/dt><dt class=\"mec-table-nullday\">30<\/dt><dt class=\"mec-table-nullday\">31<\/dt><dt>1<\/dt><\/dl><dl><dt>2<\/dt><dt>3<\/dt><dt>4<\/dt><dt>5<\/dt><dt>6<\/dt><dt>7<\/dt><dt>8<\/dt><\/dl><dl><dt>9<\/dt><dt>10<\/dt><dt>11<\/dt><dt>12<\/dt><dt>13<\/dt><dt>14<\/dt><dt>15<\/dt><\/dl><dl><dt>16<\/dt><dt>17<\/dt><dt>18<\/dt><dt>19<\/dt><dt>20<\/dt><dt>21<\/dt><dt>22<\/dt><\/dl><dl><dt>23<\/dt><dt>24<\/dt><dt>25<\/dt><dt>26<\/dt><dt>27<\/dt><dt>28<\/dt><dt>29<\/dt><\/dl><dl><dt>30<\/dt><dt class=\"mec-has-event\"><a href=\"#mec_yearly_view1790_20260331\" class=\"mec-has-event-a\">31<\/a><\/dt><dt class=\"mec-table-nullday\">1<\/dt><dt class=\"mec-table-nullday\">2<\/dt><dt class=\"mec-table-nullday\">3<\/dt><dt class=\"mec-table-nullday\">4<\/dt><dt class=\"mec-table-nullday\">5<\/dt>            <\/dl>\r\n        <\/div>\r\n    <\/div>\r\n<\/div><div class=\"mec-calendar mec-yearly-calendar\">\r\n\r\n    <div class=\"mec-calendar-table-title\">\r\n        avril    <\/div>\r\n    <div class=\"mec-calendar-table\">\r\n        <div class=\"mec-calendar-table-head\"><dl><dt>LUN<\/dt><dt>MAR<\/dt><dt>MER<\/dt><dt>JEU<\/dt><dt>VEN<\/dt><dt>SAM<\/dt><dt>DIM<\/dt><\/dl><\/div>\r\n        <div class=\"mec-calendar-table-body\">\r\n            <dl>\r\n                <dt class=\"mec-table-nullday\">30<\/dt><dt class=\"mec-table-nullday\">31<\/dt><dt>1<\/dt><dt>2<\/dt><dt>3<\/dt><dt>4<\/dt><dt>5<\/dt><\/dl><dl><dt>6<\/dt><dt>7<\/dt><dt>8<\/dt><dt>9<\/dt><dt class=\"mec-has-event\"><a href=\"#mec_yearly_view1790_20260410\" class=\"mec-has-event-a\">10<\/a><\/dt><dt>11<\/dt><dt>12<\/dt><\/dl><dl><dt>13<\/dt><dt class=\"mec-has-event\"><a href=\"#mec_yearly_view1790_20260414\" class=\"mec-has-event-a\">14<\/a><\/dt><dt>15<\/dt><dt>16<\/dt><dt class=\"mec-has-event\"><a href=\"#mec_yearly_view1790_20260417\" class=\"mec-has-event-a\">17<\/a><\/dt><dt>18<\/dt><dt>19<\/dt><\/dl><dl><dt>20<\/dt><dt>21<\/dt><dt class=\"mec-has-event\"><a href=\"#mec_yearly_view1790_20260422\" class=\"mec-has-event-a\">22<\/a><\/dt><dt>23<\/dt><dt class=\"mec-has-event\"><a href=\"#mec_yearly_view1790_20260424\" class=\"mec-has-event-a\">24<\/a><\/dt><dt class=\"mec-has-event\"><a href=\"#mec_yearly_view1790_20260425\" class=\"mec-has-event-a\">25<\/a><\/dt><dt>26<\/dt><\/dl><dl><dt>27<\/dt><dt>28<\/dt><dt class=\"mec-has-event\"><a href=\"#mec_yearly_view1790_20260429\" class=\"mec-has-event-a\">29<\/a><\/dt><dt>30<\/dt><dt class=\"mec-table-nullday\">1<\/dt><dt class=\"mec-table-nullday\">2<\/dt><dt class=\"mec-table-nullday\">3<\/dt><\/dl><dl><dt class=\"mec-table-nullday\">4<\/dt><dt class=\"mec-table-nullday\">5<\/dt><dt class=\"mec-table-nullday\">6<\/dt><dt class=\"mec-table-nullday\">7<\/dt><dt class=\"mec-table-nullday\">8<\/dt><dt class=\"mec-table-nullday\">9<\/dt><dt class=\"mec-table-nullday\">10<\/dt>            <\/dl>\r\n        <\/div>\r\n    <\/div>\r\n<\/div><div class=\"mec-calendar mec-yearly-calendar\">\r\n\r\n    <div class=\"mec-calendar-table-title\">\r\n        mai    <\/div>\r\n    <div class=\"mec-calendar-table\">\r\n        <div class=\"mec-calendar-table-head\"><dl><dt>LUN<\/dt><dt>MAR<\/dt><dt>MER<\/dt><dt>JEU<\/dt><dt>VEN<\/dt><dt>SAM<\/dt><dt>DIM<\/dt><\/dl><\/div>\r\n        <div class=\"mec-calendar-table-body\">\r\n            <dl>\r\n                <dt class=\"mec-table-nullday\">28<\/dt><dt class=\"mec-table-nullday\">29<\/dt><dt class=\"mec-table-nullday\">30<\/dt><dt class=\"mec-table-nullday\">31<\/dt><dt>1<\/dt><dt>2<\/dt><dt>3<\/dt><\/dl><dl><dt>4<\/dt><dt>5<\/dt><dt>6<\/dt><dt>7<\/dt><dt>8<\/dt><dt>9<\/dt><dt>10<\/dt><\/dl><dl><dt>11<\/dt><dt>12<\/dt><dt>13<\/dt><dt>14<\/dt><dt>15<\/dt><dt>16<\/dt><dt>17<\/dt><\/dl><dl><dt class=\"mec-has-event\"><a href=\"#mec_yearly_view1790_20260518\" class=\"mec-has-event-a\">18<\/a><\/dt><dt>19<\/dt><dt>20<\/dt><dt>21<\/dt><dt>22<\/dt><dt>23<\/dt><dt>24<\/dt><\/dl><dl><dt>25<\/dt><dt>26<\/dt><dt>27<\/dt><dt>28<\/dt><dt>29<\/dt><dt>30<\/dt><dt>31<\/dt><\/dl><dl><dt class=\"mec-table-nullday\">1<\/dt><dt class=\"mec-table-nullday\">2<\/dt><dt class=\"mec-table-nullday\">3<\/dt><dt class=\"mec-table-nullday\">4<\/dt><dt class=\"mec-table-nullday\">5<\/dt><dt class=\"mec-table-nullday\">6<\/dt><dt class=\"mec-table-nullday\">7<\/dt>            <\/dl>\r\n        <\/div>\r\n    <\/div>\r\n<\/div><div class=\"mec-calendar mec-yearly-calendar\">\r\n\r\n    <div class=\"mec-calendar-table-title\">\r\n        juin    <\/div>\r\n    <div class=\"mec-calendar-table\">\r\n        <div class=\"mec-calendar-table-head\"><dl><dt>LUN<\/dt><dt>MAR<\/dt><dt>MER<\/dt><dt>JEU<\/dt><dt>VEN<\/dt><dt>SAM<\/dt><dt>DIM<\/dt><\/dl><\/div>\r\n        <div class=\"mec-calendar-table-body\">\r\n            <dl>\r\n                <dt>1<\/dt><dt>2<\/dt><dt>3<\/dt><dt>4<\/dt><dt>5<\/dt><dt>6<\/dt><dt>7<\/dt><\/dl><dl><dt>8<\/dt><dt>9<\/dt><dt>10<\/dt><dt>11<\/dt><dt>12<\/dt><dt>13<\/dt><dt>14<\/dt><\/dl><dl><dt>15<\/dt><dt>16<\/dt><dt>17<\/dt><dt>18<\/dt><dt>19<\/dt><dt>20<\/dt><dt>21<\/dt><\/dl><dl><dt>22<\/dt><dt>23<\/dt><dt>24<\/dt><dt>25<\/dt><dt>26<\/dt><dt>27<\/dt><dt>28<\/dt><\/dl><dl><dt>29<\/dt><dt>30<\/dt><dt class=\"mec-table-nullday\">1<\/dt><dt class=\"mec-table-nullday\">2<\/dt><dt class=\"mec-table-nullday\">3<\/dt><dt class=\"mec-table-nullday\">4<\/dt><dt class=\"mec-table-nullday\">5<\/dt><\/dl><dl><dt class=\"mec-table-nullday\">6<\/dt><dt class=\"mec-table-nullday\">7<\/dt><dt class=\"mec-table-nullday\">8<\/dt><dt class=\"mec-table-nullday\">9<\/dt><dt class=\"mec-table-nullday\">10<\/dt><dt class=\"mec-table-nullday\">11<\/dt><dt class=\"mec-table-nullday\">12<\/dt>            <\/dl>\r\n        <\/div>\r\n    <\/div>\r\n<\/div><div class=\"mec-calendar mec-yearly-calendar\">\r\n\r\n    <div class=\"mec-calendar-table-title\">\r\n        juillet    <\/div>\r\n    <div class=\"mec-calendar-table\">\r\n        <div class=\"mec-calendar-table-head\"><dl><dt>LUN<\/dt><dt>MAR<\/dt><dt>MER<\/dt><dt>JEU<\/dt><dt>VEN<\/dt><dt>SAM<\/dt><dt>DIM<\/dt><\/dl><\/div>\r\n        <div class=\"mec-calendar-table-body\">\r\n            <dl>\r\n                <dt class=\"mec-table-nullday\">30<\/dt><dt class=\"mec-table-nullday\">31<\/dt><dt class=\"mec-has-event\"><a href=\"#mec_yearly_view1790_20260701\" class=\"mec-has-event-a\">1<\/a><\/dt><dt>2<\/dt><dt>3<\/dt><dt>4<\/dt><dt>5<\/dt><\/dl><dl><dt>6<\/dt><dt>7<\/dt><dt>8<\/dt><dt class=\"mec-has-event\"><a href=\"#mec_yearly_view1790_20260709\" class=\"mec-has-event-a\">9<\/a><\/dt><dt>10<\/dt><dt>11<\/dt><dt>12<\/dt><\/dl><dl><dt>13<\/dt><dt>14<\/dt><dt>15<\/dt><dt>16<\/dt><dt>17<\/dt><dt>18<\/dt><dt>19<\/dt><\/dl><dl><dt>20<\/dt><dt>21<\/dt><dt>22<\/dt><dt>23<\/dt><dt>24<\/dt><dt>25<\/dt><dt>26<\/dt><\/dl><dl><dt>27<\/dt><dt>28<\/dt><dt>29<\/dt><dt>30<\/dt><dt>31<\/dt><dt class=\"mec-table-nullday\">1<\/dt><dt class=\"mec-table-nullday\">2<\/dt><\/dl><dl><dt class=\"mec-table-nullday\">3<\/dt><dt class=\"mec-table-nullday\">4<\/dt><dt class=\"mec-table-nullday\">5<\/dt><dt class=\"mec-table-nullday\">6<\/dt><dt class=\"mec-table-nullday\">7<\/dt><dt class=\"mec-table-nullday\">8<\/dt><dt class=\"mec-table-nullday\">9<\/dt>            <\/dl>\r\n        <\/div>\r\n    <\/div>\r\n<\/div><div class=\"mec-calendar mec-yearly-calendar\">\r\n\r\n    <div class=\"mec-calendar-table-title\">\r\n        ao\u00fbt    <\/div>\r\n    <div class=\"mec-calendar-table\">\r\n        <div class=\"mec-calendar-table-head\"><dl><dt>LUN<\/dt><dt>MAR<\/dt><dt>MER<\/dt><dt>JEU<\/dt><dt>VEN<\/dt><dt>SAM<\/dt><dt>DIM<\/dt><\/dl><\/div>\r\n        <div class=\"mec-calendar-table-body\">\r\n            <dl>\r\n                <dt class=\"mec-table-nullday\">27<\/dt><dt class=\"mec-table-nullday\">28<\/dt><dt class=\"mec-table-nullday\">29<\/dt><dt class=\"mec-table-nullday\">30<\/dt><dt class=\"mec-table-nullday\">31<\/dt><dt>1<\/dt><dt>2<\/dt><\/dl><dl><dt>3<\/dt><dt>4<\/dt><dt>5<\/dt><dt>6<\/dt><dt>7<\/dt><dt>8<\/dt><dt>9<\/dt><\/dl><dl><dt>10<\/dt><dt>11<\/dt><dt>12<\/dt><dt>13<\/dt><dt>14<\/dt><dt>15<\/dt><dt>16<\/dt><\/dl><dl><dt>17<\/dt><dt>18<\/dt><dt>19<\/dt><dt>20<\/dt><dt>21<\/dt><dt>22<\/dt><dt>23<\/dt><\/dl><dl><dt>24<\/dt><dt>25<\/dt><dt>26<\/dt><dt>27<\/dt><dt>28<\/dt><dt>29<\/dt><dt>30<\/dt><\/dl><dl><dt>31<\/dt><dt class=\"mec-table-nullday\">1<\/dt><dt class=\"mec-table-nullday\">2<\/dt><dt class=\"mec-table-nullday\">3<\/dt><dt class=\"mec-table-nullday\">4<\/dt><dt class=\"mec-table-nullday\">5<\/dt><dt class=\"mec-table-nullday\">6<\/dt>            <\/dl>\r\n        <\/div>\r\n    <\/div>\r\n<\/div><div class=\"mec-calendar mec-yearly-calendar\">\r\n\r\n    <div class=\"mec-calendar-table-title\">\r\n        septembre    <\/div>\r\n    <div class=\"mec-calendar-table\">\r\n        <div class=\"mec-calendar-table-head\"><dl><dt>LUN<\/dt><dt>MAR<\/dt><dt>MER<\/dt><dt>JEU<\/dt><dt>VEN<\/dt><dt>SAM<\/dt><dt>DIM<\/dt><\/dl><\/div>\r\n        <div class=\"mec-calendar-table-body\">\r\n            <dl>\r\n                <dt class=\"mec-table-nullday\">31<\/dt><dt>1<\/dt><dt>2<\/dt><dt>3<\/dt><dt>4<\/dt><dt>5<\/dt><dt>6<\/dt><\/dl><dl><dt>7<\/dt><dt>8<\/dt><dt>9<\/dt><dt>10<\/dt><dt>11<\/dt><dt>12<\/dt><dt>13<\/dt><\/dl><dl><dt>14<\/dt><dt>15<\/dt><dt>16<\/dt><dt>17<\/dt><dt>18<\/dt><dt>19<\/dt><dt>20<\/dt><\/dl><dl><dt>21<\/dt><dt>22<\/dt><dt>23<\/dt><dt>24<\/dt><dt>25<\/dt><dt>26<\/dt><dt>27<\/dt><\/dl><dl><dt>28<\/dt><dt>29<\/dt><dt>30<\/dt><dt class=\"mec-table-nullday\">1<\/dt><dt class=\"mec-table-nullday\">2<\/dt><dt class=\"mec-table-nullday\">3<\/dt><dt class=\"mec-table-nullday\">4<\/dt><\/dl><dl><dt class=\"mec-table-nullday\">5<\/dt><dt class=\"mec-table-nullday\">6<\/dt><dt class=\"mec-table-nullday\">7<\/dt><dt class=\"mec-table-nullday\">8<\/dt><dt class=\"mec-table-nullday\">9<\/dt><dt class=\"mec-table-nullday\">10<\/dt><dt class=\"mec-table-nullday\">11<\/dt>            <\/dl>\r\n        <\/div>\r\n    <\/div>\r\n<\/div><div class=\"mec-calendar mec-yearly-calendar\">\r\n\r\n    <div class=\"mec-calendar-table-title\">\r\n        octobre    <\/div>\r\n    <div class=\"mec-calendar-table\">\r\n        <div class=\"mec-calendar-table-head\"><dl><dt>LUN<\/dt><dt>MAR<\/dt><dt>MER<\/dt><dt>JEU<\/dt><dt>VEN<\/dt><dt>SAM<\/dt><dt>DIM<\/dt><\/dl><\/div>\r\n        <div class=\"mec-calendar-table-body\">\r\n            <dl>\r\n                <dt class=\"mec-table-nullday\">29<\/dt><dt class=\"mec-table-nullday\">30<\/dt><dt class=\"mec-table-nullday\">31<\/dt><dt>1<\/dt><dt>2<\/dt><dt>3<\/dt><dt>4<\/dt><\/dl><dl><dt>5<\/dt><dt>6<\/dt><dt>7<\/dt><dt>8<\/dt><dt>9<\/dt><dt>10<\/dt><dt>11<\/dt><\/dl><dl><dt>12<\/dt><dt>13<\/dt><dt>14<\/dt><dt>15<\/dt><dt>16<\/dt><dt>17<\/dt><dt>18<\/dt><\/dl><dl><dt>19<\/dt><dt>20<\/dt><dt>21<\/dt><dt>22<\/dt><dt>23<\/dt><dt>24<\/dt><dt>25<\/dt><\/dl><dl><dt>26<\/dt><dt>27<\/dt><dt>28<\/dt><dt>29<\/dt><dt>30<\/dt><dt>31<\/dt><dt class=\"mec-table-nullday\">1<\/dt><\/dl><dl><dt class=\"mec-table-nullday\">2<\/dt><dt class=\"mec-table-nullday\">3<\/dt><dt class=\"mec-table-nullday\">4<\/dt><dt class=\"mec-table-nullday\">5<\/dt><dt class=\"mec-table-nullday\">6<\/dt><dt class=\"mec-table-nullday\">7<\/dt><dt class=\"mec-table-nullday\">8<\/dt>            <\/dl>\r\n        <\/div>\r\n    <\/div>\r\n<\/div><div class=\"mec-calendar mec-yearly-calendar\">\r\n\r\n    <div class=\"mec-calendar-table-title\">\r\n        novembre    <\/div>\r\n    <div class=\"mec-calendar-table\">\r\n        <div class=\"mec-calendar-table-head\"><dl><dt>LUN<\/dt><dt>MAR<\/dt><dt>MER<\/dt><dt>JEU<\/dt><dt>VEN<\/dt><dt>SAM<\/dt><dt>DIM<\/dt><\/dl><\/div>\r\n        <div class=\"mec-calendar-table-body\">\r\n            <dl>\r\n                <dt class=\"mec-table-nullday\">26<\/dt><dt class=\"mec-table-nullday\">27<\/dt><dt class=\"mec-table-nullday\">28<\/dt><dt class=\"mec-table-nullday\">29<\/dt><dt class=\"mec-table-nullday\">30<\/dt><dt class=\"mec-table-nullday\">31<\/dt><dt>1<\/dt><\/dl><dl><dt>2<\/dt><dt>3<\/dt><dt>4<\/dt><dt>5<\/dt><dt>6<\/dt><dt>7<\/dt><dt>8<\/dt><\/dl><dl><dt>9<\/dt><dt>10<\/dt><dt>11<\/dt><dt>12<\/dt><dt>13<\/dt><dt>14<\/dt><dt>15<\/dt><\/dl><dl><dt>16<\/dt><dt>17<\/dt><dt>18<\/dt><dt>19<\/dt><dt>20<\/dt><dt>21<\/dt><dt>22<\/dt><\/dl><dl><dt>23<\/dt><dt>24<\/dt><dt>25<\/dt><dt>26<\/dt><dt>27<\/dt><dt>28<\/dt><dt>29<\/dt><\/dl><dl><dt>30<\/dt><dt class=\"mec-table-nullday\">1<\/dt><dt class=\"mec-table-nullday\">2<\/dt><dt class=\"mec-table-nullday\">3<\/dt><dt class=\"mec-table-nullday\">4<\/dt><dt class=\"mec-table-nullday\">5<\/dt><dt class=\"mec-table-nullday\">6<\/dt>            <\/dl>\r\n        <\/div>\r\n    <\/div>\r\n<\/div><div class=\"mec-calendar mec-yearly-calendar\">\r\n\r\n    <div class=\"mec-calendar-table-title\">\r\n        d\u00e9cembre    <\/div>\r\n    <div class=\"mec-calendar-table\">\r\n        <div class=\"mec-calendar-table-head\"><dl><dt>LUN<\/dt><dt>MAR<\/dt><dt>MER<\/dt><dt>JEU<\/dt><dt>VEN<\/dt><dt>SAM<\/dt><dt>DIM<\/dt><\/dl><\/div>\r\n        <div class=\"mec-calendar-table-body\">\r\n            <dl>\r\n                <dt class=\"mec-table-nullday\">31<\/dt><dt>1<\/dt><dt>2<\/dt><dt>3<\/dt><dt>4<\/dt><dt>5<\/dt><dt>6<\/dt><\/dl><dl><dt>7<\/dt><dt>8<\/dt><dt>9<\/dt><dt>10<\/dt><dt>11<\/dt><dt>12<\/dt><dt>13<\/dt><\/dl><dl><dt>14<\/dt><dt>15<\/dt><dt>16<\/dt><dt>17<\/dt><dt>18<\/dt><dt>19<\/dt><dt>20<\/dt><\/dl><dl><dt>21<\/dt><dt>22<\/dt><dt>23<\/dt><dt>24<\/dt><dt>25<\/dt><dt>26<\/dt><dt>27<\/dt><\/dl><dl><dt>28<\/dt><dt>29<\/dt><dt>30<\/dt><dt>31<\/dt><dt class=\"mec-table-nullday\">1<\/dt><dt class=\"mec-table-nullday\">2<\/dt><dt class=\"mec-table-nullday\">3<\/dt><\/dl><dl><dt class=\"mec-table-nullday\">4<\/dt><dt class=\"mec-table-nullday\">5<\/dt><dt class=\"mec-table-nullday\">6<\/dt><dt class=\"mec-table-nullday\">7<\/dt><dt class=\"mec-table-nullday\">8<\/dt><dt class=\"mec-table-nullday\">9<\/dt><dt class=\"mec-table-nullday\">10<\/dt>            <\/dl>\r\n        <\/div>\r\n    <\/div>\r\n<\/div><\/div>\r\n<div class=\"mec-yearly-agenda-sec\">\r\n\r\n        <div class=\"mec-events-agenda\">\r\n\r\n        <div class=\"mec-agenda-date-wrap\" id=\"mec_yearly_view1790_20260331\">\r\n            <i class=\"mec-sl-calendar\"><\/i>\r\n            <span class=\"mec-agenda-day\">mardi<\/span>\r\n            <span class=\"mec-agenda-date\">mars 31<\/span>\r\n        <\/div>\r\n\r\n        <div class=\"mec-agenda-events-wrap\">\r\n                    <script type=\"application\/ld+json\">\r\n        {\r\n            \"@context\": \"http:\/\/schema.org\",\r\n            \"@type\": \"Event\",\r\n            \"eventStatus\": \"https:\/\/schema.org\/EventScheduled\",\r\n            \"startDate\": \"2026-03-31\",\r\n            \"endDate\": \"2026-04-01\",\r\n            \"eventAttendanceMode\": \"https:\/\/schema.org\/OfflineEventAttendanceMode\",\r\n            \"location\":\r\n            {\r\n                \"@type\": \"Place\",\r\n                                \"name\": \"\",\r\n                \"image\": \"\",\r\n                \"address\": \"\"\r\n                            },\r\n            \"organizer\":\r\n            {\r\n                \"@type\": \"Person\",\r\n                \"name\": \"\",\r\n                \"url\": \"\"\r\n            },\r\n            \"offers\":\r\n            {\r\n                \"url\": \"https:\/\/paris.pan.pl\/fr\/events\/spotkanie-projektowe-wplyw-elektronow-nadtermicznych-na-wlasciwosci-jonizacyjne-transportowe-i-radiacyjne-plazmy-fuzyjnej-z-domieszkami-jonow-o-duzej-liczbie-atomowej\/\",\r\n                \"price\": \"\",\r\n                \"priceCurrency\": \"\u20ac\",\r\n                \"availability\": \"https:\/\/schema.org\/InStock\",\r\n                \"validFrom\": \"2026-03-31T00:00\"\r\n            },\r\n            \"performer\": \"\",\r\n            \"description\": \"&lt;p style=&quot;text-align: center;&quot;&gt;&lt;strong&gt;OPUS (NCN) \u2013 R\u00c9UNION DE TRAVAIL&lt;\/strong&gt;&lt;\/p&gt;  &lt;p style=&quot;text-align: center;&quot;&gt;&lt;strong&gt;31 mars \u2013 1 avril 2026&lt;\/strong&gt;&lt;\/p&gt;  &lt;p style=&quot;text-align: center;&quot;&gt;&lt;strong&gt;Acad\u00e9mie polonaise des sciences  Centre scientifique \u00e0 Paris&lt;\/strong&gt;&lt;\/p&gt;  &nbsp;    Les tokamaks constituent actuellement l&#039;une des solutions les plus prometteuses pour parvenir \u00e0 la fusion nucl\u00e9aire contr\u00f4l\u00e9e, en tant que source d&#039;\u00e9nergie s\u00fbre et accessible \u00e0 tous.    Malheureusement, le probl\u00e8me de la contamination du plasma par des impuret\u00e9s ioniques \u00e0 grand nombre atomique Z, telles que le tungst\u00e8ne (W), caus\u00e9e par l&#039;\u00e9rosion des parois du tokamak, devient la principale source d&#039;inqui\u00e9tude quant au fonctionnement stable et efficace de ces dispositifs de fusion. Les impuret\u00e9s de tungst\u00e8ne \u00e9mettent une grande quantit\u00e9 d&#039;\u00e9nergie du plasma dans le domaine des rayons X, ce qui emp\u00eache d&#039;atteindre un rendement \u00e9lev\u00e9 de la r\u00e9action de fusion. Une solution potentielle pour emp\u00eacher l&#039;accumulation d&#039;impuret\u00e9s de tungst\u00e8ne dans le c\u0153ur du plasma consiste \u00e0 utiliser un chauffage \u00e9lectronique par ondes \u00e9lectromagn\u00e9tiques. Cependant, en pr\u00e9sence d&#039;un chauffage \u00e9lectronique dominant, la fonction de distribution des vitesses des \u00e9lectrons ne suit plus la distribution de Maxwell et une queue surthermique importante se forme.    C&#039;est pourquoi l&#039;objectif principal de ce projet est d&#039;\u00e9tudier comment la population d&#039;\u00e9lectrons rapides peut influencer les propri\u00e9t\u00e9s d&#039;ionisation, de transport et de rayonnement du plasma de fusion contenant des ions \u00e0 grand nombre atomique.    Le projet s&#039;inscrit dans le cadre d&#039;une collaboration internationale existante avec l&#039;IRFM, o\u00f9 se trouve le tokamak WEST. Les \u00e9quipes de recherche impliqu\u00e9es, polonaises et de l&#039;IRFM, apporteront des comp\u00e9tences, des expertises et des connaissances sp\u00e9cialis\u00e9es compl\u00e9mentaires dans les domaines de la th\u00e9orie, de la mod\u00e9lisation num\u00e9rique, de l&#039;analyse des r\u00e9sultats de simulation et du traitement des donn\u00e9es diagnostiques exp\u00e9rimentales.    L&#039;objectif de cet \u00e9v\u00e9nement est d&#039;organiser une r\u00e9union de travail entre les partenaires fran\u00e7ais et polonais afin de discuter de l&#039;\u00e9tat actuel des connaissances sur ce sujet et du plan de travail visant \u00e0 atteindre les objectifs et les r\u00e9sultats du projet. Plusieurs pr\u00e9sentations par des experts participant au projet sont pr\u00e9vues, suivies de discussions et de s\u00e9ances de brainstorming.    Institutions participantes au projet :  &lt;ul&gt;    &lt;li&gt;Institut de physique nucl\u00e9aire de l&#039;Acad\u00e9mie polonaise des sciences (IFJ PAN), Pologne&lt;\/li&gt;    &lt;li&gt;Institut de recherche sur la fusion magn\u00e9tique (IRFM), Commissariat \u00e0 l&#039;\u00e9nergie atomique et aux \u00e9nergies alternatives (CEA), France&lt;\/li&gt;    &lt;li&gt;Institut de physique des plasmas et de microfusion laser (IPPLM), Pologne&lt;\/li&gt;    &lt;li&gt;Centre national de recherche nucl\u00e9aire (NCBJ), Pologne&lt;\/li&gt;    &lt;li&gt;Universit\u00e9 Nicolas Copernic de Toru\u0144 (UMK), Pologne&lt;\/li&gt;  &lt;\/ul&gt;  &nbsp;    &lt;img class=&quot;aligncenter size-large wp-image-19918&quot; src=&quot;https:\/\/paris.pan.pl\/wp-content\/uploads\/2026\/03\/logos-1-1024x341.png&quot; alt=&quot;&quot; width=&quot;1024&quot; height=&quot;341&quot; \/&gt;\",\r\n            \"image\": \"https:\/\/paris.pan.pl\/wp-content\/uploads\/2026\/03\/OPUS_grafika.png\",\r\n            \"name\": \"R\u00e9union de projet &#8211; Influence des \u00e9lectrons surchauff\u00e9s sur les propri\u00e9t\u00e9s d&rsquo;ionisation, de transport et de rayonnement du plasma de fusion avec des impuret\u00e9s d&rsquo;ions \u00e0 grand num\u00e9ro atomique\",\r\n            \"url\": \"https:\/\/paris.pan.pl\/fr\/events\/spotkanie-projektowe-wplyw-elektronow-nadtermicznych-na-wlasciwosci-jonizacyjne-transportowe-i-radiacyjne-plazmy-fuzyjnej-z-domieszkami-jonow-o-duzej-liczbie-atomowej\/\"\r\n        }\r\n        <\/script>\r\n                                            <div class=\"mec-past-event mec-agenda-event \">\r\n                        <i class=\"mec-sl-clock \"><\/i>\r\n                        <span class=\"mec-agenda-time\">\r\n                            <span class=\"mec-start-time\">13h00<\/span> - <span class=\"mec-end-time\">13h00<\/span>                        <\/span>\r\n                        <span class=\"mec-agenda-event-title\">\r\n                            <a class=\"mec-color-hover\"  data-event-id=\"19923\" href=\"https:\/\/paris.pan.pl\/fr\/events\/spotkanie-projektowe-wplyw-elektronow-nadtermicznych-na-wlasciwosci-jonizacyjne-transportowe-i-radiacyjne-plazmy-fuzyjnej-z-domieszkami-jonow-o-duzej-liczbie-atomowej\/\" target=\"_self\" rel=\"noopener\">R\u00e9union de projet &#8211; Influence des \u00e9lectrons surchauff\u00e9s sur les propri\u00e9t\u00e9s d&rsquo;ionisation, de transport et de rayonnement du plasma de fusion avec des impuret\u00e9s d&rsquo;ions \u00e0 grand num\u00e9ro atomique<\/a>                            <span class=\"event-color\" style=\"background: #\"><\/span>                                                                                                            <\/span>\r\n                                                                    <\/div>\r\n                                    <script type=\"application\/ld+json\">\r\n        {\r\n            \"@context\": \"http:\/\/schema.org\",\r\n            \"@type\": \"Event\",\r\n            \"eventStatus\": \"https:\/\/schema.org\/EventScheduled\",\r\n            \"startDate\": \"2026-03-31\",\r\n            \"endDate\": \"2026-04-01\",\r\n            \"eventAttendanceMode\": \"https:\/\/schema.org\/OfflineEventAttendanceMode\",\r\n            \"location\":\r\n            {\r\n                \"@type\": \"Place\",\r\n                                \"name\": \"\",\r\n                \"image\": \"\",\r\n                \"address\": \"\"\r\n                            },\r\n            \"organizer\":\r\n            {\r\n                \"@type\": \"Person\",\r\n                \"name\": \"\",\r\n                \"url\": \"\"\r\n            },\r\n            \"offers\":\r\n            {\r\n                \"url\": \"https:\/\/paris.pan.pl\/fr\/events\/spotkanie-projektowe-uczenie-maszynowe-w-analizie-danych-i-projektowaniu-systemow-detekcji-dla-przeszlych-fuzyjnych-reaktorow-termojadrowych\/\",\r\n                \"price\": \"\",\r\n                \"priceCurrency\": \"\u20ac\",\r\n                \"availability\": \"https:\/\/schema.org\/InStock\",\r\n                \"validFrom\": \"2026-03-31T00:00\"\r\n            },\r\n            \"performer\": \"\",\r\n            \"description\": \"&lt;p style=&quot;text-align: center;&quot;&gt;&lt;strong&gt;POLONIUM (NAWA) \u2013 R\u00c9UNION DE TRAVAIL&lt;\/strong&gt;&lt;\/p&gt;  &lt;p style=&quot;text-align: center;&quot;&gt;&lt;strong&gt;31 mars \u2013 1 avril 2026&lt;\/strong&gt;&lt;\/p&gt;  &lt;p style=&quot;text-align: center;&quot;&gt;&lt;strong&gt;Acad\u00e9mie polonaise des sciences  &lt;\/strong&gt;&lt;strong&gt;Centre scientifique de \u00e0 Paris&lt;\/strong&gt;&lt;\/p&gt;  &lt;p style=&quot;text-align: justify;&quot;&gt;Ce projet, men\u00e9 en collaboration entre l&#039;IFJ PAN et le CEA IRFM, vise \u00e0 exploiter les m\u00e9thodes d&#039;apprentissage automatique (ML), en particulier les algorithmes \u00e9volutifs (algorithmes g\u00e9n\u00e9tiques (GA) ou similaires), les r\u00e9seaux neuronaux artificiels (NN) et les r\u00e9seaux bay\u00e9siens, afin de soutenir la recherche dans le domaine de la physique des plasmas et de la fusion thermonucl\u00e9aire.&lt;\/p&gt;  &lt;p style=&quot;text-align: justify;&quot;&gt;Les recherches se concentrent sur les questions scientifiques suivantes :&lt;\/p&gt;  &lt;p style=&quot;text-align: justify;&quot;&gt;(1) Conception et optimisation de syst\u00e8mes de diagnostic du plasma pour les dispositifs de type tokamak, par exemple des spectrom\u00e8tres \u00e0 neutrons ou des syst\u00e8mes d&#039;imagerie dans le domaine des rayons X mous ;&lt;\/p&gt;  &lt;p style=&quot;text-align: justify;&quot;&gt;(2) D\u00e9veloppement de m\u00e9thodes de reconstruction tomographique rapide et de d\u00e9convolution du spectre \u00e0 partir d&#039;un ensemble limit\u00e9 de mesures int\u00e9gr\u00e9es le long d&#039;une ligne ;&lt;\/p&gt;  &lt;p style=&quot;text-align: justify;&quot;&gt;(3) D\u00e9veloppement de m\u00e9thodes d&#039;analyse des donn\u00e9es issues des diagnostics du plasma afin de classer et de pr\u00e9dire les \u00e9v\u00e9nements plasmatiques, tels que l&#039;accumulation d&#039;impuret\u00e9s ou les instabilit\u00e9s magn\u00e9tohydrodynamiques lors des d\u00e9charges plasmatiques dans les tokamaks.&lt;\/p&gt;  &lt;p style=&quot;text-align: justify;&quot;&gt;La r\u00e9union \u00e0 l&#039;Acad\u00e9mie polonaise des sciences Centre scientifique de \u00e0 Paris est une occasion unique de discuter des derniers r\u00e9sultats et de planifier les actions futures dans le cadre du projet entre les partenaires fran\u00e7ais et polonais.&lt;\/p&gt;  &lt;p style=&quot;text-align: justify;&quot;&gt;&lt;\/p&gt;  Institutions participant au projet :  &lt;ul&gt;    &lt;li&gt;Institut de physique nucl\u00e9aire de l&#039;Acad\u00e9mie polonaise des sciences (IFJ PAN), Pologne&lt;\/li&gt;    &lt;li&gt;Institut de recherche sur la fusion magn\u00e9tique (IRFM), Commissariat \u00e0 l\u2019\u00e9nergie atomique et aux \u00e9nergies alternatives (CEA), France&lt;\/li&gt;  &lt;\/ul&gt;  &lt;img class=&quot;aligncenter wp-image-19926 size-large&quot; src=&quot;https:\/\/paris.pan.pl\/wp-content\/uploads\/2026\/03\/logos_polonium-1024x341.png&quot; alt=&quot;&quot; width=&quot;1024&quot; height=&quot;341&quot; \/&gt;\",\r\n            \"image\": \"https:\/\/paris.pan.pl\/wp-content\/uploads\/2026\/03\/POLONIUM_grafika.png\",\r\n            \"name\": \"R\u00e9union de travail &#8211; L&rsquo;apprentissage automatique dans l&rsquo;analyse des donn\u00e9es et la conception de syst\u00e8mes de d\u00e9tection pour les futurs r\u00e9acteurs thermonucl\u00e9aires \u00e0 fusion\",\r\n            \"url\": \"https:\/\/paris.pan.pl\/fr\/events\/spotkanie-projektowe-uczenie-maszynowe-w-analizie-danych-i-projektowaniu-systemow-detekcji-dla-przeszlych-fuzyjnych-reaktorow-termojadrowych\/\"\r\n        }\r\n        <\/script>\r\n                                            <div class=\"mec-past-event mec-agenda-event \">\r\n                        <i class=\"mec-sl-clock \"><\/i>\r\n                        <span class=\"mec-agenda-time\">\r\n                            <span class=\"mec-start-time\">13h00<\/span> - <span class=\"mec-end-time\">13h00<\/span>                        <\/span>\r\n                        <span class=\"mec-agenda-event-title\">\r\n                            <a class=\"mec-color-hover\"  data-event-id=\"19931\" href=\"https:\/\/paris.pan.pl\/fr\/events\/spotkanie-projektowe-uczenie-maszynowe-w-analizie-danych-i-projektowaniu-systemow-detekcji-dla-przeszlych-fuzyjnych-reaktorow-termojadrowych\/\" target=\"_self\" rel=\"noopener\">R\u00e9union de travail &#8211; L&rsquo;apprentissage automatique dans l&rsquo;analyse des donn\u00e9es et la conception de syst\u00e8mes de d\u00e9tection pour les futurs r\u00e9acteurs thermonucl\u00e9aires \u00e0 fusion<\/a>                            <span class=\"event-color\" style=\"background: #\"><\/span>                                                                                                            <\/span>\r\n                                                                    <\/div>\r\n                                    <\/div>\r\n    <\/div>\r\n        <div class=\"mec-events-agenda\">\r\n\r\n        <div class=\"mec-agenda-date-wrap\" id=\"mec_yearly_view1790_20260410\">\r\n            <i class=\"mec-sl-calendar\"><\/i>\r\n            <span class=\"mec-agenda-day\">vendredi<\/span>\r\n            <span class=\"mec-agenda-date\">avril 10<\/span>\r\n        <\/div>\r\n\r\n        <div class=\"mec-agenda-events-wrap\">\r\n                    <script type=\"application\/ld+json\">\r\n        {\r\n            \"@context\": \"http:\/\/schema.org\",\r\n            \"@type\": \"Event\",\r\n            \"eventStatus\": \"https:\/\/schema.org\/EventScheduled\",\r\n            \"startDate\": \"2026-04-10\",\r\n            \"endDate\": \"2026-05-29\",\r\n            \"eventAttendanceMode\": \"https:\/\/schema.org\/OfflineEventAttendanceMode\",\r\n            \"location\":\r\n            {\r\n                \"@type\": \"Place\",\r\n                                \"name\": \"\",\r\n                \"image\": \"\",\r\n                \"address\": \"\"\r\n                            },\r\n            \"organizer\":\r\n            {\r\n                \"@type\": \"Person\",\r\n                \"name\": \"\",\r\n                \"url\": \"\"\r\n            },\r\n            \"offers\":\r\n            {\r\n                \"url\": \"https:\/\/paris.pan.pl\/fr\/events\/maria-sklodowska-curie-en-italie-trois-voyages-une-passion-vernissage\/\",\r\n                \"price\": \"\",\r\n                \"priceCurrency\": \"\u20ac\",\r\n                \"availability\": \"https:\/\/schema.org\/InStock\",\r\n                \"validFrom\": \"2026-04-10T00:00\"\r\n            },\r\n            \"performer\": \"\",\r\n            \"description\": \"L\u2019&lt;strong&gt;exposition consacr\u00e9e \u00e0 Marie Sk\u0142odowska-Curie&lt;\/strong&gt; pr\u00e9sente des \u00e9pisodes moins connus de la vie de l\u2019une des plus grandes scientifiques de l\u2019histoire, en se&lt;strong&gt; concentrant sur ses trois voyages en Italie : en 1911, 1918 et 1931&lt;\/strong&gt;.    L\u2019exposition \u2013 qui comprend, entre autres, des informations sur la premi\u00e8re conf\u00e9rence donn\u00e9e \u00e0 l\u2019\u00e9tranger par Marie Sk\u0142odowska-Curie \u00e0 G\u00eanes, sur sa mission scientifique de 1918, ainsi que sur sa participation au congr\u00e8s romain de physique nucl\u00e9aire \u00e0 l\u2019aube de l\u2019\u00e8re atomique \u2013 se compose de panneaux retra\u00e7ant la biographie de la savante, ses d\u00e9couvertes r\u00e9volutionnaires et &lt;strong&gt;la carte de ses voyages scientifiques \u00e0 travers le monde&lt;\/strong&gt;. Son r\u00e9cit pr\u00e9sente Marie Sk\u0142odowska-Curie comme &lt;strong&gt;une chercheuse, une voyageuse et une participante active au sein de la communaut\u00e9 acad\u00e9mique internationale&lt;\/strong&gt;. L\u2019exposition met en avant les valeurs qu\u2019elle consid\u00e9rait comme essentielles au progr\u00e8s scientifique : la mobilit\u00e9 des chercheurs et la coop\u00e9ration au\u2011del\u00e0 des fronti\u00e8res nationales.    L\u2019exposition rappelle \u00e9galement l\u2019impact de Marie Sk\u0142odowska-Curie sur le d\u00e9veloppement de la physique, de la chimie et de la m\u00e9decine, ainsi que son r\u00f4le d\u00e9terminant dans la lutte contre les barri\u00e8res auxquelles les femmes faisaient face dans le monde scientifique. Il s\u2019agit d\u2019une invitation \u00e0 red\u00e9couvrir cette savante exceptionnelle.    Lors du vernissage, &lt;strong&gt;le film&lt;\/strong&gt; &lt;strong&gt;&lt;em&gt;Marie Sk\u0142odowska-Curie in Italy in search of radium&lt;\/em&gt; &lt;\/strong&gt;sera projet\u00e9. Il a \u00e9t\u00e9 r\u00e9alis\u00e9 par l\u2019Acad\u00e9mie Polonaise des Sciences Centre Scientifique \u00e0 Rome, l\u2019Institut de Chimie Organique de l\u2019Acad\u00e9mie Polonaise des Sciences \u00e0 Varsovie, la Facult\u00e9 de Chimie et de Chimie Industrielle de l\u2019Universit\u00e9 de Pise, ainsi que par le Mus\u00e9e Marie Sk\u0142odowska-Curie de Varsovie.    Le projet constitue &lt;strong&gt;la continuation de l\u2019exposition \u00e9labor\u00e9 en 2025 par l\u2019Acad\u00e9mie Polonaise des Sciences Centre Scientifique \u00e0 Rome&lt;\/strong&gt;. Gr\u00e2ce \u00e0 des recherches archivistiques approfondies, il a \u00e9t\u00e9 possible de reconstituer les d\u00e9tails de ses voyages et de retrouver des documents jamais publi\u00e9s auparavant.    L\u2019exposition sera pr\u00e9sent\u00e9e \u00e0 la l\u2019Acad\u00e9mie Polonaise des Sciences Centre Scientifique \u00e0 Paris (74 rue Lauriston, 75116 Paris) du 10 avril au 29 mai 2026. Les visiteurs sont les bienvenus de 9h45 \u00e0 13h00 et de 14h00 \u00e0 16h30. Entr\u00e9e libre.    L\u2019\u00e9v\u00e9nement se d\u00e9roulera &lt;strong&gt;en anglais&lt;\/strong&gt;.    &lt;strong&gt;En vous inscrivant \u00e0 l\u2019\u00e9v\u00e9nement, vous acceptez &lt;a href=&quot;https:\/\/paris.pan.pl\/wp-content\/uploads\/2025\/08\/Klauzule-FR.pdf&quot;&gt;les r\u00e8gles relatives au traitement des donn\u00e9es personnelles&lt;\/a&gt;&lt;\/strong&gt;&lt;strong&gt;.&lt;\/strong&gt;    &lt;a href=&quot;https:\/\/paris.pan.pl\/wp-content\/uploads\/2026\/03\/AGENDA-na-strone-FR-1.png&quot;&gt;&lt;img class=&quot;aligncenter size-full wp-image-19970&quot; src=&quot;https:\/\/paris.pan.pl\/wp-content\/uploads\/2026\/03\/AGENDA-na-strone-FR-1.png&quot; alt=&quot;&quot; width=&quot;1414&quot; height=&quot;2000&quot; \/&gt;&lt;\/a&gt;    &nbsp;\",\r\n            \"image\": \"https:\/\/paris.pan.pl\/wp-content\/uploads\/2026\/03\/MSC-Italia-1.png\",\r\n            \"name\": \"Maria Sk\u0142odowska-Curie en Italie. Trois voyages, une passion [VERNISSAGE]\",\r\n            \"url\": \"https:\/\/paris.pan.pl\/fr\/events\/maria-sklodowska-curie-en-italie-trois-voyages-une-passion-vernissage\/\"\r\n        }\r\n        <\/script>\r\n                                            <div class=\"mec-agenda-event \">\r\n                        <i class=\"mec-sl-clock \"><\/i>\r\n                        <span class=\"mec-agenda-time\">\r\n                            <span class=\"mec-start-time\">18h30<\/span> - <span class=\"mec-end-time\">15h00<\/span>                        <\/span>\r\n                        <span class=\"mec-agenda-event-title\">\r\n                            <a class=\"mec-color-hover\"  data-event-id=\"19904\" href=\"https:\/\/paris.pan.pl\/fr\/events\/maria-sklodowska-curie-en-italie-trois-voyages-une-passion-vernissage\/\" target=\"_self\" rel=\"noopener\">Maria Sk\u0142odowska-Curie en Italie. Trois voyages, une passion [VERNISSAGE]<\/a>                            <span class=\"event-color\" style=\"background: #\"><\/span>                                                                                                            <\/span>\r\n                                                                    <\/div>\r\n                                    <\/div>\r\n    <\/div>\r\n        <div class=\"mec-events-agenda\">\r\n\r\n        <div class=\"mec-agenda-date-wrap\" id=\"mec_yearly_view1790_20260414\">\r\n            <i class=\"mec-sl-calendar\"><\/i>\r\n            <span class=\"mec-agenda-day\">mardi<\/span>\r\n            <span class=\"mec-agenda-date\">avril 14<\/span>\r\n        <\/div>\r\n\r\n        <div class=\"mec-agenda-events-wrap\">\r\n                    <script type=\"application\/ld+json\">\r\n        {\r\n            \"@context\": \"http:\/\/schema.org\",\r\n            \"@type\": \"Event\",\r\n            \"eventStatus\": \"https:\/\/schema.org\/EventScheduled\",\r\n            \"startDate\": \"2026-04-14\",\r\n            \"endDate\": \"2026-04-15\",\r\n            \"eventAttendanceMode\": \"https:\/\/schema.org\/OfflineEventAttendanceMode\",\r\n            \"location\":\r\n            {\r\n                \"@type\": \"Place\",\r\n                                \"name\": \"Institut national des langues et civilisations orientales (Inalco)\",\r\n                \"image\": \"\",\r\n                \"address\": \"Maison de la Recherche, 2 Rue de Lille, 75007 Paris\"\r\n                            },\r\n            \"organizer\":\r\n            {\r\n                \"@type\": \"Person\",\r\n                \"name\": \"\",\r\n                \"url\": \"\"\r\n            },\r\n            \"offers\":\r\n            {\r\n                \"url\": \"https:\/\/paris.pan.pl\/fr\/events\/les-groupes-dinterets-en-europe-mediane-postsocialiste-une-lecture-croisee-des-mutations-historiques-politiques-economiques-et-culturelles\/\",\r\n                \"price\": \"\",\r\n                \"priceCurrency\": \"\u20ac\",\r\n                \"availability\": \"https:\/\/schema.org\/InStock\",\r\n                \"validFrom\": \"2026-04-14T00:00\"\r\n            },\r\n            \"performer\": \"\",\r\n            \"description\": \"Le Centre de Recherche Europes-Eurasie-CREE (Inalco), avec le soutien de l&#039;Ecole Doctorale de l&#039;Inalco et le partenariat de l&#039;Acad\u00e9mie Polonaise des Sciences Centre Scientifique \u00e0 Paris, de l&#039;Universit\u00e9 libre de Bruxelles, vous invite aux journ\u00e9es d&#039;\u00e9tude intitul\u00e9es : &quot;Les groupes d\u2019int\u00e9r\u00eats en Europe m\u00e9diane postsocialiste : une lecture crois\u00e9e des mutations historiques, politiques, \u00e9conomiques et culturelles&quot;.    &lt;strong&gt;R\u00e9sum\u00e9 de la manifestation scientifique&lt;\/strong&gt;    La journ\u00e9e d\u2019\u00e9tude du 14 et 15 avril 2026 organis\u00e9e \u00e0 l\u2019INALCO vise \u00e0 r\u00e9fl\u00e9chir aux transformations des groupes d\u2019int\u00e9r\u00eats et des pratiques de lobbying en Europe m\u00e9diane postsocialiste, dans un contexte de mutations historiques, politiques, \u00e9conomiques et culturelles. Elle s\u2019int\u00e9resse notamment \u00e0 l\u2019adoption r\u00e9cente de lois sur le lobbying, comme en Ukraine en 2024, et \u00e0 leur r\u00f4le dans la promotion d\u2019un cadre plus transparent d\u2019interactions entre acteurs priv\u00e9s et acteurs publics. Cette rencontre r\u00e9unit de jeunes chercheur\u00b7es en sciences humaines et sociales travaillant sur les acteurs, leurs r\u00e9seaux, leurs pratiques et les tentatives de r\u00e9gulation dans la r\u00e9gion. L\u2019\u00e9v\u00e9nement met aussi en d\u00e9bat la pertinence du concept de \u00ab lobbying \u00bb et la mani\u00e8re dont il permet d\u2019analyser l\u2019influence des acteurs priv\u00e9s en politique. L\u2019\u00e9tude des \u00e9volutions depuis la chute du socialisme montre l\u2019\u00e9mergence d\u2019acteurs non \u00e9tatiques (entreprises, associations, syndicats, acteurs religieux) et leur r\u00f4le transformateur dans les rapports entre sph\u00e8re priv\u00e9e et pouvoir politique. Les contributions attendues aborderont les dynamiques historiques et institutionnelles qui ont fa\u00e7onn\u00e9 les relations d\u2019influence, l\u2019ambivalence des groupes d\u2019int\u00e9r\u00eats vis-\u00e0-vis de la d\u00e9mocratie, et les dimensions internationales du lobbying en Europe m\u00e9diane. Ces \u00e9changes permettront de questionner comment ces groupes influencent les d\u00e9cisions publiques, leurs effets sur les institutions d\u00e9mocratiques, et les enjeux de transparence, de conflits d\u2019int\u00e9r\u00eats, ou de client\u00e9lisme. Enfin, la journ\u00e9e explorera l\u2019impact de l\u2019europ\u00e9anisation sur les cultures et pratiques d\u2019influence dans la r\u00e9gion, et les d\u00e9fis pos\u00e9s par la r\u00e9gulation l\u00e9gale du lobbying dans diff\u00e9rents pays d\u2019Europe centrale et orientale.    &lt;strong&gt;Programme de la manifestation scientifique&lt;\/strong&gt;  &lt;p class=&quot;text-align-center&quot; style=&quot;text-align: center;&quot;&gt;&lt;strong&gt;Mardi 14 avril 2026  &lt;\/strong&gt;&lt;strong&gt;Inalco - Maison de la Recherche  &lt;\/strong&gt;&lt;strong&gt;Auditorium Dum\u00e9zil  &lt;\/strong&gt;&lt;strong&gt;2, rue de Lille - Paris 7&lt;sup&gt;e&lt;\/sup&gt;&lt;\/strong&gt;&lt;\/p&gt;  &lt;p class=&quot;text-align-center&quot;&gt;&lt;strong&gt;- 9h20 - 9h40 :&lt;\/strong&gt; Accueil caf\u00e9  &lt;strong&gt;- 9h40 - 9h50 :&lt;\/strong&gt; Mot d\u2019accueil des partenaires  &lt;strong&gt;- 9h50 - 10h : &lt;\/strong&gt;Pr\u00e9sentation de la journ\u00e9e d\u2019\u00e9tude : &lt;strong&gt;Sarah Bomba&lt;\/strong&gt;, &lt;strong&gt;Jelena Jokic &lt;\/strong&gt;et&lt;strong&gt; Lucie Raskin&lt;\/strong&gt;  &lt;strong&gt;- 10h - 11h : Panel 1 Axe 1 : Comprendre les facteurs structurels et contextuels des activit\u00e9s d\u2019influence \u00e0 partir des ann\u00e9es 1980 - partie 1&lt;\/strong&gt;&lt;\/p&gt;  Pr\u00e9sidence : &lt;strong&gt;Anne Madelain&lt;\/strong&gt;    &lt;strong&gt;- 10h - 10h20 :  Vit \u0160IMRAL :&lt;\/strong&gt;&lt;em&gt; Imperial legacies and interest group formation in Central and Western Europe. &lt;\/em&gt;  &lt;strong&gt;- 10h20 - 10h40 :  Szczepan Pawel CZARNECKI :&lt;\/strong&gt;&lt;em&gt; Who protest and why? Organisational and contextual drivers of interest group mobilization in Central Europe. &lt;\/em&gt;  &lt;strong&gt;- 10h40 - 10h55 :&lt;\/strong&gt; Questions et discussion avec le public    &lt;strong&gt;- 10h55 - 11h10 :&lt;\/strong&gt; Pause caf\u00e9    &lt;strong&gt;- 11h10 - 12h05 : Panel 2 Axe 1 - partie 2&lt;\/strong&gt;    Pr\u00e9sidence : &lt;strong&gt;Fabio Giomi&lt;\/strong&gt;  &lt;strong&gt;- 11h10 - 11h30 : Lucie RASKIN : &lt;\/strong&gt;&lt;em&gt;Researching interest groups as a historian: the case of Yugoslavian organisations in the 1980s &lt;\/em&gt;  &lt;strong&gt;- 11h30 - 11h50 : Michael DOBBINS :&lt;\/strong&gt; &lt;em&gt;Impressing De Tocqueville: Analysing interest group mobilization in Ukraine&lt;\/em&gt;  &lt;strong&gt;- 11h50 - 12h05 : &lt;\/strong&gt;Questions et discussion avec le public    &lt;strong&gt;- 12h10 - 13h45 :&lt;\/strong&gt; D\u00e9jeuner    &lt;strong&gt;- 13h45 -  14h40 : Panel 3 Axe 2 : Impacts des groupes d&#039;int\u00e9r\u00eats sur la sph\u00e8re \u00e9conomique : des r\u00e9seaux au coeur des transformations institutionnelles et sectorielles en Europe m\u00e9diane&lt;\/strong&gt;    Pr\u00e9sidence : &lt;strong&gt;Jean-Michel De Waele&lt;\/strong&gt;  &lt;strong&gt;- 13h45 - 14h05 : Magdalena BERNACIAK&lt;\/strong&gt; &amp; &lt;strong&gt;Aurora TRIF : &lt;\/strong&gt;&lt;em&gt;From social partners to lobby groups? Trade unions and employer association in Central-Eastern Europe. &lt;\/em&gt;  &lt;strong&gt;- 14h05 - 14h25 :  Rafa\u0142 RIEDEL :&lt;\/strong&gt; &lt;em&gt;Conflict of interest regarding the Europeanization of legal framework for sustainable corporate governance. &lt;\/em&gt;  &lt;strong&gt;-&lt;\/strong&gt; &lt;strong&gt;14h25 - 14h40 :&lt;\/strong&gt; Questions et discussion avec le public    &lt;strong&gt;- 14h40 - 14h55 : &lt;\/strong&gt;Pause caf\u00e9    &lt;strong&gt;- 14h55 - 15h50 : Panel 4 Axe 2 - partie 2&lt;\/strong&gt;    Pr\u00e9sidence : &lt;strong&gt;Nad\u00e8ge Ragaru&lt;\/strong&gt;  &lt;strong&gt;- 14h55 - 15h15 : Jelena JOKIC :&lt;\/strong&gt; &lt;em&gt;Innovation ecosystems as Vehicles of Economic Diplomacy: The Case of French Tech Belgrade in Franco-Serbian Relations&lt;\/em&gt;  &lt;strong&gt;- 15h15 - 15h35 : Nathan HOURCADE :&lt;\/strong&gt;&lt;em&gt; Influence in Ukrainian energy sector: lobbying or oligarchy? (2010-2025)&lt;\/em&gt;  &lt;strong&gt;- 15h35 - 15h50 :&lt;\/strong&gt; Questions et discussion avec le public    &lt;strong&gt;- 15h50 - 16h :&lt;\/strong&gt; Wrap up premi\u00e8re journ\u00e9e  &lt;p class=&quot;text-align-center&quot; style=&quot;text-align: center;&quot;&gt;&lt;strong&gt;Mercredi 15 avril 2026  &lt;\/strong&gt;&lt;strong&gt;Inalco - Maison de la Recherche  &lt;\/strong&gt;&lt;strong&gt;Salle de Sacy (2&lt;sup&gt;e&lt;\/sup&gt; \u00e9tage)  &lt;\/strong&gt;&lt;strong&gt;2, rue de Lille - Paris 7&lt;sup&gt;e&lt;\/sup&gt;&lt;\/strong&gt;&lt;\/p&gt;  &lt;strong&gt;- 9h - 9h20 :&lt;\/strong&gt; Accueil caf\u00e9  &lt;strong&gt;- 9h20 - 10h25 : Panel 5 Axe 3 : Les groupes d\u2019int\u00e9r\u00eat et la d\u00e9mocratie : un rapport ambivalent ? - partie 1&lt;\/strong&gt;    Pr\u00e9sidence :&lt;strong&gt; Jana Vargov\u010d\u00edkov\u00e1&lt;\/strong&gt;  &lt;strong&gt;- 9h20 - 9h50 : Aneta CEKIKJ&lt;\/strong&gt; &amp; &lt;strong&gt;Mika IVANOVSKA HADJIEVSKA :&lt;\/strong&gt; &lt;em&gt;Lobbying strategies in new democracies. Insights from a survey of interest groups in North Macedonia. &lt;\/em&gt;  &lt;strong&gt;- 9h50 - 10h10 :  Aneta PINKOV\u00c1 :&lt;\/strong&gt; &lt;em&gt;Regulation, transparency, and influence: Interest groups in Czech electoral politics. &lt;\/em&gt;  &lt;strong&gt;- 10h10 - 10h25 :&lt;\/strong&gt; Questions et discussion avec le public    &lt;strong&gt;- 10h25 - 10h40 :&lt;\/strong&gt; Pause caf\u00e9    &lt;strong&gt;- 10h40 - 12h : Panel 6 Axe 3 - partie 2&lt;\/strong&gt;    Pr\u00e9sidence : &lt;strong&gt;Katerina Kesa&lt;\/strong&gt;  &lt;strong&gt;- 10h40 - 11h :  Urszula KURCZEWSKA&lt;\/strong&gt;, &lt;strong&gt;Agnieszka VETULANI-C\u0118GIEL :&lt;\/strong&gt;&lt;em&gt; Lobbying in time of political polarization and democratic backsliding. The case of Poland. &lt;\/em&gt;  &lt;strong&gt;- 11h - 11h20 : Sarah BOMBA :&lt;\/strong&gt; &lt;em&gt;Direct and indirect lobbying - comparative analysis of the activity of the public affairs cabinets in Poland &lt;\/em&gt;  &lt;strong&gt;- 11h20 - 11h40 : Cristian P\u00ceRVULESCU :&lt;\/strong&gt;&lt;em&gt; Interest Groups and Populism in Central Europe: A Neo-Institutional Reading Based on the Romanian Case.&lt;\/em&gt;  &lt;strong&gt;- 11h40 - 12h : &lt;\/strong&gt;Questions et discussion avec le public    &lt;strong&gt;- 12h - 12h15 : &lt;\/strong&gt;Conclusions -&lt;strong&gt; Jelena Jokic&lt;\/strong&gt;, &lt;strong&gt;Lucie Raskin &lt;\/strong&gt;et &lt;strong&gt;Sarah Bomba&lt;\/strong&gt;  &lt;strong&gt;- 12h30 :&lt;\/strong&gt; fin de l\u2019\u00e9v\u00e9nement    &lt;strong&gt;Organisateurs et partenaires&lt;\/strong&gt;  &lt;ul&gt;    &lt;li&gt;Inalco \/ CREE (Centre de recherche Europes-Eurasie) \/ Ecole Doctorale de l&#039;Inalco&lt;\/li&gt;    &lt;li&gt;Acad\u00e9mie Polonaise des Sciences Centre Scientifique \u00e0 Paris&lt;\/li&gt;    &lt;li&gt;Universit\u00e9 libre de Bruxelles&lt;\/li&gt;  &lt;\/ul&gt;  &lt;strong&gt;Comit\u00e9 scientifique&lt;\/strong&gt;  &lt;ul&gt;    &lt;li&gt;Jean-Louis Briquet (CNRS, CESSP)&lt;\/li&gt;    &lt;li&gt;Anne Madelain (Inalco, CREE)&lt;\/li&gt;    &lt;li&gt;Nad\u00e8ge Ragaru (Sciences Po, CERI)&lt;\/li&gt;    &lt;li&gt;Jana Vargov\u010d\u00edkov\u00e1 (Inalco, CREE)&lt;\/li&gt;    &lt;li&gt;Jean-Michel De Waele (Universit\u00e9 libre de Bruxelles, Cevipol)&lt;\/li&gt;  &lt;\/ul&gt;  &lt;strong&gt;Organisation&lt;\/strong&gt;  &lt;ul&gt;    &lt;li&gt;Sarah Bomba (CREE, Inalco)&lt;\/li&gt;    &lt;li&gt;Jelena Jokic (CREE, Inalco)&lt;\/li&gt;    &lt;li&gt;Lucie Raskin (CREE, Inalco)&lt;\/li&gt;  &lt;\/ul&gt;\",\r\n            \"image\": \"https:\/\/paris.pan.pl\/wp-content\/uploads\/2026\/04\/1-1.png\",\r\n            \"name\": \"Interest Groups in Post-Socialist Central Europe: A Cross-Analysis of Historical, Political, Economic and Cultural Transformations\",\r\n            \"url\": \"https:\/\/paris.pan.pl\/fr\/events\/les-groupes-dinterets-en-europe-mediane-postsocialiste-une-lecture-croisee-des-mutations-historiques-politiques-economiques-et-culturelles\/\"\r\n        }\r\n        <\/script>\r\n                                            <div class=\"mec-past-event mec-agenda-event \">\r\n                        <i class=\"mec-sl-clock \"><\/i>\r\n                        <span class=\"mec-agenda-time\">\r\n                            <span class=\"mec-start-time\">9h00<\/span> - <span class=\"mec-end-time\">13h00<\/span>                        <\/span>\r\n                        <span class=\"mec-agenda-event-title\">\r\n                            <a class=\"mec-color-hover\"  data-event-id=\"19994\" href=\"https:\/\/paris.pan.pl\/fr\/events\/les-groupes-dinterets-en-europe-mediane-postsocialiste-une-lecture-croisee-des-mutations-historiques-politiques-economiques-et-culturelles\/\" target=\"_self\" rel=\"noopener\">Interest Groups in Post-Socialist Central Europe: A Cross-Analysis of Historical, Political, Economic and Cultural Transformations<\/a>                            <span class=\"event-color\" style=\"background: #\"><\/span>                                                                                                            <\/span>\r\n                                                                    <\/div>\r\n                                    <\/div>\r\n    <\/div>\r\n        <div class=\"mec-events-agenda\">\r\n\r\n        <div class=\"mec-agenda-date-wrap\" id=\"mec_yearly_view1790_20260417\">\r\n            <i class=\"mec-sl-calendar\"><\/i>\r\n            <span class=\"mec-agenda-day\">vendredi<\/span>\r\n            <span class=\"mec-agenda-date\">avril 17<\/span>\r\n        <\/div>\r\n\r\n        <div class=\"mec-agenda-events-wrap\">\r\n                    <script type=\"application\/ld+json\">\r\n        {\r\n            \"@context\": \"http:\/\/schema.org\",\r\n            \"@type\": \"Event\",\r\n            \"eventStatus\": \"https:\/\/schema.org\/EventScheduled\",\r\n            \"startDate\": \"2026-04-17\",\r\n            \"endDate\": \"2026-04-18\",\r\n            \"eventAttendanceMode\": \"https:\/\/schema.org\/OfflineEventAttendanceMode\",\r\n            \"location\":\r\n            {\r\n                \"@type\": \"Place\",\r\n                                \"name\": \"Acad\u00e9mie polonaise des sciences centre scientifique \u00e0 Paris\",\r\n                \"image\": \"\",\r\n                \"address\": \"Acad\u00e9mie polonaise des sciences centre scientifique \u00e0 Paris, 74 Rue Lauriston, 75116 Paris, France\"\r\n                            },\r\n            \"organizer\":\r\n            {\r\n                \"@type\": \"Person\",\r\n                \"name\": \"\",\r\n                \"url\": \"\"\r\n            },\r\n            \"offers\":\r\n            {\r\n                \"url\": \"https:\/\/paris.pan.pl\/fr\/events\/paris-polish-forum-x-2026\/\",\r\n                \"price\": \"\",\r\n                \"priceCurrency\": \"\u20ac\",\r\n                \"availability\": \"https:\/\/schema.org\/InStock\",\r\n                \"validFrom\": \"2026-04-17T00:00\"\r\n            },\r\n            \"performer\": \"\",\r\n            \"description\": \"Le Paris Polish Forum (PPF) est une conf\u00e9rence de deux jours organis\u00e9e par l&#039;ASPOL (Association des \u00c9tudiants Polonais en France), qui r\u00e9unit des \u00e9tudiants polonais et internationaux, de jeunes professionnels ainsi que des personnes engag\u00e9es dans le d\u00e9veloppement des relations franco-polonaises.    La 10\u1d49 \u00e9dition jubilaire de l&#039;\u00e9v\u00e9nement se d\u00e9roulera les 17 et 18 avril 2026 \u00e0 Paris et devrait rassembler plus de 250 participants. La participation est gratuite, et l&#039;ensemble de l&#039;\u00e9v\u00e9nement se d\u00e9roule en anglais, ce qui permet l&#039;accueil d&#039;un public international.    L&#039;\u00e9dition de cette ann\u00e9e se tient sous le th\u00e8me \u00ab Reinventing Europe: A New Generational Treaty \u00bb et fait r\u00e9f\u00e9rence au trait\u00e9 franco-polonais sign\u00e9 \u00e0 Nancy, dont l&#039;objectif est de renforcer la coop\u00e9ration entre les deux pays, notamment dans les domaines de la d\u00e9fense, de l&#039;\u00e9conomie et de l&#039;innovation. Le Paris Polish Forum offre un espace de discussion de ces enjeux du point de vue de la jeune g\u00e9n\u00e9ration.    Le programme comprendra des tables rondes et des ateliers intitul\u00e9s :  \u2013 Green Intelligence: Can AI Save the Climate?  \u2013 A United Europe of Innovation,  \u2013 War of Words: Disinformation, Propaganda, and Security.    Le Forum, enti\u00e8rement organis\u00e9 par des \u00e9tudiants, constitue une plateforme unique de dialogue entre le monde acad\u00e9mique, le secteur public et le secteur priv\u00e9.    [button link=&quot;https:\/\/paris.pan.pl\/wp-content\/uploads\/2026\/04\/Agenda-PPF-2026.pdf&quot; newwindow=&quot;yes&quot;]PROGRAMME[\/button]    &lt;strong&gt;Plus de places disponibles - les inscriptions sont closes.&lt;\/strong&gt;\",\r\n            \"image\": \"https:\/\/paris.pan.pl\/wp-content\/uploads\/2026\/03\/1280-x-720.png\",\r\n            \"name\": \"Paris Polish Forum X 2026\",\r\n            \"url\": \"https:\/\/paris.pan.pl\/fr\/events\/paris-polish-forum-x-2026\/\"\r\n        }\r\n        <\/script>\r\n                                            <div class=\"mec-past-event mec-agenda-event \">\r\n                        <i class=\"mec-sl-clock \"><\/i>\r\n                        <span class=\"mec-agenda-time\">\r\n                            <span class=\"mec-start-time\">17h00<\/span> - <span class=\"mec-end-time\">18h00<\/span>                        <\/span>\r\n                        <span class=\"mec-agenda-event-title\">\r\n                            <a class=\"mec-color-hover\"  data-event-id=\"20000\" href=\"https:\/\/paris.pan.pl\/fr\/events\/paris-polish-forum-x-2026\/\" target=\"_self\" rel=\"noopener\">Paris Polish Forum X 2026<\/a>                            <span class=\"event-color\" style=\"background: #\"><\/span>                                                                                                            <\/span>\r\n                                                                    <\/div>\r\n                                    <\/div>\r\n    <\/div>\r\n        <div class=\"mec-events-agenda\">\r\n\r\n        <div class=\"mec-agenda-date-wrap\" id=\"mec_yearly_view1790_20260422\">\r\n            <i class=\"mec-sl-calendar\"><\/i>\r\n            <span class=\"mec-agenda-day\">mercredi<\/span>\r\n            <span class=\"mec-agenda-date\">avril 22<\/span>\r\n        <\/div>\r\n\r\n        <div class=\"mec-agenda-events-wrap\">\r\n                    <script type=\"application\/ld+json\">\r\n        {\r\n            \"@context\": \"http:\/\/schema.org\",\r\n            \"@type\": \"Event\",\r\n            \"eventStatus\": \"https:\/\/schema.org\/EventScheduled\",\r\n            \"startDate\": \"2026-04-22\",\r\n            \"endDate\": \"2026-04-22\",\r\n            \"eventAttendanceMode\": \"https:\/\/schema.org\/OfflineEventAttendanceMode\",\r\n            \"location\":\r\n            {\r\n                \"@type\": \"Place\",\r\n                                \"name\": \"Acad\u00e9mie polonaise des sciences centre scientifique \u00e0 Paris\",\r\n                \"image\": \"\",\r\n                \"address\": \"Acad\u00e9mie polonaise des sciences centre scientifique \u00e0 Paris, 74 Rue Lauriston, 75116 Paris, France\"\r\n                            },\r\n            \"organizer\":\r\n            {\r\n                \"@type\": \"Person\",\r\n                \"name\": \"\",\r\n                \"url\": \"\"\r\n            },\r\n            \"offers\":\r\n            {\r\n                \"url\": \"https:\/\/paris.pan.pl\/fr\/events\/cafe-scientifique-france-poland-a-friendship-that-is-more-necessary-than-ever-for-the-future-of-europe\/\",\r\n                \"price\": \"\",\r\n                \"priceCurrency\": \"\u20ac\",\r\n                \"availability\": \"https:\/\/schema.org\/InStock\",\r\n                \"validFrom\": \"2026-04-22T00:00\"\r\n            },\r\n            \"performer\": \"\",\r\n            \"description\": \"\u00c0 l&#039;occasion de la Journ\u00e9e de l&#039;amiti\u00e9 franco-polonaise, le 20 avril, l&#039;Acad\u00e9mie Polonaise des Sciences Centre Scientifique \u00e0 Paris organise &lt;strong&gt;une rencontre avec Antoine Godbert, le 22 avril&lt;\/strong&gt;. Intitul\u00e9e \u00ab France-Poland: a friendship that is more necessary than ever for the future of Europe \u00bb, cette rencontre explorera l&#039;importance des relations franco-polonaises pour l&#039;avenir de l&#039;Europe. La Journ\u00e9e de l&#039;amiti\u00e9 franco-polonaise comm\u00e9more l&#039;anniversaire de l&#039;inhumation des cendres de Marie Sk\u0142odowska-Curie au Panth\u00e9on, \u00e0 Paris, et a \u00e9t\u00e9 institu\u00e9e par le trait\u00e9 de Nancy.    Au fil des si\u00e8cles, l&#039;amiti\u00e9 franco-polonaise a souvent connu des moments intenses, mais il importe aujourd&#039;hui de l\u2019envisager de mani\u00e8re plus rationnelle, \u00e0 la lumi\u00e8re d\u2019un destin europ\u00e9en commun.    Antoine Godbert, professeur associ\u00e9 de g\u00e9opolitique \u00e0 l&#039;ESCP Business School et d\u00e9l\u00e9gu\u00e9 aux affaires internationales de la r\u00e9gion acad\u00e9mique \u00cele-de-France, a grandi dans un environnement culturel \u00e0 la fois fran\u00e7ais et polonais.    Ancien conseiller diplomatique, il a particip\u00e9 \u00e0 de nombreuses n\u00e9gociations europ\u00e9ennes, notamment dans les domaines de la d\u00e9fense et de l&#039;\u00e9ducation.    Il pr\u00e9sentera la transition actuelle de l&#039;amiti\u00e9 franco-polonaise. En effet, un an apr\u00e8s la signature du trait\u00e9 de Nancy et \u00e0 l&#039;approche du 35e anniversaire du Triangle de Weimar, il appara\u00eet de plus en plus clairement que, face au nouvel imp\u00e9rialisme russe et \u00e0 l&#039;acceptation d\u2019une relation nouvelle, plus distante, avec les \u00c9tats-Unis, l&#039;amiti\u00e9 traditionnelle entre la France et la Pologne doit d\u00e9sormais \u00eatre consid\u00e9r\u00e9e comme un axe majeur du d\u00e9veloppement de la puissance europ\u00e9enne.    Ancien \u00e9l\u00e8ve de l&#039;\u00c9cole Normale Sup\u00e9rieure de Fontenay-Saint-Cloud et de l&#039;\u00c9cole Nationale d&#039;Administration, M. Godbert est titulaire d&#039;un DEA d&#039;\u00e9pist\u00e9mologie obtenu \u00e0 l&#039;Universit\u00e9 Paris VII et d&#039;une agr\u00e9gation de g\u00e9ographie. Il d\u00e9bute sa carri\u00e8re d&#039;enseignant chercheur en g\u00e9opolitique de l&#039;ESCP, avant de rejoindre le secr\u00e9tariat g\u00e9n\u00e9ral de la d\u00e9fense nationale, en tant que charg\u00e9 de mission au sein d&#039;une cellule interminist\u00e9rielle de suivi de sorties de crises, puis la direction g\u00e9n\u00e9rale de l&#039;administration et de la fonction publique, comme directeur de la mission \u00ab encadrement sup\u00e9rieur et carri\u00e8res \u00bb.    on parcours de haut fonctionnaire l&#039;am\u00e8ne ensuite \u00e0 exercer les fonctions de coordinateur des p\u00f4les gouvernance et Est parisien \u00e0 la mission r\u00e9gion capitale aupr\u00e8s du Secr\u00e9taire d&#039;\u00c9tat au d\u00e9veloppement de la r\u00e9gion capitale, puis de conseiller diplomatique aupr\u00e8s du Ministre de l&#039;\u00c9ducation nationale.    L&#039;excellence de son m\u00e9rite et de ses qualit\u00e9s lui valent par la suite d&#039;\u00eatre nomm\u00e9 successivement directeur de l&#039;Agence nationale Erasmus +, directeur g\u00e9n\u00e9ral de l&#039;Abbaye Royale de Fontevraud, et enfin directeur de projet aupr\u00e8s du D\u00e9fenseur des droits.    Antoine Godbert est nomm\u00e9 DRAREIC (D\u00e9l\u00e9gation r\u00e9gionale acad\u00e9mique aux relations europ\u00e9ennes et internationales et \u00e0 la coop\u00e9ration) de la r\u00e9gion acad\u00e9mique \u00cele-de-France et DAREIC (d\u00e9l\u00e9gu\u00e9 acad\u00e9mique aux relations europ\u00e9ennes et internationales et \u00e0 la coop\u00e9ration) de l&#039;acad\u00e9mie de Paris \u00e0 du 1er septembre 2022.    L&#039;\u00e9v\u00e9nement se d\u00e9roulera &lt;strong&gt;en anglais&lt;\/strong&gt;. &lt;strong&gt;Les personnes souhaitant y participer sont invit\u00e9es \u00e0 envoyer un e-mail \u00e0 l&#039;adresse suivante : &lt;a href=&quot;secretariat@paris.pan.pl&quot;&gt;secretariat@paris.pan.pl&lt;\/a&gt;&lt;\/strong&gt;.    &lt;strong&gt;Nous vous invitons \u00e0 cet \u00e9v\u00e9nement !&lt;\/strong&gt;\",\r\n            \"image\": \"https:\/\/paris.pan.pl\/wp-content\/uploads\/2026\/04\/Cafe-scientifique-3.png\",\r\n            \"name\": \"Caf\u00e9 scientifique \u2013 France-Poland: a friendship that is more necessary than ever for the future of Europe\",\r\n            \"url\": \"https:\/\/paris.pan.pl\/fr\/events\/cafe-scientifique-france-poland-a-friendship-that-is-more-necessary-than-ever-for-the-future-of-europe\/\"\r\n        }\r\n        <\/script>\r\n                                            <div class=\"mec-past-event mec-agenda-event \">\r\n                        <i class=\"mec-sl-clock \"><\/i>\r\n                        <span class=\"mec-agenda-time\">\r\n                            <span class=\"mec-start-time\">18h30<\/span> - <span class=\"mec-end-time\">20h00<\/span>                        <\/span>\r\n                        <span class=\"mec-agenda-event-title\">\r\n                            <a class=\"mec-color-hover\"  data-event-id=\"20017\" href=\"https:\/\/paris.pan.pl\/fr\/events\/cafe-scientifique-france-poland-a-friendship-that-is-more-necessary-than-ever-for-the-future-of-europe\/\" target=\"_self\" rel=\"noopener\">Caf\u00e9 scientifique \u2013 France-Poland: a friendship that is more necessary than ever for the future of Europe<\/a>                            <span class=\"event-color\" style=\"background: #\"><\/span>                                                                                                            <\/span>\r\n                                                                    <\/div>\r\n                                    <\/div>\r\n    <\/div>\r\n        <div class=\"mec-events-agenda\">\r\n\r\n        <div class=\"mec-agenda-date-wrap\" id=\"mec_yearly_view1790_20260424\">\r\n            <i class=\"mec-sl-calendar\"><\/i>\r\n            <span class=\"mec-agenda-day\">vendredi<\/span>\r\n            <span class=\"mec-agenda-date\">avril 24<\/span>\r\n        <\/div>\r\n\r\n        <div class=\"mec-agenda-events-wrap\">\r\n                    <script type=\"application\/ld+json\">\r\n        {\r\n            \"@context\": \"http:\/\/schema.org\",\r\n            \"@type\": \"Event\",\r\n            \"eventStatus\": \"https:\/\/schema.org\/EventScheduled\",\r\n            \"startDate\": \"2026-04-24\",\r\n            \"endDate\": \"2026-04-24\",\r\n            \"eventAttendanceMode\": \"https:\/\/schema.org\/OfflineEventAttendanceMode\",\r\n            \"location\":\r\n            {\r\n                \"@type\": \"Place\",\r\n                                \"name\": \"\",\r\n                \"image\": \"\",\r\n                \"address\": \"\"\r\n                            },\r\n            \"organizer\":\r\n            {\r\n                \"@type\": \"Person\",\r\n                \"name\": \"\",\r\n                \"url\": \"\"\r\n            },\r\n            \"offers\":\r\n            {\r\n                \"url\": \"https:\/\/paris.pan.pl\/fr\/events\/maria-sklodowska-curie-%c2%b7-albert-einstein-lettres-1911-1932\/\",\r\n                \"price\": \"\",\r\n                \"priceCurrency\": \"\u20ac\",\r\n                \"availability\": \"https:\/\/schema.org\/InStock\",\r\n                \"validFrom\": \"2026-04-24T00:00\"\r\n            },\r\n            \"performer\": \"\",\r\n            \"description\": \"Le vendredi 24 avril 2026, \u00e0 18h30, l\u2019Acad\u00e9mie Polonaise des Sciences Centre Scientifique \u00e0 Paris, accueillera la pr\u00e9sentation de l\u2019\u00e9dition fran\u00e7aise de \u00ab Maria Sk\u0142odowska Curie &lt;em&gt;\u00b7&lt;\/em&gt; Albert Einstein. Lettres \/ 1911-1932 \/ \u00bb, publi\u00e9e par Foundation for the Development of Education for Industry, en collaboration avec le Mus\u00e9e Maria Sk\u0142odowska-Curie de Varsovie.    Cette \u00e9dition compl\u00e8te, initi\u00e9e par le Dr Ewa \u0141abno Fal\u0119cka, pr\u00e9sente pour la premi\u00e8re fois l\u2019int\u00e9gralit\u00e9 de la correspondance \u00e9chang\u00e9e entre ces deux \u00e9minents scientifiques entre 1911 et 1932. R\u00e9dig\u00e9e en fran\u00e7ais par Maria Sk\u0142odowska-Curie et en allemand par Albert Einstein, cette correspondance aborde des sujets scientifiques et leur engagement commun au sein du Comit\u00e9 international de coop\u00e9ration intellectuelle de la Soci\u00e9t\u00e9 des Nations. Elle t\u00e9moigne \u00e9galement d\u2019une amiti\u00e9 personnelle et intellectuelle qui a dur\u00e9 deux d\u00e9cennies.    L\u2019\u00e9dition polonaise du livre a \u00e9t\u00e9 publi\u00e9e en janvier 2025. L\u2019\u00e9dition fran\u00e7aise a b\u00e9n\u00e9fici\u00e9 du soutien de la ville de Varsovie, de l&#039;&lt;a href=&quot;https:\/\/polonika.pl\/en\/institute&quot;&gt;Institut polonais du patrimoine culturel polonais \u00e0 l&#039;\u00e9tranger POLONIKA&lt;\/a&gt;, ainsi que des milieux d&#039;affaires fran\u00e7ais en Pologne. L\u2019ouvrage comprend des fac-simil\u00e9s des manuscrits originaux, des traductions, des photographies d\u2019archives et des commentaires scientifiques pr\u00e9par\u00e9s en collaboration avec les archives Einstein de l\u2019universit\u00e9 h\u00e9bra\u00efque de J\u00e9rusalem. Les contributions ont \u00e9t\u00e9 r\u00e9dig\u00e9es par le professeur Hanoch Gutfreund (universit\u00e9 h\u00e9bra\u00efque de J\u00e9rusalem), le professeur Jan Piskurewicz (Institut d\u2019histoire des sciences, Acad\u00e9mie polonaise des sciences) et le professeur Tomasz Pospieszny (universit\u00e9 Adam-Mickiewicz de Pozna\u0144).  &lt;h4 class=&quot;x_MsoNormal&quot; style=&quot;text-align: left;&quot;&gt;&lt;strong&gt;Programme de la soir\u00e9e:&lt;\/strong&gt;&lt;\/h4&gt;  &lt;p class=&quot;x_MsoNormal&quot; style=&quot;text-align: left;&quot;&gt;&lt;strong&gt;18:30 &lt;\/strong&gt;Discours d&#039;ouverture : Mme la professeure Aldona Katarzyna Jankowska, directrice de l&#039;Acad\u00e9mie Polonaise des Sciences Centre Scientifique \u00e0 Paris  18:35&lt;i&gt; &lt;\/i&gt;Aldona Machnowska-G\u00f3ra, adjointe au maire de Varsovie  &lt;i&gt;&lt;\/i&gt;&lt;strong&gt;18:45 &lt;\/strong&gt;Le mot des \u00e9diteurs  - Dr Ewa \u0141abno-Fal\u0119cka, pr\u00e9sidente de la Fondation pour le d\u00e9veloppement de l&#039;\u00e9ducation dans l&#039;industrie  - Barbara Go\u0142\u0119biowska, directrice du Mus\u00e9e Maria Sk\u0142odowska-Curie \u00e0 Varsovie  &lt;strong&gt;18:55 &lt;\/strong&gt;Anna Czejarek, directrice adjointe de l&#039;Institut polonais du patrimoine culturel polonais \u00e0 l&#039;\u00e9tranger POLONIKA  &lt;span lang=&quot;EN-US&quot;&gt;&lt;strong&gt;19:00 Conf\u00e9rence inaugurale : &lt;\/strong&gt;Prof. Hanoch Gutfreund, Universit\u00e9 h\u00e9bra\u00efque de J\u00e9rusalem  &lt;\/span&gt;&lt;strong&gt;19:30 Table ronde :&lt;\/strong&gt;  - Dr Aleksandra Baron-Wieche\u0107, Guangdong Technion - Institut isra\u00e9lien de technologie  - Prof. Hanoch Gutfreund, Universit\u00e9 h\u00e9bra\u00efque de J\u00e9rusalem  - Prof. Tomasz Pospieszny, Universit\u00e9 Adam Mickiewicz, Pozna\u0144  - Dr Aleksandra Koby\u0142ecka (Universit\u00e9 Paris Cit\u00e9)  &lt;span style=&quot;text-decoration: underline;&quot;&gt;Mod\u00e9ratrice :&lt;\/span&gt; Dr Anna Nawrocka (Fondation Polonium) &lt;b&gt; &lt;\/b&gt;&lt;\/p&gt;  Lieu : 74 rue Lauriston, 75116 Paris    Heure : 18h30    Langues : fran\u00e7ais, polonais    &lt;strong&gt;\u00c9v\u00e9nement \u00e0 huis clos.&lt;\/strong&gt; Acc\u00e8s r\u00e9serv\u00e9 uniquement aux invit\u00e9s.\",\r\n            \"image\": \"https:\/\/paris.pan.pl\/wp-content\/uploads\/2026\/03\/2026-GRAFIKI-NA-STRONE-2.png\",\r\n            \"name\": \"Maria Sk\u0142odowska-Curie \u00b7 Albert Einstein. Lettres \/1911\u20131932\/\",\r\n            \"url\": \"https:\/\/paris.pan.pl\/fr\/events\/maria-sklodowska-curie-%c2%b7-albert-einstein-lettres-1911-1932\/\"\r\n        }\r\n        <\/script>\r\n                                            <div class=\"mec-past-event mec-agenda-event \">\r\n                        <i class=\"mec-sl-clock \"><\/i>\r\n                        <span class=\"mec-agenda-time\">\r\n                            <span class=\"mec-start-time\">18h30<\/span> - <span class=\"mec-end-time\">20h00<\/span>                        <\/span>\r\n                        <span class=\"mec-agenda-event-title\">\r\n                            <a class=\"mec-color-hover\"  data-event-id=\"19873\" href=\"https:\/\/paris.pan.pl\/fr\/events\/maria-sklodowska-curie-%c2%b7-albert-einstein-lettres-1911-1932\/\" target=\"_self\" rel=\"noopener\">Maria Sk\u0142odowska-Curie \u00b7 Albert Einstein. Lettres \/1911\u20131932\/<\/a>                            <span class=\"event-color\" style=\"background: #\"><\/span>                                                                                                            <\/span>\r\n                                                                    <\/div>\r\n                                    <\/div>\r\n    <\/div>\r\n        <div class=\"mec-events-agenda\">\r\n\r\n        <div class=\"mec-agenda-date-wrap\" id=\"mec_yearly_view1790_20260425\">\r\n            <i class=\"mec-sl-calendar\"><\/i>\r\n            <span class=\"mec-agenda-day\">samedi<\/span>\r\n            <span class=\"mec-agenda-date\">avril 25<\/span>\r\n        <\/div>\r\n\r\n        <div class=\"mec-agenda-events-wrap\">\r\n                    <script type=\"application\/ld+json\">\r\n        {\r\n            \"@context\": \"http:\/\/schema.org\",\r\n            \"@type\": \"Event\",\r\n            \"eventStatus\": \"https:\/\/schema.org\/EventScheduled\",\r\n            \"startDate\": \"2026-04-25\",\r\n            \"endDate\": \"2026-04-25\",\r\n            \"eventAttendanceMode\": \"https:\/\/schema.org\/OfflineEventAttendanceMode\",\r\n            \"location\":\r\n            {\r\n                \"@type\": \"Place\",\r\n                                \"name\": \"\",\r\n                \"image\": \"\",\r\n                \"address\": \"\"\r\n                            },\r\n            \"organizer\":\r\n            {\r\n                \"@type\": \"Person\",\r\n                \"name\": \"\",\r\n                \"url\": \"\"\r\n            },\r\n            \"offers\":\r\n            {\r\n                \"url\": \"https:\/\/paris.pan.pl\/fr\/events\/balade-guidee-sur-les-pas-de-maria-sklodowska-curie\/\",\r\n                \"price\": \"\",\r\n                \"priceCurrency\": \"\u20ac\",\r\n                \"availability\": \"https:\/\/schema.org\/InStock\",\r\n                \"validFrom\": \"2026-04-25T00:00\"\r\n            },\r\n            \"performer\": \"\",\r\n            \"description\": \"L\u2019Institut Polonika en partenariat avec l\u2019Institut Polonais de Paris organise une balade guid\u00e9e sur les traces de Maria Sk\u0142odowska-Curie, qui aura lieu le samedi 25 avril \u00e0 10h00.    Au cours de cette balade, guid\u00e9e par Madame Defontaines, nous d\u00e9couvrons les lieux li\u00e9s \u00e0 la vie et \u00e0 l\u2019\u0153uvre de l\u2019une des femmes scientifiques les plus connues de l\u2019histoire. Les participants pourront d\u00e9couvrir des faits fascinants sur la vie de Maria Sk\u0142odowska-Curie ainsi que le contexte historique des lieux visit\u00e9s. C\u2019est une occasion unique de voir les lieux o\u00f9 la chercheuse a v\u00e9cu, \u00e9tudi\u00e9 et men\u00e9 ses recherches r\u00e9volutionnaires, et de mieux comprendre son parcours scientifique et personnel hors du commun.    Cette promenade fait suite \u00e0 l\u2019\u00e9v\u00e9nement organis\u00e9 &lt;span style=&quot;text-decoration: underline;&quot;&gt;&lt;a href=&quot;https:\/\/paris.pan.pl\/fr\/events\/maria-sklodowska-curie-%c2%b7-albert-einstein-lettres-1911-1932\/&quot;&gt;la veille&lt;\/a&gt;&lt;\/span&gt; \u00e0 la Station scientifique de l\u2019Acad\u00e9mie polonaise des sciences \u00e0 Paris, en collaboration avec le Mus\u00e9e Maria Sk\u0142odowska-Curie de Varsovie et la Fondation pour le d\u00e9veloppement de l\u2019\u00e9ducation pour l\u2019industrie, consacr\u00e9 \u00e0 la pr\u00e9sentation de l\u2019\u00e9dition fran\u00e7aise de l\u2019ouvrage \u00ab Maria Sk\u0142odowska-Curie \u00b7 Albert Einstein. Lettres \/1911\u20131932\/ \u00bb. Cet ouvrage pr\u00e9sente pour la premi\u00e8re fois la correspondance compl\u00e8te entre ces deux scientifiques d\u2019exception, r\u00e9v\u00e9lant non seulement leur collaboration scientifique, mais aussi leur relation intellectuelle unique et leur amiti\u00e9.    La participation \u00e0 la balade n\u00e9cessitait une r\u00e9servation pr\u00e9alable. Le nombre de places a \u00e9t\u00e9 atteint et les inscriptions sont d\u00e9sormais closes.\",\r\n            \"image\": \"https:\/\/paris.pan.pl\/wp-content\/uploads\/2026\/03\/POLONIKA_SPACER-CURIE_WWW-FR.png\",\r\n            \"name\": \"Balade guid\u00e9e sur les pas de Maria Sk\u0142odowska-Curie\",\r\n            \"url\": \"https:\/\/paris.pan.pl\/fr\/events\/balade-guidee-sur-les-pas-de-maria-sklodowska-curie\/\"\r\n        }\r\n        <\/script>\r\n                                            <div class=\"mec-past-event mec-agenda-event \">\r\n                        <i class=\"mec-sl-clock \"><\/i>\r\n                        <span class=\"mec-agenda-time\">\r\n                            <span class=\"mec-start-time\">10h00<\/span> - <span class=\"mec-end-time\">15h00<\/span>                        <\/span>\r\n                        <span class=\"mec-agenda-event-title\">\r\n                            <a class=\"mec-color-hover\"  data-event-id=\"20043\" href=\"https:\/\/paris.pan.pl\/fr\/events\/balade-guidee-sur-les-pas-de-maria-sklodowska-curie\/\" target=\"_self\" rel=\"noopener\">Balade guid\u00e9e sur les pas de Maria Sk\u0142odowska-Curie<\/a>                            <span class=\"event-color\" style=\"background: #\"><\/span>                                                                                                            <\/span>\r\n                                                                    <\/div>\r\n                                    <\/div>\r\n    <\/div>\r\n        <div class=\"mec-events-agenda\">\r\n\r\n        <div class=\"mec-agenda-date-wrap\" id=\"mec_yearly_view1790_20260429\">\r\n            <i class=\"mec-sl-calendar\"><\/i>\r\n            <span class=\"mec-agenda-day\">mercredi<\/span>\r\n            <span class=\"mec-agenda-date\">avril 29<\/span>\r\n        <\/div>\r\n\r\n        <div class=\"mec-agenda-events-wrap\">\r\n                    <script type=\"application\/ld+json\">\r\n        {\r\n            \"@context\": \"http:\/\/schema.org\",\r\n            \"@type\": \"Event\",\r\n            \"eventStatus\": \"https:\/\/schema.org\/EventScheduled\",\r\n            \"startDate\": \"2026-04-29\",\r\n            \"endDate\": \"2026-04-29\",\r\n            \"eventAttendanceMode\": \"https:\/\/schema.org\/OfflineEventAttendanceMode\",\r\n            \"location\":\r\n            {\r\n                \"@type\": \"Place\",\r\n                                \"name\": \"\",\r\n                \"image\": \"\",\r\n                \"address\": \"\"\r\n                            },\r\n            \"organizer\":\r\n            {\r\n                \"@type\": \"Person\",\r\n                \"name\": \"\",\r\n                \"url\": \"\"\r\n            },\r\n            \"offers\":\r\n            {\r\n                \"url\": \"https:\/\/paris.pan.pl\/fr\/events\/le-phenomene-childfree-soiree-debat-franco-polonaise\/\",\r\n                \"price\": \"\",\r\n                \"priceCurrency\": \"\u20ac\",\r\n                \"availability\": \"https:\/\/schema.org\/InStock\",\r\n                \"validFrom\": \"2026-04-29T00:00\"\r\n            },\r\n            \"performer\": \"\",\r\n            \"description\": \"&lt;p style=&quot;text-align: justify;&quot;&gt;Le courant de pens\u00e9e Childfree (sans enfant par choix) est d\u00e9j\u00e0 vieux de  plusieurs d\u00e9cennies, mais il rev\u00eat aujourd\u2019hui une importance capitale  quand un tiers des Fran\u00e7aises sans enfants et en \u00e2ge de procr\u00e9er ne veulent  pas d\u2019enfants (sondage IFOP 2022). Un courant marginal et original devient  une opinion largement partag\u00e9e, d\u2019autant qu\u2019il concerne l\u2019ensemble des  pays occidentaux et m\u00eame des pays d\u00e9velopp\u00e9s.&lt;\/p&gt;  &lt;p style=&quot;text-align: justify;&quot;&gt;A partir du moment o\u00f9, avec la contraception, la conception de l\u2019enfant  cessait d\u2019\u00eatre un destin, il \u00e9tait bien naturel que nous commencions \u00e0 poser la  question de sa l\u00e9gitimit\u00e9. Le moment contemporain est-il particuli\u00e8rement  priv\u00e9 de sens, ou d\u00e9sesp\u00e9r\u00e9, pour que le d\u00e9sir d\u2019enfant soit \u00e0 ce point remis  en cause ? Faut-il penser que le d\u00e9veloppement \u00e9conomique contredit le  d\u00e9sir d\u2019enfant ? Faut-il croire que la situation de nos soci\u00e9t\u00e9s est r\u00e9ellement  pire que celle de nos anciens, au point de mettre en cause l\u2019avenir humain ?  Quelle nouvelle vision du temps cela traduit-il, quand l\u2019histoire personnelle  r\u00e9clame de se clore avec l\u2019individu ? Quel r\u00f4le jouent les ruptures  id\u00e9ologiques et religieuses pr\u00e9sentes dans cette nouvelle mani\u00e8re de  consid\u00e9rer l\u2019existence ?&lt;\/p&gt;  &lt;p style=&quot;text-align: justify;&quot;&gt;C&#039;est pr\u00e9cis\u00e9ment \u00e0 ces questions qu&#039;\u00e9tait consacr\u00e9e le colloque organis\u00e9 sous les auspices de l&#039;Institut de France en octobre 2024. Cet \u00e9v\u00e9nement, qui a r\u00e9uni des d\u00e9mographes, des \u00e9thiciens, des philosophes, des anthropologues et des m\u00e9decins, a suscit\u00e9 un vif int\u00e9r\u00eat. Il a donn\u00e9 lieu \u00e0 la publication du livre \u00ab Sans enfants par choix, le ph\u00e9nom\u00e8ne childfree \u00bb, sous la direction de Chantal Delsol, Gemma Durant et Joanna Nowicki, paru en 2025 aux \u00c9ditions du Cerf.&lt;\/p&gt;  &lt;p style=&quot;text-align: justify;&quot;&gt;Poursuivant cette r\u00e9flexion interdisciplinaire, le Centre scientifique de l\u2019Acad\u00e9mie polonaise des sciences \u00e0 Paris et le Laboratoire LT2D de CY Cergy Paris Universit\u00e9 organisent un d\u00e9bat consacr\u00e9 au ph\u00e9nom\u00e8ne childfree, cette fois dans une perspective franco-polonaise. Cet \u00e9v\u00e9nement r\u00e9unira des experts des deux pays qui, malgr\u00e9 des d\u00e9fis d\u00e9mographiques communs, pr\u00e9sentent des contextes sociaux, culturels et \u00e9conomiques diff\u00e9rents.&lt;\/p&gt;  &lt;p style=&quot;text-align: justify;&quot;&gt;Ce d\u00e9bat sera l\u2019occasion de comparer les recherches et les interpr\u00e9tations fran\u00e7aises et polonaises, ainsi que de r\u00e9fl\u00e9chir \u00e0 la mesure dans laquelle les diff\u00e9rents mod\u00e8les familiaux, les politiques sociales ou les r\u00e9cits culturels influencent les d\u00e9cisions relatives \u00e0 la procr\u00e9ation. Cette rencontre vise non seulement \u00e0 rapprocher ces deux perspectives, mais aussi \u00e0 approfondir la r\u00e9flexion europ\u00e9enne sur l\u2019un des principaux d\u00e9fis d\u00e9mographiques du XXIe si\u00e8cle.&lt;\/p&gt;  &nbsp;    Participeront \u00e0 la discussion :  &lt;ul&gt;    &lt;li&gt;Prof. Chantal Delsol (Institut de France) \u2013 philosophe, historienne des id\u00e9es politiques, \u00e9crivaine&lt;\/li&gt;    &lt;li&gt;Prof. Joanna Nowicki (CY Cergy Paris Universit\u00e9) \u2013 anthropologie culturelle, communication interculturelle&lt;\/li&gt;    &lt;li&gt;Gemma Durand (docteur en m\u00e9decine) \u2013 gyn\u00e9cologue, \u00e9crivaine&lt;\/li&gt;    &lt;li&gt;Prof. G\u00e9rard-Fran\u00e7ois Dumont (Sorbonne Universit\u00e9) \u2013 g\u00e9ographe, \u00e9conomiste et d\u00e9mographe&lt;\/li&gt;    &lt;li&gt;Prof. Claude Habib (Universit\u00e9 Sorbonne Nouvelle - Paris 3) \u2013 litt\u00e9rature fran\u00e7aise&lt;\/li&gt;    &lt;li&gt;Prof. Iwona Sadowska-Krawczenko (Universit\u00e9 Nicolas Copernic de Toru\u0144) \u2013 p\u00e9diatre, sp\u00e9cialiste en n\u00e9onatologie ;&lt;\/li&gt;    &lt;li&gt;Dr Maja \u0141o\u015b (Universit\u00e9 Nicolas Copernic de Toru\u0144) \u2013 psychologue, p\u00e9dagogue, docteur en sciences sociales, socioth\u00e9rapeute&lt;\/li&gt;  &lt;\/ul&gt;  \u00c9v\u00e9nement en fran\u00e7ais et en anglais.    &lt;strong&gt;Si vous souhaitez participer \u00e0 cet \u00e9v\u00e9nement, veuillez envoyer un e-mail \u00e0 l&#039;adresse suivante : &lt;a href=&quot;mailto:secretariat@paris.pan.pl&quot;&gt;secretariat@paris.pan.pl&lt;\/a&gt;&lt;\/strong&gt;    En vous inscrivant \u00e0 cet \u00e9v\u00e9nement, vous acceptez &lt;strong&gt;&lt;a href=&quot;https:\/\/paris.pan.pl\/wp-content\/uploads\/2025\/08\/Klauzule-FR.pdf&quot;&gt;les clauses relatives \u00e0 la protection des donn\u00e9es personnelles&lt;\/a&gt;&lt;\/strong&gt;.\",\r\n            \"image\": \"https:\/\/paris.pan.pl\/wp-content\/uploads\/2026\/03\/Grafika-promujaca.png\",\r\n            \"name\": \"Le ph\u00e9nom\u00e8ne childfree &#8211; soir\u00e9e-d\u00e9bat franco-polonaise\",\r\n            \"url\": \"https:\/\/paris.pan.pl\/fr\/events\/le-phenomene-childfree-soiree-debat-franco-polonaise\/\"\r\n        }\r\n        <\/script>\r\n                                            <div class=\"mec-past-event mec-agenda-event \">\r\n                        <i class=\"mec-sl-clock \"><\/i>\r\n                        <span class=\"mec-agenda-time\">\r\n                            <span class=\"mec-start-time\">18h00<\/span> - <span class=\"mec-end-time\">20h00<\/span>                        <\/span>\r\n                        <span class=\"mec-agenda-event-title\">\r\n                            <a class=\"mec-color-hover\"  data-event-id=\"19933\" href=\"https:\/\/paris.pan.pl\/fr\/events\/le-phenomene-childfree-soiree-debat-franco-polonaise\/\" target=\"_self\" rel=\"noopener\">Le ph\u00e9nom\u00e8ne childfree &#8211; soir\u00e9e-d\u00e9bat franco-polonaise<\/a>                            <span class=\"event-color\" style=\"background: #\"><\/span>                                                                                                            <\/span>\r\n                                                                    <\/div>\r\n                                    <\/div>\r\n    <\/div>\r\n        <div class=\"mec-events-agenda\">\r\n\r\n        <div class=\"mec-agenda-date-wrap\" id=\"mec_yearly_view1790_20260518\">\r\n            <i class=\"mec-sl-calendar\"><\/i>\r\n            <span class=\"mec-agenda-day\">lundi<\/span>\r\n            <span class=\"mec-agenda-date\">mai 18<\/span>\r\n        <\/div>\r\n\r\n        <div class=\"mec-agenda-events-wrap\">\r\n                    <script type=\"application\/ld+json\">\r\n        {\r\n            \"@context\": \"http:\/\/schema.org\",\r\n            \"@type\": \"Event\",\r\n            \"eventStatus\": \"https:\/\/schema.org\/EventScheduled\",\r\n            \"startDate\": \"2026-05-18\",\r\n            \"endDate\": \"2026-05-19\",\r\n            \"eventAttendanceMode\": \"https:\/\/schema.org\/OfflineEventAttendanceMode\",\r\n            \"location\":\r\n            {\r\n                \"@type\": \"Place\",\r\n                                \"name\": \"Acad\u00e9mie polonaise des sciences centre scientifique \u00e0 Paris\",\r\n                \"image\": \"\",\r\n                \"address\": \"Acad\u00e9mie polonaise des sciences centre scientifique \u00e0 Paris, 74 Rue Lauriston, 75116 Paris, France\"\r\n                            },\r\n            \"organizer\":\r\n            {\r\n                \"@type\": \"Person\",\r\n                \"name\": \"\",\r\n                \"url\": \"\"\r\n            },\r\n            \"offers\":\r\n            {\r\n                \"url\": \"https:\/\/paris.pan.pl\/fr\/events\/cooperation-elargie-dans-le-contexte-du-traite-de-nancy-diplomatie-scientifique-securite-migrations\/\",\r\n                \"price\": \"\",\r\n                \"priceCurrency\": \"\u20ac\",\r\n                \"availability\": \"https:\/\/schema.org\/InStock\",\r\n                \"validFrom\": \"2026-05-18T00:00\"\r\n            },\r\n            \"performer\": \"\",\r\n            \"description\": \"\u00c0 l&#039;occasion du premier anniversaire de la signature du trait\u00e9 de Nancy, cette conf\u00e9rence scientifique vise \u00e0 montrer comment le nouveau cadre de coop\u00e9ration franco-polonais permet de mener des projets de recherche communs, de renforcer la coop\u00e9ration entre les r\u00e9seaux universitaires et de mettre en \u0153uvre des actions de soft power. Elle d\u00e9montre l&#039;importance des domaines politiquement sensibles que sont les migrations, la s\u00e9curit\u00e9 et la r\u00e9silience informationnelle. Le trait\u00e9 de Nancy renforce l&#039;ambition du partenariat bilat\u00e9ral dans les domaines strat\u00e9giques et ouvre de nouvelles perspectives de coop\u00e9ration.    Le projet franco-polonais PHC Polonium \u00ab AMIPOL : analyse de la politisation et de la m\u00e9diatisation des migrations \u00bb sera \u00e9galement pr\u00e9sent\u00e9 lors de ce colloque. L&#039;objectif de ce projet est d&#039;analyser les m\u00e9canismes de politisation des migrations, le r\u00f4le des m\u00e9dias dans l&#039;amplification des controverses et des divisions existantes, les facteurs qui les att\u00e9nuent, ainsi que les liens entre les r\u00e9cits migratoires et les cat\u00e9gories de s\u00e9curit\u00e9 (s\u00e9curisation, menaces hybrides, manipulations de l&#039;information).    La coop\u00e9ration franco-polonaise dans le cadre du Trait\u00e9 de Nancy cr\u00e9e des bases durables pour approfondir le dialogue strat\u00e9gique ainsi que pour d\u00e9velopper des initiatives scientifiques et expertes communes. En m\u00eame temps, le Trait\u00e9 renforce l&#039;importance du partenariat entre la Pologne et la France en tant que pilier essentiel de la solidarit\u00e9 europ\u00e9enne, de la s\u00e9curit\u00e9 et de la r\u00e9silience face aux d\u00e9fis contemporains.    &lt;strong&gt;Organisateurs :&lt;\/strong&gt;  Acad\u00e9mie Polonaise des Sciences Centre Scientifique \u00e0 Paris, Warsaw School of Economics, Facult\u00e9 des Sciences Politiques et des \u00c9tudes Internationales de l&#039;Universit\u00e9 de Varsovie    &lt;strong&gt;Patronage d&#039;honneur :&lt;\/strong&gt;  Ambassade de Pologne \u00e0 Paris, Minist\u00e8re des Sciences et de l&#039;Enseignement sup\u00e9rieur (Pologne), Recteur de Warsaw School of Economics, Soci\u00e9t\u00e9 polonaise des sciences politiques (Polskie Towarzystwo Nauk Politycznych), Soci\u00e9t\u00e9 polonaise d&#039;\u00e9tudes europ\u00e9ennes (Polskie Towarzystwo Studi\u00f3w Europejskich), Agence nationale polonaise pour les \u00e9changes universitaires (Narodowa Agencja Wymiany Akademickiej)    La conf\u00e9rence se d\u00e9roulera &lt;strong&gt;en fran\u00e7ais&lt;\/strong&gt;.    Le programme complet sera bient\u00f4t publi\u00e9.\",\r\n            \"image\": \"https:\/\/paris.pan.pl\/wp-content\/uploads\/2026\/04\/Cooperation-elargie-dans-le-contexte-du-Traite-de-Nancy.-Diplomatie-scientifique-securite-migrations-3-1.png\",\r\n            \"name\": \"Coop\u00e9ration \u00e9largie dans le contexte du Trait\u00e9 de Nancy :  diplomatie scientifique, s\u00e9curit\u00e9, migrations\",\r\n            \"url\": \"https:\/\/paris.pan.pl\/fr\/events\/cooperation-elargie-dans-le-contexte-du-traite-de-nancy-diplomatie-scientifique-securite-migrations\/\"\r\n        }\r\n        <\/script>\r\n                                            <div class=\"mec-agenda-event \">\r\n                        <i class=\"mec-sl-clock \"><\/i>\r\n                        <span class=\"mec-agenda-time\">\r\n                            <span class=\"mec-start-time\">14h00<\/span> - <span class=\"mec-end-time\">19h00<\/span>                        <\/span>\r\n                        <span class=\"mec-agenda-event-title\">\r\n                            <a class=\"mec-color-hover\"  data-event-id=\"20032\" href=\"https:\/\/paris.pan.pl\/fr\/events\/cooperation-elargie-dans-le-contexte-du-traite-de-nancy-diplomatie-scientifique-securite-migrations\/\" target=\"_self\" rel=\"noopener\">Coop\u00e9ration \u00e9largie dans le contexte du Trait\u00e9 de Nancy :  diplomatie scientifique, s\u00e9curit\u00e9, migrations<\/a>                            <span class=\"event-color\" style=\"background: #\"><\/span>                                                                                                            <\/span>\r\n                                                                    <\/div>\r\n                                    <\/div>\r\n    <\/div>\r\n        <div class=\"mec-events-agenda\">\r\n\r\n        <div class=\"mec-agenda-date-wrap\" id=\"mec_yearly_view1790_20260701\">\r\n            <i class=\"mec-sl-calendar\"><\/i>\r\n            <span class=\"mec-agenda-day\">mercredi<\/span>\r\n            <span class=\"mec-agenda-date\">juillet 1<\/span>\r\n        <\/div>\r\n\r\n        <div class=\"mec-agenda-events-wrap\">\r\n                    <script type=\"application\/ld+json\">\r\n        {\r\n            \"@context\": \"http:\/\/schema.org\",\r\n            \"@type\": \"Event\",\r\n            \"eventStatus\": \"https:\/\/schema.org\/EventScheduled\",\r\n            \"startDate\": \"2026-07-01\",\r\n            \"endDate\": \"2026-07-04\",\r\n            \"eventAttendanceMode\": \"https:\/\/schema.org\/OfflineEventAttendanceMode\",\r\n            \"location\":\r\n            {\r\n                \"@type\": \"Place\",\r\n                                \"name\": \"\",\r\n                \"image\": \"\",\r\n                \"address\": \"\"\r\n                            },\r\n            \"organizer\":\r\n            {\r\n                \"@type\": \"Person\",\r\n                \"name\": \"\",\r\n                \"url\": \"\"\r\n            },\r\n            \"offers\":\r\n            {\r\n                \"url\": \"https:\/\/paris.pan.pl\/fr\/events\/iii-francusko-polski-kongres-chemiczny\/\",\r\n                \"price\": \"\",\r\n                \"priceCurrency\": \"\u20ac\",\r\n                \"availability\": \"https:\/\/schema.org\/InStock\",\r\n                \"validFrom\": \"2026-07-01T00:00\"\r\n            },\r\n            \"performer\": \"\",\r\n            \"description\": \"&lt;p style=&quot;text-align: justify;&quot;&gt;Le comit\u00e9 d&#039;organisation a le plaisir de vous inviter \u00e0 participer au 3\u1d49 Congr\u00e8s Chimique Franco-Polonais, qui se tiendra \u00e0 Paris du 1 au 4 juillet 2026.&lt;\/p&gt;    &lt;div&gt;    L\u2019objectif du Congr\u00e8s est de promouvoir les r\u00e9alisations scientifiques des \u00e9quipes de recherche polonaises et fran\u00e7aises dans le domaine de la chimie, en mettant particuli\u00e8rement l\u2019accent sur la chimie supramol\u00e9culaire - un domaine qui relie de nombreuses orientations de la recherche moderne. La chimie supramol\u00e9culaire trouve de larges applications dans la cr\u00e9ation de mat\u00e9riaux innovants constituant la base du d\u00e9veloppement de la nanachimie, ainsi que dans la conception de nouveaux catalyseurs et commutateurs mol\u00e9culaires, essentiels pour le stockage et le traitement de l\u2019information. Tout aussi importantes sont les recherches sur les interactions entre les petits ligands et les biomol\u00e9cules, qui jouent un r\u00f4le cl\u00e9 dans l\u2019\u00e9laboration de nouvelles th\u00e9rapies, y compris les m\u00e9dicaments anticanc\u00e9reux et les m\u00e9thodes de th\u00e9rapie g\u00e9nique.    Le programme pr\u00e9voit des conf\u00e9rences donn\u00e9es par d\u2019\u00e9minents chimistes fran\u00e7ais et polonais (dont le laur\u00e9at du prix Nobel, le Prof. Jean\u2011Marie Lehn, et le Prof. Krzysztof Matyjaszewski), ainsi que par de jeunes chercheurs.    Plus d\u2019informations sont disponibles sur le site officiel du 3\u1d49 Congr\u00e8s Chimique Franco-Polonais : &lt;strong&gt;https:\/\/frpochco.web.amu.edu.pl\/&lt;\/strong&gt;    &lt;\/div&gt;\",\r\n            \"image\": \"https:\/\/paris.pan.pl\/wp-content\/uploads\/2026\/01\/grafika-na-strone.png\",\r\n            \"name\": \"III Francusko-Polski Kongres Chemiczny\",\r\n            \"url\": \"https:\/\/paris.pan.pl\/fr\/events\/iii-francusko-polski-kongres-chemiczny\/\"\r\n        }\r\n        <\/script>\r\n                                            <div class=\"mec-agenda-event \">\r\n                        <i class=\"mec-sl-clock \"><\/i>\r\n                        <span class=\"mec-agenda-time\">\r\n                            <span class=\"mec-start-time\">Journ\u00e9e enti\u00e8re<\/span>                        <\/span>\r\n                        <span class=\"mec-agenda-event-title\">\r\n                            <a class=\"mec-color-hover\"  data-event-id=\"19832\" href=\"https:\/\/paris.pan.pl\/fr\/events\/iii-francusko-polski-kongres-chemiczny\/\" target=\"_self\" rel=\"noopener\">III Francusko-Polski Kongres Chemiczny<\/a>                            <span class=\"event-color\" style=\"background: #\"><\/span>                                                                                                            <\/span>\r\n                                                                    <\/div>\r\n                                    <\/div>\r\n    <\/div>\r\n        <div class=\"mec-events-agenda\">\r\n\r\n        <div class=\"mec-agenda-date-wrap\" id=\"mec_yearly_view1790_20260709\">\r\n            <i class=\"mec-sl-calendar\"><\/i>\r\n            <span class=\"mec-agenda-day\">jeudi<\/span>\r\n            <span class=\"mec-agenda-date\">juillet 9<\/span>\r\n        <\/div>\r\n\r\n        <div class=\"mec-agenda-events-wrap\">\r\n                    <script type=\"application\/ld+json\">\r\n        {\r\n            \"@context\": \"http:\/\/schema.org\",\r\n            \"@type\": \"Event\",\r\n            \"eventStatus\": \"https:\/\/schema.org\/EventScheduled\",\r\n            \"startDate\": \"2026-07-09\",\r\n            \"endDate\": \"2026-07-10\",\r\n            \"eventAttendanceMode\": \"https:\/\/schema.org\/OfflineEventAttendanceMode\",\r\n            \"location\":\r\n            {\r\n                \"@type\": \"Place\",\r\n                                \"name\": \"\",\r\n                \"image\": \"\",\r\n                \"address\": \"\"\r\n                            },\r\n            \"organizer\":\r\n            {\r\n                \"@type\": \"Person\",\r\n                \"name\": \"\",\r\n                \"url\": \"\"\r\n            },\r\n            \"offers\":\r\n            {\r\n                \"url\": \"https:\/\/paris.pan.pl\/fr\/events\/we-wspolpracy-o-wspolpracy-badania-jezykoznawcze-w-zespolach-polsko-francuskich\/\",\r\n                \"price\": \"\",\r\n                \"priceCurrency\": \"\u20ac\",\r\n                \"availability\": \"https:\/\/schema.org\/InStock\",\r\n                \"validFrom\": \"2026-07-09T00:00\"\r\n            },\r\n            \"performer\": \"\",\r\n            \"description\": \"La recherche scientifique contemporaine repose de plus en plus sur la collaboration internationale. Il ne s\u2019agit pas d\u2019un simple effet de mode, mais d\u2019une r\u00e9ponse aux d\u00e9fis complexes et transfrontaliers auxquels la recherche est confront\u00e9e. La coop\u00e9ration internationale am\u00e9liore la qualit\u00e9 des travaux, favorise la circulation des m\u00e9thodes et permet de mettre en oeuvre des projets d\u2019une ampleur et d\u2019un impact difficilement envisageables \u00e0 l\u2019\u00e9chelon national. Les sciences du langage ne font pas exception. Tourn\u00e9es vers l\u2019\u00e9tude de la langue, elles appellent naturellement des collaborations transfrontali\u00e8res : les recherches sur une langue d\u00e9passent souvent les fronti\u00e8res d\u2019un pays et s\u2019enrichissent des apports de centres \u00e9trangers.    Dynamique et multiforme, la coop\u00e9ration franco-polonaise s\u2019exprime dans plusieurs sous-domaines des sciences du langage : \u00e9tudes contrastives, lexicographie et lexicologie, didactique du fran\u00e7ais langue \u00e9trang\u00e8re, acquisition des langues et bilinguisme. Cette collaboration concerne non seulement les publications collectives et les projets financ\u00e9s gr\u00e2ce \u00e0 des concours nationaux et internationaux, mais \u00e9galement l\u2019enseignement, notamment \u00e0 travers les mobilit\u00e9s Erasmus+ et la formation doctorale en cotutelle.    Le colloque propos\u00e9 constituera une premi\u00e8re rencontre enti\u00e8rement consacr\u00e9e \u00e0 la coop\u00e9ration franco-polonaise dans le domaine des sciences du langage et offrira l\u2019occasion de pr\u00e9senter divers projets collaboratifs, de mettre en valeur les r\u00e9sultats obtenus au sein d\u2019\u00e9quipes mixtes, d\u2019\u00e9changer sur les enjeux et les tendances actuels, de renforcer les liens existants et de favoriser l\u2019\u00e9mergence de nouvelles collaborations.  &lt;p style=&quot;text-align: justify;&quot;&gt;Les inscriptions sont ouvertes jusqu&#039;au 10 mai 2026.&lt;\/p&gt;  &lt;p style=&quot;text-align: justify;&quot;&gt;Plus de d\u00e9tails sur le site de la conf\u00e9rence : &lt;a href=&quot;https:\/\/collab2026.us.edu.pl\/&quot;&gt;https:\/\/collab2026.us.edu.pl\/&lt;\/a&gt;&lt;\/p&gt;  &lt;p style=&quot;text-align: justify;&quot;&gt;&lt;a href=&quot;https:\/\/paris.pan.pl\/wp-content\/uploads\/2026\/02\/plakat03-724x1024.png&quot;&gt;&lt;img class=&quot;aligncenter wp-image-19843 &quot; src=&quot;https:\/\/paris.pan.pl\/wp-content\/uploads\/2026\/02\/plakat03-724x1024.png&quot; alt=&quot;&quot; width=&quot;427&quot; height=&quot;604&quot; \/&gt;&lt;\/a&gt;&lt;\/p&gt;\",\r\n            \"image\": \"https:\/\/paris.pan.pl\/wp-content\/uploads\/2026\/02\/grafika-na-strone.png\",\r\n            \"name\": \"En collaboration sur la coop\u00e9ration : recherches en sciences du langage dans les \u00e9quipes franco-polonaises\",\r\n            \"url\": \"https:\/\/paris.pan.pl\/fr\/events\/we-wspolpracy-o-wspolpracy-badania-jezykoznawcze-w-zespolach-polsko-francuskich\/\"\r\n        }\r\n        <\/script>\r\n                                            <div class=\"mec-agenda-event \">\r\n                        <i class=\"mec-sl-clock \"><\/i>\r\n                        <span class=\"mec-agenda-time\">\r\n                            <span class=\"mec-start-time\">9h00<\/span> - <span class=\"mec-end-time\">18h00<\/span>                        <\/span>\r\n                        <span class=\"mec-agenda-event-title\">\r\n                            <a class=\"mec-color-hover\"  data-event-id=\"19848\" href=\"https:\/\/paris.pan.pl\/fr\/events\/we-wspolpracy-o-wspolpracy-badania-jezykoznawcze-w-zespolach-polsko-francuskich\/\" target=\"_self\" rel=\"noopener\">En collaboration sur la coop\u00e9ration : recherches en sciences du langage dans les \u00e9quipes franco-polonaises<\/a>                            <span class=\"event-color\" style=\"background: #\"><\/span>                                                                                                            <\/span>\r\n                                                                    <\/div>\r\n                                    <\/div>\r\n    <\/div>\r\n        <span class=\"mec-yearly-max\" data-count=\"13\"><\/span>\r\n\r\n    <\/div>\r\n            <\/div>\r\n        <\/div>\r\n        <div class=\"clearfix\"><\/div>\r\n\r\n    <\/div>\r\n    \r\n<\/div>    <\/div>\r\n\r\n<\/div>[\/et_pb_text][\/et_pb_column][\/et_pb_row][\/et_pb_section][et_pb_section fb_built=\u00a0\u00bb1&Prime; prev_background_color=\u00a0\u00bb#fcfcfc\u00a0\u00bb disabled_on=\u00a0\u00bboff|off|off\u00a0\u00bb module_id=\u00a0\u00bbcalendar\u00a0\u00bb _builder_version=\u00a0\u00bb4.16&Prime; background_color=\u00a0\u00bb#ededed\u00a0\u00bb use_background_color_gradient=\u00a0\u00bbon\u00a0\u00bb background_color_gradient_stops=\u00a0\u00bb#ededed 0%|#ffffff 100%\u00a0\u00bb background_color_gradient_start=\u00a0\u00bb#ededed\u00a0\u00bb background_color_gradient_end=\u00a0\u00bb#ffffff\u00a0\u00bb background_blend=\u00a0\u00bbsoft-light\u00a0\u00bb custom_margin=\u00a0\u00bb-1px||\u00a0\u00bb custom_padding=\u00a0\u00bb30px|0px|7px|0px|false|false\u00a0\u00bb top_divider_style=\u00a0\u00bbasymmetric\u00a0\u00bb top_divider_height=\u00a0\u00bb47px\u00a0\u00bb top_divider_height_tablet=\u00a0\u00bb19px\u00a0\u00bb top_divider_height_phone=\u00a0\u00bb15px\u00a0\u00bb top_divider_height_last_edited=\u00a0\u00bbon|tablet\u00a0\u00bb bottom_divider_color=\u00a0\u00bb#fcfcfc\u00a0\u00bb bottom_divider_height=\u00a0\u00bb40px\u00a0\u00bb bottom_divider_flip=\u00a0\u00bbvertical|horizontal\u00a0\u00bb bottom_divider_arrangement=\u00a0\u00bbabove_content\u00a0\u00bb bottom_divider_height_tablet=\u00a0\u00bb22px\u00a0\u00bb bottom_divider_height_phone=\u00a0\u00bb17px\u00a0\u00bb bottom_divider_height_last_edited=\u00a0\u00bbon|tablet\u00a0\u00bb animation_style=\u00a0\u00bbfade\u00a0\u00bb border_color_right=\u00a0\u00bb#00A0E3&Prime; global_colors_info=\u00a0\u00bb{}\u00a0\u00bb][et_pb_row column_structure=\u00a0\u00bb3_4,1_4&Prime; use_custom_gutter=\u00a0\u00bbon\u00a0\u00bb gutter_width=\u00a0\u00bb2&Prime; make_equal=\u00a0\u00bbon\u00a0\u00bb disabled_on=\u00a0\u00bboff|off|off\u00a0\u00bb module_id=\u00a0\u00bbrelacje\u00a0\u00bb _builder_version=\u00a0\u00bb4.16&Prime; width=\u00a0\u00bb70%\u00a0\u00bb width_tablet=\u00a0\u00bb90%\u00a0\u00bb width_phone=\u00a0\u00bb90%\u00a0\u00bb width_last_edited=\u00a0\u00bbon|tablet\u00a0\u00bb max_width=\u00a0\u00bb70%\u00a0\u00bb max_width_tablet=\u00a0\u00bb70%\u00a0\u00bb max_width_phone=\u00a0\u00bb90%\u00a0\u00bb max_width_last_edited=\u00a0\u00bbon|phone\u00a0\u00bb custom_padding=\u00a0\u00bb|0px|11px|0px\u00a0\u00bb animation_style=\u00a0\u00bbfade\u00a0\u00bb use_custom_width=\u00a0\u00bbon\u00a0\u00bb width_unit=\u00a0\u00bboff\u00a0\u00bb custom_width_percent=\u00a0\u00bb70%\u00a0\u00bb custom_width_percent__hover=\u00a0\u00bb80%\u00a0\u00bb locked=\u00a0\u00bboff\u00a0\u00bb global_colors_info=\u00a0\u00bb{}\u00a0\u00bb border_width_all__hover=\u00a0\u00bb5px\u00a0\u00bb width__hover=\u00a0\u00bb80%\u00a0\u00bb max_width__hover=\u00a0\u00bb80%\u00a0\u00bb][et_pb_column type=\u00a0\u00bb3_4&Prime; _builder_version=\u00a0\u00bb4.16&Prime; custom_padding=\u00a0\u00bb|||\u00a0\u00bb global_colors_info=\u00a0\u00bb{}\u00a0\u00bb custom_padding__hover=\u00a0\u00bb|||\u00a0\u00bb custom_css_main_element__hover=\u00a0\u00bbbackground:  rgb(243,241,241);|| \u00ab\u00a0][et_pb_text _builder_version=\u00a0\u00bb4.16&Prime; header_font=\u00a0\u00bbChivo|700|||||||\u00a0\u00bb header_font_size=\u00a0\u00bb46px\u00a0\u00bb module_alignment=\u00a0\u00bbleft\u00a0\u00bb custom_margin=\u00a0\u00bb||\u00a0\u00bb custom_padding=\u00a0\u00bb|||20px\u00a0\u00bb animation_style=\u00a0\u00bbflip\u00a0\u00bb animation_direction=\u00a0\u00bbright\u00a0\u00bb animation_delay=\u00a0\u00bb300ms\u00a0\u00bb animation_intensity_flip=\u00a0\u00bb26%\u00a0\u00bb hover_transition_duration=\u00a0\u00bb600ms\u00a0\u00bb header_font_size_tablet=\u00a0\u00bb40px\u00a0\u00bb header_font_size_phone=\u00a0\u00bb30px\u00a0\u00bb header_font_size_last_edited=\u00a0\u00bbon|desktop\u00a0\u00bb border_color_all=\u00a0\u00bb#00A0E3&Prime; border_color_top=\u00a0\u00bb#00a0e3&Prime; border_color_right=\u00a0\u00bb#00a0e3&Prime; border_color_bottom=\u00a0\u00bb#00a0e3&Prime; border_width_left=\u00a0\u00bb6px\u00a0\u00bb border_color_left=\u00a0\u00bb#00a0e3&Prime; locked=\u00a0\u00bboff\u00a0\u00bb global_colors_info=\u00a0\u00bb{}\u00a0\u00bb border_width_left__hover_enabled=\u00a0\u00bbon\u00a0\u00bb border_width_left__hover=\u00a0\u00bb20px\u00a0\u00bb]<\/p>\n<h1>\u00c9v\u00e9nements passes<\/h1>\n<p>[\/et_pb_text][\/et_pb_column][et_pb_column type=\u00a0\u00bb1_4&Prime; _builder_version=\u00a0\u00bb4.16&Prime; custom_padding=\u00a0\u00bb|||\u00a0\u00bb global_colors_info=\u00a0\u00bb{}\u00a0\u00bb custom_padding__hover=\u00a0\u00bb|||\u00a0\u00bb][\/et_pb_column][\/et_pb_row][et_pb_row use_custom_gutter=\u00a0\u00bbon\u00a0\u00bb gutter_width=\u00a0\u00bb2&Prime; make_equal=\u00a0\u00bbon\u00a0\u00bb disabled_on=\u00a0\u00bboff|off|off\u00a0\u00bb _builder_version=\u00a0\u00bb4.16&Prime; width=\u00a0\u00bb70%\u00a0\u00bb width_tablet=\u00a0\u00bb90%\u00a0\u00bb width_phone=\u00a0\u00bb90%\u00a0\u00bb width_last_edited=\u00a0\u00bbon|tablet\u00a0\u00bb max_width=\u00a0\u00bb70%\u00a0\u00bb max_width_tablet=\u00a0\u00bb70%\u00a0\u00bb max_width_phone=\u00a0\u00bb90%\u00a0\u00bb max_width_last_edited=\u00a0\u00bbon|phone\u00a0\u00bb animation_style=\u00a0\u00bbfade\u00a0\u00bb use_custom_width=\u00a0\u00bbon\u00a0\u00bb width_unit=\u00a0\u00bboff\u00a0\u00bb custom_width_percent=\u00a0\u00bb70%\u00a0\u00bb custom_width_percent__hover=\u00a0\u00bb80%\u00a0\u00bb locked=\u00a0\u00bboff\u00a0\u00bb global_colors_info=\u00a0\u00bb{}\u00a0\u00bb border_width_all__hover=\u00a0\u00bb5px\u00a0\u00bb width__hover=\u00a0\u00bb80%\u00a0\u00bb max_width__hover=\u00a0\u00bb80%\u00a0\u00bb][et_pb_column type=\u00a0\u00bb4_4&Prime; _builder_version=\u00a0\u00bb4.16&Prime; custom_padding=\u00a0\u00bb|||\u00a0\u00bb global_colors_info=\u00a0\u00bb{}\u00a0\u00bb custom_padding__hover=\u00a0\u00bb|||\u00a0\u00bb custom_css_main_element__hover=\u00a0\u00bbbackground:  rgb(243,241,241);|| \u00ab\u00a0][et_pb_blog fullwidth=\u00a0\u00bboff\u00a0\u00bb posts_number=\u00a0\u00bb3&Prime; include_categories=\u00a0\u00bb19&Prime; excerpt_length=\u00a0\u00bb150&Prime; show_author=\u00a0\u00bboff\u00a0\u00bb show_date=\u00a0\u00bboff\u00a0\u00bb show_categories=\u00a0\u00bboff\u00a0\u00bb show_pagination=\u00a0\u00bboff\u00a0\u00bb masonry_tile_background_color=\u00a0\u00bbRGBA(0,0,0,0)\u00a0\u00bb show_thumbnail_last_edited=\u00a0\u00bboff|desktop\u00a0\u00bb show_more_last_edited=\u00a0\u00bboff|desktop\u00a0\u00bb show_author_last_edited=\u00a0\u00bboff|desktop\u00a0\u00bb show_date_last_edited=\u00a0\u00bboff|desktop\u00a0\u00bb show_categories_last_edited=\u00a0\u00bboff|desktop\u00a0\u00bb show_comments_last_edited=\u00a0\u00bboff|desktop\u00a0\u00bb show_excerpt_last_edited=\u00a0\u00bboff|desktop\u00a0\u00bb show_pagination_last_edited=\u00a0\u00bboff|desktop\u00a0\u00bb _builder_version=\u00a0\u00bb4.16&Prime; _module_preset=\u00a0\u00bbdefault\u00a0\u00bb header_font=\u00a0\u00bbChivo||||||||\u00a0\u00bb header_text_color=\u00a0\u00bb#00a0e3&Prime; header_font_size=\u00a0\u00bb22px\u00a0\u00bb body_font=\u00a0\u00bbLato||||||||\u00a0\u00bb background_color=\u00a0\u00bbRGBA(0,0,0,0)\u00a0\u00bb custom_margin=\u00a0\u00bb||-2px|||\u00a0\u00bb border_width_all=\u00a0\u00bb0px\u00a0\u00bb locked=\u00a0\u00bboff\u00a0\u00bb global_colors_info=\u00a0\u00bb{}\u00a0\u00bb][\/et_pb_blog][et_pb_button button_url=\u00a0\u00bbhttps:\/\/paris.pan.pl\/fr\/category\/relacje\/\u00a0\u00bb button_text=\u00a0\u00bbAFFICHER PLUS\u00a0\u00bb button_alignment=\u00a0\u00bbcenter\u00a0\u00bb _builder_version=\u00a0\u00bb4.16&Prime; custom_button=\u00a0\u00bbon\u00a0\u00bb button_text_size=\u00a0\u00bb16px\u00a0\u00bb button_text_color=\u00a0\u00bb#00a0e3&Prime; button_bg_color_gradient_type=\u00a0\u00bbcircular\u00a0\u00bb button_bg_color_gradient_stops=\u00a0\u00bb#0c71c3 0%|#2271a3 100%\u00a0\u00bb button_bg_color_gradient_start=\u00a0\u00bb#0c71c3&Prime; button_bg_color_gradient_end=\u00a0\u00bb#2271a3&Prime; button_border_width=\u00a0\u00bb0px\u00a0\u00bb button_border_color=\u00a0\u00bb#00a0e3&Prime; button_border_radius=\u00a0\u00bb0px\u00a0\u00bb button_letter_spacing=\u00a0\u00bb1px\u00a0\u00bb button_font=\u00a0\u00bbLato|||on|||||\u00a0\u00bb button_icon=\u00a0\u00bb&#x24;||divi||400&Prime; button_on_hover=\u00a0\u00bboff\u00a0\u00bb custom_padding=\u00a0\u00bb||20px|\u00a0\u00bb custom_padding_tablet=\u00a0\u00bb\u00a0\u00bb custom_padding_phone=\u00a0\u00bb||20px|28px\u00a0\u00bb custom_padding_last_edited=\u00a0\u00bbon|desktop\u00a0\u00bb animation_style=\u00a0\u00bbfade\u00a0\u00bb animation_delay=\u00a0\u00bb550ms\u00a0\u00bb hover_transition_duration=\u00a0\u00bb650ms\u00a0\u00bb locked=\u00a0\u00bboff\u00a0\u00bb global_colors_info=\u00a0\u00bb{}\u00a0\u00bb button_bg_color__hover_enabled=\u00a0\u00bbon\u00a0\u00bb button_bg_color__hover=\u00a0\u00bbrgba(0,0,0,0)\u00a0\u00bb button_text_color__hover_enabled=\u00a0\u00bbon\u00a0\u00bb button_text_color__hover=\u00a0\u00bb#000000&Prime;][\/et_pb_button][\/et_pb_column][\/et_pb_row][\/et_pb_section]<\/p>\n","protected":false},"excerpt":{"rendered":"<p>[et_pb_section fb_built=\u00a0\u00bb1&Prime; fullwidth=\u00a0\u00bbon\u00a0\u00bb _builder_version=\u00a0\u00bb4.16&Prime; use_background_color_gradient=\u00a0\u00bbon\u00a0\u00bb background_color_gradient_stops=\u00a0\u00bb#00a0e3 32%|#0061ea 84%\u00a0\u00bb background_color_gradient_start=\u00a0\u00bb#00a0e3&Prime; background_color_gradient_start_position=\u00a0\u00bb32%\u00a0\u00bb background_color_gradient_end=\u00a0\u00bb#0061ea\u00a0\u00bb background_color_gradient_end_position=\u00a0\u00bb84%\u00a0\u00bb custom_padding=\u00a0\u00bb0|0|0|0|false|false\u00a0\u00bb top_divider_style=\u00a0\u00bbasymmetric\u00a0\u00bb top_divider_color=\u00a0\u00bb#fcfcfc\u00a0\u00bb top_divider_height=\u00a0\u00bb24px\u00a0\u00bb top_divider_flip=\u00a0\u00bbhorizontal\u00a0\u00bb top_divider_height_tablet=\u00a0\u00bb15px\u00a0\u00bb top_divider_height_phone=\u00a0\u00bb13px\u00a0\u00bb top_divider_height_last_edited=\u00a0\u00bbon|tablet\u00a0\u00bb bottom_divider_color=\u00a0\u00bb#fcfcfc\u00a0\u00bb bottom_divider_height=\u00a0\u00bb42px\u00a0\u00bb bottom_divider_height_tablet=\u00a0\u00bb17px\u00a0\u00bb bottom_divider_height_phone=\u00a0\u00bb13px\u00a0\u00bb bottom_divider_height_last_edited=\u00a0\u00bbon|tablet\u00a0\u00bb global_colors_info=\u00a0\u00bb{}\u00a0\u00bb][et_pb_fullwidth_slider show_arrows=\u00a0\u00bboff\u00a0\u00bb show_pagination=\u00a0\u00bboff\u00a0\u00bb _builder_version=\u00a0\u00bb4.16&Prime; header_font=\u00a0\u00bbChivo|700|||||||\u00a0\u00bb header_text_color=\u00a0\u00bbrgba(0,0,0,0)\u00a0\u00bb body_font=\u00a0\u00bbChivo||||||||\u00a0\u00bb body_text_color=\u00a0\u00bb#ffffff\u00a0\u00bb use_background_color_gradient=\u00a0\u00bbon\u00a0\u00bb background_color_gradient_stops=\u00a0\u00bb#00a0e3 32%|#0061ea 100%\u00a0\u00bb background_color_gradient_start=\u00a0\u00bb#00a0e3&Prime; background_color_gradient_start_position=\u00a0\u00bb32%\u00a0\u00bb background_color_gradient_end=\u00a0\u00bb#0061ea\u00a0\u00bb background_image=\u00a0\u00bbhttps:\/\/paris.pan.pl\/wp-content\/uploads\/2018\/12\/main_slider01-compressor.jpg\u00a0\u00bb background_position=\u00a0\u00bbtop_left\u00a0\u00bb custom_button=\u00a0\u00bbon\u00a0\u00bb button_text_size=\u00a0\u00bb16px\u00a0\u00bb button_text_color=\u00a0\u00bb#ffffff\u00a0\u00bb button_bg_color_gradient_type=\u00a0\u00bbcircular\u00a0\u00bb button_bg_color_gradient_stops=\u00a0\u00bb#0c71c3 0%|#2271a3 100%\u00a0\u00bb button_bg_color_gradient_start=\u00a0\u00bb#0c71c3&Prime; button_bg_color_gradient_end=\u00a0\u00bb#2271a3&Prime; button_border_width=\u00a0\u00bb0px\u00a0\u00bb button_border_color=\u00a0\u00bb#00a0e3&Prime; button_border_radius=\u00a0\u00bb0px\u00a0\u00bb button_letter_spacing=\u00a0\u00bb1px\u00a0\u00bb [&hellip;]<\/p>\n","protected":false},"author":1,"featured_media":0,"parent":0,"menu_order":0,"comment_status":"closed","ping_status":"closed","template":"page-template-fullwidth.php","meta":{"_acf_changed":false,"_et_pb_use_builder":"on","_et_pb_old_content":"","_et_gb_content_width":"","footnotes":""},"class_list":["post-7985","page","type-page","status-publish","hentry"],"acf":[],"_links":{"self":[{"href":"https:\/\/paris.pan.pl\/fr\/wp-json\/wp\/v2\/pages\/7985","targetHints":{"allow":["GET"]}}],"collection":[{"href":"https:\/\/paris.pan.pl\/fr\/wp-json\/wp\/v2\/pages"}],"about":[{"href":"https:\/\/paris.pan.pl\/fr\/wp-json\/wp\/v2\/types\/page"}],"author":[{"embeddable":true,"href":"https:\/\/paris.pan.pl\/fr\/wp-json\/wp\/v2\/users\/1"}],"replies":[{"embeddable":true,"href":"https:\/\/paris.pan.pl\/fr\/wp-json\/wp\/v2\/comments?post=7985"}],"version-history":[{"count":0,"href":"https:\/\/paris.pan.pl\/fr\/wp-json\/wp\/v2\/pages\/7985\/revisions"}],"wp:attachment":[{"href":"https:\/\/paris.pan.pl\/fr\/wp-json\/wp\/v2\/media?parent=7985"}],"curies":[{"name":"wp","href":"https:\/\/api.w.org\/{rel}","templated":true}]}}